{"id":14742,"date":"2024-04-14T08:30:20","date_gmt":"2024-04-14T08:30:20","guid":{"rendered":"https:\/\/www.therme-laa.at\/?post_type=offers&#038;p=14742"},"modified":"2025-09-15T06:49:41","modified_gmt":"2025-09-15T06:49:41","slug":"evening-finale","status":"publish","type":"offers","link":"https:\/\/www.therme-laa.at\/en\/angebote\/evening-finale\/","title":{"rendered":"Evening finale"},"content":{"rendered":"\n<div class=\"wp-block-cover alignfull wp-elements-dc04285f9ba0d386a1d65e3be4866488\" style=\"margin-top:0;padding-top:0px;padding-right:48px;padding-bottom:0px;padding-left:48px;min-height:75vh;aspect-ratio:unset;\"><span aria-hidden=\"true\" class=\"wp-block-cover__background has-dch-black-background-color has-background-dim-20 has-background-dim\"><\/span><img loading=\"lazy\" decoding=\"async\" width=\"1900\" height=\"1200\" class=\"wp-block-cover__image-background wp-image-1914\" alt=\"Abendausklang\" src=\"https:\/\/www.therme-laa.at\/wp-content\/uploads\/2023\/11\/Abendausklang_header_1900x1200-ChrisLaistler.webp\" data-object-fit=\"cover\" srcset=\"https:\/\/www.therme-laa.at\/wp-content\/uploads\/2023\/11\/Abendausklang_header_1900x1200-ChrisLaistler.webp 1900w, https:\/\/www.therme-laa.at\/wp-content\/uploads\/2023\/11\/Abendausklang_header_1900x1200-ChrisLaistler-300x189.webp 300w, https:\/\/www.therme-laa.at\/wp-content\/uploads\/2023\/11\/Abendausklang_header_1900x1200-ChrisLaistler-1024x647.webp 1024w, https:\/\/www.therme-laa.at\/wp-content\/uploads\/2023\/11\/Abendausklang_header_1900x1200-ChrisLaistler-768x485.webp 768w, https:\/\/www.therme-laa.at\/wp-content\/uploads\/2023\/11\/Abendausklang_header_1900x1200-ChrisLaistler-1536x970.webp 1536w\" sizes=\"auto, (max-width: 1900px) 100vw, 1900px\" \/><div class=\"wp-block-cover__inner-container is-layout-flow wp-block-cover-is-layout-flow\">\n<h1 class=\"wp-block-heading has-text-align-center short has-dch-white-color has-text-color has-link-color has-dch-brandon-grotesque-medium-font-family has-xx-large-font-size wp-elements-423cb28681d43c77a458a4938b1d3e97\" style=\"margin-right:0;margin-left:0;padding-right:0;padding-left:0;letter-spacing:2px;text-transform:uppercase\">Evening finale<\/h1>\n<\/div><\/div>\n\n<section class=\"wp-block-group alignfull under-nav-buttons has-dch-blue-background-color has-background is-layout-flow wp-container-core-group-is-layout-4fa898ef wp-block-group-is-layout-flow\" style=\"margin-top:0;margin-bottom:0;padding-top:0;padding-bottom:0\">\n<div class=\"wp-block-columns alignfull is-layout-flex wp-container-core-columns-is-layout-f0342b05 wp-block-columns-is-layout-flex\" style=\"margin-top:0;margin-bottom:0\">\n<div class=\"wp-block-column is-layout-flow wp-block-column-is-layout-flow\">\n<div class=\"wp-block-buttons has-custom-font-size has-medium-font-size is-content-justification-center is-layout-flex wp-container-core-buttons-is-layout-6f60eda8 wp-block-buttons-is-layout-flex\" style=\"margin-top:0\">\n<div class=\"wp-block-button has-custom-font-size has-default-font-size\"><a class=\"wp-block-button__link has-dch-blue-therme-light-background-color has-background wp-element-button\" href=\"#detail\" style=\"border-radius:0px;padding-top:var(--wp--preset--spacing--30);padding-right:var(--wp--preset--spacing--50);padding-bottom:var(--wp--preset--spacing--30);padding-left:var(--wp--preset--spacing--50)\">DETAILS<\/a><\/div>\n\n\n\n<div class=\"wp-block-button has-custom-font-size has-default-font-size\"><a class=\"wp-block-button__link has-dch-blue-therme-light-background-color has-background wp-element-button\" href=\"#angebote\" style=\"border-radius:0px;padding-top:var(--wp--preset--spacing--30);padding-right:var(--wp--preset--spacing--50);padding-bottom:var(--wp--preset--spacing--30);padding-left:var(--wp--preset--spacing--50)\">OFFERS<\/a><\/div>\n\n\n\n<div class=\"wp-block-button has-custom-font-size has-default-font-size\"><a class=\"wp-block-button__link has-dch-blue-therme-light-background-color has-background wp-element-button\" href=\"#weitere-angebote\" style=\"border-radius:0px;padding-top:var(--wp--preset--spacing--30);padding-right:var(--wp--preset--spacing--50);padding-bottom:var(--wp--preset--spacing--30);padding-left:var(--wp--preset--spacing--50)\">MORE OFFERS<\/a><\/div>\n<\/div>\n<\/div>\n<\/div>\n<\/section>\n\n<div style=\"height:50px\" aria-hidden=\"true\" class=\"wp-block-spacer\"><\/div>\n<nav class=\"breadcrumb w-full container mb-6 sm:mb-12 text-blue-200\">\n    <ol class=\"inline-flex items-center space-x-1 md:space-x-2\">\n\t\t                        <li>\n                            <div class=\"flex items-center uppercase\" style=\"color:#05405d\">\n                                <a class=\"ms-1 text-xs md:text-sm\" href=\"https:\/\/www.therme-laa.at\/angebote\/\" target=\"_self\">\n\t\t\t\t\t\t\t\t\tAngebote                                <\/a>\n                                <svg class=\"w-3 h-3 mx-1\" aria-hidden=\"true\" xmlns=\"http:\/\/www.w3.org\/2000\/svg\" fill=\"none\" viewBox=\"0 0 6 10\">\n                                    <path stroke=\"currentColor\" stroke-linecap=\"round\" stroke-linejoin=\"round\" stroke-width=\"2\" d=\"m1 9 4-4-4-4\"\/>\n                                <\/svg>\n                            <\/div>\n                        <\/li>\n\t\t\t\t\t                        <li>\n                            <div class=\"flex items-center uppercase\" style=\"color:#05405d\">\n                                <a class=\"ms-1 text-xs md:text-sm\" href=\"https:\/\/www.therme-laa.at\/therme\/\" target=\"_self\">\n\t\t\t\t\t\t\t\t\tTherme                                <\/a>\n                                <svg class=\"w-3 h-3 mx-1\" aria-hidden=\"true\" xmlns=\"http:\/\/www.w3.org\/2000\/svg\" fill=\"none\" viewBox=\"0 0 6 10\">\n                                    <path stroke=\"currentColor\" stroke-linecap=\"round\" stroke-linejoin=\"round\" stroke-width=\"2\" d=\"m1 9 4-4-4-4\"\/>\n                                <\/svg>\n                            <\/div>\n                        <\/li>\n\t\t\t\t\t                        <li>\n                            <div class=\"flex items-center uppercase\" style=\"color:#05405d\">\n                                <a class=\"ms-1 text-xs md:text-sm\" href=\"#\" target=\"_self\">\n\t\t\t\t\t\t\t\t\tAbendausklang                                <\/a>\n                                <svg class=\"w-3 h-3 mx-1\" aria-hidden=\"true\" xmlns=\"http:\/\/www.w3.org\/2000\/svg\" fill=\"none\" viewBox=\"0 0 6 10\">\n                                    <path stroke=\"currentColor\" stroke-linecap=\"round\" stroke-linejoin=\"round\" stroke-width=\"2\" d=\"m1 9 4-4-4-4\"\/>\n                                <\/svg>\n                            <\/div>\n                        <\/li>\n\t\t\t\t\t    <\/ol>\n<\/nav>\n<div class=\"wp-block-group is-layout-constrained wp-block-group-is-layout-constrained\">\n<div class=\"wp-block-columns alignwide is-layout-flex wp-container-core-columns-is-layout-cbe57604 wp-block-columns-is-layout-flex\">\n<div class=\"wp-block-column is-vertically-aligned-top is-layout-flow wp-block-column-is-layout-flow\" style=\"flex-basis:33.33%\"><article class=\"offer\">\n  <div class=\"relative\">\n    <div class=\"max-h-96 overflow-hidden flex justify-center items-center\">\n      <img loading=\"lazy\" decoding=\"async\" width=\"768\" height=\"768\" src=\"https:\/\/www.therme-laa.at\/wp-content\/uploads\/2023\/11\/Abendausklang_featured_image_800x800-chrislaistler-768x768.webp\" class=\"\" alt=\"Innenaufnahme einer Korbliege am Thermen Balkon, mit vier Polstern\" srcset=\"https:\/\/www.therme-laa.at\/wp-content\/uploads\/2023\/11\/Abendausklang_featured_image_800x800-chrislaistler-768x768.webp 768w, https:\/\/www.therme-laa.at\/wp-content\/uploads\/2023\/11\/Abendausklang_featured_image_800x800-chrislaistler-150x150.webp 150w, https:\/\/www.therme-laa.at\/wp-content\/uploads\/2023\/11\/Abendausklang_featured_image_800x800-chrislaistler-300x300.webp 300w, https:\/\/www.therme-laa.at\/wp-content\/uploads\/2023\/11\/Abendausklang_featured_image_800x800-chrislaistler.webp 800w\" sizes=\"auto, (max-width: 768px) 100vw, 768px\" \/>    <\/div>\n    <div class=\"absolute -bottom-4 right-4\">\n      <p class=\"!text-white text-[14px] !font-bold text-center py-10 px-6 bg-blue-200 uppercase\" style=\"background-color: #05405d\">\n        Day Spa      <\/p>\n    <\/div>\n  <\/div>\n  <main class=\"p-4 bg-white\" style=\"background-color: #FFFFFFF;\">\n    <span class=\"font-BrandonGrotesque_regular text-blue text-base uppercase\">Therme<\/span>\n    <h3 class=\"font-bold text-blue-200 text-xl uppercase mb-1 min-h-[56px] uppercase overflow-hidden\">Abendausklang<\/h3>\n    <div class=\"excerpt\">\n      Spend the evening at Therme Laa at a discounted rate.     <\/div>\n    <hr class=\"sparator-smail\">\n    <div class=\"mt-2 text-blue-200 text-xl\"><strong>From \u20ac 25.50<\/strong> per person<\/div>\n    <footer class=\"mt-4 flex flex-col\">\n                  <a class=\"card-btn mb-4\" href=\"#angebote\" target=\"_self\" style=\"background-color: #9f8b75;\">Angebote<\/a>\n                  <a class=\"card-btn mb-4\" href=\"#weitere-angebote\" target=\"_self\" style=\"background-color: #9f8b75;\">Weitere Angebote<\/a>\n          <\/footer>\n  <\/main>\n<\/article><\/div>\n\n\n\n<div class=\"wp-block-column is-layout-flow wp-block-column-is-layout-flow\" style=\"flex-basis:66.66%\">\n<h2 class=\"wp-block-heading has-dch-blue-color has-text-color has-link-color has-xx-large-font-size wp-elements-ab8071e20af5ad4e120cee0533ead8d4\" id=\"detail\" style=\"margin-top:0;margin-bottom:var(--wp--preset--spacing--50)\">Round off your evening at the Therme Laa<\/h2>\n\n\n\n<p class=\"has-dch-brandon-grotesque-bold-font-family has-medium-font-size\">More silence. More space. More value.<\/p>\n\n\n\n<p class=\"has-medium-font-size\"><br\/>The perfect composition for your evening at Therme Laa. After all, when the sun slowly sets, it&#8217;s the ideal time for those seeking peace and quiet. Enjoy this unique atmosphere at a discounted evening rate until 10.00 pm!<\/p>\n\n\n\n<div style=\"height:40px\" aria-hidden=\"true\" class=\"wp-block-spacer\"><\/div>\n\n\n\n<div class=\"wp-block-group is-layout-constrained wp-block-group-is-layout-constrained\">\n<h3 class=\"wp-block-heading has-dch-blue-color has-text-color has-link-color has-dch-brandon-grotesque-bold-font-family has-large-font-size wp-elements-f6178a82dcbec92e790517c11e36ec22\" style=\"padding-top:var(--wp--preset--spacing--30);padding-bottom:var(--wp--preset--spacing--30);text-transform:uppercase\">EveningFARE from 5:00 PM<\/h3>\n\n\n\n<p>From 5.00 p.m. you not only enjoy more peace and quiet, but also benefit from our discounted ticket prices.<\/p>\n\n\n\n<p style=\"margin-top:var(--wp--preset--spacing--40);margin-bottom:var(--wp--preset--spacing--60)\">Available at the ticket office<br\/><strong>Price for kids:<\/strong> \u20ac 16,50 <br\/><strong>Price for adults:<\/strong> \u20ac 25,50<\/p>\n\n\n\n<p><\/p>\n<\/div>\n\n\n\n<div class=\"wp-block-group is-layout-constrained wp-block-group-is-layout-constrained\">\n<h3 class=\"wp-block-heading has-dch-blue-color has-text-color has-link-color has-dch-brandon-grotesque-bold-font-family has-large-font-size wp-elements-fad9b1603b03ff39071a3c57acd43131\" style=\"padding-top:var(--wp--preset--spacing--30);padding-bottom:var(--wp--preset--spacing--30);text-transform:uppercase\">Relax! Evening finale Deluxe from 4.00 p.m.<\/h3>\n\n\n\n<p>A relaxing wellness holiday with numerous included services awaits you from 4.00 pm in our Relax! Lounge.<\/p>\n\n\n\n<h6 class=\"wp-block-heading has-medium-font-size\" style=\"padding-top:var(--wp--preset--spacing--30);padding-bottom:var(--wp--preset--spacing--30)\">Relax! Included services Evening finale Deluxe<\/h6>\n\n\n\n<ul style=\"font-style:normal;font-weight:400;line-height:1.5\" class=\"has-link-color has-dch-brandon-grotesque-regular-font-family has-medium-font-size wp-block-list wp-elements-46a036b5ed4ead4c2ca411084f7f97e9\">\n<li>Evening menu included from 4.00 pm. Sauna World<\/li>\n\n\n\n<li>Relax! Check-In at the spa shop<\/li>\n\n\n\n<li>Relax! Bathing basket with bathrobe &amp; bath towels on loan<\/li>\n\n\n\n<li>Relax! Bathrobe &amp; bath towel on loan for the day<\/li>\n\n\n\n<li>Relax! Lounger and all other Relax! Services included in our Relax! Lounge<\/li>\n\n\n\n<li>Relax! Afternoon snack<\/li>\n\n\n\n<li>Relax! Gourmet voucher in the value of \u20ac 8,- for the Thermal Spa Restaurant<\/li>\n\n\n\n<li>Relax! Voucher worth \u20ac 5,- for the next Relax! Day holiday in the same resort<\/li>\n\n\n\n<li>Spa Shop Voucher \u20ac 5,- ( to be redeemed from a purchase value of \u20ac 30,-)<\/li>\n<\/ul>\n\n\n\n<p style=\"margin-top:var(--wp--preset--spacing--40);margin-bottom:var(--wp--preset--spacing--40)\"><strong>Price for adults:<\/strong> \u20ac 64,\u2013<br\/>Can be booked upon availability from the age of 14.<\/p>\n\n\n\n<div style=\"height:15px\" aria-hidden=\"true\" class=\"wp-block-spacer\"><\/div>\n<\/div>\n<\/div>\n<\/div>\n<\/div>\n\n<div style=\"height:100px\" aria-hidden=\"true\" class=\"wp-block-spacer\"><\/div>\n  <div class=\"swiper image-slider\">\n \t<div class=\"swiper-wrapper\">\n \t\t \t\t\t \t\t\t\t<div class=\"swiper-slide relative pb-[350px] max-h-[350px] overflow-hidden\">\n \t\t\t\t\t<img decoding=\"async\" width=\"800\" height=\"800\" src=\"https:\/\/www.therme-laa.at\/wp-content\/uploads\/2023\/11\/Relax-Abendausklang-Deluxe-Info_featured_image_800x800-marekgavlak-800x800.webp\" class=\"absolute inset-0 w-full object-cover\" alt=\"Winterau\u00dfenaufnahme vom Thermen Solebecken, Schnee rundherum, bei D\u00e4mmerung \" loading=\"lazy\" title=\"Relax-Abendausklang-Deluxe-Info_featured_image_800x800-marekgavlak\" srcset=\"https:\/\/www.therme-laa.at\/wp-content\/uploads\/2023\/11\/Relax-Abendausklang-Deluxe-Info_featured_image_800x800-marekgavlak.webp 800w, https:\/\/www.therme-laa.at\/wp-content\/uploads\/2023\/11\/Relax-Abendausklang-Deluxe-Info_featured_image_800x800-marekgavlak-150x150.webp 150w, https:\/\/www.therme-laa.at\/wp-content\/uploads\/2023\/11\/Relax-Abendausklang-Deluxe-Info_featured_image_800x800-marekgavlak-300x300.webp 300w, https:\/\/www.therme-laa.at\/wp-content\/uploads\/2023\/11\/Relax-Abendausklang-Deluxe-Info_featured_image_800x800-marekgavlak-768x768.webp 768w\" sizes=\"auto, (max-width: 800px) 100vw, 800px\" \/> \t\t\t\t<\/div>\n \t\t\t \t\t\t\t<div class=\"swiper-slide relative pb-[350px] max-h-[350px] overflow-hidden\">\n \t\t\t\t\t<img decoding=\"async\" width=\"800\" height=\"533\" src=\"https:\/\/www.therme-laa.at\/wp-content\/uploads\/2024\/02\/Thermenrestaurant_Speisen03_Pflanzlmedia-scaled.jpg\" class=\"absolute inset-0 w-full object-cover\" alt=\"Teller mit Hauptspeise Steak mit Linsen, Grillgem\u00fcse und Kartoffeln\" loading=\"lazy\" title=\"Thermenrestaurant_Speisen03_Pflanzlmedia\" srcset=\"https:\/\/www.therme-laa.at\/wp-content\/uploads\/2024\/02\/Thermenrestaurant_Speisen03_Pflanzlmedia-scaled.jpg 2560w, https:\/\/www.therme-laa.at\/wp-content\/uploads\/2024\/02\/Thermenrestaurant_Speisen03_Pflanzlmedia-300x200.jpg 300w, https:\/\/www.therme-laa.at\/wp-content\/uploads\/2024\/02\/Thermenrestaurant_Speisen03_Pflanzlmedia-768x512.jpg 768w, https:\/\/www.therme-laa.at\/wp-content\/uploads\/2024\/02\/Thermenrestaurant_Speisen03_Pflanzlmedia-1536x1024.jpg 1536w, https:\/\/www.therme-laa.at\/wp-content\/uploads\/2024\/02\/Thermenrestaurant_Speisen03_Pflanzlmedia-2048x1365.jpg 2048w\" sizes=\"auto, (max-width: 800px) 100vw, 800px\" \/> \t\t\t\t<\/div>\n \t\t\t \t\t\t\t<div class=\"swiper-slide relative pb-[350px] max-h-[350px] overflow-hidden\">\n \t\t\t\t\t<img decoding=\"async\" width=\"800\" height=\"800\" src=\"https:\/\/www.therme-laa.at\/wp-content\/uploads\/2024\/02\/BalkonThermenblick-800x800-_Pflanzlmedia-800x800.webp\" class=\"absolute inset-0 w-full object-cover\" alt=\"Junges P\u00e4rchen in Korbliege im Innenbereich, tr\u00e4gt Bademantel und l\u00e4chelt sich an\" loading=\"lazy\" title=\"BalkonThermenblick-800x800-_Pflanzlmedia\" srcset=\"https:\/\/www.therme-laa.at\/wp-content\/uploads\/2024\/02\/BalkonThermenblick-800x800-_Pflanzlmedia.webp 800w, https:\/\/www.therme-laa.at\/wp-content\/uploads\/2024\/02\/BalkonThermenblick-800x800-_Pflanzlmedia-150x150.webp 150w, https:\/\/www.therme-laa.at\/wp-content\/uploads\/2024\/02\/BalkonThermenblick-800x800-_Pflanzlmedia-300x300.webp 300w, https:\/\/www.therme-laa.at\/wp-content\/uploads\/2024\/02\/BalkonThermenblick-800x800-_Pflanzlmedia-768x768.webp 768w\" sizes=\"auto, (max-width: 800px) 100vw, 800px\" \/> \t\t\t\t<\/div>\n \t\t\t \t\t\t\t<div class=\"swiper-slide relative pb-[350px] max-h-[350px] overflow-hidden\">\n \t\t\t\t\t<img decoding=\"async\" width=\"800\" height=\"800\" src=\"https:\/\/www.therme-laa.at\/wp-content\/uploads\/2023\/11\/Tagesthermeneintritt_featured_image_800x800-800x800.webp\" class=\"absolute inset-0 w-full object-cover\" alt=\"Thermeninnenbeckenaufnahme, drau\u00dfen Schnee \" loading=\"lazy\" title=\"Tagesthermeneintritt_featured_image_800x800\" srcset=\"https:\/\/www.therme-laa.at\/wp-content\/uploads\/2023\/11\/Tagesthermeneintritt_featured_image_800x800.webp 800w, https:\/\/www.therme-laa.at\/wp-content\/uploads\/2023\/11\/Tagesthermeneintritt_featured_image_800x800-150x150.webp 150w, https:\/\/www.therme-laa.at\/wp-content\/uploads\/2023\/11\/Tagesthermeneintritt_featured_image_800x800-300x300.webp 300w, https:\/\/www.therme-laa.at\/wp-content\/uploads\/2023\/11\/Tagesthermeneintritt_featured_image_800x800-768x768.webp 768w\" sizes=\"auto, (max-width: 800px) 100vw, 800px\" \/> \t\t\t\t<\/div>\n \t\t\t \t\t\t\t<div class=\"swiper-slide relative pb-[350px] max-h-[350px] overflow-hidden\">\n \t\t\t\t\t<img decoding=\"async\" width=\"800\" height=\"800\" src=\"https:\/\/www.therme-laa.at\/wp-content\/uploads\/2023\/11\/Wunschliege-reservieren_featured_image_800x800-pflanzlmedia-800x800.webp\" class=\"absolute inset-0 w-full object-cover\" alt=\"Wunschliege reservieren\nMann &amp; Frau auf Thermenliege am Balkon innen, H\u00e4ndchen haltend und sich anlachend \" loading=\"lazy\" title=\"Wunschliege-reservieren_featured_image_800x800-pflanzlmedia\" srcset=\"https:\/\/www.therme-laa.at\/wp-content\/uploads\/2023\/11\/Wunschliege-reservieren_featured_image_800x800-pflanzlmedia.webp 800w, https:\/\/www.therme-laa.at\/wp-content\/uploads\/2023\/11\/Wunschliege-reservieren_featured_image_800x800-pflanzlmedia-150x150.webp 150w, https:\/\/www.therme-laa.at\/wp-content\/uploads\/2023\/11\/Wunschliege-reservieren_featured_image_800x800-pflanzlmedia-300x300.webp 300w, https:\/\/www.therme-laa.at\/wp-content\/uploads\/2023\/11\/Wunschliege-reservieren_featured_image_800x800-pflanzlmedia-768x768.webp 768w\" sizes=\"auto, (max-width: 800px) 100vw, 800px\" \/> \t\t\t\t<\/div>\n \t\t\t \t\t\t\t<div class=\"swiper-slide relative pb-[350px] max-h-[350px] overflow-hidden\">\n \t\t\t\t\t<img decoding=\"async\" width=\"800\" height=\"616\" src=\"https:\/\/www.therme-laa.at\/wp-content\/uploads\/2024\/02\/RTU_Snacks_quer.jpg\" class=\"absolute inset-0 w-full object-cover\" alt=\"Ein Teller steht auf einer Liege mit kleinen Snacks\" loading=\"lazy\" title=\"RTU_Snacks_quer\" srcset=\"https:\/\/www.therme-laa.at\/wp-content\/uploads\/2024\/02\/RTU_Snacks_quer.jpg 1000w, https:\/\/www.therme-laa.at\/wp-content\/uploads\/2024\/02\/RTU_Snacks_quer-300x231.jpg 300w, https:\/\/www.therme-laa.at\/wp-content\/uploads\/2024\/02\/RTU_Snacks_quer-768x591.jpg 768w\" sizes=\"auto, (max-width: 800px) 100vw, 800px\" \/> \t\t\t\t<\/div>\n \t\t\t \t\t\n \t<\/div>\n <\/div>\n<div class=\"wp-block-group alignwide hidethis is-layout-constrained wp-container-core-group-is-layout-1bc05f53 wp-block-group-is-layout-constrained has-background\" style=\"min-height:650px;margin-top:0;margin-bottom:0;padding-top:var(--wp--preset--spacing--80);padding-bottom:var(--wp--preset--spacing--80);background-image:url(&apos;https:\/\/www.therme-laa.at\/wp-content\/uploads\/2023\/11\/TLA_6487_WEB_2000px-d569b541.webp&apos;);background-size:cover;\">\n<div class=\"wp-block-columns alignwide is-layout-flex wp-container-core-columns-is-layout-28f84493 wp-block-columns-is-layout-flex\">\n<div class=\"wp-block-column is-layout-flow wp-block-column-is-layout-flow\" style=\"flex-basis:9%\"><\/div>\n\n\n\n<div class=\"wp-block-column is-layout-flow wp-block-column-is-layout-flow\">\n<div class=\"wp-block-media-text alignwide is-stacked-on-mobile is-image-fill has-dch-white-background-color has-background\" style=\"grid-template-columns:40% auto\"><figure class=\"wp-block-media-text__media\" style=\"background-image:url(https:\/\/www.therme-laa.at\/wp-content\/uploads\/2023\/11\/Bildschirmfoto-2023-06-29-um-15.08-1.webp);background-position:50% 50%\"><img decoding=\"async\" src=\"https:\/\/www.therme-laa.at\/wp-content\/uploads\/2023\/11\/Bildschirmfoto-2023-06-29-um-15.08-1.webp\" alt=\"\" class=\"wp-image-917 size-full\"\/><\/figure><div class=\"wp-block-media-text__content\">\n<div style=\"height:30px\" aria-hidden=\"true\" class=\"wp-block-spacer\"><\/div>\n\n\n\n<h4 class=\"wp-block-heading has-text-align-center has-dch-blue-color has-text-color has-link-color has-dch-brandon-grotesque-regular-font-family has-medium-font-size wp-elements-86b8105c8291e207659aa0d392cf7935\" style=\"padding-top:var(--wp--preset--spacing--50);padding-bottom:0\">LEONIE-RACHEL<\/h4>\n\n\n\n<p class=\"has-text-align-center has-dch-gold-dark-color has-text-color has-link-color has-dch-brandon-grotesque-medium-font-family wp-elements-7b5fb1914bcde2ad28e988b55d34f299\" style=\"padding-top:var(--wp--preset--spacing--30);padding-right:var(--wp--preset--spacing--70);padding-bottom:var(--wp--preset--spacing--30);padding-left:var(--wp--preset--spacing--70);font-size:2.2rem;line-height:1.2\">The perfect day<br\/>for my<br\/>Mental Health.<\/p>\n\n\n\n<hr class=\"wp-block-separator has-text-color has-dch-blue-therme-light-color has-alpha-channel-opacity has-dch-blue-therme-light-background-color has-background is-style-wide\"\/>\n\n\n\n<p class=\"has-text-align-center\" style=\"padding-top:var(--wp--preset--spacing--30);padding-right:var(--wp--preset--spacing--50);padding-bottom:var(--wp--preset--spacing--30);padding-left:var(--wp--preset--spacing--50)\"><strong>Lorem Ipsum dolor sit amet.<br\/><\/strong>Consetetur sadipscing elitr, sed diam nonumy eirmod tempor invidunt ut labore et dolore magna aliquyam erat, sed diam voluptua. At vero eos et accusam et justo duo dolores et ea rebum.<\/p>\n\n\n\n<ul class=\"wp-block-social-links has-visible-labels has-icon-color is-style-logos-only is-content-justification-center is-layout-flex wp-container-core-social-links-is-layout-a89b3969 wp-block-social-links-is-layout-flex\"><li style=\"color:#1E1E1E;\" class=\"wp-social-link wp-social-link-instagram has-dch-primary-color wp-block-social-link\"><a rel=\"noopener nofollow\" target=\"_blank\" href=\"#leonie_rachel\" class=\"wp-block-social-link-anchor\"><svg width=\"24\" height=\"24\" viewBox=\"0 0 24 24\" version=\"1.1\" xmlns=\"http:\/\/www.w3.org\/2000\/svg\" aria-hidden=\"true\" focusable=\"false\"><path d=\"M12,4.622c2.403,0,2.688,0.009,3.637,0.052c0.877,0.04,1.354,0.187,1.671,0.31c0.42,0.163,0.72,0.358,1.035,0.673 c0.315,0.315,0.51,0.615,0.673,1.035c0.123,0.317,0.27,0.794,0.31,1.671c0.043,0.949,0.052,1.234,0.052,3.637 s-0.009,2.688-0.052,3.637c-0.04,0.877-0.187,1.354-0.31,1.671c-0.163,0.42-0.358,0.72-0.673,1.035 c-0.315,0.315-0.615,0.51-1.035,0.673c-0.317,0.123-0.794,0.27-1.671,0.31c-0.949,0.043-1.233,0.052-3.637,0.052 s-2.688-0.009-3.637-0.052c-0.877-0.04-1.354-0.187-1.671-0.31c-0.42-0.163-0.72-0.358-1.035-0.673 c-0.315-0.315-0.51-0.615-0.673-1.035c-0.123-0.317-0.27-0.794-0.31-1.671C4.631,14.688,4.622,14.403,4.622,12 s0.009-2.688,0.052-3.637c0.04-0.877,0.187-1.354,0.31-1.671c0.163-0.42,0.358-0.72,0.673-1.035 c0.315-0.315,0.615-0.51,1.035-0.673c0.317-0.123,0.794-0.27,1.671-0.31C9.312,4.631,9.597,4.622,12,4.622 M12,3 C9.556,3,9.249,3.01,8.289,3.054C7.331,3.098,6.677,3.25,6.105,3.472C5.513,3.702,5.011,4.01,4.511,4.511 c-0.5,0.5-0.808,1.002-1.038,1.594C3.25,6.677,3.098,7.331,3.054,8.289C3.01,9.249,3,9.556,3,12c0,2.444,0.01,2.751,0.054,3.711 c0.044,0.958,0.196,1.612,0.418,2.185c0.23,0.592,0.538,1.094,1.038,1.594c0.5,0.5,1.002,0.808,1.594,1.038 c0.572,0.222,1.227,0.375,2.185,0.418C9.249,20.99,9.556,21,12,21s2.751-0.01,3.711-0.054c0.958-0.044,1.612-0.196,2.185-0.418 c0.592-0.23,1.094-0.538,1.594-1.038c0.5-0.5,0.808-1.002,1.038-1.594c0.222-0.572,0.375-1.227,0.418-2.185 C20.99,14.751,21,14.444,21,12s-0.01-2.751-0.054-3.711c-0.044-0.958-0.196-1.612-0.418-2.185c-0.23-0.592-0.538-1.094-1.038-1.594 c-0.5-0.5-1.002-0.808-1.594-1.038c-0.572-0.222-1.227-0.375-2.185-0.418C14.751,3.01,14.444,3,12,3L12,3z M12,7.378 c-2.552,0-4.622,2.069-4.622,4.622S9.448,16.622,12,16.622s4.622-2.069,4.622-4.622S14.552,7.378,12,7.378z M12,15 c-1.657,0-3-1.343-3-3s1.343-3,3-3s3,1.343,3,3S13.657,15,12,15z M16.804,6.116c-0.596,0-1.08,0.484-1.08,1.08 s0.484,1.08,1.08,1.08c0.596,0,1.08-0.484,1.08-1.08S17.401,6.116,16.804,6.116z\"><\/path><\/svg><span class=\"wp-block-social-link-label\">leonie_rachel<\/span><\/a><\/li><\/ul>\n\n\n\n<div class=\"wp-block-buttons is-content-justification-center is-layout-flex wp-container-core-buttons-is-layout-f6c5905b wp-block-buttons-is-layout-flex\" style=\"margin-top:var(--wp--preset--spacing--60);margin-bottom:var(--wp--preset--spacing--60)\">\n<div class=\"wp-block-button has-custom-font-size has-small-font-size\"><a class=\"wp-block-button__link has-dch-white-color has-dch-gold-dark-background-color has-text-color has-background has-link-color wp-element-button\" style=\"border-radius:0px\">GIFT VOUCHERS<\/a><\/div>\n<\/div>\n\n\n\n<div style=\"height:30px\" aria-hidden=\"true\" class=\"wp-block-spacer\"><\/div>\n<\/div><\/div>\n<\/div>\n\n\n\n<div class=\"wp-block-column is-layout-flow wp-block-column-is-layout-flow\" style=\"flex-basis:9%\"><\/div>\n<\/div>\n<\/div>\n\n<section id=\"zimmer\" class=\"wp-block-group overflow-hidden has-background is-layout-constrained wp-block-group-is-layout-constrained\" style=\"background:linear-gradient(180deg,rgb(245,243,239) 0%,rgb(233,231,226) 100%)\">\n<div style=\"height:30px\" aria-hidden=\"true\" class=\"wp-block-spacer\"><\/div>\n\n\n\n<div class=\"wp-block-group is-content-justification-center is-layout-constrained wp-block-group-is-layout-constrained\" style=\"margin-top:var(--wp--preset--spacing--40);margin-bottom:var(--wp--preset--spacing--80)\">\n<div class=\"wp-block-columns is-layout-flex wp-container-core-columns-is-layout-a85f4655 wp-block-columns-is-layout-flex\">\n<div class=\"wp-block-column is-vertically-aligned-top is-layout-flow wp-block-column-is-layout-flow\" style=\"padding-top:0;padding-right:0;padding-bottom:0;padding-left:0;flex-basis:35%\">\n<h5 class=\"wp-block-heading has-dch-blue-therme-dark-color has-text-color has-link-color has-dch-brandon-grotesque-regular-font-family has-medium-font-size wp-elements-17fc3fa805666a80fe8731d013e174bd\" style=\"margin-left:var(--wp--preset--spacing--20);letter-spacing:1.4px;text-transform:uppercase\">YOUR FEEL-GOOD PLACE<\/h5>\n\n\n\n<h3 class=\"wp-block-heading has-dch-blue-color has-text-color has-link-color has-dch-brandon-grotesque-medium-font-family wp-elements-75541a0a40f33a9968c5826620e5df75\" style=\"padding-top:var(--wp--preset--spacing--30);padding-bottom:0;font-size:3rem;letter-spacing:0.8px;line-height:1.05\">Make a vacation out of it<\/h3>\n<\/div>\n\n\n\n<div class=\"wp-block-column is-vertically-aligned-top is-layout-flow wp-container-core-column-is-layout-be95e8ed wp-block-column-is-layout-flow\" style=\"padding-top:0;flex-basis:600px\">\n<div style=\"height:50px\" aria-hidden=\"true\" class=\"wp-block-spacer\"><\/div>\n\n\n\n<p class=\"has-medium-font-size\" style=\"line-height:1.7\">Your feel-good holiday begins in our 122 rooms and suites, all with their own balcony. For an even more uncomplicated and efficient booking experience, we recommend you to <a href=\"https:\/\/reservations.therme-laa.at\/102817#\/guestsandrooms\" target=\"_blank\" rel=\"noreferrer noopener\"><strong>book your stay directly through our online booking platform<\/strong><\/a>. This not only allows you to book quickly and easily, but also ensures that you always get the best available room options and offers. Avoid time-consuming inquiries and enjoy the convenience and security of a direct online reservation. Your dream vacation is just a few clicks away.<\/p>\n<\/div>\n<\/div>\n<\/div>\n\n\n-1    <section class=\"posts-slider my-7 container overflow-hidden \">\n        <div class=\"swiper-wrapper\">\n\n\t\t\t                    <article class=\"swiper-slide slider-to-animi cursor-auto\" style=\"1\">\n                        <picture class=\"relative pb-72  w-full block overflow-hidden  md:pb-52\">\n\t\t\t\t\t\t\t<img decoding=\"async\" width=\"1200\" height=\"800\" src=\"https:\/\/www.therme-laa.at\/wp-content\/uploads\/2023\/11\/Silent_Club_02_Pflanzlmedia.webp\" class=\"absolute inset-0 h-full w-full object-cover wp-post-image wp-post-image\" alt=\"Doppelzimmer mit Doppelbett mit braunem \u00dcberwurf und braunen Polster mit beigem Wandpolster, Stehlampe, Couchtisch und gr\u00fcnem, kleinen Sofa\" large=\"full\" loading=\"lazy\" srcset=\"https:\/\/www.therme-laa.at\/wp-content\/uploads\/2023\/11\/Silent_Club_02_Pflanzlmedia.webp 1200w, https:\/\/www.therme-laa.at\/wp-content\/uploads\/2023\/11\/Silent_Club_02_Pflanzlmedia-300x200.webp 300w, https:\/\/www.therme-laa.at\/wp-content\/uploads\/2023\/11\/Silent_Club_02_Pflanzlmedia-768x512.webp 768w\" sizes=\"auto, (max-width: 1200px) 100vw, 1200px\" \/>                        <\/picture>\n                        <main class=\"flex flex-col gap-1 text-center text-blue-200 pt-6\">\n                            <h3 class=\"text-[1.2rem] pb-2\">\n\t\t\t\t\t\t\t\tSILENT CLUB ROOM                            <\/h3>\n\n                            <div class=\"text-sm px-2 min-h-[85px]\">\n\t\t\t\t\t\t\t\t<p>The SILENT CLUB rooms with 30m\u00b2 promise a modern room design.<\/p>\n                            <\/div>\n                            <footer class=\"flex flex-col mt-6\">\n\t\t\t\t\t\t\t\t                                <a href=\"https:\/\/www.therme-laa.at\/en\/room\/silent-club-room\/\" target=\"_self\" class=\"btn details-btn\" title=\"SILENT CLUB ROOM\">\n\t\t\t\t\t\t\t\t\tDetails                                <\/a>\n\t\t\t\t\t\t\t\t                                        <a class=\"btn btn-white bg-gold !text-white p-2 hover:bg-opacity-70 transition-colors cursor-pointer flex-1\" title=\"Buchen\" href=\"https:\/\/reservations.therme-laa.at\/therme-laaat\/result?room_ids=152844,152845&#038;culture=en-US\" target=\"_blank\">\n\t\t\t\t\t\t\t\t\t\t\treserve                                        <\/a>\n\t\t\t\t\t\t\t\t\t                            <\/footer>\n                        <\/main>\n\n                    <\/article>\n\t\t\t\t                    <article class=\"swiper-slide slider-to-animi cursor-auto\" style=\"1\">\n                        <picture class=\"relative pb-72  w-full block overflow-hidden  md:pb-52\">\n\t\t\t\t\t\t\t<img decoding=\"async\" width=\"1200\" height=\"800\" src=\"https:\/\/www.therme-laa.at\/wp-content\/uploads\/2024\/01\/Juniorsuite03_Pflanzlmedia.webp\" class=\"absolute inset-0 h-full w-full object-cover wp-post-image wp-post-image\" alt=\"Suite mit Doppelbett mit braunem \u00dcberwurf und gr\u00fcnem Wandpolster, im Vordergrund wei\u00dfe Sitzgelgenheit mit Sofa und Einzel-Sitzer\" large=\"full\" loading=\"lazy\" srcset=\"https:\/\/www.therme-laa.at\/wp-content\/uploads\/2024\/01\/Juniorsuite03_Pflanzlmedia.webp 1200w, https:\/\/www.therme-laa.at\/wp-content\/uploads\/2024\/01\/Juniorsuite03_Pflanzlmedia-300x200.webp 300w, https:\/\/www.therme-laa.at\/wp-content\/uploads\/2024\/01\/Juniorsuite03_Pflanzlmedia-768x512.webp 768w\" sizes=\"auto, (max-width: 1200px) 100vw, 1200px\" \/>                        <\/picture>\n                        <main class=\"flex flex-col gap-1 text-center text-blue-200 pt-6\">\n                            <h3 class=\"text-[1.2rem] pb-2\">\n\t\t\t\t\t\t\t\tJUNIOR SUITE                            <\/h3>\n\n                            <div class=\"text-sm px-2 min-h-[85px]\">\n\t\t\t\t\t\t\t\t<p>Stylishly furnished feel-good suites, each measuring 45 m\u00b2, offer a special level of cosiness.<\/p>\n                            <\/div>\n                            <footer class=\"flex flex-col mt-6\">\n\t\t\t\t\t\t\t\t                                <a href=\"https:\/\/www.therme-laa.at\/en\/room\/junior-suite\/\" target=\"_self\" class=\"btn details-btn\" title=\"JUNIOR SUITE\">\n\t\t\t\t\t\t\t\t\tDetails                                <\/a>\n\t\t\t\t\t\t\t\t                                        <a class=\"btn btn-white bg-gold !text-white p-2 hover:bg-opacity-70 transition-colors cursor-pointer flex-1\" title=\"buchen\" href=\"https:\/\/reservations.therme-laa.at\/therme-laaat\/result?room_id=152841&#038;culture=en-US\" target=\"_blank\">\n\t\t\t\t\t\t\t\t\t\t\treserve                                        <\/a>\n\t\t\t\t\t\t\t\t\t                            <\/footer>\n                        <\/main>\n\n                    <\/article>\n\t\t\t\t                    <article class=\"swiper-slide slider-to-animi cursor-auto\" style=\"1\">\n                        <picture class=\"relative pb-72  w-full block overflow-hidden  md:pb-52\">\n\t\t\t\t\t\t\t<img decoding=\"async\" width=\"1200\" height=\"800\" src=\"https:\/\/www.therme-laa.at\/wp-content\/uploads\/2024\/01\/Panorama_05_Pflanzlmedia.webp\" class=\"absolute inset-0 h-full w-full object-cover wp-post-image wp-post-image\" alt=\"Doppelzimmer mit Doppelbett und rotem \u00dcberwurf und rotem Wandpolster mit Eckfenster und zwei roten Sitzsofas\" large=\"full\" loading=\"lazy\" srcset=\"https:\/\/www.therme-laa.at\/wp-content\/uploads\/2024\/01\/Panorama_05_Pflanzlmedia.webp 1200w, https:\/\/www.therme-laa.at\/wp-content\/uploads\/2024\/01\/Panorama_05_Pflanzlmedia-300x200.webp 300w, https:\/\/www.therme-laa.at\/wp-content\/uploads\/2024\/01\/Panorama_05_Pflanzlmedia-768x512.webp 768w\" sizes=\"auto, (max-width: 1200px) 100vw, 1200px\" \/>                        <\/picture>\n                        <main class=\"flex flex-col gap-1 text-center text-blue-200 pt-6\">\n                            <h3 class=\"text-[1.2rem] pb-2\">\n\t\t\t\t\t\t\t\tPANORAMA ROOM                            <\/h3>\n\n                            <div class=\"text-sm px-2 min-h-[85px]\">\n\t\t\t\t\t\t\t\t<p>The panorama rooms, each with 30m\u00b2, promise a special feeling of space thanks to the panoramic glazing.<\/p>\n                            <\/div>\n                            <footer class=\"flex flex-col mt-6\">\n\t\t\t\t\t\t\t\t                                <a href=\"https:\/\/www.therme-laa.at\/en\/room\/panorama-room\/\" target=\"_self\" class=\"btn details-btn\" title=\"PANORAMA ROOM\">\n\t\t\t\t\t\t\t\t\tDetails                                <\/a>\n\t\t\t\t\t\t\t\t                                        <a class=\"btn btn-white bg-gold !text-white p-2 hover:bg-opacity-70 transition-colors cursor-pointer flex-1\" title=\"buchen\" href=\"https:\/\/reservations.therme-laa.at\/therme-laaat\/result?room_id=152842&#038;culture=en-US\" target=\"_blank\">\n\t\t\t\t\t\t\t\t\t\t\treserve                                        <\/a>\n\t\t\t\t\t\t\t\t\t                            <\/footer>\n                        <\/main>\n\n                    <\/article>\n\t\t\t\t                    <article class=\"swiper-slide slider-to-animi cursor-auto\" style=\"1\">\n                        <picture class=\"relative pb-72  w-full block overflow-hidden  md:pb-52\">\n\t\t\t\t\t\t\t<img decoding=\"async\" width=\"1200\" height=\"800\" src=\"https:\/\/www.therme-laa.at\/wp-content\/uploads\/2024\/01\/Superior_01_Pflanzlmedia.webp\" class=\"absolute inset-0 h-full w-full object-cover wp-post-image wp-post-image\" alt=\"Doppelzimmer mit Doppelbett und rotem \u00dcberwurf und rotem Wandpolster, Blick zur Terrasse\" large=\"full\" loading=\"lazy\" srcset=\"https:\/\/www.therme-laa.at\/wp-content\/uploads\/2024\/01\/Superior_01_Pflanzlmedia.webp 1200w, https:\/\/www.therme-laa.at\/wp-content\/uploads\/2024\/01\/Superior_01_Pflanzlmedia-300x200.webp 300w, https:\/\/www.therme-laa.at\/wp-content\/uploads\/2024\/01\/Superior_01_Pflanzlmedia-768x512.webp 768w\" sizes=\"auto, (max-width: 1200px) 100vw, 1200px\" \/>                        <\/picture>\n                        <main class=\"flex flex-col gap-1 text-center text-blue-200 pt-6\">\n                            <h3 class=\"text-[1.2rem] pb-2\">\n\t\t\t\t\t\t\t\tDOUBLE ROOM SUPERIOR                            <\/h3>\n\n                            <div class=\"text-sm px-2 min-h-[85px]\">\n\t\t\t\t\t\t\t\t<p>Our superior rooms, each 30m\u00b2, are equipped with a bathtub or experience shower. <\/p>\n                            <\/div>\n                            <footer class=\"flex flex-col mt-6\">\n\t\t\t\t\t\t\t\t                                <a href=\"https:\/\/www.therme-laa.at\/en\/room\/double-room-superior\/\" target=\"_self\" class=\"btn details-btn\" title=\"DOUBLE ROOM SUPERIOR\">\n\t\t\t\t\t\t\t\t\tDetails                                <\/a>\n\t\t\t\t\t\t\t\t                                        <a class=\"btn btn-white bg-gold !text-white p-2 hover:bg-opacity-70 transition-colors cursor-pointer flex-1\" title=\"buchen\" href=\"https:\/\/reservations.therme-laa.at\/therme-laaat\/result?room_ids=152847,152848,152849&#038;culture=en-US\" target=\"_blank\">\n\t\t\t\t\t\t\t\t\t\t\treserve                                        <\/a>\n\t\t\t\t\t\t\t\t\t                            <\/footer>\n                        <\/main>\n\n                    <\/article>\n\t\t\t\t                    <article class=\"swiper-slide slider-to-animi cursor-auto\" style=\"1\">\n                        <picture class=\"relative pb-72  w-full block overflow-hidden  md:pb-52\">\n\t\t\t\t\t\t\t<img decoding=\"async\" width=\"1200\" height=\"800\" src=\"https:\/\/www.therme-laa.at\/wp-content\/uploads\/2024\/01\/Seniorsuite_01_Pflanzlmedia.webp\" class=\"absolute inset-0 h-full w-full object-cover wp-post-image wp-post-image\" alt=\"Suite mit Eckverglasung, Doppelbett mit rotem \u00dcberwurf und rotem Wandpolster, Schreibtisch mit Sitzgelegenheit\" large=\"full\" loading=\"lazy\" srcset=\"https:\/\/www.therme-laa.at\/wp-content\/uploads\/2024\/01\/Seniorsuite_01_Pflanzlmedia.webp 1200w, https:\/\/www.therme-laa.at\/wp-content\/uploads\/2024\/01\/Seniorsuite_01_Pflanzlmedia-300x200.webp 300w, https:\/\/www.therme-laa.at\/wp-content\/uploads\/2024\/01\/Seniorsuite_01_Pflanzlmedia-768x512.webp 768w\" sizes=\"auto, (max-width: 1200px) 100vw, 1200px\" \/>                        <\/picture>\n                        <main class=\"flex flex-col gap-1 text-center text-blue-200 pt-6\">\n                            <h3 class=\"text-[1.2rem] pb-2\">\n\t\t\t\t\t\t\t\tSENIOR SUITE                            <\/h3>\n\n                            <div class=\"text-sm px-2 min-h-[85px]\">\n\t\t\t\t\t\t\t\t<p>The two senior suites, each measuring 60 m\u00b2, offer comfort, elegance and cosiness. <\/p>\n                            <\/div>\n                            <footer class=\"flex flex-col mt-6\">\n\t\t\t\t\t\t\t\t                                <a href=\"https:\/\/www.therme-laa.at\/en\/room\/senior-suite\/\" target=\"_self\" class=\"btn details-btn\" title=\"SENIOR SUITE\">\n\t\t\t\t\t\t\t\t\tDetails                                <\/a>\n\t\t\t\t\t\t\t\t                                        <a class=\"btn btn-white bg-gold !text-white p-2 hover:bg-opacity-70 transition-colors cursor-pointer flex-1\" title=\"Buchen\" href=\"https:\/\/reservations.therme-laa.at\/therme-laaat\/result?room_id=152843&#038;culture=en-US\" target=\"_blank\">\n\t\t\t\t\t\t\t\t\t\t\treserve                                        <\/a>\n\t\t\t\t\t\t\t\t\t                            <\/footer>\n                        <\/main>\n\n                    <\/article>\n\t\t\t\t        <\/div>\n        <article class=\"arrows\">\n            <button class=\"prev\" aria-label=\"next\">\n                <svg fill=\"none\" class=\"w-8 h-8\" stroke=\"currentColor\" stroke-width=\"1.5\" viewBox=\"0 0 24 24\" xmlns=\"http:\/\/www.w3.org\/2000\/svg\"\n                     aria-hidden=\"true\">\n                    <path stroke-linecap=\"round\" stroke-linejoin=\"round\" d=\"M10.5 19.5L3 12m0 0l7.5-7.5M3 12h18\"><\/path>\n                <\/svg>\n            <\/button>\n            <button class=\"next\" aria-label=\"next\">\n                <svg fill=\"none\" class=\"w-8 h-8\" stroke=\"currentColor\" stroke-width=\"1.5\" viewBox=\"0 0 24 24\" xmlns=\"http:\/\/www.w3.org\/2000\/svg\"\n                     aria-hidden=\"true\">\n                    <path stroke-linecap=\"round\" stroke-linejoin=\"round\" d=\"M13.5 4.5L21 12m0 0l-7.5 7.5M21 12H3\"><\/path>\n                <\/svg>\n            <\/button>\n        <\/article>\n    <\/section>\n\n\n\n<div style=\"height:20px\" aria-hidden=\"true\" class=\"wp-block-spacer\"><\/div>\n<\/section>\n\n<div style=\"height:40px\" aria-hidden=\"true\" class=\"wp-block-spacer\"><\/div>\n\n<h2 class=\"wp-block-heading has-text-align-center has-dch-blue-color has-text-color has-link-color has-xx-large-font-size wp-elements-5be7308ab0ca518c17f496940abd1eed\" id=\"weitere-angebote\">More popular offers<\/h2>\n\n<div style=\"height:40px\" aria-hidden=\"true\" class=\"wp-block-spacer\"><\/div>\n\n<section id=\"similar-offers\" class=\"wp-block-group is-layout-constrained wp-block-group-is-layout-constrained\">    <section class=\"px-4 md:px-0 flex md:flex-nowrap place-content-start sm:place-content-evenly flex-wrap gap-6 justify-start posts-block\">\n\t\t                <article class=\"post-card relative  md:flex-auto w-full w-full  mb-6 md:mb-0\">\n\t\t\t\t\t                    <div class=\"overflow-hidden flex justify-start items-center max-h-96 min-h-96\">\n\t\t\t\t\t\t<img loading=\"lazy\" decoding=\"async\" width=\"500\" height=\"500\" src=\"https:\/\/www.therme-laa.at\/wp-content\/uploads\/2025\/04\/Sommertherme_Kinder04_Pflanzl_Media_500x500.jpg\" class=\"h-auto w-full wp-post-image\" alt=\"Familie mit Vater, Mutter und zwei S\u00f6hne sitzen im Bademantel vor dem Thermalwasser und trinkt Cocktail\" srcset=\"https:\/\/www.therme-laa.at\/wp-content\/uploads\/2025\/04\/Sommertherme_Kinder04_Pflanzl_Media_500x500.jpg 500w, https:\/\/www.therme-laa.at\/wp-content\/uploads\/2025\/04\/Sommertherme_Kinder04_Pflanzl_Media_500x500-300x300.jpg 300w, https:\/\/www.therme-laa.at\/wp-content\/uploads\/2025\/04\/Sommertherme_Kinder04_Pflanzl_Media_500x500-150x150.jpg 150w\" sizes=\"auto, (max-width: 500px) 100vw, 500px\" \/>                    <\/div>\n                    <main class=\"flex flex-col gap-1 text-left text-blue-200 p-4 relative\" style=\"color:#05405D; background-color:#FFFFFF;\">\n\t\t\t\t\t\t                                <div class=\"absolute -top-24 right-4\">\n                                    <p class=\"!text-white text-[14px] !font-bold text-center py-10 px-6 bg-blue-200 uppercase\"\n                                       style=\"background-color:#05405D\">\n\t\t\t\t\t\t\t\t\t\tHotel-<br>Package                                    <\/p>\n                                <\/div>\n\t\t\t\t\t\t\t\t\t\t\t\t\t                                <span class=\"font-BrandonGrotesque_regular text-blue text-base uppercase\" style=\"color:#05405D;\">\n\t\t\t\t\t\tHotel\t\t\t\t\t<\/span>\n\t\t\t\t\t\t\t                        <h3 class=\"text-xl font-BrandonGrotesque_bold uppercase\">\n\t\t\t\t\t\t\tSummer holidays                        <\/h3>\n                        <div class=\"text-base font-BrandonGrotesque_regular excerpt text-black\" style=\"color:#05405D;\">\n\t\t\t\t\t\t\tSummer holiday in the Weinviertel Region Spend a relaxing and eventful summer holiday with the whole family at thermenresort Laa! Enjoy the seawater feeling in the cooler active[&#8230;..]                        <\/div>\n\t\t\t\t\t\t                                <hr class=\" sparator-smail\">\n                                <div class=\"mt-4 text-blue-200 text-xl\" style=\"color:#05405D;\">\n\t\t\t\t\t\t\t\t\tFrom <strong>\u20ac 442,50<\/strong> per person                                <\/div>\n\t\t\t\t\t\t\t\t\t\t\t\t\t                                <footer class=\"flex justify-center items-start flex-col mt-4\">\n                                    <a href=\"https:\/\/www.therme-laa.at\/en\/angebote\/summer-holidays\/\"\n                                       class=\"btn-white permalink bg-gold uppercase text-sm font-bold px-4 py-2 w-full text-center hover:bg-opacity-70 transition-colors\"\n                                       style=\"background-color:#9F8B75\">\n\t\t\t\t\t\t\t\t\t\tDETAILS &#038; BOOKiNG                                    <\/a>\n                                <\/footer>\n\t\t\t\t\t\t\t                    <\/main>\n                <\/article>\n\t\t\t                <article class=\"post-card relative  md:flex-auto w-full w-full  mb-6 md:mb-0\">\n\t\t\t\t\t                    <div class=\"overflow-hidden flex justify-start items-center max-h-96 min-h-96\">\n\t\t\t\t\t\t<img loading=\"lazy\" decoding=\"async\" width=\"768\" height=\"768\" src=\"https:\/\/www.therme-laa.at\/wp-content\/uploads\/2023\/11\/KopfNackenGesichts-Massage25min_featured_image_800x800-is-768x768.webp\" class=\"h-auto w-full wp-post-image\" alt=\"Kopf-, Nacken &amp; Gesichts-Massage\nDame w\u00e4hrend einer Kopf-, Nacken &amp; Gesichts-Massage\" srcset=\"https:\/\/www.therme-laa.at\/wp-content\/uploads\/2023\/11\/KopfNackenGesichts-Massage25min_featured_image_800x800-is-768x768.webp 768w, https:\/\/www.therme-laa.at\/wp-content\/uploads\/2023\/11\/KopfNackenGesichts-Massage25min_featured_image_800x800-is-150x150.webp 150w, https:\/\/www.therme-laa.at\/wp-content\/uploads\/2023\/11\/KopfNackenGesichts-Massage25min_featured_image_800x800-is-300x300.webp 300w, https:\/\/www.therme-laa.at\/wp-content\/uploads\/2023\/11\/KopfNackenGesichts-Massage25min_featured_image_800x800-is.webp 800w\" sizes=\"auto, (max-width: 768px) 100vw, 768px\" \/>                    <\/div>\n                    <main class=\"flex flex-col gap-1 text-left text-blue-200 p-4 relative\" style=\"color:#05405D; background-color:#FFFFFF;\">\n\t\t\t\t\t\t                                <div class=\"absolute -top-24 right-4\">\n                                    <p class=\"!text-white text-[14px] !font-bold text-center py-10 px-6 bg-blue-200 uppercase\"\n                                       style=\"background-color:#05405D\">\n\t\t\t\t\t\t\t\t\t\tMASSAGE                                    <\/p>\n                                <\/div>\n\t\t\t\t\t\t\t\t\t\t\t\t\t                                <span class=\"font-BrandonGrotesque_regular text-blue text-base uppercase\" style=\"color:#05405D;\">\n\t\t\t\t\t\tResort\t\t\t\t\t<\/span>\n\t\t\t\t\t\t\t                        <h3 class=\"text-xl font-BrandonGrotesque_bold uppercase\">\n\t\t\t\t\t\t\tHead, neck &amp; face massage 25min                        <\/h3>\n                        <div class=\"text-base font-BrandonGrotesque_regular excerpt text-black\" style=\"color:#05405D;\">\n\t\t\t\t\t\t\tExperience our 25-minute head, neck &amp; face massage at Therme Laa.                         <\/div>\n\t\t\t\t\t\t                                <hr class=\" sparator-smail\">\n                                <div class=\"mt-4 text-blue-200 text-xl\" style=\"color:#05405D;\">\n\t\t\t\t\t\t\t\t\t<strong>\u20ac 48<\/strong> for 25 minutes                                <\/div>\n\t\t\t\t\t\t\t\t\t\t\t\t\t                                <footer class=\"flex justify-center items-start flex-col mt-4\">\n                                    <a href=\"https:\/\/www.therme-laa.at\/en\/angebote\/head-neck-face-massage-25min\/\"\n                                       class=\"btn-white permalink bg-gold uppercase text-sm font-bold px-4 py-2 w-full text-center hover:bg-opacity-70 transition-colors\"\n                                       style=\"background-color:#9F8B75\">\n\t\t\t\t\t\t\t\t\t\tDETAILS &#038; BOOKiNG                                    <\/a>\n                                <\/footer>\n\t\t\t\t\t\t\t                    <\/main>\n                <\/article>\n\t\t\t                <article class=\"post-card relative  md:flex-auto w-full w-full  mb-6 md:mb-0\">\n\t\t\t\t\t                    <div class=\"overflow-hidden flex justify-start items-center max-h-96 min-h-96\">\n\t\t\t\t\t\t<img loading=\"lazy\" decoding=\"async\" width=\"768\" height=\"768\" src=\"https:\/\/www.therme-laa.at\/wp-content\/uploads\/2023\/11\/Rueckenmassage-und-FRZM-50min-Gutschein_featured_image_800x800-768x768.webp\" class=\"h-auto w-full wp-post-image\" alt=\"R\u00fcckenmassage &amp; Fu\u00dfreflexzonenmassage Gutschein\nBild einer R\u00fcckenmassage\" srcset=\"https:\/\/www.therme-laa.at\/wp-content\/uploads\/2023\/11\/Rueckenmassage-und-FRZM-50min-Gutschein_featured_image_800x800-768x768.webp 768w, https:\/\/www.therme-laa.at\/wp-content\/uploads\/2023\/11\/Rueckenmassage-und-FRZM-50min-Gutschein_featured_image_800x800-150x150.webp 150w, https:\/\/www.therme-laa.at\/wp-content\/uploads\/2023\/11\/Rueckenmassage-und-FRZM-50min-Gutschein_featured_image_800x800-300x300.webp 300w, https:\/\/www.therme-laa.at\/wp-content\/uploads\/2023\/11\/Rueckenmassage-und-FRZM-50min-Gutschein_featured_image_800x800.webp 800w\" sizes=\"auto, (max-width: 768px) 100vw, 768px\" \/>                    <\/div>\n                    <main class=\"flex flex-col gap-1 text-left text-blue-200 p-4 relative\" style=\"color:#05405D; background-color:#FFFFFF;\">\n\t\t\t\t\t\t                                <div class=\"absolute -top-24 right-4\">\n                                    <p class=\"!text-white text-[14px] !font-bold text-center py-10 px-6 bg-blue-200 uppercase\"\n                                       style=\"background-color:#05405D\">\n\t\t\t\t\t\t\t\t\t\tVoucher                                    <\/p>\n                                <\/div>\n\t\t\t\t\t\t\t\t\t\t\t\t\t                                <span class=\"font-BrandonGrotesque_regular text-blue text-base uppercase\" style=\"color:#05405D;\">\n\t\t\t\t\t\tResort\t\t\t\t\t<\/span>\n\t\t\t\t\t\t\t                        <h3 class=\"text-xl font-BrandonGrotesque_bold uppercase\">\n\t\t\t\t\t\t\tVoucher for 50min back massage &amp; foot reflexology massage                        <\/h3>\n                        <div class=\"text-base font-BrandonGrotesque_regular excerpt text-black\" style=\"color:#05405D;\">\n\t\t\t\t\t\t\tMake the voucher for our 50-minute combined back and foot reflexology massage at Therme Laa a gift for holistic relaxation.                        <\/div>\n\t\t\t\t\t\t                                <hr class=\" sparator-smail\">\n                                <div class=\"mt-4 text-blue-200 text-xl\" style=\"color:#05405D;\">\n\t\t\t\t\t\t\t\t\t<strong>\u20ac 88<\/strong> for 50 minutes                                <\/div>\n\t\t\t\t\t\t\t\t\t\t\t\t\t                                <footer class=\"flex justify-center items-start flex-col mt-4\">\n\t\t\t\t\t\t\t\t\t                                            <a href=\"https:\/\/shop.therme-laa.at\/vouchers\/template\/910\/?\"\n                                               class=\"btn-white shop-link bg-gold uppercase text-sm font-bold px-4 py-2 w-full text-center hover:bg-opacity-70 transition-colors\"\n                                               style=\"background-color:#9F8B75\" target=\"\">\n\t\t\t\t\t\t\t\t\t\t\t\tTo the shop                                            <\/a>\n\t\t\t\t\t\t\t\t\t\t\t                                <\/footer>\n\t\t\t\t\t\t\t                    <\/main>\n                <\/article>\n\t\t\t\n    <\/section>\n<\/section>\n\n<p><\/p>\n","protected":false},"excerpt":{"rendered":"<p>Enjoy the evening at Therme Laa: relaxation with firelight, culinary delights, sauna. Choose from three packages for your perfect time-out.<\/p>\n","protected":false},"author":2,"featured_media":20752,"parent":0,"template":"","meta":{"_acf_changed":false},"tags":[130,120],"offer":[129],"class_list":["post-14742","offers","type-offers","status-publish","has-post-thumbnail","hentry","tag-hotel-day-spa-en","tag-specials-en","offer-therme-en"],"acf":{"popular_offer":false,"price_pro_person":"<strong>From \u20ac 25.50<\/strong> per person","text_in_image":"Therme","has_link_to_shop":false,"shop_link":null,"additional_link":"0","subtitle":"Therme","redirect_to":[""],"popular_offer_text":false},"featured_image_src":"https:\/\/www.therme-laa.at\/wp-content\/uploads\/2024\/10\/Design-ohne-Titel-12.jpg","_links":{"self":[{"href":"https:\/\/www.therme-laa.at\/en\/wp-json\/wp\/v2\/offers\/14742","targetHints":{"allow":["GET"]}}],"collection":[{"href":"https:\/\/www.therme-laa.at\/en\/wp-json\/wp\/v2\/offers"}],"about":[{"href":"https:\/\/www.therme-laa.at\/en\/wp-json\/wp\/v2\/types\/offers"}],"author":[{"embeddable":true,"href":"https:\/\/www.therme-laa.at\/en\/wp-json\/wp\/v2\/users\/2"}],"wp:featuredmedia":[{"embeddable":true,"href":"https:\/\/www.therme-laa.at\/en\/wp-json\/wp\/v2\/media\/20752"}],"wp:attachment":[{"href":"https:\/\/www.therme-laa.at\/en\/wp-json\/wp\/v2\/media?parent=14742"}],"wp:term":[{"taxonomy":"post_tag","embeddable":true,"href":"https:\/\/www.therme-laa.at\/en\/wp-json\/wp\/v2\/tags?post=14742"},{"taxonomy":"offer","embeddable":true,"href":"https:\/\/www.therme-laa.at\/en\/wp-json\/wp\/v2\/offer?post=14742"}],"curies":[{"name":"wp","href":"https:\/\/api.w.org\/{rel}","templated":true}]}}