{"id":13625,"date":"2023-11-17T19:19:29","date_gmt":"2023-11-17T19:19:29","guid":{"rendered":"https:\/\/www.therme-laa.at\/relax-jednodenni-dovolena\/"},"modified":"2026-03-17T15:17:44","modified_gmt":"2026-03-17T15:17:44","slug":"relax-jednodenni-dovolena","status":"publish","type":"page","link":"https:\/\/www.therme-laa.at\/cs\/relax-jednodenni-dovolena\/","title":{"rendered":"Relax! Den volna"},"content":{"rendered":"\n<div class=\"wp-block-cover alignfull wp-elements-106e1845bd712a90374764a9a30a802e wp-duotone-unset-1\" style=\"margin-top:0;padding-top:0px;padding-right:48px;padding-bottom:0px;padding-left:48px;min-height:75vh;aspect-ratio:unset;\"><img loading=\"lazy\" decoding=\"async\" width=\"1900\" height=\"1200\" class=\"wp-block-cover__image-background wp-image-2631\" alt=\"\" src=\"https:\/\/www.therme-laa.at\/wp-content\/uploads\/2023\/12\/RTU-header-1900x1200-1.webp\" data-object-fit=\"cover\" srcset=\"https:\/\/www.therme-laa.at\/wp-content\/uploads\/2023\/12\/RTU-header-1900x1200-1.webp 1900w, https:\/\/www.therme-laa.at\/wp-content\/uploads\/2023\/12\/RTU-header-1900x1200-1-300x189.webp 300w, https:\/\/www.therme-laa.at\/wp-content\/uploads\/2023\/12\/RTU-header-1900x1200-1-1024x647.webp 1024w, https:\/\/www.therme-laa.at\/wp-content\/uploads\/2023\/12\/RTU-header-1900x1200-1-768x485.webp 768w, https:\/\/www.therme-laa.at\/wp-content\/uploads\/2023\/12\/RTU-header-1900x1200-1-1536x970.webp 1536w\" sizes=\"auto, (max-width: 1900px) 100vw, 1900px\" \/><span aria-hidden=\"true\" class=\"wp-block-cover__background has-dch-blue-background-color has-background-dim-60 has-background-dim\"><\/span><div class=\"wp-block-cover__inner-container is-layout-flow wp-block-cover-is-layout-flow\">\n<figure class=\"wp-block-image aligncenter size-full is-resized\"><img loading=\"lazy\" decoding=\"async\" width=\"312\" height=\"299\" src=\"https:\/\/www.therme-laa.at\/wp-content\/uploads\/2023\/11\/relax-logo.webp\" alt=\"\" class=\"wp-image-835\" style=\"object-fit:contain;width:312px;height:299px\" srcset=\"https:\/\/www.therme-laa.at\/wp-content\/uploads\/2023\/11\/relax-logo.webp 312w, https:\/\/www.therme-laa.at\/wp-content\/uploads\/2023\/11\/relax-logo-300x288.webp 300w\" sizes=\"auto, (max-width: 312px) 100vw, 312px\" \/><\/figure>\n<\/div><\/div>\n\n\n\n<section class=\"wp-block-group alignfull hidethis z-10 relative hotel-booking-form has-dch-blue-background-color has-background is-layout-constrained wp-container-core-group-is-layout-465de15c wp-block-group-is-layout-constrained\" style=\"margin-top:0;margin-bottom:0;padding-top:0;padding-right:var(--wp--preset--spacing--50);padding-bottom:0;padding-left:var(--wp--preset--spacing--50)\"><form id=\"booking\">\n    <section class=\"container lg:max-w-[857px] form-container relative -top-10  light\" style=\"background: #f5f3ef;\">\n        <div class=\"inputs-groups\">\n            <div class=\"form-group\">\n                <label for=\"start\" class=\"label\" style=\"color: #9f8b75;\">OD<\/label>\n                <div class=\"input-group flex items-center gap-2\">\n                    <input require placeholder=\"29\/04\/2026\" type=\"text\" id=\"start\" name=\"start\" autocomplete=\"off\" class=\"booking-input bg-transparent text-blue-200 \"\/>\n                    <div class=\"icon dark\"><\/div>\n                <\/div>\n            <\/div>\n            <div class=\"form-group\">\n                <label for=\"dateout\" class=\"label\" style=\"color: #9f8b75;\">DO<\/label>\n                <div class=\"input-group flex items-center gap-2\">\n                    <input required placeholder=\"29\/04\/2026\" type=\"text\" id=\"dateout\" name=\"dateout\" autocomplete=\"off\" class=\"booking-input bg-transparent text-blue-200 \"\/>\n                    <div class=\"icon dark\"><\/div>\n                <\/div>\n            <\/div>\n        <\/div>\n\n        <div class=\"submit-container flex-1\">\n            <button type=\"submit\" class=\"btn text-white !flex justify-center items-center  bg-blue-200  transition-colors hover:opacity-90 mt-7\">nyn\u00ed rezervujte                <span id=\"loader\" class=\"hidden\">\n\t\t\t\t\t<div class=\"loader\" title=\"0\">\n\t\t\t\t\t\t<svg version=\"1.1\" id=\"loader-1\" xmlns=\"http:\/\/www.w3.org\/2000\/svg\" x=\"0px\" y=\"0px\" width=\"40px\" height=\"40px\"\n                             viewBox=\"0 0 40 40\" enable-background=\"new 0 0 40 40\" xml:space=\"preserve\">\n\t\t\t\t\t\t\t<path opacity=\"0.2\" fill=\"#fff\" d=\"M20.201,5.169c-8.254,0-14.946,6.692-14.946,14.946c0,8.255,6.692,14.946,14.946,14.946\n    s14.946-6.691,14.946-14.946C35.146,11.861,28.455,5.169,20.201,5.169z M20.201,31.749c-6.425,0-11.634-5.208-11.634-11.634\n    c0-6.425,5.209-11.634,11.634-11.634c6.425,0,11.633,5.209,11.633,11.634C31.834,26.541,26.626,31.749,20.201,31.749z\"\/>\n\t\t\t\t\t\t\t<path fill=\"#fff\" d=\"M26.013,10.047l1.654-2.866c-2.198-1.272-4.743-2.012-7.466-2.012h0v3.312h0\n    C22.32,8.481,24.301,9.057,26.013,10.047z\">\n\t\t\t\t\t\t\t\t<animateTransform attributeType=\"xml\" attributeName=\"transform\" type=\"rotate\" from=\"0 20 20\" to=\"360 20 20\" dur=\"0.5s\"\n                                                  repeatCount=\"indefinite\"\/>\n\t\t\t\t\t\t\t<\/path>\n\t\t\t\t\t\t<\/svg>\n\t\t\t\t\t<\/div>\n\t\t\t\t<\/span><\/button>\n            <a href=\"https:\/\/www.therme-laa.at\/hotel-anfragen\/\" target=\"_self\"\n               class=\"mt-4 text-center text-lg uppercase text-gold flex justify-center items-center gap-2 hover:text-opacity-80 transition-all\">Pers\u00f6nliche anfrage <span> ><\/span><\/a>\n        <\/div>\n\n    <\/section>\n    <div>\n\t\t    <\/div>\n<\/form><\/section>\n\n\n\n<section class=\"wp-block-group alignfull under-nav-buttons has-dch-blue-background-color has-background is-layout-flow wp-container-core-group-is-layout-4fa898ef wp-block-group-is-layout-flow\" style=\"margin-top:0;margin-bottom:0;padding-top:0;padding-bottom:0\">\n<div class=\"wp-block-columns alignfull is-layout-flex wp-container-core-columns-is-layout-f0342b05 wp-block-columns-is-layout-flex\" style=\"margin-top:0;margin-bottom:0\">\n<div class=\"wp-block-column is-layout-flow wp-block-column-is-layout-flow\" style=\"flex-basis:100%\">\n<div class=\"wp-block-buttons has-custom-font-size has-medium-font-size is-content-justification-center is-layout-flex wp-container-core-buttons-is-layout-6f60eda8 wp-block-buttons-is-layout-flex\" style=\"margin-top:0\">\n<div class=\"wp-block-button\"><a class=\"wp-block-button__link has-dch-relax-gold-background-color has-background has-medium-font-size has-custom-font-size wp-element-button\" href=\"#details\" style=\"border-radius:0px;padding-top:var(--wp--preset--spacing--30);padding-right:var(--wp--preset--spacing--50);padding-bottom:var(--wp--preset--spacing--30);padding-left:var(--wp--preset--spacing--50)\">PODROBN\u011a<\/a><\/div>\n\n\n\n<div class=\"wp-block-button\"><a class=\"wp-block-button__link has-dch-relax-gold-background-color has-background has-medium-font-size has-custom-font-size wp-element-button\" href=\"#details\" style=\"border-radius:0px;padding-top:var(--wp--preset--spacing--30);padding-right:var(--wp--preset--spacing--50);padding-bottom:var(--wp--preset--spacing--30);padding-left:var(--wp--preset--spacing--50)\">P\u0158\u00cdJEZD<\/a><\/div>\n\n\n\n<div class=\"wp-block-button\"><a class=\"wp-block-button__link has-dch-relax-gold-background-color has-background has-default-font-size has-custom-font-size wp-element-button\" href=\"#angebote\" style=\"border-radius:0px;padding-top:var(--wp--preset--spacing--30);padding-right:var(--wp--preset--spacing--50);padding-bottom:var(--wp--preset--spacing--30);padding-left:var(--wp--preset--spacing--50)\">NAB\u00cdDKA<\/a><\/div>\n\n\n\n<div class=\"wp-block-button\"><a class=\"wp-block-button__link has-dch-relax-gold-background-color has-background has-default-font-size has-custom-font-size wp-element-button\" href=\"#urlaub\" style=\"border-radius:0px;padding-top:var(--wp--preset--spacing--30);padding-right:var(--wp--preset--spacing--50);padding-bottom:var(--wp--preset--spacing--30);padding-left:var(--wp--preset--spacing--50)\">DOP\u0158EJTE SI DOVOLENOU<\/a><\/div>\n<\/div>\n<\/div>\n<\/div>\n<\/section>\n\n\n\n<div class=\"wp-block-group alignfull hidethis has-dch-blue-background-color has-background is-layout-constrained wp-block-group-is-layout-constrained\" style=\"padding-top:var(--wp--preset--spacing--40);padding-bottom:var(--wp--preset--spacing--40)\">\n<div class=\"wp-block-group has-medium-font-size is-content-justification-center is-layout-flex wp-container-core-group-is-layout-ffc2b2de wp-block-group-is-layout-flex\" style=\"margin-top:0;margin-bottom:0;padding-top:0;padding-bottom:0\">\n<figure class=\"wp-block-image size-full is-resized\"><img decoding=\"async\" src=\"https:\/\/www.therme-laa.at\/wp-content\/uploads\/2023\/12\/Vector.svg\" alt=\"\" class=\"wp-image-3308\" style=\"width:20px;height:auto\"\/><\/figure>\n\n\n\n<p class=\"has-text-align-center has-dch-gold-dark-villas-color has-text-color has-link-color has-medium-font-size wp-elements-15184dbdf998458255cd93eeb4851be6\"><a href=\"https:\/\/www.therme-laa.at\/cs\/revizni-prace\/\" data-type=\"page\" data-id=\"2314\">Revizn\u00ed pr\u00e1ce: do poloviny \u010dervence budeme prov\u00e1d\u011bt \u00fapravu venkovn\u00edho prostoru sauny.<\/a><\/p>\n\n\n\n<p class=\"has-dch-white-color has-text-color has-link-color has-medium-font-size wp-elements-0a3bd01b484dd0d8d63d6536da32528f\"><a href=\"https:\/\/www.therme-laa.at\/cs\/revizni-prace\/\" data-type=\"page\" data-id=\"2314\">O na\u0161ich opat\u0159en\u00edch  &gt;<\/a><\/p>\n\n\n\n<div style=\"height:20px;width:0px\" aria-hidden=\"true\" class=\"wp-block-spacer hide-in-pc wp-container-content-62aae154\"><\/div>\n<\/div>\n<\/div>\n\n\n\n<div class=\"wp-block-cover alignfull is-light has-parallax wp-elements-15f1dc268afcaa08f226328d4bbb2185\" style=\"margin-top:0;padding-top:0px;padding-right:48px;padding-bottom:0px;padding-left:48px;min-height:70vh;aspect-ratio:unset;\"><div class=\"wp-block-cover__image-background wp-image-2627 has-parallax\" style=\"background-position:50% 50%;background-image:url(https:\/\/www.therme-laa.at\/wp-content\/uploads\/2023\/12\/Relax-Ausstattung_header_1900x1200.webp)\"><\/div><span aria-hidden=\"true\" class=\"wp-block-cover__background has-background-dim-0 has-background-dim\"><\/span><div class=\"wp-block-cover__inner-container is-layout-flow wp-block-cover-is-layout-flow\">\n<div class=\"wp-block-columns alignfull are-vertically-aligned-center is-layout-flex wp-container-core-columns-is-layout-28f84493 wp-block-columns-is-layout-flex\">\n<div class=\"wp-block-column is-layout-flow wp-block-column-is-layout-flow\" style=\"flex-basis:33.34%\"><\/div>\n\n\n\n<div class=\"wp-block-column is-vertically-aligned-center is-layout-flow wp-block-column-is-layout-flow\" style=\"flex-basis:33.34%\">\n<article class=\"wp-block-group has-dch-white-background-color has-background is-layout-constrained wp-container-core-group-is-layout-f611be13 wp-block-group-is-layout-constrained wp-container-2 is-position-sticky\" style=\"padding-top:var(--wp--preset--spacing--50);padding-right:var(--wp--preset--spacing--50);padding-bottom:var(--wp--preset--spacing--50);padding-left:var(--wp--preset--spacing--50)\">\n<h3 class=\"wp-block-heading has-text-align-center text-xl md:text-3xl has-dch-blue-color has-text-color has-link-color wp-elements-23fed3fe02cffba98764ae52718f0f7e\">KR\u00c1TK\u00c1 DOVOLEN\u00c1                    S DLOUHODOB\u00ddM \u00da\u010cINKEM<\/h3>\n\n\n\n<p class=\"has-text-align-center has-dch-primary-color has-text-color has-link-color has-dch-brandon-grotesque-bold-font-family has-medium-font-size wp-elements-07a738678aa46ed9ada0ee753a7b04b8\" style=\"margin-top:var(--wp--preset--spacing--30);margin-bottom:0\"><strong>Relax!Den volna<\/strong><\/p>\n\n\n\n<p class=\"has-text-align-center has-dch-primary-color has-text-color has-link-color wp-elements-28bbdeaca7554ed3355818a2c28485db\" style=\"padding-top:0;padding-bottom:0\">Za\u017eijte den pln\u00fd pohody a nechte se h\u00fd\u010dkat                             v Thermenresortu Laa. \u010cek\u00e1 na v\u00e1s velkolep\u00fd vodn\u00ed                a saunov\u00fd sv\u011bt, osobn\u00ed pohodln\u00e9 leh\u00e1tko v Relax!Lounge        a exkluzivn\u00ed slu\u017eby Relax!<\/p>\n\n\n\n<div class=\"wp-block-buttons is-vertical is-content-justification-center is-layout-flex wp-container-core-buttons-is-layout-11826be1 wp-block-buttons-is-layout-flex\" style=\"margin-top:var(--wp--preset--spacing--30);margin-bottom:var(--wp--preset--spacing--30)\">\n<div class=\"wp-block-button\"><a class=\"wp-block-button__link has-dch-relax-gold-background-color has-background has-custom-font-size wp-element-button\" href=\"https:\/\/shop.therme-laa.at\/resources\/template\/11685\/?\" style=\"border-radius:0px;padding-top:var(--wp--preset--spacing--30);padding-right:var(--wp--preset--spacing--40);padding-bottom:var(--wp--preset--spacing--30);padding-left:var(--wp--preset--spacing--40);font-size:1rem;font-style:normal;font-weight:400;text-transform:uppercase\" target=\"_blank\" rel=\"noreferrer noopener\">REZERVUJTE NYN\u00cd ONLINE<\/a><\/div>\n<\/div>\n<\/article>\n<\/div>\n\n\n\n<div class=\"wp-block-column is-layout-flow wp-block-column-is-layout-flow\" style=\"flex-basis:33.33%\"><\/div>\n<\/div>\n<\/div><\/div>\n\n\n\n<section class=\"wp-block-group alignfull -mt-12 z-0 has-dch-blue-background-color has-background is-layout-constrained wp-block-group-is-layout-constrained\" style=\"padding-top:var(--wp--preset--spacing--80);padding-bottom:var(--wp--preset--spacing--80)\">\n<figure class=\"wp-block-image aligncenter size-full is-resized\"><img loading=\"lazy\" decoding=\"async\" width=\"312\" height=\"299\" src=\"https:\/\/www.therme-laa.at\/wp-content\/uploads\/2023\/11\/relax-logo.webp\" alt=\"\" class=\"wp-image-835\" style=\"width:154px;height:auto\" srcset=\"https:\/\/www.therme-laa.at\/wp-content\/uploads\/2023\/11\/relax-logo.webp 312w, https:\/\/www.therme-laa.at\/wp-content\/uploads\/2023\/11\/relax-logo-300x288.webp 300w\" sizes=\"auto, (max-width: 312px) 100vw, 312px\" \/><\/figure>\n\n\n\n<div class=\"wp-block-columns is-layout-flex wp-container-core-columns-is-layout-28f84493 wp-block-columns-is-layout-flex\">\n<div class=\"wp-block-column is-layout-flow wp-block-column-is-layout-flow\" style=\"flex-basis:33.3%\"><article class=\"offer\">\n  <div class=\"relative\">\n    <div class=\"max-h-96 overflow-hidden flex justify-center items-center\">\n      <img loading=\"lazy\" decoding=\"async\" width=\"768\" height=\"768\" src=\"https:\/\/www.therme-laa.at\/wp-content\/uploads\/2023\/12\/RelaxTagesurlaub_box_1200x1200-768x768.webp\" class=\"\" alt=\"Liege mit Handtuch mit der Aufschrift &quot;relax&quot; darauf\" srcset=\"https:\/\/www.therme-laa.at\/wp-content\/uploads\/2023\/12\/RelaxTagesurlaub_box_1200x1200-768x768.webp 768w, https:\/\/www.therme-laa.at\/wp-content\/uploads\/2023\/12\/RelaxTagesurlaub_box_1200x1200-150x150.webp 150w, https:\/\/www.therme-laa.at\/wp-content\/uploads\/2023\/12\/RelaxTagesurlaub_box_1200x1200-300x300.webp 300w, https:\/\/www.therme-laa.at\/wp-content\/uploads\/2023\/12\/RelaxTagesurlaub_box_1200x1200-800x800.webp 800w, https:\/\/www.therme-laa.at\/wp-content\/uploads\/2023\/12\/RelaxTagesurlaub_box_1200x1200.webp 1200w\" sizes=\"auto, (max-width: 768px) 100vw, 768px\" \/>    <\/div>\n    <div class=\"absolute -bottom-4 right-4\">\n      <p class=\"!text-white text-[14px] !font-bold text-center py-10 px-6 bg-blue-200 uppercase\" style=\"background-color: #05405d\">\n        Jednodenn\u00ed l\u00e1zn\u011b      <\/p>\n    <\/div>\n  <\/div>\n  <main class=\"p-4 bg-white\" style=\"background-color: #FFFFFFF;\">\n    <span class=\"font-BrandonGrotesque_regular text-blue text-base uppercase\">Term\u00e1ly<\/span>\n    <h3 class=\"font-bold text-blue-200 text-xl uppercase mb-1 min-h-[56px] uppercase overflow-hidden\">Relax! Den volna<\/h3>\n    <div class=\"excerpt\">\n      Dop\u0159ejte si skv\u011bl\u00fd \u010das v na\u0161\u00ed Relax!Lounge, kter\u00e1 je t\u0159\u00eddou sama o sob\u011b! Jednodenn\u00ed dovolen\u00e1 v l\u00e1zn\u00edch Therme Laa.     <\/div>\n    <hr class=\"sparator-smail\">\n    <div class=\"mt-2 text-blue-200 text-xl\">\u20ac 100 na osobu<\/div>\n    <footer class=\"mt-4 flex flex-col\">\n                  <a class=\"card-btn mb-4\" href=\"#angebote\" target=\"_self\" style=\"background-color: #cba258;\">Vstupenky a nab\u00eddky<\/a>\n                  <a class=\"card-btn mb-4\" href=\"https:\/\/shop.therme-laa.at\/vouchers\/template\/11186\/?\" target=\"_blank\" style=\"background-color: #cba258;\">D\u00e1rkov\u00fd poukaz<\/a>\n                  <a class=\"card-btn mb-4\" href=\"#weitere-angebote\" target=\"_self\" style=\"background-color: #cba258;\">Dal\u0161\u00ed obl\u00edben\u00e9 nab\u00eddky<\/a>\n          <\/footer>\n  <\/main>\n<\/article><\/div>\n\n\n\n<div class=\"wp-block-column is-layout-flow wp-block-column-is-layout-flow\" style=\"flex-basis:66.6%\">\n<h2 class=\"wp-block-heading has-dch-relax-gold-color has-text-color has-link-color has-dch-brandon-grotesque-regular-font-family has-x-large-font-size wp-elements-5672dff6c2175a1f741771e187c7f109\" id=\"details\" style=\"letter-spacing:1.5px\">Relax! Den volna<\/h2>\n\n\n\n<div style=\"height:42px\" aria-hidden=\"true\" class=\"wp-block-spacer\"><\/div>\n\n\n\n<p class=\"has-dch-white-color has-text-color has-link-color has-dch-brandon-grotesque-regular-font-family has-medium-font-size wp-elements-b217f82125e7a9279aefe89463f9bc04\" id=\"inklusivleistungen\">Dop\u0159ejte si perfektn\u00ed jednodenn\u00ed dovolenou v na\u0161em exkluzivn\u00edm odd\u011blen\u00ed. Jednodenn\u00ed dovolen\u00e1 v Therme Laa, kde v\u00e1s v klidn\u00e9m prost\u0159ed\u00ed \u010dek\u00e1 dokonal\u00fd relax s konopnou t\u00e9matikou a vlastn\u00ed rezervovan\u00e9 leh\u00e1tko v Relax!Lounge. <br>Rezervujte si sv\u016fj Relax! Den volna (vstup od 14 let).<\/p>\n\n\n\n<div style=\"height:30px\" aria-hidden=\"true\" class=\"wp-block-spacer\"><\/div>\n\n\n\n<details class=\"wp-block-details has-dch-white-color has-dch-blue-therme-light-background-color has-text-color has-background has-link-color has-default-font-size wp-elements-7efc668e72cdb95b9fb445ba6ed46ed6 is-layout-flow wp-block-details-is-layout-flow\"><summary>Zahrnut\u00e9 slu\u017eby<\/summary>\n<div style=\"height:33px\" aria-hidden=\"true\" class=\"wp-block-spacer\"><\/div>\n\n\n\n<ul class=\"wp-block-list\">\n<li>Denn\u00ed vstup do l\u00e1zn\u00ed Saunov\u00fd sv\u011bt<\/li>\n\n\n\n<li>Relax! Sk\u0159\u00ed\u0148ka<\/li>\n\n\n\n<li>Relax! Check-In v l\u00e1ze\u0148sk\u00e9m obchod\u011b<\/li>\n\n\n\n<li>Relax! Zap\u016fj\u010den\u00ed koupac\u00ed ta\u0161ky pro v\u00e1\u0161 Relax! den Zap\u016fj\u010den\u00ed l\u00e1ze\u0148sk\u00e9ho \u017eupanu a Relax! Zap\u016fj\u010den\u00ed l\u00e1ze\u0148sk\u00e9ho \u017eupanu a Relax! Zap\u016fj\u010den\u00ed osu\u0161ek &#8211; V z\u00e1jmu ochrany \u017eivotn\u00edho prost\u0159ed\u00ed: V p\u0159\u00edpad\u011b pot\u0159eby v\u00e1m p\u016fj\u010denou osu\u0161ku r\u00e1di vym\u011bn\u00edme<\/li>\n\n\n\n<li>Relax! Leh\u00e1tko v Relax!Lounge Rezervace Relax!Lounge zahrnuta<\/li>\n\n\n\n<li>Relax! Gurm\u00e1nsk\u00e1 sva\u010dinka: 2x denn\u011b, pod\u00e1v\u00e1me p\u0159\u00edmo k va\u0161emu leh\u00e1tku<\/li>\n\n\n\n<li>Relax! Gourmet poukaz v hodnot\u011b 15 \u20ac do restaurace term\u00e1ln\u00edch l\u00e1zn\u00ed<\/li>\n\n\n\n<li>Relax! Ob\u010derstven\u00ed: Po cel\u00fd den je k dispozici \u010dajov\u00fd a k\u00e1vov\u00fd bar Sonnentor, voda a ovocn\u00e9 \u0161\u0165\u00e1vy<\/li>\n\n\n\n<li>Relax! Sva\u010dinka: \u010derstv\u00e9 ovoce, slan\u00e9 precl\u00edky, o\u0159echy a su\u0161en\u00e9 ovoce<\/li>\n\n\n\n<li>Relax! Sleva: 15% sleva na mas\u00e1\u017e a kosmetick\u00e9 o\u0161et\u0159en\u00ed dle vlastn\u00edho v\u00fdb\u011bru<\/li>\n\n\n\n<li>Relax! Sleva: 15% sleva na n\u00e1kup v Thermenshopu<\/li>\n\n\n\n<li>Relax! \u010cten\u00ed: V\u00fdb\u011br \u010dasopis\u016f a denn\u00edho tisku v Relax! Lounge Lounge<\/li>\n\n\n\n<li>Bezplatn\u00e9 vyu\u017eit\u00ed infra\u010derven\u00e9 kabiny (20 min.)<\/li>\n\n\n\n<li>Bezplatn\u00e9 vyu\u017eit\u00ed sol\u00e1ria (6 min.)<\/li>\n\n\n\n<li>Ka\u017edodenn\u00ed lekce fitness (v z\u00e1vislosti na obsazenosti)<\/li>\n\n\n\n<li>Infra\u010derven\u00e1 leh\u00e1tka Physiotherm v Relax! Lounge Salonek<\/li>\n\n\n\n<li>Relax! Pouk\u00e1zka v hodnot\u011b 5,- \u20ac na dal\u0161\u00ed Relax! Jednodenn\u00ed dovolen\u00e1 ve stejn\u00e9m resortu do 4 t\u00fddn\u016f od data n\u00e1v\u0161t\u011bvy<\/li>\n<\/ul>\n<\/details>\n\n\n\n<div style=\"height:42px\" aria-hidden=\"true\" class=\"wp-block-spacer\"><\/div>\n\n\n    <section class=\"px-4 md:px-0 flex md:flex-nowrap place-content-start sm:place-content-evenly flex-wrap gap-6 justify-start posts-block\">\n\t\t\n    <\/section>\n\n\n\n<details class=\"wp-block-details has-dch-white-color has-dch-blue-therme-light-background-color has-text-color has-background has-link-color has-default-font-size wp-elements-0193908b398275c7c64d29d704128113 is-layout-flow wp-block-details-is-layout-flow\"><summary>Otev\u00edrac\u00ed doba<\/summary>\n<div style=\"height:33px\" aria-hidden=\"true\" class=\"wp-block-spacer\"><\/div>\n\n\n\n<p>Otev\u0159eno m\u00e1me <strong>denn\u011b<\/strong> od 9:00 do 22:00 hod. <\/p>\n\n\n\n<p>(jednotliv\u00e9 oblasti maj\u00ed otev\u00edrac\u00ed doby nepatrn\u011b krat\u0161\u00ed)<\/p>\n\n\n\n<div style=\"height:15px\" aria-hidden=\"true\" class=\"wp-block-spacer\"><\/div>\n\n\n\n<p><strong>KONEC KOUP\u00c1N\u00cd<\/strong> | 21:40 hod.<\/p>\n\n\n\n<p><strong>POSLEDN\u00cd VSTUP<\/strong> | 2 hodiny p\u0159ed zav\u0159en\u00edm pokladen<\/p>\n\n\n\n<div style=\"height:50px\" aria-hidden=\"true\" class=\"wp-block-spacer\"><\/div>\n<\/details>\n\n\n\n<div style=\"height:0px\" aria-hidden=\"true\" id=\"inklusivleistungen\" class=\"wp-block-spacer\"><\/div>\n\n\n\n<details class=\"wp-block-details has-dch-white-color has-dch-blue-therme-light-background-color has-text-color has-background has-link-color has-default-font-size wp-elements-13252499595e76049c4b3e4127529833 is-layout-flow wp-block-details-is-layout-flow\"><summary>Baz\u00e9n a sauna<\/summary>\n<div style=\"height:33px\" aria-hidden=\"true\" class=\"wp-block-spacer\"><\/div>\n\n\n\n<p>Kr\u00e1tk\u00e1 dovolen\u00e1 s dlouhodob\u00fdm \u00fa\u010dinkem. Relax! Lounge nab\u00edz\u00ed nejen vodu, ale tak\u00e9 klid, wellness a exkluzivn\u00ed Relax! Slu\u017eby. Pro v\u00e1\u0161 dokonal\u00fd odpo\u010dinek! U\u017eijte si v l\u00e9t\u011b sv\u016fj Relax! Leh\u00e1tko i ve venkovn\u00edm prostoru pod \u0161ir\u00fdm nebem. Odpo\u010d\u00edvejte a relaxujte uprost\u0159ed kvetouc\u00ed p\u0159\u00edrody. Relax! Relax! Lounge je ur\u010dena pro hosty od 14 let.<\/p>\n<\/details>\n\n\n\n<div style=\"height:0px\" aria-hidden=\"true\" id=\"anreise\" class=\"wp-block-spacer\"><\/div>\n\n\n\n<details class=\"wp-block-details has-dch-white-color has-dch-blue-therme-light-background-color has-text-color has-background has-link-color has-default-font-size wp-elements-551a09410a8391abbdd7dddd34ecd96f is-layout-flow wp-block-details-is-layout-flow\"><summary>Trasa a parkovi\u0161t\u011b<\/summary>\n<div style=\"height:33px\" aria-hidden=\"true\" class=\"wp-block-spacer\"><\/div>\n\n\n\n<h5 class=\"wp-block-heading\">JAK SE K N\u00c1M DOSTANETE!<\/h5>\n\n\n\n<p>K ve\u0159ejn\u00fdm term\u00e1ln\u00edm l\u00e1zn\u00edm, l\u00e1zn\u00edm SILENT SPA a hotelu se dostanete po dvou r\u016fzn\u00fdch p\u0159\u00edjezdov\u00fdch cest\u00e1ch. V\u011bnujte pros\u00edm zv\u00fd\u0161enou pozornost zna\u010den\u00ed.<\/p>\n\n\n\n<p>Adresa:<br><br><strong>THERME LAA &#8211; HOTEL &amp; SILENT SPA<\/strong><br>Thermenplatz 1<br>2136 Laa\/Thaya<\/p>\n\n\n\n<div style=\"height:15px\" aria-hidden=\"true\" class=\"wp-block-spacer\"><\/div>\n\n\n\n<div style=\"height:15px\" aria-hidden=\"true\" class=\"wp-block-spacer\"><\/div>\n\n\n\n<div style=\"height:15px\" aria-hidden=\"true\" class=\"wp-block-spacer\"><\/div>\n\n\n\n<div style=\"height:15px\" aria-hidden=\"true\" class=\"wp-block-spacer\"><\/div>\n\n\n\n<h5 class=\"wp-block-heading\">VLAKEM:<\/h5>\n\n\n\n<p>Z Meidlingu, Wien Mitte, Wien Nord nebo Floridsdorfu je\u010fte linkou S2 do Laa a. d. Thaya. Vlakov\u00e9 n\u00e1dra\u017e\u00ed Laa a. d. Thaya je od hotelu Therme Laa vzd\u00e1leno pouh\u00fdch 200 metr\u016f.<\/p>\n\n\n\n<div style=\"height:15px\" aria-hidden=\"true\" class=\"wp-block-spacer\"><\/div>\n\n\n\n<p>Pro hotelov\u00e9 hosty je k dispozici bezplatn\u00e1 kyvadlov\u00e1 doprava, kter\u00e1 v\u00e1s pohodln\u011b doprav\u00ed z vlakov\u00e9ho n\u00e1dra\u017e\u00ed do hotelu. Tuto slu\u017ebu si vy\u017e\u00e1dejte na telefonn\u00edm \u010d\u00edsle (0043)2522 \/ 84700 740.<\/p>\n\n\n\n<div style=\"height:15px\" aria-hidden=\"true\" class=\"wp-block-spacer\"><\/div>\n\n\n\n<p>Vlakov\u00e9 spojen\u00ed a informace z\u00edsk\u00e1te v callcentru \u00d6BB na tel. 05-1717 za m\u00edstn\u00ed sazbu nebo na <a href=\"http:\/\/www.oebb.at\/\" target=\"_blank\" rel=\"noreferrer noopener\">www.oebb.at<\/a>.<\/p>\n\n\n\n<div style=\"height:15px\" aria-hidden=\"true\" class=\"wp-block-spacer\"><\/div>\n\n\n\n<p><strong>N\u00e1\u0161 tip:<\/strong> Vyu\u017eijte v\u00fdhodnou j\u00edzdenku &#8222;Einfach-Raus-Ticket&#8220;!<\/p>\n\n\n\n<div style=\"height:15px\" aria-hidden=\"true\" class=\"wp-block-spacer\"><\/div>\n\n\n\n<div style=\"height:15px\" aria-hidden=\"true\" class=\"wp-block-spacer\"><\/div>\n\n\n\n<div style=\"height:15px\" aria-hidden=\"true\" class=\"wp-block-spacer\"><\/div>\n\n\n\n<h5 class=\"wp-block-heading\">AUTEM:<\/h5>\n\n\n\n<p>V p\u0159\u00edpad\u011b p\u0159\u00edjezdu od Stockerau nebo V\u00eddn\u011b po d\u00e1lnici A22 ve sm\u011bru na Korneuburg. Sje\u010fte z Korneuburg West po silnici B6 p\u0159es Ernstbrunn do Laa a. d. Thaya.<\/p>\n\n\n\n<div style=\"height:15px\" aria-hidden=\"true\" class=\"wp-block-spacer\"><\/div>\n\n\n\n<p>Z V\u00eddn\u011b po silnici B7\/A5 p\u0159es Wolkersdorf sm\u011brem na Mistelbach. Na sjezdu Schrick\/Mistelbach pokra\u010dujte po silnici B46 sm\u011brem na Laa a. d. Thaya.<\/p>\n\n\n\n<div style=\"height:15px\" aria-hidden=\"true\" class=\"wp-block-spacer\"><\/div>\n\n\n\n<p>P\u0159\u00edjezd od Hornu po B45 ve sm\u011bru Laa a. d. Thaya. Po p\u0159\u00edjezdu do Laa a. d. Thaya sledujte ukazatele na Therme Laa.<\/p>\n<\/details>\n<\/div>\n<\/div>\n<\/section>\n\n\n\n<div class=\"wp-block-group alignfull has-dch-gray-background-color has-background is-layout-flow wp-block-group-is-layout-flow\" style=\"padding-top:var(--wp--preset--spacing--80);padding-bottom:var(--wp--preset--spacing--80);padding-left:0\">\n<div class=\"wp-block-columns relax-content-section is-layout-flex wp-container-core-columns-is-layout-0ec9e5cb wp-block-columns-is-layout-flex\" style=\"padding-top:0;padding-right:0;padding-bottom:0;padding-left:0\">\n<div class=\"wp-block-column has-dch-white-background-color has-background is-layout-flow wp-container-core-column-is-layout-30c069d9 wp-block-column-is-layout-flow\" style=\"padding-top:var(--wp--preset--spacing--50);padding-right:var(--wp--preset--spacing--50);padding-bottom:var(--wp--preset--spacing--50);padding-left:var(--wp--preset--spacing--50);flex-basis:50%\">\n<div class=\"wp-block-group wp-container-content-9cfa9a5a is-vertical is-content-justification-center is-layout-flex wp-container-core-group-is-layout-af4fb820 wp-block-group-is-layout-flex\" style=\"border-style:none;border-width:0px;border-radius:0px;min-height:100%;margin-top:0;margin-bottom:0;padding-top:0;padding-bottom:0\">\n<h5 class=\"wp-block-heading has-text-align-center has-default-font-size\" style=\"text-transform:uppercase\">V CEN\u011a JE TERM\u00c1LN\u00cd A SAUNOV\u00dd SV\u011aT A MNOHO DAL\u0160\u00cdCH extra bonus\u016f<\/h5>\n\n\n\n<p class=\"has-text-align-center has-medium-font-size\" style=\"padding-top:0;padding-right:var(--wp--preset--spacing--60);padding-bottom:0;padding-left:var(--wp--preset--spacing--60)\">Objevte dokonalou priv\u00e1tn\u00ed o\u00e1zu klidu v na\u0161ich term\u00e1ln\u00edch l\u00e1zn\u00edch. <br>Zapome\u0148te na starosti v\u0161edn\u00edho dne a nechte se h\u00fd\u010dkat. <\/p>\n\n\n\n<div class=\"wp-block-buttons is-content-justification-center is-layout-flex wp-container-core-buttons-is-layout-c3d5205c wp-block-buttons-is-layout-flex\" style=\"margin-top:0;margin-bottom:0\">\n<div class=\"wp-block-button\"><a class=\"wp-block-button__link has-dch-white-color has-dch-relax-gold-background-color has-text-color has-background has-link-color has-medium-font-size has-custom-font-size wp-element-button\" href=\"#nab\u00eddka\" style=\"border-radius:0px;padding-top:var(--wp--preset--spacing--30);padding-right:var(--wp--preset--spacing--50);padding-bottom:var(--wp--preset--spacing--30);padding-left:var(--wp--preset--spacing--50)\">V\u0160ECHNY NAB\u00cdDKY<\/a><\/div>\n<\/div>\n<\/div>\n<\/div>\n\n\n\n<div class=\"wp-block-column has-dch-white-background-color has-background is-layout-flow wp-block-column-is-layout-flow\" style=\"padding-top:var(--wp--preset--spacing--50);padding-right:var(--wp--preset--spacing--50);padding-bottom:var(--wp--preset--spacing--50);padding-left:var(--wp--preset--spacing--50);flex-basis:50%\">\n<div class=\"wp-block-group wp-container-content-9cfa9a5a is-vertical is-content-justification-center is-layout-flex wp-container-core-group-is-layout-adadf748 wp-block-group-is-layout-flex\" style=\"border-style:none;border-width:0px;border-radius:0px;min-height:100%;padding-top:0;padding-bottom:0\">\n<h5 class=\"wp-block-heading has-text-align-center\" style=\"text-transform:uppercase\">EXKLUZIVN\u00cd RELAX! LOUNGE<br>V\u010cETN\u011a SVA\u010cINEK, OB\u010cERSTVEN\u00cd A DAL\u0160\u00cd<\/h5>\n\n\n\n<p class=\"has-text-align-center has-medium-font-size\" style=\"margin-right:var(--wp--preset--spacing--60);margin-left:var(--wp--preset--spacing--60)\">Nechte se rozmazlovat na\u0161\u00edm pozorn\u00fdm person\u00e1lem a u\u017eijte si na\u0161eho pe\u010dliv\u011b vybran\u00e9ho ob\u010derstven\u00ed a n\u00e1poj\u016f. Relax pro\u0161el zm\u011bnami a je atraktivn\u011bj\u0161\u00ed! Celodenn\u00ed Relax! dovolen\u00e1 v Therme Laa se zam\u011b\u0159en\u00edm na konop\u00ed, d\u016fle\u017eitou plodinu, kter\u00e1 m\u00e1 v regionu svoji historii.<\/p>\n\n\n\n<div class=\"wp-block-buttons is-content-justification-center is-layout-flex wp-container-core-buttons-is-layout-c3d5205c wp-block-buttons-is-layout-flex\" style=\"margin-top:0;margin-bottom:0\">\n<div class=\"wp-block-button\"><a class=\"wp-block-button__link has-dch-white-color has-dch-relax-gold-background-color has-text-color has-background has-link-color has-medium-font-size has-custom-font-size wp-element-button\" href=\"#allinclusive\" style=\"border-radius:0px;padding-top:var(--wp--preset--spacing--30);padding-right:var(--wp--preset--spacing--50);padding-bottom:var(--wp--preset--spacing--30);padding-left:var(--wp--preset--spacing--50)\">VE\u0160KER\u00c9 SLU\u017dBY ALL INCLUSIVE<\/a><\/div>\n<\/div>\n<\/div>\n<\/div>\n<\/div>\n<\/div>\n\n\n\n<div class=\"wp-block-group is-layout-constrained wp-block-group-is-layout-constrained\">\n\n<section id=\"slider-block_eee5cebb2ed818f6248ba3ce4a4edcc2\" class=\"slider w-full h-full relative mt-7 mb-16\">\n\n    <div class=\"swiper-wrapper\">\n\t\t\t\t\t\t                    <article class=\"swiper-slide 1 relative\">\n                        <div class=\"image-container\">\n\t\t\t\t\t\t\t<img loading=\"lazy\" decoding=\"async\" width=\"1000\" height=\"770\" src=\"https:\/\/www.therme-laa.at\/wp-content\/uploads\/2024\/02\/RTU_Snacks_quer.jpg\" class=\"w-full object-cover\" alt=\"Ein Teller steht auf einer Liege mit kleinen Snacks\" srcset=\"https:\/\/www.therme-laa.at\/wp-content\/uploads\/2024\/02\/RTU_Snacks_quer.jpg 1000w, https:\/\/www.therme-laa.at\/wp-content\/uploads\/2024\/02\/RTU_Snacks_quer-300x231.jpg 300w, https:\/\/www.therme-laa.at\/wp-content\/uploads\/2024\/02\/RTU_Snacks_quer-768x591.jpg 768w\" sizes=\"auto, (max-width: 1000px) 100vw, 1000px\" \/>                        <\/div>\n                        <main class=\"content bg-white\">\n                            <div class=\"inner-content relative\">\n\t\t\t\t\t\t\t\t                                <div class=\"pagination md:mb-8 text-gold text-6xl\">1<span class=\"mx-2\">\/<\/span>3\n                                <\/div>\n                                <h3 class=\"text-xl md:text-3xl text-blue-200\">\n\t\t\t\t\t\t\t\t\tRELAX!LOUNGE OB\u010cERSTVEN\u00cd                                <\/h3>\n                                <hr class=\"bg-blue-200 bg-opacity-50 w-1\/3 h-1 border-0\">\n                                <h4 class=\"text-base text-blue-200 font-medium\">\n\t\t\t\t\t\t\t\t\t                                <\/h4>\n                                <p class=\"text-lg font-thin text-black font-BrandonGrotesque_regular\">\n\t\t\t\t\t\t\t\t\tDvakr\u00e1t denn\u011b V\u00e1m p\u0159\u00edmo k Va\u0161emu osobn\u00edmu leh\u00e1tku naserv\u00edrujeme lahodnou sva\u010dinku. V p\u0159\u00edpad\u011b dietn\u00edch intoleranc\u00ed n\u00e1s pros\u00edm p\u0159edem informujte.                                 <\/p>\n\t\t\t\t\t\t\t\t                            <\/div>\n                        <\/main>\n                    <\/article>\n\t\t\t\t\t                    <article class=\"swiper-slide 1 relative\">\n                        <div class=\"image-container\">\n\t\t\t\t\t\t\t<img loading=\"lazy\" decoding=\"async\" width=\"1200\" height=\"675\" src=\"https:\/\/www.therme-laa.at\/wp-content\/uploads\/2023\/12\/Relax-Food-Bereich-1200x675-pflanzlmedia.webp\" class=\"w-full object-cover\" alt=\"Dame in Bademantel und mit Relax! Badetasche im Thermenrestaurant, gerade einen Salat nehmend\" srcset=\"https:\/\/www.therme-laa.at\/wp-content\/uploads\/2023\/12\/Relax-Food-Bereich-1200x675-pflanzlmedia.webp 1200w, https:\/\/www.therme-laa.at\/wp-content\/uploads\/2023\/12\/Relax-Food-Bereich-1200x675-pflanzlmedia-300x169.webp 300w, https:\/\/www.therme-laa.at\/wp-content\/uploads\/2023\/12\/Relax-Food-Bereich-1200x675-pflanzlmedia-768x432.webp 768w\" sizes=\"auto, (max-width: 1200px) 100vw, 1200px\" \/>                        <\/div>\n                        <main class=\"content bg-white\">\n                            <div class=\"inner-content relative\">\n\t\t\t\t\t\t\t\t                                        <div class=\"bg-white absolute -top-[100px] md:top-44 p-4 md:-left-[157px]\">\n                                            <div class=\"relative pb-20 w-20 md:pb-32 md:w-32\">\n\t\t\t\t\t\t\t\t\t\t\t\t<img loading=\"lazy\" decoding=\"async\" width=\"111\" height=\"106\" src=\"https:\/\/www.therme-laa.at\/wp-content\/uploads\/2023\/11\/VAME-W22001_RTU_Original_Dunkelgold-1.png\" class=\"w-full absolute insert-0\" alt=\"Logo Relax! Tagesurlaub\" \/>                                            <\/div>\n                                        <\/div>\n\t\t\t\t\t\t\t\t\t                                <div class=\"pagination md:mb-8 text-gold text-6xl\">2<span class=\"mx-2\">\/<\/span>3\n                                <\/div>\n                                <h3 class=\"text-xl md:text-3xl text-blue-200\">\n\t\t\t\t\t\t\t\t\tL\u00c1ZE\u0147SK\u00c1 RESTAURACE                                <\/h3>\n                                <hr class=\"bg-blue-200 bg-opacity-50 w-1\/3 h-1 border-0\">\n                                <h4 class=\"text-base text-blue-200 font-medium\">\n\t\t\t\t\t\t\t\t\tBUFET GOURMET                                <\/h4>\n                                <p class=\"text-lg font-thin text-black font-BrandonGrotesque_regular\">\n\t\t\t\t\t\t\t\t\tVychutnejte si sv\u016fj Relax!Den volna a nav\u0161tivte i na\u0161i term\u00e1ln\u00ed restauraci. Gourmet pouk\u00e1zka v hodnot\u011b \u20ac12 V\u00e1s jist\u011b pot\u011b\u0161\u00ed.ukaz Gourmet v hodnot\u011b 12,- \u20ac.                                <\/p>\n\t\t\t\t\t\t\t\t                            <\/div>\n                        <\/main>\n                    <\/article>\n\t\t\t\t\t                    <article class=\"swiper-slide 1 relative\">\n                        <div class=\"image-container\">\n\t\t\t\t\t\t\t<img loading=\"lazy\" decoding=\"async\" width=\"1902\" height=\"1202\" src=\"https:\/\/www.therme-laa.at\/wp-content\/uploads\/2023\/12\/Relax-Ausstattung_header_1900x1200.webp\" class=\"w-full object-cover\" alt=\"Relax! Badesandalen am Boden, daneben Palmenpflanze\" srcset=\"https:\/\/www.therme-laa.at\/wp-content\/uploads\/2023\/12\/Relax-Ausstattung_header_1900x1200.webp 1902w, https:\/\/www.therme-laa.at\/wp-content\/uploads\/2023\/12\/Relax-Ausstattung_header_1900x1200-300x190.webp 300w, https:\/\/www.therme-laa.at\/wp-content\/uploads\/2023\/12\/Relax-Ausstattung_header_1900x1200-768x485.webp 768w, https:\/\/www.therme-laa.at\/wp-content\/uploads\/2023\/12\/Relax-Ausstattung_header_1900x1200-1536x971.webp 1536w\" sizes=\"auto, (max-width: 1902px) 100vw, 1902px\" \/>                        <\/div>\n                        <main class=\"content bg-white\">\n                            <div class=\"inner-content relative\">\n\t\t\t\t\t\t\t\t                                <div class=\"pagination md:mb-8 text-gold text-6xl\">3<span class=\"mx-2\">\/<\/span>3\n                                <\/div>\n                                <h3 class=\"text-xl md:text-3xl text-blue-200\">\n\t\t\t\t\t\t\t\t\tZAHRADA RELAX!                                <\/h3>\n                                <hr class=\"bg-blue-200 bg-opacity-50 w-1\/3 h-1 border-0\">\n                                <h4 class=\"text-base text-blue-200 font-medium\">\n\t\t\t\t\t\t\t\t\tRELAXUJTE NA \u010cERSTV\u00c9M VZDUCHU                                <\/h4>\n                                <p class=\"text-lg font-thin text-black font-BrandonGrotesque_regular\">\n\t\t\t\t\t\t\t\t\tV letn\u00edch m\u011bs\u00edc\u00edch m\u016f\u017eete relaxovat i na na\u0161\u00ed RELAX! ZAHRAD\u011a. Z\u00e1kladn\u00edm prvkem t\u00e9to Relax! o\u00e1zy je zele\u0148 a ticho.                                 <\/p>\n\t\t\t\t\t\t\t\t                            <\/div>\n                        <\/main>\n                    <\/article>\n\t\t\t\t\t\t\t\t    <\/div>\n    <section class=\"flex flex-row arrows-sections\">\n        <div class=\"empty md:w-1\/2 lg:w-2\/3\"><\/div>\n        <article class=\"arrows\">\n            <button class=\"button-prev\" aria-label=\"button-prev\">\n                <svg fill=\"none\" class=\"w-8 h-8\" stroke=\"currentColor\" stroke-width=\"1.5\" viewBox=\"0 0 24 24\" xmlns=\"http:\/\/www.w3.org\/2000\/svg\"\n                     aria-hidden=\"true\">\n                    <path stroke-linecap=\"round\" stroke-linejoin=\"round\" d=\"M10.5 19.5L3 12m0 0l7.5-7.5M3 12h18\"><\/path>\n                <\/svg>\n            <\/button>\n            <button class=\"button-next\" aria-label=\"button-next\">\n                <svg fill=\"none\" class=\"w-8 h-8\" stroke=\"currentColor\" stroke-width=\"1.5\" viewBox=\"0 0 24 24\" xmlns=\"http:\/\/www.w3.org\/2000\/svg\"\n                     aria-hidden=\"true\">\n                    <path stroke-linecap=\"round\" stroke-linejoin=\"round\" d=\"M13.5 4.5L21 12m0 0l-7.5 7.5M21 12H3\"><\/path>\n                <\/svg>\n            <\/button>\n        <\/article>\n    <\/section>\n<\/section><\/div>\n\n\n\n<div style=\"height:100px\" aria-hidden=\"true\" class=\"wp-block-spacer\"><\/div>\n\n\n  <div class=\"swiper image-slider\">\n \t<div class=\"swiper-wrapper\">\n \t\t \t\t\t \t\t\t\t<div class=\"swiper-slide relative pb-[350px] max-h-[350px] overflow-hidden\">\n \t\t\t\t\t<img decoding=\"async\" width=\"800\" height=\"800\" src=\"https:\/\/www.therme-laa.at\/wp-content\/uploads\/2024\/02\/rtu-5-pflanzl-800x800-1.webp\" class=\"absolute inset-0 w-full object-cover\" alt=\"Relax-Tasche am Beckenrand im Indoor Hotelpool\" loading=\"lazy\" title=\"rtu-5-pflanzl-800x800\" srcset=\"https:\/\/www.therme-laa.at\/wp-content\/uploads\/2024\/02\/rtu-5-pflanzl-800x800-1.webp 800w, https:\/\/www.therme-laa.at\/wp-content\/uploads\/2024\/02\/rtu-5-pflanzl-800x800-1-300x300.webp 300w, https:\/\/www.therme-laa.at\/wp-content\/uploads\/2024\/02\/rtu-5-pflanzl-800x800-1-150x150.webp 150w, https:\/\/www.therme-laa.at\/wp-content\/uploads\/2024\/02\/rtu-5-pflanzl-800x800-1-768x768.webp 768w\" sizes=\"auto, (max-width: 800px) 100vw, 800px\" \/> \t\t\t\t<\/div>\n \t\t\t \t\t\t\t<div class=\"swiper-slide relative pb-[350px] max-h-[350px] overflow-hidden\">\n \t\t\t\t\t<img decoding=\"async\" width=\"800\" height=\"800\" src=\"https:\/\/www.therme-laa.at\/wp-content\/uploads\/2024\/02\/rtu-4-pflanzl-800x800-1.webp\" class=\"absolute inset-0 w-full object-cover\" alt=\"xyz\" loading=\"lazy\" title=\"rtu-4-pflanzl-800x800\" srcset=\"https:\/\/www.therme-laa.at\/wp-content\/uploads\/2024\/02\/rtu-4-pflanzl-800x800-1.webp 800w, https:\/\/www.therme-laa.at\/wp-content\/uploads\/2024\/02\/rtu-4-pflanzl-800x800-1-300x300.webp 300w, https:\/\/www.therme-laa.at\/wp-content\/uploads\/2024\/02\/rtu-4-pflanzl-800x800-1-150x150.webp 150w, https:\/\/www.therme-laa.at\/wp-content\/uploads\/2024\/02\/rtu-4-pflanzl-800x800-1-768x768.webp 768w\" sizes=\"auto, (max-width: 800px) 100vw, 800px\" \/> \t\t\t\t<\/div>\n \t\t\t \t\t\t\t<div class=\"swiper-slide relative pb-[350px] max-h-[350px] overflow-hidden\">\n \t\t\t\t\t<img decoding=\"async\" width=\"800\" height=\"800\" src=\"https:\/\/www.therme-laa.at\/wp-content\/uploads\/2024\/02\/rtu-3-pflanzl-800x800-1.webp\" class=\"absolute inset-0 w-full object-cover\" alt=\"zwei junge Frauen liegen auf Liegen und haben die Augen geschlossen\" loading=\"lazy\" title=\"rtu-3-pflanzl-800x800\" srcset=\"https:\/\/www.therme-laa.at\/wp-content\/uploads\/2024\/02\/rtu-3-pflanzl-800x800-1.webp 800w, https:\/\/www.therme-laa.at\/wp-content\/uploads\/2024\/02\/rtu-3-pflanzl-800x800-1-300x300.webp 300w, https:\/\/www.therme-laa.at\/wp-content\/uploads\/2024\/02\/rtu-3-pflanzl-800x800-1-150x150.webp 150w, https:\/\/www.therme-laa.at\/wp-content\/uploads\/2024\/02\/rtu-3-pflanzl-800x800-1-768x768.webp 768w\" sizes=\"auto, (max-width: 800px) 100vw, 800px\" \/> \t\t\t\t<\/div>\n \t\t\t \t\t\t\t<div class=\"swiper-slide relative pb-[350px] max-h-[350px] overflow-hidden\">\n \t\t\t\t\t<img decoding=\"async\" width=\"800\" height=\"800\" src=\"https:\/\/www.therme-laa.at\/wp-content\/uploads\/2024\/02\/rtu-2-pflanzl-800x800-1-800x800.webp\" class=\"absolute inset-0 w-full object-cover\" alt=\"verschiedene Snacks sind auf der Relax! Liege angerichtet\" loading=\"lazy\" title=\"rtu-2-pflanzl-800x800\" srcset=\"https:\/\/www.therme-laa.at\/wp-content\/uploads\/2024\/02\/rtu-2-pflanzl-800x800-1.webp 800w, https:\/\/www.therme-laa.at\/wp-content\/uploads\/2024\/02\/rtu-2-pflanzl-800x800-1-150x150.webp 150w, https:\/\/www.therme-laa.at\/wp-content\/uploads\/2024\/02\/rtu-2-pflanzl-800x800-1-300x300.webp 300w, https:\/\/www.therme-laa.at\/wp-content\/uploads\/2024\/02\/rtu-2-pflanzl-800x800-1-768x768.webp 768w\" sizes=\"auto, (max-width: 800px) 100vw, 800px\" \/> \t\t\t\t<\/div>\n \t\t\t \t\t\t\t<div class=\"swiper-slide relative pb-[350px] max-h-[350px] overflow-hidden\">\n \t\t\t\t\t<img decoding=\"async\" width=\"800\" height=\"800\" src=\"https:\/\/www.therme-laa.at\/wp-content\/uploads\/2024\/02\/rtu-1-pflanzl-800x800-1-800x800.webp\" class=\"absolute inset-0 w-full object-cover\" alt=\"zwei junge Frauen in wei\u00dfen Badem\u00e4nteln holen sich N\u00fcsse von einem Nussspender\" loading=\"lazy\" title=\"rtu-1-pflanzl-800x800\" srcset=\"https:\/\/www.therme-laa.at\/wp-content\/uploads\/2024\/02\/rtu-1-pflanzl-800x800-1.webp 800w, https:\/\/www.therme-laa.at\/wp-content\/uploads\/2024\/02\/rtu-1-pflanzl-800x800-1-150x150.webp 150w, https:\/\/www.therme-laa.at\/wp-content\/uploads\/2024\/02\/rtu-1-pflanzl-800x800-1-300x300.webp 300w, https:\/\/www.therme-laa.at\/wp-content\/uploads\/2024\/02\/rtu-1-pflanzl-800x800-1-768x768.webp 768w\" sizes=\"auto, (max-width: 800px) 100vw, 800px\" \/> \t\t\t\t<\/div>\n \t\t\t \t\t\n \t<\/div>\n <\/div>\n\n\n<section class=\"wp-block-group alignfull -mt-6 is-layout-flow wp-container-core-group-is-layout-6cd68c6d wp-block-group-is-layout-flow has-background\" style=\"min-height:0vh;padding-top:var(--wp--preset--spacing--80);padding-right:var(--wp--preset--spacing--50);padding-bottom:var(--wp--preset--spacing--80);padding-left:var(--wp--preset--spacing--50);background-image:url(&apos;https:\/\/www.therme-laa.at\/wp-content\/uploads\/2023\/11\/Rectangle.webp&apos;);background-size:cover;\">\n<div class=\"wp-block-columns are-vertically-aligned-center is-layout-flex wp-container-core-columns-is-layout-28f84493 wp-block-columns-is-layout-flex\">\n<div class=\"wp-block-column is-vertically-aligned-center is-layout-flow wp-block-column-is-layout-flow\" style=\"flex-basis:20%\"><\/div>\n\n\n\n<div class=\"wp-block-column is-vertically-aligned-center is-layout-flow wp-block-column-is-layout-flow\" style=\"flex-basis:60%\">\n<figure class=\"wp-block-video alignfull\"><video height=\"720\" style=\"aspect-ratio: 1280 \/ 720;\" width=\"1280\" controls loop poster=\"https:\/\/www.therme-laa.at\/wp-content\/uploads\/2024\/01\/Relax-Tagesurlaub-Das-Original-in-den-Resorts-der-VAMED-Vitality-World.jpg\" src=\"https:\/\/www.therme-laa.at\/wp-content\/uploads\/2024\/01\/RelaxTagesurlaubVAMEDVITALITYWORLD.mp4\"><\/video><\/figure>\n<\/div>\n\n\n\n<div class=\"wp-block-column is-vertically-aligned-center is-layout-flow wp-block-column-is-layout-flow\" style=\"flex-basis:20%\"><\/div>\n<\/div>\n\n\n\n<div style=\"height:40px\" aria-hidden=\"true\" class=\"wp-block-spacer\"><\/div>\n<\/section>\n\n\n\n<div style=\"height:100px\" aria-hidden=\"true\" id=\"angebote\" class=\"wp-block-spacer\"><\/div>\n\n\n\n<h3 class=\"wp-block-heading has-text-align-center has-dch-blue-color has-text-color has-link-color has-xx-large-font-size wp-elements-bbc19876fc7e227f6e807d84afd1e5f7\" id=\"angebote\" style=\"padding-top:0;padding-bottom:0;letter-spacing:1px;line-height:1.1\">V klidn\u00e9 atmosf\u00e9\u0159e<\/h3>\n\n\n\n<div style=\"height:50px\" aria-hidden=\"true\" class=\"wp-block-spacer\"><\/div>\n\n\n\n<div class=\"wp-block-group is-layout-constrained wp-container-core-group-is-layout-02e3544c wp-block-group-is-layout-constrained\">    <section class=\"px-4 md:px-0 flex md:flex-nowrap place-content-start sm:place-content-evenly flex-wrap gap-6 justify-start posts-block\">\n\t\t                <article class=\"post-card relative  md:flex-auto w-full w-full  mb-6 md:mb-0\">\n\t\t\t\t\t                    <div class=\"overflow-hidden flex justify-start items-center max-h-96 min-h-96\">\n\t\t\t\t\t\t<img loading=\"lazy\" decoding=\"async\" width=\"768\" height=\"768\" src=\"https:\/\/www.therme-laa.at\/wp-content\/uploads\/2023\/11\/Relax-Abendausklang-Deluxe-Info_featured_image_800x800-marekgavlak-768x768.webp\" class=\"h-auto w-full wp-post-image\" alt=\"Winterau\u00dfenaufnahme vom Thermen Solebecken, Schnee rundherum, bei D\u00e4mmerung\" srcset=\"https:\/\/www.therme-laa.at\/wp-content\/uploads\/2023\/11\/Relax-Abendausklang-Deluxe-Info_featured_image_800x800-marekgavlak-768x768.webp 768w, https:\/\/www.therme-laa.at\/wp-content\/uploads\/2023\/11\/Relax-Abendausklang-Deluxe-Info_featured_image_800x800-marekgavlak-150x150.webp 150w, https:\/\/www.therme-laa.at\/wp-content\/uploads\/2023\/11\/Relax-Abendausklang-Deluxe-Info_featured_image_800x800-marekgavlak-300x300.webp 300w, https:\/\/www.therme-laa.at\/wp-content\/uploads\/2023\/11\/Relax-Abendausklang-Deluxe-Info_featured_image_800x800-marekgavlak.webp 800w\" sizes=\"auto, (max-width: 768px) 100vw, 768px\" \/>                    <\/div>\n                    <main class=\"flex flex-col gap-1 text-left text-blue-200 p-4 relative\" style=\"color:#05405D; background-color:#FFFFFF;\">\n\t\t\t\t\t\t                                <div class=\"absolute -top-24 right-4\">\n                                    <p class=\"!text-white text-[14px] !font-bold text-center py-10 px-6 bg-blue-200 uppercase\"\n                                       style=\"background-color:#05405D\">\n\t\t\t\t\t\t\t\t\t\tJednodenn\u00ed l\u00e1zn\u011b                                    <\/p>\n                                <\/div>\n\t\t\t\t\t\t\t\t\t\t\t\t\t                                <span class=\"font-BrandonGrotesque_regular text-blue text-base uppercase\" style=\"color:#05405D;\">\n\t\t\t\t\t\tTerm\u00e1ly\t\t\t\t\t<\/span>\n\t\t\t\t\t\t\t                        <h3 class=\"text-xl font-BrandonGrotesque_bold uppercase\">\n\t\t\t\t\t\t\tRelax! Zakon\u010den\u00ed ve\u010dera Deluxe                        <\/h3>\n                        <div class=\"text-base font-BrandonGrotesque_regular excerpt text-black\" style=\"color:#05405D;\">\n\t\t\t\t\t\t\tRelax! Zakon\u010den\u00ed ve\u010dera Deluxe v Therme Laa: Exkluzivn\u00ed ve\u010dern\u00ed z\u00e1\u017eitek v klidn\u00e9 atmosf\u00e9\u0159e, zavr\u0161en\u00fd kulin\u00e1\u0159sk\u00fdmi specialitami a uvol\u0148uj\u00edc\u00ed relaxac\u00ed v saun\u011b.                        <\/div>\n\t\t\t\t\t\t                                <hr class=\" sparator-smail\">\n                                <div class=\"mt-4 text-blue-200 text-xl\" style=\"color:#05405D;\">\n\t\t\t\t\t\t\t\t\t<strong>74 \u20ac <\/strong> pro dosp\u011bl\u00e9                                <\/div>\n\t\t\t\t\t\t\t\t\t\t\t\t\t                                <footer class=\"flex justify-center items-start flex-col mt-4\">\n\t\t\t\t\t\t\t\t\t                                            <a href=\"https:\/\/www.therme-laa.at\/cs\/?post_type=offers&#038;p=13689\" class=\"btn-white shop-link bg-gold uppercase text-sm font-bold px-4 py-2 w-full text-center hover:bg-opacity-70 transition-colors\" style=\"background-color:rgb(203,162,88)\" target=\"\">\n\t\t\t\t\t\t\t\t\t\t\t\tZakon\u010den\u00ed ve\u010dera                                            <\/a>\n\t\t\t\t\t\t\t\t\t\t\t                                <\/footer>\n\t\t\t\t\t\t\t                    <\/main>\n                <\/article>\n\t\t\t\n    <\/section>\n<\/div>\n\n\n\n<div style=\"height:70px\" aria-hidden=\"true\" class=\"wp-block-spacer\"><\/div>\n\n\n\n<div style=\"height:30px\" aria-hidden=\"true\" class=\"wp-block-spacer\"><\/div>\n\n\n\n<div class=\"wp-block-group alignwide is-content-justification-center is-layout-constrained wp-block-group-is-layout-constrained\" style=\"margin-top:var(--wp--preset--spacing--40);margin-bottom:0\">\n<div class=\"wp-block-columns are-vertically-aligned-top content-w is-layout-flex wp-container-core-columns-is-layout-c23aa2e7 wp-block-columns-is-layout-flex\" style=\"padding-right:var(--wp--preset--spacing--50);padding-left:var(--wp--preset--spacing--50)\">\n<div class=\"wp-block-column is-vertically-aligned-top is-layout-flow wp-container-core-column-is-layout-5d8b474c wp-block-column-is-layout-flow\" style=\"padding-top:0;padding-right:0;padding-bottom:0;padding-left:0\">\n<h5 class=\"wp-block-heading has-dch-blue-therme-dark-color has-text-color has-link-color has-dch-brandon-grotesque-regular-font-family has-medium-font-size wp-elements-be67b0b5120a2c5d42350544d04483bb\" id=\"urlaub\" style=\"margin-left:var(--wp--preset--spacing--20);letter-spacing:1.4px;text-transform:uppercase\">VA\u0160E SPOKOJENOST &#8211; NA\u0160E RADOST<\/h5>\n\n\n\n<h3 class=\"wp-block-heading has-dch-blue-color has-text-color has-link-color has-dch-brandon-grotesque-medium-font-family has-x-large-font-size wp-elements-73e3d0a662543811109a450794b00f02\" style=\"padding-top:var(--wp--preset--spacing--30);padding-bottom:0;letter-spacing:0.8px;line-height:1.3\">Vytvo\u0159te si svou dovolenou.<\/h3>\n<\/div>\n\n\n\n<div class=\"wp-block-column is-vertically-aligned-top is-layout-flow wp-container-core-column-is-layout-be95e8ed wp-block-column-is-layout-flow\" style=\"padding-top:0\">\n<p class=\"has-dch-primary-color has-text-color has-link-color wp-elements-db832dd720b7b8810b0fb570e941d5e3\" style=\"margin-right:0;margin-bottom:var(--wp--preset--spacing--50)\">Va\u0161e dovolen\u00e1 ve znamen\u00ed pohody za\u010d\u00edn\u00e1 v na\u0161ich pokoj\u00edch a apartm\u00e1nech v hotelu Therme Laa. Jakmile otev\u0159ete dve\u0159e sv\u00e9ho prostorn\u00e9ho a \u00fatuln\u00e9ho ubytov\u00e1n\u00ed, napln\u00ed V\u00e1s pocit radosti. <\/p>\n\n\n\n<p class=\"has-dch-primary-color has-text-color\" style=\"margin-bottom:var(--wp--preset--spacing--50)\">Od t\u00e9to chv\u00edle je \u010das na RELAX! Na\u0161ich 122 pokoj\u016f a apartm\u00e1n\u016f nab\u00edz\u00ed uvoln\u011bnou atmosf\u00e9ru pro va\u0161i pohodovou dovolenou. V\u0161echny pokoje a apartm\u00e1ny maj\u00ed tak\u00e9 balkon.<\/p>\n\n\n\n<div class=\"wp-block-buttons is-layout-flex wp-block-buttons-is-layout-flex\">\n<div class=\"wp-block-button\"><a class=\"wp-block-button__link has-medium-font-size has-custom-font-size wp-element-button\" href=\"https:\/\/reservations.therme-laa.at\/102817?languageid=7#\/guestsandrooms\" style=\"border-radius:0px;padding-top:var(--wp--preset--spacing--30);padding-right:var(--wp--preset--spacing--50);padding-bottom:var(--wp--preset--spacing--30);padding-left:var(--wp--preset--spacing--50)\" target=\"_blank\" rel=\"noreferrer noopener\">NYN\u00cd REZERVOVAT<\/a><\/div>\n<\/div>\n\n\n\n<div style=\"height:30px\" aria-hidden=\"true\" class=\"wp-block-spacer\"><\/div>\n<\/div>\n<\/div>\n\n\n\n<div style=\"height:30px\" aria-hidden=\"true\" class=\"wp-block-spacer\"><\/div>\n<\/div>\n\n\n\n<div class=\"wp-block-group is-layout-constrained wp-block-group-is-layout-constrained\">-1    <section class=\"posts-slider my-7 container overflow-hidden \">\n        <div class=\"swiper-wrapper\">\n\n\t\t\t        <\/div>\n        <article class=\"arrows\">\n            <button class=\"prev\" aria-label=\"next\">\n                <svg fill=\"none\" class=\"w-8 h-8\" stroke=\"currentColor\" stroke-width=\"1.5\" viewBox=\"0 0 24 24\" xmlns=\"http:\/\/www.w3.org\/2000\/svg\"\n                     aria-hidden=\"true\">\n                    <path stroke-linecap=\"round\" stroke-linejoin=\"round\" d=\"M10.5 19.5L3 12m0 0l7.5-7.5M3 12h18\"><\/path>\n                <\/svg>\n            <\/button>\n            <button class=\"next\" aria-label=\"next\">\n                <svg fill=\"none\" class=\"w-8 h-8\" stroke=\"currentColor\" stroke-width=\"1.5\" viewBox=\"0 0 24 24\" xmlns=\"http:\/\/www.w3.org\/2000\/svg\"\n                     aria-hidden=\"true\">\n                    <path stroke-linecap=\"round\" stroke-linejoin=\"round\" d=\"M13.5 4.5L21 12m0 0l-7.5 7.5M21 12H3\"><\/path>\n                <\/svg>\n            <\/button>\n        <\/article>\n    <\/section>\n<\/div>\n\n\n\n<h2 class=\"wp-block-heading has-text-align-center has-dch-blue-color has-text-color has-link-color has-xx-large-font-size wp-elements-6c492cae9b691a89688d72641eac2bc7\" id=\"weitere-angebote\">Dal\u0161\u00ed obl\u00edben\u00e9 nab\u00eddky<\/h2>\n\n\n\n<div style=\"height:40px\" aria-hidden=\"true\" class=\"wp-block-spacer\"><\/div>\n\n\n\n<section id=\"similar-offers\" class=\"wp-block-group is-layout-constrained wp-block-group-is-layout-constrained\">    <section class=\"px-4 md:px-0 flex md:flex-nowrap place-content-start sm:place-content-evenly flex-wrap gap-6 justify-start posts-block\">\n\t\t                <article class=\"post-card relative  md:flex-auto w-full w-full  mb-6 md:mb-0\">\n\t\t\t\t\t                    <div class=\"overflow-hidden flex justify-start items-center max-h-96 min-h-96\">\n\t\t\t\t\t\t<img loading=\"lazy\" decoding=\"async\" width=\"768\" height=\"768\" src=\"https:\/\/www.therme-laa.at\/wp-content\/uploads\/2023\/11\/Dinner-und-Wellness-fuer-1-Kind_featured_image_800x800-768x768.webp\" class=\"h-auto w-full wp-post-image\" alt=\"Angebot Dinner &amp; Wellness f\u00fcr 1 Kind\nF\u00fcnf Kinder in Bademantel auf der Br\u00fccke der Sinne, die sich auf den Badetag jubelnd freuen\" srcset=\"https:\/\/www.therme-laa.at\/wp-content\/uploads\/2023\/11\/Dinner-und-Wellness-fuer-1-Kind_featured_image_800x800-768x768.webp 768w, https:\/\/www.therme-laa.at\/wp-content\/uploads\/2023\/11\/Dinner-und-Wellness-fuer-1-Kind_featured_image_800x800-150x150.webp 150w, https:\/\/www.therme-laa.at\/wp-content\/uploads\/2023\/11\/Dinner-und-Wellness-fuer-1-Kind_featured_image_800x800-300x300.webp 300w, https:\/\/www.therme-laa.at\/wp-content\/uploads\/2023\/11\/Dinner-und-Wellness-fuer-1-Kind_featured_image_800x800.webp 800w\" sizes=\"auto, (max-width: 768px) 100vw, 768px\" \/>                    <\/div>\n                    <main class=\"flex flex-col gap-1 text-left text-blue-200 p-4 relative\" style=\"color:#05405D; background-color:#FFFFFF;\">\n\t\t\t\t\t\t                                <div class=\"absolute -top-24 right-4\">\n                                    <p class=\"!text-white text-[14px] !font-bold text-center py-10 px-6 bg-blue-200 uppercase\"\n                                       style=\"background-color:#05405D\">\n\t\t\t\t\t\t\t\t\t\tPoukaz                                    <\/p>\n                                <\/div>\n\t\t\t\t\t\t\t\t\t\t\t\t\t                                <span class=\"font-BrandonGrotesque_regular text-blue text-base uppercase\" style=\"color:#05405D;\">\n\t\t\t\t\t\tHotel a term\u00e1ly\t\t\t\t\t<\/span>\n\t\t\t\t\t\t\t                        <h3 class=\"text-xl font-BrandonGrotesque_bold uppercase\">\n\t\t\t\t\t\t\tDinner &amp; wellness pro 1 d\u00edt\u011b                        <\/h3>\n                        <div class=\"text-base font-BrandonGrotesque_regular excerpt text-black\" style=\"color:#05405D;\">\n\t\t\t\t\t\t\tDop\u0159ejte sv\u00e9mu d\u00edt\u011bti spole\u010dn\u00fd z\u00e1\u017eitek s V\u00e1mi \nve znamen\u00ed relaxu, pohody a v\u00fdte\u010dn\u00e9ho j\u00eddla. &#8222;Dinner&#038; wellness&#8220; pot\u011b\u0161\u00ed v\u0161echny bez rozd\u00edlu v\u011bku.                         <\/div>\n\t\t\t\t\t\t                                <hr class=\" sparator-smail\">\n                                <div class=\"mt-4 text-blue-200 text-xl\" style=\"color:#05405D;\">\n\t\t\t\t\t\t\t\t\t<strong>51 \u20ac<\/strong> na d\u00edt\u011b                                <\/div>\n\t\t\t\t\t\t\t\t\t\t\t\t\t                                <footer class=\"flex justify-center items-start flex-col mt-4\">\n\t\t\t\t\t\t\t\t\t                                            <a href=\"https:\/\/shop.therme-laa.at\/vouchers\/template\/7432\/?\" class=\"btn-white shop-link bg-gold uppercase text-sm font-bold px-4 py-2 w-full text-center hover:bg-opacity-70 transition-colors\" style=\"background-color:#9F8B75\" target=\"_blank\">\n\t\t\t\t\t\t\t\t\t\t\t\tDo obchodu                                            <\/a>\n\t\t\t\t\t\t\t\t\t\t\t                                <\/footer>\n\t\t\t\t\t\t\t                    <\/main>\n                <\/article>\n\t\t\t                <article class=\"post-card relative  md:flex-auto w-full w-full  mb-6 md:mb-0\">\n\t\t\t\t\t                    <div class=\"overflow-hidden flex justify-start items-center max-h-96 min-h-96\">\n\t\t\t\t\t\t<img loading=\"lazy\" decoding=\"async\" width=\"768\" height=\"768\" src=\"https:\/\/www.therme-laa.at\/wp-content\/uploads\/2023\/11\/Weinviertler-Brunch-fuer-2-Personen_featured_image_800x800-ideenladen-768x768.webp\" class=\"h-auto w-full wp-post-image\" alt=\"Angebot Weinviertler Brunch f\u00fcr 2 Personen\nTisch mit verschiedenen Speisen: Teller mit Gem\u00fcse, Nudeln, Fleisch\" srcset=\"https:\/\/www.therme-laa.at\/wp-content\/uploads\/2023\/11\/Weinviertler-Brunch-fuer-2-Personen_featured_image_800x800-ideenladen-768x768.webp 768w, https:\/\/www.therme-laa.at\/wp-content\/uploads\/2023\/11\/Weinviertler-Brunch-fuer-2-Personen_featured_image_800x800-ideenladen-150x150.webp 150w, https:\/\/www.therme-laa.at\/wp-content\/uploads\/2023\/11\/Weinviertler-Brunch-fuer-2-Personen_featured_image_800x800-ideenladen-300x300.webp 300w, https:\/\/www.therme-laa.at\/wp-content\/uploads\/2023\/11\/Weinviertler-Brunch-fuer-2-Personen_featured_image_800x800-ideenladen.webp 800w\" sizes=\"auto, (max-width: 768px) 100vw, 768px\" \/>                    <\/div>\n                    <main class=\"flex flex-col gap-1 text-left text-blue-200 p-4 relative\" style=\"color:#05405D; background-color:#FFFFFF;\">\n\t\t\t\t\t\t                                <div class=\"absolute -top-24 right-4\">\n                                    <p class=\"!text-white text-[14px] !font-bold text-center py-10 px-6 bg-blue-200 uppercase\"\n                                       style=\"background-color:#05405D\">\n\t\t\t\t\t\t\t\t\t\tPoukaz                                    <\/p>\n                                <\/div>\n\t\t\t\t\t\t\t\t\t\t\t\t\t                                <span class=\"font-BrandonGrotesque_regular text-blue text-base uppercase\" style=\"color:#05405D;\">\n\t\t\t\t\t\tHotel\t\t\t\t\t<\/span>\n\t\t\t\t\t\t\t                        <h3 class=\"text-xl font-BrandonGrotesque_bold uppercase\">\n\t\t\t\t\t\t\tWeinviertler brunch pro 2 osoby                        <\/h3>\n                        <div class=\"text-base font-BrandonGrotesque_regular excerpt text-black\" style=\"color:#05405D;\">\n\t\t\t\t\t\t\tDarujte poukaz na Weinviertler Brunch pro 2 osoby: Region\u00e1ln\u00ed pochoutky, exkluzivn\u00ed v\u00edna a \u0161pi\u010dkov\u00e1 4hv\u011bzdi\u010dkov\u00e1 atmosf\u00e9ra.                        <\/div>\n\t\t\t\t\t\t                                <hr class=\" sparator-smail\">\n                                <div class=\"mt-4 text-blue-200 text-xl\" style=\"color:#05405D;\">\n\t\t\t\t\t\t\t\t\t<strong>90 \u20ac<\/strong> pro 2 osoby                                <\/div>\n\t\t\t\t\t\t\t\t\t\t\t\t\t                                <footer class=\"flex justify-center items-start flex-col mt-4\">\n\t\t\t\t\t\t\t\t\t                                            <a href=\"https:\/\/shop.therme-laa.at\/vouchers\/template\/3090\/?\" class=\"btn-white shop-link bg-gold uppercase text-sm font-bold px-4 py-2 w-full text-center hover:bg-opacity-70 transition-colors\" style=\"background-color:#9F8B75\" target=\"_blank\">\n\t\t\t\t\t\t\t\t\t\t\t\tDo obchodu                                            <\/a>\n\t\t\t\t\t\t\t\t\t\t\t                                <\/footer>\n\t\t\t\t\t\t\t                    <\/main>\n                <\/article>\n\t\t\t                <article class=\"post-card relative  md:flex-auto w-full w-full  mb-6 md:mb-0\">\n\t\t\t\t\t                    <div class=\"overflow-hidden flex justify-start items-center max-h-96 min-h-96\">\n\t\t\t\t\t\t<img loading=\"lazy\" decoding=\"async\" width=\"768\" height=\"512\" src=\"https:\/\/www.therme-laa.at\/wp-content\/uploads\/2023\/11\/SSP-PrivateSpaSuite-c-Manuel-Unger-25-768x512.jpg\" class=\"h-auto w-full wp-post-image\" alt=\"Private Spa Suite im Silent Spa mit abendlicher Stimmung, viel Kerzenschein, die Badewanne ist mit Wasser und Badeschaum gef\u00fcllt.\" srcset=\"https:\/\/www.therme-laa.at\/wp-content\/uploads\/2023\/11\/SSP-PrivateSpaSuite-c-Manuel-Unger-25-768x512.jpg 768w, https:\/\/www.therme-laa.at\/wp-content\/uploads\/2023\/11\/SSP-PrivateSpaSuite-c-Manuel-Unger-25-300x200.jpg 300w, https:\/\/www.therme-laa.at\/wp-content\/uploads\/2023\/11\/SSP-PrivateSpaSuite-c-Manuel-Unger-25-1536x1024.jpg 1536w, https:\/\/www.therme-laa.at\/wp-content\/uploads\/2023\/11\/SSP-PrivateSpaSuite-c-Manuel-Unger-25-2048x1365.jpg 2048w\" sizes=\"auto, (max-width: 768px) 100vw, 768px\" \/>                    <\/div>\n                    <main class=\"flex flex-col gap-1 text-left text-blue-200 p-4 relative\" style=\"color:#05405D; background-color:#FFFFFF;\">\n\t\t\t\t\t\t                                <div class=\"absolute -top-24 right-4\">\n                                    <p class=\"!text-white text-[14px] !font-bold text-center py-10 px-6 bg-blue-200 uppercase\"\n                                       style=\"background-color:#05405D\">\n\t\t\t\t\t\t\t\t\t\tPOUKAZ                                    <\/p>\n                                <\/div>\n\t\t\t\t\t\t\t\t\t\t\t\t\t                                <span class=\"font-BrandonGrotesque_regular text-blue text-base uppercase\" style=\"color:#05405D;\">\n\t\t\t\t\t\tSilent Spa\t\t\t\t\t<\/span>\n\t\t\t\t\t\t\t                        <h3 class=\"text-xl font-BrandonGrotesque_bold uppercase\">\n\t\t\t\t\t\t\tSoukrom\u00fd l\u00e1ze\u0148sk\u00fd apartm\u00e1n v\u010detn\u011b vstupu pro 2 osoby                        <\/h3>\n                        <div class=\"text-base font-BrandonGrotesque_regular excerpt text-black\" style=\"color:#05405D;\">\n\t\t\t\t\t\t\tNeru\u0161en\u00e9 souzn\u011bn\u00ed v soukrom\u00e9m l\u00e1ze\u0148sk\u00e9m apartm\u00e1nu SILENT SPA: Exkluzivn\u00ed \u00fato\u010di\u0161t\u011b s parn\u00ed kabinou, dvojitou vanou, Poy-Secco a petit fours &#8211; pro v\u00fdjime\u010dn\u00e9 chv\u00edle ve dvou.                        <\/div>\n\t\t\t\t\t\t                                <hr class=\" sparator-smail\">\n                                <div class=\"mt-4 text-blue-200 text-xl\" style=\"color:#05405D;\">\n\t\t\t\t\t\t\t\t\t<strong>498 \u20ac<\/strong> pro 2 osoby                                <\/div>\n\t\t\t\t\t\t\t\t\t\t\t\t\t                                <footer class=\"flex justify-center items-start flex-col mt-4\">\n\t\t\t\t\t\t\t\t\t                                            <a href=\"https:\/\/shop.therme-laa.at\/vouchers\/template\/12801\/?\" class=\"btn-white shop-link bg-gold uppercase text-sm font-bold px-4 py-2 w-full text-center hover:bg-opacity-70 transition-colors\" style=\"background-color:#9F8B75\" target=\"_blank\">\n\t\t\t\t\t\t\t\t\t\t\t\tDo obchodu                                            <\/a>\n\t\t\t\t\t\t\t\t\t\t\t                                <\/footer>\n\t\t\t\t\t\t\t                    <\/main>\n                <\/article>\n\t\t\t\n    <\/section>\n<\/section>\n\n\n\n<div style=\"height:100px\" aria-hidden=\"true\" class=\"wp-block-spacer\"><\/div>\n","protected":false},"excerpt":{"rendered":"<p>Relax! Den volna Dop\u0159ejte si perfektn\u00ed jednodenn\u00ed dovolenou v na\u0161em exkluzivn\u00edm odd\u011blen\u00ed. Jednodenn\u00ed dovolen\u00e1 v Therme Laa, kde v\u00e1s v klidn\u00e9m prost\u0159ed\u00ed \u010dek\u00e1 dokonal\u00fd relax s konopnou t\u00e9matikou[&#8230;..]<\/p>\n","protected":false},"author":2,"featured_media":0,"parent":0,"menu_order":0,"comment_status":"closed","ping_status":"closed","template":"","meta":{"_acf_changed":false,"footnotes":""},"class_list":["post-13625","page","type-page","status-publish","hentry"],"acf":[],"_links":{"self":[{"href":"https:\/\/www.therme-laa.at\/cs\/wp-json\/wp\/v2\/pages\/13625","targetHints":{"allow":["GET"]}}],"collection":[{"href":"https:\/\/www.therme-laa.at\/cs\/wp-json\/wp\/v2\/pages"}],"about":[{"href":"https:\/\/www.therme-laa.at\/cs\/wp-json\/wp\/v2\/types\/page"}],"author":[{"embeddable":true,"href":"https:\/\/www.therme-laa.at\/cs\/wp-json\/wp\/v2\/users\/2"}],"replies":[{"embeddable":true,"href":"https:\/\/www.therme-laa.at\/cs\/wp-json\/wp\/v2\/comments?post=13625"}],"version-history":[{"count":21,"href":"https:\/\/www.therme-laa.at\/cs\/wp-json\/wp\/v2\/pages\/13625\/revisions"}],"predecessor-version":[{"id":29471,"href":"https:\/\/www.therme-laa.at\/cs\/wp-json\/wp\/v2\/pages\/13625\/revisions\/29471"}],"wp:attachment":[{"href":"https:\/\/www.therme-laa.at\/cs\/wp-json\/wp\/v2\/media?parent=13625"}],"curies":[{"name":"wp","href":"https:\/\/api.w.org\/{rel}","templated":true}]}}