{"id":13314,"date":"2023-12-05T15:53:00","date_gmt":"2023-12-05T15:53:00","guid":{"rendered":"https:\/\/www.therme-laa.at\/o-nas\/"},"modified":"2026-02-23T15:37:53","modified_gmt":"2026-02-23T15:37:53","slug":"o-nas","status":"publish","type":"page","link":"https:\/\/www.therme-laa.at\/cs\/o-nas\/","title":{"rendered":"O n\u00e1s"},"content":{"rendered":"\n<div class=\"wp-block-cover alignfull\" style=\"margin-top:0;padding-top:0px;padding-right:50px;padding-bottom:0px;padding-left:50px;min-height:500px;aspect-ratio:unset;\"><img loading=\"lazy\" decoding=\"async\" width=\"1900\" height=\"1200\" class=\"wp-block-cover__image-background wp-image-2873\" alt=\"\" src=\"https:\/\/www.therme-laa.at\/wp-content\/uploads\/2023\/12\/ThermeLaa_Luftaufnahme_header_1900x1200-pflanzlmedia.webp\" style=\"object-position:50% 35%\" data-object-fit=\"cover\" data-object-position=\"50% 35%\" srcset=\"https:\/\/www.therme-laa.at\/wp-content\/uploads\/2023\/12\/ThermeLaa_Luftaufnahme_header_1900x1200-pflanzlmedia.webp 1900w, https:\/\/www.therme-laa.at\/wp-content\/uploads\/2023\/12\/ThermeLaa_Luftaufnahme_header_1900x1200-pflanzlmedia-300x189.webp 300w, https:\/\/www.therme-laa.at\/wp-content\/uploads\/2023\/12\/ThermeLaa_Luftaufnahme_header_1900x1200-pflanzlmedia-1024x647.webp 1024w, https:\/\/www.therme-laa.at\/wp-content\/uploads\/2023\/12\/ThermeLaa_Luftaufnahme_header_1900x1200-pflanzlmedia-768x485.webp 768w, https:\/\/www.therme-laa.at\/wp-content\/uploads\/2023\/12\/ThermeLaa_Luftaufnahme_header_1900x1200-pflanzlmedia-1536x970.webp 1536w\" sizes=\"auto, (max-width: 1900px) 100vw, 1900px\" \/><span aria-hidden=\"true\" class=\"wp-block-cover__background has-dch-primary-background-color has-background-dim-30 has-background-dim\"><\/span><div class=\"wp-block-cover__inner-container is-layout-flow wp-block-cover-is-layout-flow\">\n<h1 class=\"wp-block-heading has-text-align-center has-dch-white-color has-text-color has-link-color has-dch-brandon-grotesque-medium-font-family wp-elements-9733f83a7e766a524e1fdb5fa9b40bf5\" style=\"font-size:5rem;letter-spacing:2px;text-transform:uppercase\">O N\u00c1S<\/h1>\n<\/div><\/div>\n\n\n\n<div style=\"height:50px\" aria-hidden=\"true\" class=\"wp-block-spacer\"><\/div>\n\n\n<nav class=\"breadcrumb w-full container mb-6 sm:mb-12 text-blue-200\">\n    <ol class=\"inline-flex items-center space-x-1 md:space-x-2\">\n\t\t                        <li>\n                            <div class=\"flex items-center uppercase\" style=\"color:#05405D\">\n                                <a class=\"ms-1 text-xs md:text-sm\" href=\"https:\/\/www.therme-laa.at\/cs\/o-nas\/\" target=\"_self\">\n\t\t\t\t\t\t\t\t\tspole\u010dnost                                <\/a>\n                                <svg class=\"w-3 h-3 mx-1\" aria-hidden=\"true\" xmlns=\"http:\/\/www.w3.org\/2000\/svg\" fill=\"none\" viewBox=\"0 0 6 10\">\n                                    <path stroke=\"currentColor\" stroke-linecap=\"round\" stroke-linejoin=\"round\" stroke-width=\"2\" d=\"m1 9 4-4-4-4\"\/>\n                                <\/svg>\n                            <\/div>\n                        <\/li>\n\t\t\t\t\t                        <li>\n                            <div class=\"flex items-center uppercase\" style=\"color:#05405D\">\n                                <a class=\"ms-1 text-xs md:text-sm\" href=\"#\" target=\"_self\">\n\t\t\t\t\t\t\t\t\tO n\u00e1s                                <\/a>\n                                <svg class=\"w-3 h-3 mx-1\" aria-hidden=\"true\" xmlns=\"http:\/\/www.w3.org\/2000\/svg\" fill=\"none\" viewBox=\"0 0 6 10\">\n                                    <path stroke=\"currentColor\" stroke-linecap=\"round\" stroke-linejoin=\"round\" stroke-width=\"2\" d=\"m1 9 4-4-4-4\"\/>\n                                <\/svg>\n                            <\/div>\n                        <\/li>\n\t\t\t\t\t    <\/ol>\n<\/nav>\n\n\n<div class=\"wp-block-group is-layout-constrained wp-block-group-is-layout-constrained\">\n<div class=\"wp-block-columns page-has-side-nav is-layout-flex wp-container-core-columns-is-layout-28f84493 wp-block-columns-is-layout-flex\">\n<div class=\"wp-block-column is-layout-flow wp-block-column-is-layout-flow\" style=\"flex-basis:33.33%\">\n<article class=\"wp-block-group is-layout-constrained wp-block-group-is-layout-constrained\" style=\"margin-top:0;margin-bottom:0\">\n<aside class=\"wp-block-group links page-has-side-nav is-vertical is-content-justification-left is-layout-flex wp-container-core-group-is-layout-72ea3a63 wp-block-group-is-layout-flex wp-container-1 is-position-sticky\" style=\"margin-top:0;margin-bottom:0;padding-top:var(--wp--preset--spacing--50)\">\n<p class=\"has-dch-blue-color has-text-color has-link-color has-dch-brandon-grotesque-regular-font-family has-medium-font-size wp-elements-8f8d09932c70d5f93459175e36737d91 wp-container-content-9cfa9a5a\"><a href=\"https:\/\/www.therme-laa.at\/cs\/o-nas\/\" data-type=\"page\" data-id=\"1953\">O N\u00c1S<\/a><\/p>\n\n\n\n<p class=\"has-dch-blue-color has-text-color has-link-color has-dch-brandon-grotesque-regular-font-family has-medium-font-size wp-elements-585875356d7cbad25dfe89e11f8be4ba wp-container-content-9cfa9a5a\"><a href=\"https:\/\/www.therme-laa.at\/cs\/kariera\/\" data-type=\"page\" data-id=\"4583\">Pr\u00e1ce a kari\u00e9ra<\/a><\/p>\n\n\n\n<p class=\"has-dch-blue-color has-text-color has-link-color has-dch-brandon-grotesque-regular-font-family has-medium-font-size wp-elements-b4bdb8fa5880d5884e3cfa22aeca64fe wp-container-content-9cfa9a5a\"><a href=\"https:\/\/www.therme-laa.at\/cs\/revizni-prace\/\" data-type=\"page\" data-id=\"2314\">Revizn\u00ed pr\u00e1ce<\/a><\/p>\n\n\n\n<p class=\"has-dch-blue-color has-text-color has-link-color has-dch-brandon-grotesque-regular-font-family has-medium-font-size wp-elements-a192cb156d26786babf0508fca72ca6e wp-container-content-9cfa9a5a\"><a href=\"\/udr&#x17E;itelnost a hospoda&#x159;en&#xED; s energi&#xED;\/\">UDR\u017dITELNOST &amp;  <\/a><br\/><a href=\"https:\/\/www.therme-laa.at\/cs\/udrzitelnost-a-energeticky-management\/\">\u0158\u00cdZEN\u00cd SPOT\u0158EBY ENERGIE<\/a><\/p>\n\n\n\n<p class=\"has-dch-blue-color has-text-color has-link-color has-dch-brandon-grotesque-regular-font-family has-medium-font-size wp-elements-c2208f74636e161d94a04c4d7f4c63f5 wp-container-content-9cfa9a5a\"><a href=\"https:\/\/www.therme-laa.at\/cs\/misto-a-prijezd\/\" data-type=\"page\" data-id=\"2411\">Um\u00edst\u011bn\u00ed &amp; p\u0159\u00edjezd<\/a><\/p>\n\n\n\n<p class=\"has-dch-blue-color has-text-color has-link-color has-dch-brandon-grotesque-regular-font-family has-medium-font-size wp-elements-d68cd3018e80425921c50a68268a69a6 wp-container-content-9cfa9a5a\"><a href=\"https:\/\/www.therme-laa.at\/cs\/zadost-o-akci\/\" data-type=\"page\" data-id=\"5570\">VY\u017dADUJTE UD\u00c1LOST<\/a><\/p>\n\n\n\n<p class=\"has-dch-blue-color has-text-color has-link-color has-dch-brandon-grotesque-regular-font-family has-medium-font-size wp-elements-86316390b9b39f9ee3016c562556faf3 wp-container-content-9cfa9a5a\"><a href=\"\/hotel-enquiries\/\" data-type=\"page\" data-id=\"5570\">HOTEL REQUEST<\/a><\/p>\n\n\n\n<p class=\"has-dch-blue-color has-text-color has-link-color has-dch-brandon-grotesque-regular-font-family has-medium-font-size wp-elements-c4f9686234a6eb38af182a503aa53d3f wp-container-content-9cfa9a5a\"><a href=\"\/subscribe-newsletter\/\" data-type=\"page\" data-id=\"3771\">P\u0158IHL\u00c1\u0160EN\u00cd K ODB\u011aRU NEWSLETTERU<\/a><\/p>\n\n\n\n<p class=\"has-dch-blue-color has-text-color has-link-color has-dch-brandon-grotesque-regular-font-family has-medium-font-size wp-elements-3f7227fd7ad528c475af67568ccd01d8 wp-container-content-9cfa9a5a\"><a href=\"https:\/\/www.therme-laa.at\/cs\/tisk\/\" data-type=\"page\" data-id=\"2349\">TISK<\/a><\/p>\n\n\n\n<p class=\"has-dch-blue-color has-text-color has-link-color has-dch-brandon-grotesque-regular-font-family has-medium-font-size wp-elements-46cd9c39ebcf4631a0020aea8602c3b1 wp-container-content-9cfa9a5a\"><a href=\"https:\/\/www.therme-laa.at\/cs\/faq\/\" data-type=\"page\" data-id=\"1891\">FAQ<\/a><\/p>\n\n\n\n<p class=\"has-dch-blue-color has-text-color has-link-color has-dch-brandon-grotesque-regular-font-family has-medium-font-size wp-elements-3658b943832dcbac605b13c997d205d7 wp-container-content-9cfa9a5a\"><a href=\"https:\/\/www.therme-laa.at\/cs\/kontakt\/\" data-type=\"page\" data-id=\"161\">KONTAKT<\/a><\/p>\n<\/aside>\n<\/article>\n<\/div>\n\n\n\n<div class=\"wp-block-column is-layout-flow wp-block-column-is-layout-flow\" style=\"flex-basis:66.66%\">\n<h2 class=\"wp-block-heading has-dch-blue-color has-text-color has-link-color has-dch-brandon-grotesque-medium-font-family has-xx-large-font-size wp-elements-91ac9a1d2953081832a4859d3be973a4\" style=\"margin-bottom:var(--wp--preset--spacing--40)\">SEZNAMTE SE S N\u00c1MI<\/h2>\n\n\n\n<p style=\"margin-bottom:var(--wp--preset--spacing--30)\">Thermenresort Laa se nach\u00e1z\u00ed uprost\u0159ed malebn\u00e9 krajiny oblasti Weinviertel. Snoub\u00ed se zde dokonal\u00e9 wellness, kvalitn\u00ed gastronomie a excelentn\u00ed slu\u017eby. Resort se py\u0161n\u00ed klasifikac\u00ed ****Superior! Na\u0161i zam\u011bstnanci jsou profesion\u00e1lov\u00e9, kte\u0159\u00ed se ob\u011btav\u011b a s l\u00e1skou ke sv\u00e9 pr\u00e1ci staraj\u00ed o Va\u0161i pohodu. T\u011b\u0161\u00ed n\u00e1s, \u017ee V\u00e1m m\u016f\u017eeme nab\u00eddnout nezapomenuteln\u00e9 z\u00e1\u017eitky ve znamen\u00ed klidu a odpo\u010dinku.<\/p>\n\n\n\n<h2 class=\"wp-block-heading has-dch-blue-color has-text-color has-link-color has-dch-brandon-grotesque-medium-font-family has-large-font-size wp-elements-5a9d2660e1f2d0ab2849a99ff39d18a3\" style=\"margin-top:var(--wp--preset--spacing--50);margin-bottom:var(--wp--preset--spacing--30);line-height:1.3\">Therme Laa \/ Hotel \/ Silent Spa \/ Silent Villas  je v\u00edc ne\u017e jen skv\u011bl\u00e1 destinace &#8211; n\u00e1\u0161 resort je i spolehliv\u00fd partner v regionu.<\/h2>\n\n\n\n<p>Gr\u00f3 na\u0161eho resortu jsou term\u00e1ln\u00ed l\u00e1zn\u011b, hotel a pr\u00e9miov\u00e9 denn\u00ed l\u00e1zn\u011b Silent Spa, kter\u00e9 na\u0161im host\u016fm zprost\u0159edkov\u00e1vaj\u00ed nezapomenuteln\u00e9 z\u00e1\u017eitky.<\/p>\n\n\n\n<p><\/p>\n\n\n\n<p style=\"margin-top:var(--wp--preset--spacing--30);margin-bottom:var(--wp--preset--spacing--30)\">Od slavnostn\u00edho polo\u017een\u00ed z\u00e1kladn\u00edho kamene v roce 2001 proch\u00e1z\u00ed resort neust\u00e1l\u00fdm v\u00fdvojem. V roce 2002 jsme otev\u0159eli term\u00e1ln\u00ed l\u00e1zn\u011b a v roce 2005 n\u00e1sledovala v\u00fdstavba na\u0161eho hotelu**** Superior.<\/p>\n\n\n\n<p style=\"margin-top:var(--wp--preset--spacing--30);margin-bottom:var(--wp--preset--spacing--30)\">V roce 2010 jsme p\u0159edstavili inovativn\u00ed textiln\u00ed rodinnou saunu a n\u00e1sledn\u011b jsme v roce 2013 otev\u0159eli exkluzivn\u00ed z\u00f3ny Relax! Lounge. V roce 2015 do\u0161lo k modernizaci a zatraktivn\u011bn\u00ed term\u00e1ln\u00edch l\u00e1zn\u00ed a saunov\u00e9ho sv\u011bta, v roce 2016 pak byly otev\u0159eny prostory pr\u00e9miov\u00fdch l\u00e1zn\u00ed pro dosp\u011bl\u00e9 &#8211; SILENT SPA. V roce 2020 prob\u011bhla modernizace hotelov\u00e9 restaurace a nov\u011b vybudovan\u00fdch prostor SILENT CLUB. V roce 2023 do\u0161lo k \u00faprav\u011b venkovn\u00ed \u010d\u00e1sti saunov\u00e9 zahrady. Miln\u00edkem se stal rok 2024, kdy jsme v l\u00e9t\u011b slavnostn\u011b otev\u0159eli luxusn\u00ed SILENT VILLAS &#8211; atraktivn\u00ed priv\u00e1tn\u00ed vily kolem koupac\u00edho jezera s vlastn\u00edm spa.  <\/p>\n\n\n\n<p style=\"margin-top:var(--wp--preset--spacing--30);margin-bottom:var(--wp--preset--spacing--30)\">Jako v\u00fdznamn\u00fd zam\u011bstnavatel v regionu jsme hrd\u00ed na to, \u017ee hrajeme d\u016fle\u017eitou roli v m\u00edstn\u00ed komunit\u011b a vytv\u00e1\u0159\u00edme pracovn\u00ed m\u00edsta.<\/p>\n\n\n\n<div style=\"height:50px\" aria-hidden=\"true\" class=\"wp-block-spacer\"><\/div>\n\n\n\n<figure class=\"wp-block-image size-full\"><img loading=\"lazy\" decoding=\"async\" width=\"1440\" height=\"500\" src=\"https:\/\/www.therme-laa.at\/wp-content\/uploads\/2023\/12\/Ueber-uns-Header.webp\" alt=\"\" class=\"wp-image-2744\" srcset=\"https:\/\/www.therme-laa.at\/wp-content\/uploads\/2023\/12\/Ueber-uns-Header.webp 1440w, https:\/\/www.therme-laa.at\/wp-content\/uploads\/2023\/12\/Ueber-uns-Header-300x104.webp 300w, https:\/\/www.therme-laa.at\/wp-content\/uploads\/2023\/12\/Ueber-uns-Header-1024x356.webp 1024w, https:\/\/www.therme-laa.at\/wp-content\/uploads\/2023\/12\/Ueber-uns-Header-768x267.webp 768w\" sizes=\"auto, (max-width: 1440px) 100vw, 1440px\" \/><\/figure>\n\n\n\n<div style=\"height:50px\" aria-hidden=\"true\" class=\"wp-block-spacer\"><\/div>\n\n\n\n<h2 class=\"wp-block-heading has-dch-blue-color has-text-color has-link-color wp-elements-1b7975d7930b5842199e1ebc00d82c4c\" style=\"padding-bottom:var(--wp--preset--spacing--40)\">Na\u0161e hodnoty<\/h2>\n\n\n\n<p class=\"has-medium-font-size\" style=\"padding-top:0;padding-bottom:0\">Na\u0161e hodnoty se odr\u00e1\u017eej\u00ed v ka\u017ed\u00e9m detailu resortu, jemu\u017e je vlastn\u00ed udr\u017eitelnost, excelentn\u00ed kvalita a pohostinnost.<\/p>\n\n\n\n<div class=\"wp-block-media-text is-stacked-on-mobile is-vertically-aligned-center is-image-fill-element media-block\" style=\"margin-right:0;margin-left:0;padding-top:var(--wp--preset--spacing--70);padding-right:0;padding-bottom:var(--wp--preset--spacing--70);padding-left:0;grid-template-columns:40% auto\"><figure class=\"wp-block-media-text__media\"><img decoding=\"async\" src=\"https:\/\/www.therme-laa.at\/wp-content\/uploads\/2024\/01\/Rad-Ebike-5787-1024x683.webp\" alt=\"\" class=\"wp-image-5266 size-full\" style=\"object-position:50% 50%\"\/><\/figure><div class=\"wp-block-media-text__content\">\n<h4 class=\"wp-block-heading has-text-align-left has-dch-blue-color has-text-color has-link-color has-large-font-size wp-elements-711e1e42cd1b2f6f5209bf3f97cf7c02\" style=\"padding-top:0;padding-bottom:var(--wp--preset--spacing--40);padding-left:var(--wp--preset--spacing--30)\">Udr\u017eitelnost: v souladu s p\u0159\u00edrodou<\/h4>\n\n\n\n<p style=\"margin-right:0;margin-left:var(--wp--preset--spacing--30)\">Udr\u017eitelnost je jednou ze z\u00e1kladn\u00edch hodnot resortu Therme Laa  \/Hotel \/Silent Spa \/ Villas. Chr\u00e1n\u00edme na\u0161i p\u0159\u00edrodu prost\u0159ednictv\u00edm postup\u016f \u0161etrn\u00fdch k \u017eivotn\u00edmu prost\u0159ed\u00ed a za\u010dle\u0148ujeme energeticky \u00fa\u010dinn\u00e9 technologie a m\u00edstn\u00ed ekologick\u00e9 produkty, abychom pozitivn\u011b p\u0159isp\u011bli k \u017eivotn\u00edmu prost\u0159ed\u00ed a nab\u00eddli na\u0161im host\u016fm v\u00fdjime\u010dn\u00fd z\u00e1\u017eitek.<\/p>\n<\/div><\/div>\n\n\n\n<div class=\"wp-block-media-text is-stacked-on-mobile is-vertically-aligned-center is-image-fill-element media-block\" style=\"margin-right:0;margin-left:0;padding-top:var(--wp--preset--spacing--70);padding-right:0;padding-bottom:var(--wp--preset--spacing--70);padding-left:0;grid-template-columns:40% auto\"><figure class=\"wp-block-media-text__media\"><img loading=\"lazy\" decoding=\"async\" width=\"800\" height=\"800\" src=\"https:\/\/www.therme-laa.at\/wp-content\/uploads\/2024\/01\/Therme-Laa-Werte-Pflanzl-Media.webp\" alt=\"\" class=\"wp-image-6419 size-full\" style=\"object-position:50% 50%\" srcset=\"https:\/\/www.therme-laa.at\/wp-content\/uploads\/2024\/01\/Therme-Laa-Werte-Pflanzl-Media.webp 800w, https:\/\/www.therme-laa.at\/wp-content\/uploads\/2024\/01\/Therme-Laa-Werte-Pflanzl-Media-300x300.webp 300w, https:\/\/www.therme-laa.at\/wp-content\/uploads\/2024\/01\/Therme-Laa-Werte-Pflanzl-Media-150x150.webp 150w, https:\/\/www.therme-laa.at\/wp-content\/uploads\/2024\/01\/Therme-Laa-Werte-Pflanzl-Media-768x768.webp 768w\" sizes=\"auto, (max-width: 800px) 100vw, 800px\" \/><\/figure><div class=\"wp-block-media-text__content\">\n<h4 class=\"wp-block-heading has-text-align-left has-dch-blue-color has-text-color has-link-color has-large-font-size wp-elements-19bfdd7229f367120783007992d36e30\" style=\"padding-top:0;padding-bottom:var(--wp--preset--spacing--50);padding-left:var(--wp--preset--spacing--30)\">Kvalita: d\u016fraz na detail<\/h4>\n\n\n\n<p class=\"has-text-align-left has-medium-font-size\" style=\"padding-left:var(--wp--preset--spacing--30)\">Na\u0161\u00edm z\u00e1kladn\u00edm pil\u00ed\u0159em je kvalita. Host\u016fm nab\u00edz\u00edme prvot\u0159\u00eddn\u00ed wellness z\u00e1\u017eitky, pohodl\u00ed a dostatek osobn\u00edho prostoru. Ka\u017ed\u00fd detail pobytu na\u0161ich host\u016f, od \u010distoty pokoj\u016f a\u017e po kulin\u00e1\u0159skou nab\u00eddku v na\u0161ich restaurac\u00ed, pl\u00e1nujeme s c\u00edlem dos\u00e1hnout t\u00e9 nejvy\u0161\u0161\u00ed mo\u017en\u00e9 kvality.<\/p>\n<\/div><\/div>\n\n\n\n<div class=\"wp-block-media-text is-stacked-on-mobile is-vertically-aligned-center is-image-fill-element media-block\" style=\"margin-right:0;margin-left:0;padding-top:var(--wp--preset--spacing--70);padding-right:0;padding-bottom:var(--wp--preset--spacing--70);padding-left:0;grid-template-columns:40% auto\"><figure class=\"wp-block-media-text__media\"><img loading=\"lazy\" decoding=\"async\" width=\"800\" height=\"800\" src=\"https:\/\/www.therme-laa.at\/wp-content\/uploads\/2023\/12\/Karrierebox2-800x-800-pflanzlmedia.webp\" alt=\"\" class=\"wp-image-4906 size-full\" style=\"object-position:50% 50%\" srcset=\"https:\/\/www.therme-laa.at\/wp-content\/uploads\/2023\/12\/Karrierebox2-800x-800-pflanzlmedia.webp 800w, https:\/\/www.therme-laa.at\/wp-content\/uploads\/2023\/12\/Karrierebox2-800x-800-pflanzlmedia-150x150.webp 150w, https:\/\/www.therme-laa.at\/wp-content\/uploads\/2023\/12\/Karrierebox2-800x-800-pflanzlmedia-300x300.webp 300w, https:\/\/www.therme-laa.at\/wp-content\/uploads\/2023\/12\/Karrierebox2-800x-800-pflanzlmedia-768x768.webp 768w\" sizes=\"auto, (max-width: 800px) 100vw, 800px\" \/><\/figure><div class=\"wp-block-media-text__content\">\n<h4 class=\"wp-block-heading has-text-align-left has-dch-blue-color has-text-color has-link-color has-large-font-size wp-elements-40c9ead7ac2651739e99f5327065044b\" style=\"padding-top:0;padding-bottom:var(--wp--preset--spacing--40);padding-left:var(--wp--preset--spacing--30)\">Pohostinnost: n\u00e1\u0161 host, n\u00e1\u0161 p\u00e1n<\/h4>\n\n\n\n<p class=\"has-text-align-left has-medium-font-size\" style=\"padding-left:var(--wp--preset--spacing--30)\">V\u011b\u0159\u00edme, \u017ee pohoda na\u0161ich host\u016f za\u010d\u00edn\u00e1 srde\u010dn\u00fdm p\u0159iv\u00edt\u00e1n\u00edm a pokra\u010duje zaji\u0161t\u011bn\u00edm nep\u0159etr\u017eit\u00e9 a pozorn\u00e9 p\u00e9\u010de po celou dobu pobytu. T\u00fdm na\u0161ich zam\u011bstnanc\u016f se sna\u017e\u00ed vytvo\u0159it p\u0159\u00edjemnou atmosf\u00e9ru, aby se ka\u017ed\u00fd host c\u00edtil v\u00fdjime\u010dn\u011b a mohl si dob\u0159e odpo\u010dinout od starost\u00ed v\u0161edn\u00edho dne.<\/p>\n<\/div><\/div>\n<\/div>\n<\/div>\n<\/div>\n\n\n\n<div id=\"team\" class=\"wp-block-group is-layout-constrained wp-block-group-is-layout-constrained\">\n<div style=\"height:60px\" aria-hidden=\"true\" id=\"team\" class=\"wp-block-spacer\"><\/div>\n\n\n\n<h2 class=\"wp-block-heading has-text-align-center has-dch-blue-color has-text-color has-link-color has-x-large-font-size wp-elements-eb016122d0499c14d77c8468e3b51402\" style=\"padding-bottom:var(--wp--preset--spacing--30);letter-spacing:0.6px;text-transform:none\">N\u00e1\u0161 t\u00fdm<\/h2>\n\n\n\n<p class=\"has-text-align-center container has-medium-font-size\" style=\"margin-top:var(--wp--preset--spacing--40);margin-right:var(--wp--preset--spacing--60);margin-bottom:var(--wp--preset--spacing--40);margin-left:var(--wp--preset--spacing--60)\">C\u00edlem t\u00fdmu na\u0161ich zam\u011bstnanc\u016f je nab\u00eddnout V\u00e1m nezapomenuteln\u00e9 z\u00e1\u017eitky ve znamen\u00ed odpo\u010dinku a wellness. Seznamte se s t\u011bmi, kte\u0159\u00ed stoj\u00ed za spr\u00e1vn\u00fdm chodem resortu.<\/p>\n\n\n\n<div class=\"wp-block-group p-4 md:p-0 is-layout-constrained wp-block-group-is-layout-constrained\" style=\"margin-top:var(--wp--preset--spacing--50);margin-bottom:var(--wp--preset--spacing--50)\">\n<div class=\"wp-block-columns is-layout-flex wp-container-core-columns-is-layout-1146dd41 wp-block-columns-is-layout-flex\" style=\"padding-right:0;padding-left:0\">\n<div class=\"wp-block-column is-layout-flow wp-block-column-is-layout-flow\">\n<figure class=\"wp-block-image size-full\"><img loading=\"lazy\" decoding=\"async\" width=\"800\" height=\"800\" src=\"https:\/\/www.therme-laa.at\/wp-content\/uploads\/2024\/06\/Thomas_Hattenberger-800x800-1.png\" alt=\"\" class=\"wp-image-18458\" srcset=\"https:\/\/www.therme-laa.at\/wp-content\/uploads\/2024\/06\/Thomas_Hattenberger-800x800-1.png 800w, https:\/\/www.therme-laa.at\/wp-content\/uploads\/2024\/06\/Thomas_Hattenberger-800x800-1-300x300.png 300w, https:\/\/www.therme-laa.at\/wp-content\/uploads\/2024\/06\/Thomas_Hattenberger-800x800-1-150x150.png 150w, https:\/\/www.therme-laa.at\/wp-content\/uploads\/2024\/06\/Thomas_Hattenberger-800x800-1-768x768.png 768w\" sizes=\"auto, (max-width: 800px) 100vw, 800px\" \/><\/figure>\n\n\n\n<div style=\"height:30px\" aria-hidden=\"true\" class=\"wp-block-spacer\"><\/div>\n\n\n\n<h5 class=\"wp-block-heading has-dch-gold-color has-text-color has-link-color wp-elements-aecf067ff26a5808cee34252571b1828\">THOMAS HATTENBERGER<\/h5>\n\n\n\n<p>Jednatel<\/p>\n<\/div>\n\n\n\n<div class=\"wp-block-column is-layout-flow wp-block-column-is-layout-flow\">\n<figure class=\"wp-block-image size-full\"><img loading=\"lazy\" decoding=\"async\" width=\"800\" height=\"800\" src=\"https:\/\/www.therme-laa.at\/wp-content\/uploads\/2024\/06\/Wolfgang-Moser-Portraetfoto-800x800px.png\" alt=\"\" class=\"wp-image-18461\" srcset=\"https:\/\/www.therme-laa.at\/wp-content\/uploads\/2024\/06\/Wolfgang-Moser-Portraetfoto-800x800px.png 800w, https:\/\/www.therme-laa.at\/wp-content\/uploads\/2024\/06\/Wolfgang-Moser-Portraetfoto-800x800px-300x300.png 300w, https:\/\/www.therme-laa.at\/wp-content\/uploads\/2024\/06\/Wolfgang-Moser-Portraetfoto-800x800px-150x150.png 150w, https:\/\/www.therme-laa.at\/wp-content\/uploads\/2024\/06\/Wolfgang-Moser-Portraetfoto-800x800px-768x768.png 768w\" sizes=\"auto, (max-width: 800px) 100vw, 800px\" \/><\/figure>\n\n\n\n<div style=\"height:30px\" aria-hidden=\"true\" class=\"wp-block-spacer\"><\/div>\n\n\n\n<h5 class=\"wp-block-heading has-dch-gold-color has-text-color has-link-color wp-elements-44c6be1a7966b591fd86d779c9854efb\">WOLFGANG MOSER<\/h5>\n\n\n\n<p>Jednatel<\/p>\n<\/div>\n\n\n\n<div class=\"wp-block-column is-layout-flow wp-block-column-is-layout-flow\">\n<figure class=\"wp-block-image size-full\"><img loading=\"lazy\" decoding=\"async\" width=\"2000\" height=\"2000\" src=\"https:\/\/www.therme-laa.at\/wp-content\/uploads\/2024\/06\/Quadrat_Therme_Laa_2024_Juni_Pflanzl_Media_LR-2-von-4.jpg\" alt=\"\" class=\"wp-image-17999\" srcset=\"https:\/\/www.therme-laa.at\/wp-content\/uploads\/2024\/06\/Quadrat_Therme_Laa_2024_Juni_Pflanzl_Media_LR-2-von-4.jpg 2000w, https:\/\/www.therme-laa.at\/wp-content\/uploads\/2024\/06\/Quadrat_Therme_Laa_2024_Juni_Pflanzl_Media_LR-2-von-4-300x300.jpg 300w, https:\/\/www.therme-laa.at\/wp-content\/uploads\/2024\/06\/Quadrat_Therme_Laa_2024_Juni_Pflanzl_Media_LR-2-von-4-150x150.jpg 150w, https:\/\/www.therme-laa.at\/wp-content\/uploads\/2024\/06\/Quadrat_Therme_Laa_2024_Juni_Pflanzl_Media_LR-2-von-4-768x768.jpg 768w, https:\/\/www.therme-laa.at\/wp-content\/uploads\/2024\/06\/Quadrat_Therme_Laa_2024_Juni_Pflanzl_Media_LR-2-von-4-1536x1536.jpg 1536w, https:\/\/www.therme-laa.at\/wp-content\/uploads\/2024\/06\/Quadrat_Therme_Laa_2024_Juni_Pflanzl_Media_LR-2-von-4-800x800.jpg 800w\" sizes=\"auto, (max-width: 2000px) 100vw, 2000px\" \/><\/figure>\n\n\n\n<div style=\"height:30px\" aria-hidden=\"true\" class=\"wp-block-spacer\"><\/div>\n\n\n\n<h5 class=\"wp-block-heading has-dch-gold-color has-text-color has-link-color wp-elements-b034d01f4e3674f8170c971095630563\">BERNHARD KURZ, MBA<\/h5>\n\n\n\n<p>General manager<\/p>\n\n\n\n<div style=\"height:10px\" aria-hidden=\"true\" class=\"wp-block-spacer\"><\/div>\n\n\n\n<p class=\"has-dch-blue-color has-text-color has-link-color wp-elements-d1a2039a2f05fac7f4acb7b8b2d33a4d\"><a href=\"mailto:hotel@therme-laa.at\" target=\"_blank\" rel=\"noreferrer noopener\"><strong>hotel@therme-laa.at<\/strong><\/a><\/p>\n<\/div>\n\n\n\n<div class=\"wp-block-column is-layout-flow wp-block-column-is-layout-flow\">\n<figure class=\"wp-block-image size-full\"><img loading=\"lazy\" decoding=\"async\" width=\"2560\" height=\"2560\" src=\"https:\/\/www.therme-laa.at\/wp-content\/uploads\/2024\/04\/HR_Quadratisch_Pflanzl_Media_Therme_Laa_Maerz24-4-von-22-scaled.jpg\" alt=\"\" class=\"wp-image-13804\" srcset=\"https:\/\/www.therme-laa.at\/wp-content\/uploads\/2024\/04\/HR_Quadratisch_Pflanzl_Media_Therme_Laa_Maerz24-4-von-22-scaled.jpg 2560w, https:\/\/www.therme-laa.at\/wp-content\/uploads\/2024\/04\/HR_Quadratisch_Pflanzl_Media_Therme_Laa_Maerz24-4-von-22-300x300.jpg 300w, https:\/\/www.therme-laa.at\/wp-content\/uploads\/2024\/04\/HR_Quadratisch_Pflanzl_Media_Therme_Laa_Maerz24-4-von-22-150x150.jpg 150w, https:\/\/www.therme-laa.at\/wp-content\/uploads\/2024\/04\/HR_Quadratisch_Pflanzl_Media_Therme_Laa_Maerz24-4-von-22-768x768.jpg 768w, https:\/\/www.therme-laa.at\/wp-content\/uploads\/2024\/04\/HR_Quadratisch_Pflanzl_Media_Therme_Laa_Maerz24-4-von-22-1536x1536.jpg 1536w, https:\/\/www.therme-laa.at\/wp-content\/uploads\/2024\/04\/HR_Quadratisch_Pflanzl_Media_Therme_Laa_Maerz24-4-von-22-2048x2048.jpg 2048w, https:\/\/www.therme-laa.at\/wp-content\/uploads\/2024\/04\/HR_Quadratisch_Pflanzl_Media_Therme_Laa_Maerz24-4-von-22-800x800.jpg 800w\" sizes=\"auto, (max-width: 2560px) 100vw, 2560px\" \/><\/figure>\n\n\n\n<div style=\"height:30px\" aria-hidden=\"true\" class=\"wp-block-spacer\"><\/div>\n\n\n\n<h5 class=\"wp-block-heading has-dch-gold-color has-text-color has-link-color wp-elements-d325231a2a24b84b010821c569daa3b5\">PROK. G\u00dcNTHER LEITNER<\/h5>\n\n\n\n<p>Vedouc\u00ed finan\u010dn\u00edho a \u00fa\u010detn\u00edho odd\u011blen\u00ed<\/p>\n\n\n\n<div style=\"height:10px\" aria-hidden=\"true\" class=\"wp-block-spacer\"><\/div>\n\n\n\n<p class=\"has-dch-blue-color has-text-color has-link-color wp-elements-f17cb652ab5e779ea1cfb9f93c52ddde\"><a href=\"mailto:g.leitner@therme-laa.at\" target=\"_blank\" rel=\"noreferrer noopener\"><strong>g.leitner@therme-laa.at<\/strong><\/a><\/p>\n<\/div>\n<\/div>\n\n\n\n<div class=\"wp-block-columns container is-layout-flex wp-container-core-columns-is-layout-1146dd41 wp-block-columns-is-layout-flex\" style=\"padding-right:0;padding-left:0\">\n<div class=\"wp-block-column is-layout-flow wp-block-column-is-layout-flow\">\n<figure class=\"wp-block-image size-full\"><img loading=\"lazy\" decoding=\"async\" width=\"2560\" height=\"2560\" src=\"https:\/\/www.therme-laa.at\/wp-content\/uploads\/2024\/04\/HR_Quadratisch_Pflanzl_Media_Therme_Laa_Maerz24-5-von-22-scaled.jpg\" alt=\"\" class=\"wp-image-13807\" srcset=\"https:\/\/www.therme-laa.at\/wp-content\/uploads\/2024\/04\/HR_Quadratisch_Pflanzl_Media_Therme_Laa_Maerz24-5-von-22-scaled.jpg 2560w, https:\/\/www.therme-laa.at\/wp-content\/uploads\/2024\/04\/HR_Quadratisch_Pflanzl_Media_Therme_Laa_Maerz24-5-von-22-300x300.jpg 300w, https:\/\/www.therme-laa.at\/wp-content\/uploads\/2024\/04\/HR_Quadratisch_Pflanzl_Media_Therme_Laa_Maerz24-5-von-22-150x150.jpg 150w, https:\/\/www.therme-laa.at\/wp-content\/uploads\/2024\/04\/HR_Quadratisch_Pflanzl_Media_Therme_Laa_Maerz24-5-von-22-768x768.jpg 768w, https:\/\/www.therme-laa.at\/wp-content\/uploads\/2024\/04\/HR_Quadratisch_Pflanzl_Media_Therme_Laa_Maerz24-5-von-22-1536x1536.jpg 1536w, https:\/\/www.therme-laa.at\/wp-content\/uploads\/2024\/04\/HR_Quadratisch_Pflanzl_Media_Therme_Laa_Maerz24-5-von-22-2048x2048.jpg 2048w, https:\/\/www.therme-laa.at\/wp-content\/uploads\/2024\/04\/HR_Quadratisch_Pflanzl_Media_Therme_Laa_Maerz24-5-von-22-800x800.jpg 800w\" sizes=\"auto, (max-width: 2560px) 100vw, 2560px\" \/><\/figure>\n\n\n\n<div style=\"height:30px\" aria-hidden=\"true\" class=\"wp-block-spacer\"><\/div>\n\n\n\n<h5 class=\"wp-block-heading has-dch-gold-color has-text-color has-link-color wp-elements-a367c22086925bb04d38d05b6a9ee99d\">DOROTHEA LANDAUER<\/h5>\n\n\n\n<p>Sekretari\u00e1t veden\u00ed spole\u010dnosti a obchodu<\/p>\n\n\n\n<div style=\"height:10px\" aria-hidden=\"true\" class=\"wp-block-spacer\"><\/div>\n\n\n\n<p class=\"has-dch-blue-color has-text-color has-link-color wp-elements-e03934540f8bf33f9a6e66009133a47c\"><a href=\"mailto:d.landauer@therme-laa.at\" target=\"_blank\" rel=\"noreferrer noopener\"><strong>d.landauer@therme-laa.at<\/strong><\/a><\/p>\n<\/div>\n\n\n\n<div class=\"wp-block-column is-layout-flow wp-block-column-is-layout-flow\">\n<figure class=\"wp-block-image size-full is-resized\"><img loading=\"lazy\" decoding=\"async\" width=\"2560\" height=\"2560\" src=\"https:\/\/www.therme-laa.at\/wp-content\/uploads\/2025\/05\/Unbenannt-2.jpg\" alt=\"\" class=\"wp-image-24402\" style=\"aspect-ratio:1;object-fit:contain;width:500px\" srcset=\"https:\/\/www.therme-laa.at\/wp-content\/uploads\/2025\/05\/Unbenannt-2.jpg 2560w, https:\/\/www.therme-laa.at\/wp-content\/uploads\/2025\/05\/Unbenannt-2-300x300.jpg 300w, https:\/\/www.therme-laa.at\/wp-content\/uploads\/2025\/05\/Unbenannt-2-150x150.jpg 150w, https:\/\/www.therme-laa.at\/wp-content\/uploads\/2025\/05\/Unbenannt-2-768x768.jpg 768w, https:\/\/www.therme-laa.at\/wp-content\/uploads\/2025\/05\/Unbenannt-2-1536x1536.jpg 1536w, https:\/\/www.therme-laa.at\/wp-content\/uploads\/2025\/05\/Unbenannt-2-2048x2048.jpg 2048w, https:\/\/www.therme-laa.at\/wp-content\/uploads\/2025\/05\/Unbenannt-2-800x800.jpg 800w\" sizes=\"auto, (max-width: 2560px) 100vw, 2560px\" \/><\/figure>\n\n\n\n<div style=\"height:30px\" aria-hidden=\"true\" class=\"wp-block-spacer\"><\/div>\n\n\n\n<h5 class=\"wp-block-heading has-dch-gold-color has-text-color has-link-color wp-elements-57a2d61178c08a9d99e589126e402919\">MARTIN FEUERBACH, B.A.<\/h5>\n\n\n\n<p>Vedouc\u00ed l\u00e1zn\u00ed, Silent Spa &amp; Treatment<\/p>\n\n\n\n<div style=\"height:10px\" aria-hidden=\"true\" class=\"wp-block-spacer\"><\/div>\n\n\n\n<p class=\"has-dch-blue-color has-text-color has-link-color wp-elements-645c4b91ffc964cead4de3e82e9ce6f0\"><a href=\"mailto:m.feuerbach@therme-laa.at\" target=\"_blank\" rel=\"noreferrer noopener\"><strong>m.feuerbach@therme-laa.at<\/strong><\/a><\/p>\n<\/div>\n\n\n\n<div class=\"wp-block-column is-layout-flow wp-block-column-is-layout-flow\">\n<figure class=\"wp-block-image size-full\"><img loading=\"lazy\" decoding=\"async\" width=\"2560\" height=\"2560\" src=\"https:\/\/www.therme-laa.at\/wp-content\/uploads\/2024\/04\/HR_Quadratisch_Pflanzl_Media_Therme_Laa_Maerz24-13-von-22-scaled.jpg\" alt=\"\" class=\"wp-image-13828\" srcset=\"https:\/\/www.therme-laa.at\/wp-content\/uploads\/2024\/04\/HR_Quadratisch_Pflanzl_Media_Therme_Laa_Maerz24-13-von-22-scaled.jpg 2560w, https:\/\/www.therme-laa.at\/wp-content\/uploads\/2024\/04\/HR_Quadratisch_Pflanzl_Media_Therme_Laa_Maerz24-13-von-22-300x300.jpg 300w, https:\/\/www.therme-laa.at\/wp-content\/uploads\/2024\/04\/HR_Quadratisch_Pflanzl_Media_Therme_Laa_Maerz24-13-von-22-150x150.jpg 150w, https:\/\/www.therme-laa.at\/wp-content\/uploads\/2024\/04\/HR_Quadratisch_Pflanzl_Media_Therme_Laa_Maerz24-13-von-22-768x768.jpg 768w, https:\/\/www.therme-laa.at\/wp-content\/uploads\/2024\/04\/HR_Quadratisch_Pflanzl_Media_Therme_Laa_Maerz24-13-von-22-1536x1536.jpg 1536w, https:\/\/www.therme-laa.at\/wp-content\/uploads\/2024\/04\/HR_Quadratisch_Pflanzl_Media_Therme_Laa_Maerz24-13-von-22-2048x2048.jpg 2048w, https:\/\/www.therme-laa.at\/wp-content\/uploads\/2024\/04\/HR_Quadratisch_Pflanzl_Media_Therme_Laa_Maerz24-13-von-22-800x800.jpg 800w\" sizes=\"auto, (max-width: 2560px) 100vw, 2560px\" \/><\/figure>\n\n\n\n<div style=\"height:30px\" aria-hidden=\"true\" class=\"wp-block-spacer\"><\/div>\n\n\n\n<h5 class=\"wp-block-heading has-dch-gold-color has-text-color has-link-color wp-elements-9011767385c765936fe86fb7e549ed5b\">DORIS SCHWARZL<\/h5>\n\n\n\n<p>HR manager<\/p>\n\n\n\n<div style=\"height:10px\" aria-hidden=\"true\" class=\"wp-block-spacer\"><\/div>\n\n\n\n<p class=\"has-dch-blue-color has-text-color has-link-color wp-elements-4bc83876fd10e6a2e0b12255a140cd65\"><a href=\"mailto:d.schwarzl@therme-laa.at\" target=\"_blank\" rel=\"noreferrer noopener\"><strong>d.schwarzl@therme-laa.at<\/strong><\/a><\/p>\n<\/div>\n\n\n\n<div class=\"wp-block-column is-layout-flow wp-block-column-is-layout-flow\">\n<figure class=\"wp-block-image size-full\"><img loading=\"lazy\" decoding=\"async\" width=\"2560\" height=\"2560\" src=\"https:\/\/www.therme-laa.at\/wp-content\/uploads\/2024\/11\/HR_Quadratisch_Minihold2.jpg\" alt=\"\" class=\"wp-image-21444\" srcset=\"https:\/\/www.therme-laa.at\/wp-content\/uploads\/2024\/11\/HR_Quadratisch_Minihold2.jpg 2560w, https:\/\/www.therme-laa.at\/wp-content\/uploads\/2024\/11\/HR_Quadratisch_Minihold2-300x300.jpg 300w, https:\/\/www.therme-laa.at\/wp-content\/uploads\/2024\/11\/HR_Quadratisch_Minihold2-150x150.jpg 150w, https:\/\/www.therme-laa.at\/wp-content\/uploads\/2024\/11\/HR_Quadratisch_Minihold2-768x768.jpg 768w, https:\/\/www.therme-laa.at\/wp-content\/uploads\/2024\/11\/HR_Quadratisch_Minihold2-1536x1536.jpg 1536w, https:\/\/www.therme-laa.at\/wp-content\/uploads\/2024\/11\/HR_Quadratisch_Minihold2-2048x2048.jpg 2048w, https:\/\/www.therme-laa.at\/wp-content\/uploads\/2024\/11\/HR_Quadratisch_Minihold2-800x800.jpg 800w\" sizes=\"auto, (max-width: 2560px) 100vw, 2560px\" \/><\/figure>\n\n\n\n<div style=\"height:30px\" aria-hidden=\"true\" class=\"wp-block-spacer\"><\/div>\n\n\n\n<h5 class=\"wp-block-heading has-dch-gold-color has-text-color has-link-color wp-elements-a5554525e2e87f0609755cd39e321197\">THOMAS MINIHOLD<\/h5>\n\n\n\n<p>Vedouc\u00ed servisu<\/p>\n\n\n\n<div style=\"height:10px\" aria-hidden=\"true\" class=\"wp-block-spacer\"><\/div>\n\n\n\n<p class=\"has-dch-blue-color has-text-color has-link-color wp-elements-62a09c08e4489b6bd5b2d4bf3a4d745f\"><a href=\"mailto:m.tentulin@therme-laa.at\" target=\"_blank\" rel=\"noreferrer noopener\"><strong>t.minihold@therme-laa.at<\/strong><\/a><\/p>\n<\/div>\n<\/div>\n\n\n\n<div class=\"wp-block-columns container is-layout-flex wp-container-core-columns-is-layout-1146dd41 wp-block-columns-is-layout-flex\" style=\"padding-right:0;padding-left:0\">\n<div class=\"wp-block-column is-layout-flow wp-block-column-is-layout-flow\">\n<figure class=\"wp-block-image size-full\"><img loading=\"lazy\" decoding=\"async\" width=\"2000\" height=\"2000\" src=\"https:\/\/www.therme-laa.at\/wp-content\/uploads\/2024\/06\/Quadrat_Therme_Laa_2024_Juni_Pflanzl_Media_LR-4-von-4.jpg\" alt=\"\" class=\"wp-image-18005\" srcset=\"https:\/\/www.therme-laa.at\/wp-content\/uploads\/2024\/06\/Quadrat_Therme_Laa_2024_Juni_Pflanzl_Media_LR-4-von-4.jpg 2000w, https:\/\/www.therme-laa.at\/wp-content\/uploads\/2024\/06\/Quadrat_Therme_Laa_2024_Juni_Pflanzl_Media_LR-4-von-4-300x300.jpg 300w, https:\/\/www.therme-laa.at\/wp-content\/uploads\/2024\/06\/Quadrat_Therme_Laa_2024_Juni_Pflanzl_Media_LR-4-von-4-150x150.jpg 150w, https:\/\/www.therme-laa.at\/wp-content\/uploads\/2024\/06\/Quadrat_Therme_Laa_2024_Juni_Pflanzl_Media_LR-4-von-4-768x768.jpg 768w, https:\/\/www.therme-laa.at\/wp-content\/uploads\/2024\/06\/Quadrat_Therme_Laa_2024_Juni_Pflanzl_Media_LR-4-von-4-1536x1536.jpg 1536w, https:\/\/www.therme-laa.at\/wp-content\/uploads\/2024\/06\/Quadrat_Therme_Laa_2024_Juni_Pflanzl_Media_LR-4-von-4-800x800.jpg 800w\" sizes=\"auto, (max-width: 2000px) 100vw, 2000px\" \/><\/figure>\n\n\n\n<div style=\"height:30px\" aria-hidden=\"true\" class=\"wp-block-spacer\"><\/div>\n\n\n\n<h5 class=\"wp-block-heading has-dch-gold-color has-text-color has-link-color wp-elements-9ec8f84d5dc33d228bcdad5a3acf81c4\">JIRI HAFNER<\/h5>\n\n\n\n<p>Rooms division manager<\/p>\n\n\n\n<div style=\"height:10px\" aria-hidden=\"true\" class=\"wp-block-spacer\"><\/div>\n\n\n\n<p class=\"has-dch-blue-color has-text-color has-link-color wp-elements-331b1abe85a11aae788c00dd5b574c47\"><a href=\"mailto:j.hafner@therme-laa.at\" target=\"_blank\" rel=\"noreferrer noopener\"><strong>j.hafner@therme-laa.at<\/strong><\/a><\/p>\n<\/div>\n\n\n\n<div class=\"wp-block-column is-layout-flow wp-block-column-is-layout-flow\">\n<figure class=\"wp-block-image size-full\"><img loading=\"lazy\" decoding=\"async\" width=\"2560\" height=\"2560\" src=\"https:\/\/www.therme-laa.at\/wp-content\/uploads\/2025\/01\/HR_Quadratisch_Pflanzl_Media_Therme_Laa_Maerz24-3-von-22-1-scaled.jpg\" alt=\"\" class=\"wp-image-22470\" srcset=\"https:\/\/www.therme-laa.at\/wp-content\/uploads\/2025\/01\/HR_Quadratisch_Pflanzl_Media_Therme_Laa_Maerz24-3-von-22-1-scaled.jpg 2560w, https:\/\/www.therme-laa.at\/wp-content\/uploads\/2025\/01\/HR_Quadratisch_Pflanzl_Media_Therme_Laa_Maerz24-3-von-22-1-300x300.jpg 300w, https:\/\/www.therme-laa.at\/wp-content\/uploads\/2025\/01\/HR_Quadratisch_Pflanzl_Media_Therme_Laa_Maerz24-3-von-22-1-150x150.jpg 150w, https:\/\/www.therme-laa.at\/wp-content\/uploads\/2025\/01\/HR_Quadratisch_Pflanzl_Media_Therme_Laa_Maerz24-3-von-22-1-768x768.jpg 768w, https:\/\/www.therme-laa.at\/wp-content\/uploads\/2025\/01\/HR_Quadratisch_Pflanzl_Media_Therme_Laa_Maerz24-3-von-22-1-1536x1536.jpg 1536w, https:\/\/www.therme-laa.at\/wp-content\/uploads\/2025\/01\/HR_Quadratisch_Pflanzl_Media_Therme_Laa_Maerz24-3-von-22-1-2048x2048.jpg 2048w, https:\/\/www.therme-laa.at\/wp-content\/uploads\/2025\/01\/HR_Quadratisch_Pflanzl_Media_Therme_Laa_Maerz24-3-von-22-1-800x800.jpg 800w\" sizes=\"auto, (max-width: 2560px) 100vw, 2560px\" \/><\/figure>\n\n\n\n<div style=\"height:30px\" aria-hidden=\"true\" class=\"wp-block-spacer\"><\/div>\n\n\n\n<h5 class=\"wp-block-heading has-dch-gold-color has-text-color has-link-color wp-elements-939a508cff1a3551ae339df5f7e1d64d\">J\u00dcRGEN SEDLACEK<\/h5>\n\n\n\n<p>Vedouc\u00ed technick\u00e9ho odd\u011blen\u00ed &amp; IT<\/p>\n\n\n\n<div style=\"height:10px\" aria-hidden=\"true\" class=\"wp-block-spacer\"><\/div>\n\n\n\n<p class=\"has-dch-blue-color has-text-color has-link-color wp-elements-b605d9add8ac3e17c1e488abcd1cbc1a\"><a href=\"mailto:r.muck@therme-laa.at\" target=\"_blank\" rel=\"noreferrer noopener\"><strong>j.sedlacek@therme-laa.at<\/strong><\/a><\/p>\n<\/div>\n\n\n\n<div class=\"wp-block-column is-layout-flow wp-block-column-is-layout-flow\">\n<figure class=\"wp-block-image size-full is-resized\"><img loading=\"lazy\" decoding=\"async\" width=\"2000\" height=\"2000\" src=\"https:\/\/www.therme-laa.at\/wp-content\/uploads\/2025\/01\/HR_Quadratisch_Pflanzl_Media_Therme_Laa_Pochlatko.jpg\" alt=\"\" class=\"wp-image-22604\" style=\"width:296px;height:auto\" srcset=\"https:\/\/www.therme-laa.at\/wp-content\/uploads\/2025\/01\/HR_Quadratisch_Pflanzl_Media_Therme_Laa_Pochlatko.jpg 2000w, https:\/\/www.therme-laa.at\/wp-content\/uploads\/2025\/01\/HR_Quadratisch_Pflanzl_Media_Therme_Laa_Pochlatko-300x300.jpg 300w, https:\/\/www.therme-laa.at\/wp-content\/uploads\/2025\/01\/HR_Quadratisch_Pflanzl_Media_Therme_Laa_Pochlatko-150x150.jpg 150w, https:\/\/www.therme-laa.at\/wp-content\/uploads\/2025\/01\/HR_Quadratisch_Pflanzl_Media_Therme_Laa_Pochlatko-768x768.jpg 768w, https:\/\/www.therme-laa.at\/wp-content\/uploads\/2025\/01\/HR_Quadratisch_Pflanzl_Media_Therme_Laa_Pochlatko-1536x1536.jpg 1536w, https:\/\/www.therme-laa.at\/wp-content\/uploads\/2025\/01\/HR_Quadratisch_Pflanzl_Media_Therme_Laa_Pochlatko-800x800.jpg 800w\" sizes=\"auto, (max-width: 2000px) 100vw, 2000px\" \/><\/figure>\n\n\n\n<div style=\"height:30px\" aria-hidden=\"true\" class=\"wp-block-spacer\"><\/div>\n\n\n\n<h5 class=\"wp-block-heading has-dch-gold-color has-text-color has-link-color wp-elements-2a590c38be7b18c9999f48ed078e416c\">ALEXANDER POCHLATKO<\/h5>\n\n\n\n<p>\u0160\u00e9fkucha\u0159<\/p>\n\n\n\n<div style=\"height:10px\" aria-hidden=\"true\" class=\"wp-block-spacer\"><\/div>\n\n\n\n<p class=\"has-dch-blue-color has-text-color has-link-color wp-elements-06fd412b016591a2819d64a5e57751b5\"><strong>a.pochlatko@therme-laa.at<\/strong><\/p>\n<\/div>\n\n\n\n<div class=\"wp-block-column is-layout-flow wp-block-column-is-layout-flow\">\n<figure class=\"wp-block-image size-full\"><img loading=\"lazy\" decoding=\"async\" width=\"2560\" height=\"2560\" src=\"https:\/\/www.therme-laa.at\/wp-content\/uploads\/2024\/04\/HR_Quadratisch_Pflanzl_Media_Therme_Laa_Maerz24-10-von-22-scaled.jpg\" alt=\"\" class=\"wp-image-13822\" srcset=\"https:\/\/www.therme-laa.at\/wp-content\/uploads\/2024\/04\/HR_Quadratisch_Pflanzl_Media_Therme_Laa_Maerz24-10-von-22-scaled.jpg 2560w, https:\/\/www.therme-laa.at\/wp-content\/uploads\/2024\/04\/HR_Quadratisch_Pflanzl_Media_Therme_Laa_Maerz24-10-von-22-300x300.jpg 300w, https:\/\/www.therme-laa.at\/wp-content\/uploads\/2024\/04\/HR_Quadratisch_Pflanzl_Media_Therme_Laa_Maerz24-10-von-22-150x150.jpg 150w, https:\/\/www.therme-laa.at\/wp-content\/uploads\/2024\/04\/HR_Quadratisch_Pflanzl_Media_Therme_Laa_Maerz24-10-von-22-768x768.jpg 768w, https:\/\/www.therme-laa.at\/wp-content\/uploads\/2024\/04\/HR_Quadratisch_Pflanzl_Media_Therme_Laa_Maerz24-10-von-22-1536x1536.jpg 1536w, https:\/\/www.therme-laa.at\/wp-content\/uploads\/2024\/04\/HR_Quadratisch_Pflanzl_Media_Therme_Laa_Maerz24-10-von-22-2048x2048.jpg 2048w, https:\/\/www.therme-laa.at\/wp-content\/uploads\/2024\/04\/HR_Quadratisch_Pflanzl_Media_Therme_Laa_Maerz24-10-von-22-800x800.jpg 800w\" sizes=\"auto, (max-width: 2560px) 100vw, 2560px\" \/><\/figure>\n\n\n\n<div style=\"height:30px\" aria-hidden=\"true\" class=\"wp-block-spacer\"><\/div>\n\n\n\n<h5 class=\"wp-block-heading has-dch-gold-color has-text-color has-link-color wp-elements-75b7b9677ce27a458ef3b9584f4ed82c\">PETRA P\u00dcHRINGER<\/h5>\n\n\n\n<p>Vedouc\u00ed \u00faklidov\u00fdch slu\u017eeb<\/p>\n\n\n\n<div style=\"height:10px\" aria-hidden=\"true\" class=\"wp-block-spacer\"><\/div>\n\n\n\n<p class=\"has-dch-blue-color has-text-color has-link-color wp-elements-fee1a52a5920e20d1bdb059cb2f4774b\"><a href=\"mailto:p.puehringer@therme-laa.at\" target=\"_blank\" rel=\"noreferrer noopener\"><strong>p.puehringer@therme-laa.at<\/strong><\/a><\/p>\n<\/div>\n<\/div>\n\n\n\n<div class=\"wp-block-columns container is-layout-flex wp-container-core-columns-is-layout-1146dd41 wp-block-columns-is-layout-flex\" style=\"padding-right:0;padding-left:0\">\n<div class=\"wp-block-column is-layout-flow wp-block-column-is-layout-flow\">\n<figure class=\"wp-block-image size-full\"><img loading=\"lazy\" decoding=\"async\" width=\"2560\" height=\"2560\" src=\"https:\/\/www.therme-laa.at\/wp-content\/uploads\/2025\/01\/HR_Quadratisch_Pflanzl_Media_Therme_Laa_Maerz24-18-von-22-scaled.jpg\" alt=\"\" class=\"wp-image-22462\" srcset=\"https:\/\/www.therme-laa.at\/wp-content\/uploads\/2025\/01\/HR_Quadratisch_Pflanzl_Media_Therme_Laa_Maerz24-18-von-22-scaled.jpg 2560w, https:\/\/www.therme-laa.at\/wp-content\/uploads\/2025\/01\/HR_Quadratisch_Pflanzl_Media_Therme_Laa_Maerz24-18-von-22-300x300.jpg 300w, https:\/\/www.therme-laa.at\/wp-content\/uploads\/2025\/01\/HR_Quadratisch_Pflanzl_Media_Therme_Laa_Maerz24-18-von-22-150x150.jpg 150w, https:\/\/www.therme-laa.at\/wp-content\/uploads\/2025\/01\/HR_Quadratisch_Pflanzl_Media_Therme_Laa_Maerz24-18-von-22-768x768.jpg 768w, https:\/\/www.therme-laa.at\/wp-content\/uploads\/2025\/01\/HR_Quadratisch_Pflanzl_Media_Therme_Laa_Maerz24-18-von-22-1536x1536.jpg 1536w, https:\/\/www.therme-laa.at\/wp-content\/uploads\/2025\/01\/HR_Quadratisch_Pflanzl_Media_Therme_Laa_Maerz24-18-von-22-2048x2048.jpg 2048w, https:\/\/www.therme-laa.at\/wp-content\/uploads\/2025\/01\/HR_Quadratisch_Pflanzl_Media_Therme_Laa_Maerz24-18-von-22-800x800.jpg 800w\" sizes=\"auto, (max-width: 2560px) 100vw, 2560px\" \/><\/figure>\n\n\n\n<div style=\"height:30px\" aria-hidden=\"true\" class=\"wp-block-spacer\"><\/div>\n\n\n\n<h5 class=\"wp-block-heading has-dch-gold-color has-text-color has-link-color wp-elements-d5c3151581d292c05b0cc741a5e73c6e\">PETR DERYCH <\/h5>\n\n\n\n<p>N\u00e1kup<\/p>\n\n\n\n<div style=\"height:10px\" aria-hidden=\"true\" class=\"wp-block-spacer\"><\/div>\n\n\n\n<p class=\"has-dch-blue-color has-text-color has-link-color wp-elements-e4e5c60eb2c8e673d5e43a182f96af47\"><a href=\"mailto:j.bruckner@therme-laa.at\" target=\"_blank\" rel=\"noreferrer noopener\"><strong>p.derych@therme-laa.at<\/strong><\/a><\/p>\n<\/div>\n\n\n\n<div class=\"wp-block-column is-layout-flow wp-block-column-is-layout-flow\">\n<figure class=\"wp-block-image size-full\"><img loading=\"lazy\" decoding=\"async\" width=\"2560\" height=\"2560\" src=\"https:\/\/www.therme-laa.at\/wp-content\/uploads\/2024\/04\/HR_Quadratisch_Pflanzl_Media_Therme_Laa_Maerz24-1-von-22-scaled.jpg\" alt=\"\" class=\"wp-image-13795\" srcset=\"https:\/\/www.therme-laa.at\/wp-content\/uploads\/2024\/04\/HR_Quadratisch_Pflanzl_Media_Therme_Laa_Maerz24-1-von-22-scaled.jpg 2560w, https:\/\/www.therme-laa.at\/wp-content\/uploads\/2024\/04\/HR_Quadratisch_Pflanzl_Media_Therme_Laa_Maerz24-1-von-22-300x300.jpg 300w, https:\/\/www.therme-laa.at\/wp-content\/uploads\/2024\/04\/HR_Quadratisch_Pflanzl_Media_Therme_Laa_Maerz24-1-von-22-150x150.jpg 150w, https:\/\/www.therme-laa.at\/wp-content\/uploads\/2024\/04\/HR_Quadratisch_Pflanzl_Media_Therme_Laa_Maerz24-1-von-22-768x768.jpg 768w, https:\/\/www.therme-laa.at\/wp-content\/uploads\/2024\/04\/HR_Quadratisch_Pflanzl_Media_Therme_Laa_Maerz24-1-von-22-1536x1536.jpg 1536w, https:\/\/www.therme-laa.at\/wp-content\/uploads\/2024\/04\/HR_Quadratisch_Pflanzl_Media_Therme_Laa_Maerz24-1-von-22-2048x2048.jpg 2048w, https:\/\/www.therme-laa.at\/wp-content\/uploads\/2024\/04\/HR_Quadratisch_Pflanzl_Media_Therme_Laa_Maerz24-1-von-22-800x800.jpg 800w\" sizes=\"auto, (max-width: 2560px) 100vw, 2560px\" \/><\/figure>\n\n\n\n<div style=\"height:30px\" aria-hidden=\"true\" class=\"wp-block-spacer\"><\/div>\n\n\n\n<h5 class=\"wp-block-heading has-dch-gold-color has-text-color has-link-color wp-elements-cdd426b8078dc115661045745fc967e4\">CHRISTIAN ERNST<\/h5>\n\n\n\n<p>Supervisor provozu l\u00e1zn\u00ed<\/p>\n\n\n\n<div style=\"height:10px\" aria-hidden=\"true\" class=\"wp-block-spacer\"><\/div>\n\n\n\n<p class=\"has-dch-blue-color has-text-color has-link-color wp-elements-3102a28165c8603857577befbb44f3d5\"><a href=\"mailto:c.ernst@therme-laa.at\" target=\"_blank\" rel=\"noreferrer noopener\"><strong>c.ernst@therme-laa.at<\/strong><\/a><\/p>\n<\/div>\n\n\n\n<div class=\"wp-block-column is-layout-flow wp-block-column-is-layout-flow\">\n<figure class=\"wp-block-image size-full\"><img loading=\"lazy\" decoding=\"async\" width=\"2000\" height=\"2000\" src=\"https:\/\/www.therme-laa.at\/wp-content\/uploads\/2024\/06\/Quadrat_Therme_Laa_2024_Juni_Pflanzl_Media_LR-3-von-4.jpg\" alt=\"\" class=\"wp-image-18002\" style=\"object-fit:cover\" srcset=\"https:\/\/www.therme-laa.at\/wp-content\/uploads\/2024\/06\/Quadrat_Therme_Laa_2024_Juni_Pflanzl_Media_LR-3-von-4.jpg 2000w, https:\/\/www.therme-laa.at\/wp-content\/uploads\/2024\/06\/Quadrat_Therme_Laa_2024_Juni_Pflanzl_Media_LR-3-von-4-300x300.jpg 300w, https:\/\/www.therme-laa.at\/wp-content\/uploads\/2024\/06\/Quadrat_Therme_Laa_2024_Juni_Pflanzl_Media_LR-3-von-4-150x150.jpg 150w, https:\/\/www.therme-laa.at\/wp-content\/uploads\/2024\/06\/Quadrat_Therme_Laa_2024_Juni_Pflanzl_Media_LR-3-von-4-768x768.jpg 768w, https:\/\/www.therme-laa.at\/wp-content\/uploads\/2024\/06\/Quadrat_Therme_Laa_2024_Juni_Pflanzl_Media_LR-3-von-4-1536x1536.jpg 1536w, https:\/\/www.therme-laa.at\/wp-content\/uploads\/2024\/06\/Quadrat_Therme_Laa_2024_Juni_Pflanzl_Media_LR-3-von-4-800x800.jpg 800w\" sizes=\"auto, (max-width: 2000px) 100vw, 2000px\" \/><\/figure>\n\n\n\n<div style=\"height:30px\" aria-hidden=\"true\" class=\"wp-block-spacer\"><\/div>\n\n\n\n<h5 class=\"wp-block-heading has-dch-gold-color has-text-color has-link-color wp-elements-a62ae280ee869479da4434aa3210a9ab\" style=\"text-transform:uppercase\">MAREIKE WINKELH\u00d6FER<\/h5>\n\n\n\n<p>Koordinace semin\u00e1\u0159\u016f &amp; event\u016f<\/p>\n\n\n\n<div style=\"height:10px\" aria-hidden=\"true\" class=\"wp-block-spacer\"><\/div>\n\n\n\n<p class=\"has-dch-blue-color has-text-color has-link-color wp-elements-80dd63a1c1fc6d4d1d2faa7511839390\"><a href=\"mailto:seminare@therme-laa.at\" target=\"_blank\" rel=\"noreferrer noopener\"><strong>seminar@therme-laa.at<\/strong><\/a><\/p>\n<\/div>\n\n\n\n<div class=\"wp-block-column is-layout-flow wp-block-column-is-layout-flow\">\n<div style=\"height:30px\" aria-hidden=\"true\" class=\"wp-block-spacer\"><\/div>\n\n\n\n<h5 class=\"wp-block-heading has-dch-gold-color has-text-color has-link-color wp-elements-969899b1d27fd4aeaee4f384f7ed438b\" style=\"text-transform:uppercase\"><\/h5>\n\n\n\n<p><\/p>\n\n\n\n<div style=\"height:10px\" aria-hidden=\"true\" class=\"wp-block-spacer\"><\/div>\n\n\n\n<p class=\"has-dch-blue-color has-text-color has-link-color wp-elements-757c07a4aa42ef3f2770581c2de63670\"><\/p>\n<\/div>\n<\/div>\n\n\n\n<div class=\"wp-block-columns container is-layout-flex wp-container-core-columns-is-layout-1146dd41 wp-block-columns-is-layout-flex\" style=\"padding-right:0;padding-left:0\">\n<div class=\"wp-block-column is-layout-flow wp-block-column-is-layout-flow\">\n<figure class=\"wp-block-image size-full\"><img loading=\"lazy\" decoding=\"async\" width=\"2560\" height=\"2560\" src=\"https:\/\/www.therme-laa.at\/wp-content\/uploads\/2024\/04\/HR_Quadratisch_Pflanzl_Media_Therme_Laa_Maerz24-6-von-22-scaled.jpg\" alt=\"\" class=\"wp-image-13810\" srcset=\"https:\/\/www.therme-laa.at\/wp-content\/uploads\/2024\/04\/HR_Quadratisch_Pflanzl_Media_Therme_Laa_Maerz24-6-von-22-scaled.jpg 2560w, https:\/\/www.therme-laa.at\/wp-content\/uploads\/2024\/04\/HR_Quadratisch_Pflanzl_Media_Therme_Laa_Maerz24-6-von-22-300x300.jpg 300w, https:\/\/www.therme-laa.at\/wp-content\/uploads\/2024\/04\/HR_Quadratisch_Pflanzl_Media_Therme_Laa_Maerz24-6-von-22-150x150.jpg 150w, https:\/\/www.therme-laa.at\/wp-content\/uploads\/2024\/04\/HR_Quadratisch_Pflanzl_Media_Therme_Laa_Maerz24-6-von-22-768x768.jpg 768w, https:\/\/www.therme-laa.at\/wp-content\/uploads\/2024\/04\/HR_Quadratisch_Pflanzl_Media_Therme_Laa_Maerz24-6-von-22-1536x1536.jpg 1536w, https:\/\/www.therme-laa.at\/wp-content\/uploads\/2024\/04\/HR_Quadratisch_Pflanzl_Media_Therme_Laa_Maerz24-6-von-22-2048x2048.jpg 2048w, https:\/\/www.therme-laa.at\/wp-content\/uploads\/2024\/04\/HR_Quadratisch_Pflanzl_Media_Therme_Laa_Maerz24-6-von-22-800x800.jpg 800w\" sizes=\"auto, (max-width: 2560px) 100vw, 2560px\" \/><\/figure>\n\n\n\n<div style=\"height:30px\" aria-hidden=\"true\" class=\"wp-block-spacer\"><\/div>\n\n\n\n<h5 class=\"wp-block-heading has-dch-gold-color has-text-color has-link-color wp-elements-ff946c952421f4a763ebf138abd7a9a1\">MANUELA FRANK<\/h5>\n\n\n\n<p>Supervisor Therme &amp; Silent Spa<\/p>\n\n\n\n<div style=\"height:10px\" aria-hidden=\"true\" class=\"wp-block-spacer\"><\/div>\n\n\n\n<p class=\"has-dch-blue-color has-text-color has-link-color wp-elements-bbea6618b71b42c728eb5d61e05d47cd\"><a href=\"mailto:therme@therme-laa.at\" target=\"_blank\" rel=\"noreferrer noopener\"><strong>therme@therme-laa.at<\/strong><\/a><\/p>\n<\/div>\n\n\n\n<div class=\"wp-block-column is-layout-flow wp-block-column-is-layout-flow\">\n<figure class=\"wp-block-image size-full\"><img loading=\"lazy\" decoding=\"async\" width=\"500\" height=\"500\" src=\"https:\/\/www.therme-laa.at\/wp-content\/uploads\/2026\/01\/Daniela_500x500.jpg\" alt=\"\" class=\"wp-image-28348\" srcset=\"https:\/\/www.therme-laa.at\/wp-content\/uploads\/2026\/01\/Daniela_500x500.jpg 500w, https:\/\/www.therme-laa.at\/wp-content\/uploads\/2026\/01\/Daniela_500x500-300x300.jpg 300w, https:\/\/www.therme-laa.at\/wp-content\/uploads\/2026\/01\/Daniela_500x500-150x150.jpg 150w\" sizes=\"auto, (max-width: 500px) 100vw, 500px\" \/><\/figure>\n\n\n\n<div style=\"height:30px\" aria-hidden=\"true\" class=\"wp-block-spacer\"><\/div>\n\n\n\n<h5 class=\"wp-block-heading has-dch-gold-color has-text-color has-link-color wp-elements-1472cc22688dadd101e627d6620e3a32\">DANIELA EIGNER<\/h5>\n\n\n\n<p>Supervisor Therme &amp; Silent Spa<\/p>\n\n\n\n<div style=\"height:10px\" aria-hidden=\"true\" class=\"wp-block-spacer\"><\/div>\n\n\n\n<p class=\"has-dch-blue-color has-text-color has-link-color wp-elements-bbea6618b71b42c728eb5d61e05d47cd\"><a href=\"mailto:therme@therme-laa.at\" target=\"_blank\" rel=\"noreferrer noopener\"><strong>therme@therme-laa.at<\/strong><\/a><\/p>\n<\/div>\n\n\n\n<div class=\"wp-block-column is-layout-flow wp-block-column-is-layout-flow\">\n<figure class=\"wp-block-image size-full\"><img loading=\"lazy\" decoding=\"async\" width=\"500\" height=\"500\" src=\"https:\/\/www.therme-laa.at\/wp-content\/uploads\/2026\/01\/Alena_500x500.jpg\" alt=\"\" class=\"wp-image-28344\" style=\"object-fit:cover\" srcset=\"https:\/\/www.therme-laa.at\/wp-content\/uploads\/2026\/01\/Alena_500x500.jpg 500w, https:\/\/www.therme-laa.at\/wp-content\/uploads\/2026\/01\/Alena_500x500-300x300.jpg 300w, https:\/\/www.therme-laa.at\/wp-content\/uploads\/2026\/01\/Alena_500x500-150x150.jpg 150w\" sizes=\"auto, (max-width: 500px) 100vw, 500px\" \/><\/figure>\n\n\n\n<div style=\"height:30px\" aria-hidden=\"true\" class=\"wp-block-spacer\"><\/div>\n\n\n\n<h5 class=\"wp-block-heading has-dch-gold-color has-text-color has-link-color wp-elements-183158dfb77e390bb5a463614f9cdc26\">ALENA MLYNKOV\u00c1<\/h5>\n\n\n\n<p>Supervisor Therme &amp; Silent Spa<\/p>\n\n\n\n<div style=\"height:10px\" aria-hidden=\"true\" class=\"wp-block-spacer\"><\/div>\n\n\n\n<p class=\"has-dch-blue-color has-text-color has-link-color wp-elements-bbea6618b71b42c728eb5d61e05d47cd\"><a href=\"mailto:therme@therme-laa.at\" target=\"_blank\" rel=\"noreferrer noopener\"><strong>therme@therme-laa.at<\/strong><\/a><\/p>\n<\/div>\n\n\n\n<div class=\"wp-block-column is-layout-flow wp-block-column-is-layout-flow\">\n<figure class=\"wp-block-image size-full\"><img loading=\"lazy\" decoding=\"async\" width=\"2560\" height=\"2560\" src=\"https:\/\/www.therme-laa.at\/wp-content\/uploads\/2024\/04\/HR_Quadratisch_Pflanzl_Media_Therme_Laa_Maerz24-2-von-22-scaled.jpg\" alt=\"\" class=\"wp-image-13798\" srcset=\"https:\/\/www.therme-laa.at\/wp-content\/uploads\/2024\/04\/HR_Quadratisch_Pflanzl_Media_Therme_Laa_Maerz24-2-von-22-scaled.jpg 2560w, https:\/\/www.therme-laa.at\/wp-content\/uploads\/2024\/04\/HR_Quadratisch_Pflanzl_Media_Therme_Laa_Maerz24-2-von-22-300x300.jpg 300w, https:\/\/www.therme-laa.at\/wp-content\/uploads\/2024\/04\/HR_Quadratisch_Pflanzl_Media_Therme_Laa_Maerz24-2-von-22-150x150.jpg 150w, https:\/\/www.therme-laa.at\/wp-content\/uploads\/2024\/04\/HR_Quadratisch_Pflanzl_Media_Therme_Laa_Maerz24-2-von-22-768x768.jpg 768w, https:\/\/www.therme-laa.at\/wp-content\/uploads\/2024\/04\/HR_Quadratisch_Pflanzl_Media_Therme_Laa_Maerz24-2-von-22-1536x1536.jpg 1536w, https:\/\/www.therme-laa.at\/wp-content\/uploads\/2024\/04\/HR_Quadratisch_Pflanzl_Media_Therme_Laa_Maerz24-2-von-22-2048x2048.jpg 2048w, https:\/\/www.therme-laa.at\/wp-content\/uploads\/2024\/04\/HR_Quadratisch_Pflanzl_Media_Therme_Laa_Maerz24-2-von-22-800x800.jpg 800w\" sizes=\"auto, (max-width: 2560px) 100vw, 2560px\" \/><\/figure>\n\n\n\n<div style=\"height:30px\" aria-hidden=\"true\" class=\"wp-block-spacer\"><\/div>\n\n\n\n<h5 class=\"wp-block-heading has-dch-gold-color has-text-color has-link-color wp-elements-c0b069927bb6105efe9fc048981a93bd\">ELISABETH GOTTWALD<\/h5>\n\n\n\n<p>Supervisor Treatment<\/p>\n\n\n\n<div style=\"height:10px\" aria-hidden=\"true\" class=\"wp-block-spacer\"><\/div>\n\n\n\n<p class=\"has-dch-blue-color has-text-color has-link-color wp-elements-1312e1d8828e4cd0ba924679ad382bc6\"><a href=\"mailto:spa.reservierung@therme-laa.at\" target=\"_blank\" rel=\"noreferrer noopener\"><strong>spa.reservierung@therme-laa.at<\/strong><\/a><\/p>\n<\/div>\n<\/div>\n<\/div>\n<\/div>\n\n\n\n<div class=\"wp-block-columns alignwide are-vertically-aligned-center is-layout-flex wp-container-core-columns-is-layout-cbe57604 wp-block-columns-is-layout-flex\">\n<div class=\"wp-block-column is-vertically-aligned-center no-p-on-mobile has-u-primary-color has-text-color has-link-color wp-elements-73c02ccd2a8ddd9f14c6bd39477b35ad is-layout-flow wp-block-column-is-layout-flow\" style=\"padding-right:var(--wp--preset--spacing--80);padding-left:var(--wp--preset--spacing--80)\">\n<p class=\"has-dch-gold-color has-text-color has-link-color has-medium-font-size wp-elements-9e32c9d805ce26497f90777200a1f71f\" style=\"padding-bottom:var(--wp--preset--spacing--20);letter-spacing:1.2px;text-transform:uppercase\">STA\u0147TE SE SOU\u010c\u00c1ST\u00cd T\u00ddMU<\/p>\n\n\n\n<h3 class=\"wp-block-heading no-p-on-mobile has-dch-blue-color has-text-color has-dch-brandon-grotesque-medium-font-family has-x-large-font-size\" style=\"padding-top:0;padding-bottom:var(--wp--preset--spacing--50);line-height:1.3\">PRACOVN\u00cd M\u00cdSTA A KARI\u00c9RA<\/h3>\n\n\n\n<p class=\"no-p-on-mobile has-dch-primary-color has-text-color has-dch-brandon-grotesque-regular-font-family has-medium-font-size\" style=\"padding-right:var(--wp--preset--spacing--30);padding-bottom:var(--wp--preset--spacing--40)\">Sta\u0148te se sou\u010d\u00e1st\u00ed t\u00fdmu, jeho\u017e prioritou je<strong> inovace, kreativita a ryz\u00ed pohostinnost<\/strong>.<br>Nab\u00edz\u00edme \u0161irok\u00e9 spektrum <strong>kari\u00e9rn\u00edch p\u0159\u00edle\u017eitost\u00ed v inspirativn\u00edm a p\u0159\u00edjemn\u00e9m prost\u0159ed\u00ed<\/strong>, kde se m\u016f\u017eete d\u00e1le rozv\u00edjet a r\u016fst.<br>Podporujeme v\u00e1\u0161 <strong>osobn\u00ed i profesn\u00ed rozvoj<\/strong> a oce\u0148ujeme va\u0161e \u00fasp\u011bchy \u2013 proto\u017ee v\u00edme, \u017ee pr\u00e1v\u011b na\u0161i lid\u00e9 tvo\u0159\u00ed srdce Therme Laa.<\/p>\n\n\n\n<div class=\"wp-block-buttons alignwide is-content-justification-left is-layout-flex wp-container-core-buttons-is-layout-a15c5ca6 wp-block-buttons-is-layout-flex\" style=\"margin-top:var(--wp--preset--spacing--50)\">\n<div class=\"wp-block-button is-style-fill\"><a class=\"wp-block-button__link has-white-color has-dch-gold-background-color has-text-color has-background has-medium-font-size has-custom-font-size wp-element-button\" href=\"https:\/\/www.therme-laa.at\/cs\/kariera\/\" style=\"border-radius:0px;padding-top:var(--wp--preset--spacing--30);padding-right:var(--wp--preset--spacing--40);padding-bottom:var(--wp--preset--spacing--30);padding-left:var(--wp--preset--spacing--40)\">AKTU\u00c1LN\u00cd VOLN\u00c1 M\u00cdSTA<\/a><\/div>\n<\/div>\n<\/div>\n\n\n\n<div class=\"wp-block-column is-vertically-aligned-center is-layout-flow wp-block-column-is-layout-flow\">\n<div class=\"circle relative\">\n\t\t\t<div class=\"relative pb-[400px] md:pb-[580px] w-full overflow-hidden\">\n\t\t\t<img decoding=\"async\" width=\"800\" height=\"800\" src=\"https:\/\/www.therme-laa.at\/wp-content\/uploads\/2023\/12\/ThermeLaa_image_1200x804-PflanzlMedia-800x800.webp\" class=\"w-full h-full absolute insert-0 object-cover\" alt=\"Drohnenaufnahme Thermenresort Laa, Sommer \" loading=\"lazy\" title=\"ThermeLaa_image_1200x804-PflanzlMedia\" srcset=\"https:\/\/www.therme-laa.at\/wp-content\/uploads\/2023\/12\/ThermeLaa_image_1200x804-PflanzlMedia-800x800.webp 800w, https:\/\/www.therme-laa.at\/wp-content\/uploads\/2023\/12\/ThermeLaa_image_1200x804-PflanzlMedia-150x150.webp 150w\" sizes=\"auto, (max-width: 800px) 100vw, 800px\" \/>\t\t<\/div>\n\t\t<div class=\"circle-container\" style=\"left: -8%\">\n\t\t<div class=\"content z-4\" style=\"background-color:rgb(5,64,93)\">\n\t\t\t<section class=\"relative \">\n\t\t\t\t\t\t\t\t<p class=\" text-xs xl:text-xl\">\n\t\t\t\t\tPr\u00e1ce, kter\u00e1 d\u00e1v\u00e1 smysl\t\t\t\t<\/p>\n\t\t\t<\/section>\n\t\t<\/div>\n\t\t<div class=\"first-circle !z-2\" style=\"border-color: rgba(202, 178, 146,1)\"><\/div>\n\t\t<div class=\"secound-circle !z-4\" style=\"border-color: rgba(202, 178, 146,1)\"><\/div>\n\t<\/div>\n<\/div><\/div>\n<\/div>\n\n\n\n<div class=\"wp-block-group alignfull has-background is-layout-constrained wp-container-core-group-is-layout-c374a0af wp-block-group-is-layout-constrained\" style=\"background-color:#9f8b751a;margin-top:var(--wp--preset--spacing--70);margin-bottom:var(--wp--preset--spacing--70);padding-top:var(--wp--preset--spacing--70);padding-bottom:var(--wp--preset--spacing--70)\"><\/div>\n","protected":false},"excerpt":{"rendered":"<p>SEZNAMTE SE S N\u00c1MI Thermenresort Laa se nach\u00e1z\u00ed uprost\u0159ed malebn\u00e9 krajiny oblasti Weinviertel. Snoub\u00ed se zde dokonal\u00e9 wellness, kvalitn\u00ed gastronomie a excelentn\u00ed slu\u017eby. Resort se py\u0161n\u00ed klasifikac\u00ed ****Superior![&#8230;..]<\/p>\n","protected":false},"author":2,"featured_media":0,"parent":0,"menu_order":0,"comment_status":"closed","ping_status":"closed","template":"","meta":{"_acf_changed":false,"footnotes":""},"class_list":["post-13314","page","type-page","status-publish","hentry"],"acf":[],"_links":{"self":[{"href":"https:\/\/www.therme-laa.at\/cs\/wp-json\/wp\/v2\/pages\/13314","targetHints":{"allow":["GET"]}}],"collection":[{"href":"https:\/\/www.therme-laa.at\/cs\/wp-json\/wp\/v2\/pages"}],"about":[{"href":"https:\/\/www.therme-laa.at\/cs\/wp-json\/wp\/v2\/types\/page"}],"author":[{"embeddable":true,"href":"https:\/\/www.therme-laa.at\/cs\/wp-json\/wp\/v2\/users\/2"}],"replies":[{"embeddable":true,"href":"https:\/\/www.therme-laa.at\/cs\/wp-json\/wp\/v2\/comments?post=13314"}],"version-history":[{"count":31,"href":"https:\/\/www.therme-laa.at\/cs\/wp-json\/wp\/v2\/pages\/13314\/revisions"}],"predecessor-version":[{"id":29130,"href":"https:\/\/www.therme-laa.at\/cs\/wp-json\/wp\/v2\/pages\/13314\/revisions\/29130"}],"wp:attachment":[{"href":"https:\/\/www.therme-laa.at\/cs\/wp-json\/wp\/v2\/media?parent=13314"}],"curies":[{"name":"wp","href":"https:\/\/api.w.org\/{rel}","templated":true}]}}