{"id":13308,"date":"2023-11-18T08:42:04","date_gmt":"2023-11-18T08:42:04","guid":{"rendered":"https:\/\/www.therme-laa.at\/region-a-aktivity\/"},"modified":"2024-05-16T14:33:22","modified_gmt":"2024-05-16T14:33:22","slug":"region-a-aktivity","status":"publish","type":"page","link":"https:\/\/www.therme-laa.at\/cs\/region-a-aktivity\/","title":{"rendered":"Region a aktivity"},"content":{"rendered":"\n<div class=\"wp-block-cover alignfull is-light\" style=\"margin-top:0;padding-top:0px;padding-right:50px;padding-bottom:0px;padding-left:50px;min-height:500px;aspect-ratio:unset;\"><span aria-hidden=\"true\" class=\"wp-block-cover__background has-dch-primary-background-color has-background-dim-20 has-background-dim\"><\/span><img loading=\"lazy\" decoding=\"async\" width=\"2560\" height=\"1707\" class=\"wp-block-cover__image-background wp-image-3171\" alt=\"\" src=\"https:\/\/www.therme-laa.at\/wp-content\/uploads\/2023\/12\/Rad-Ebike-5787-scaled.webp\" data-object-fit=\"cover\" srcset=\"https:\/\/www.therme-laa.at\/wp-content\/uploads\/2023\/12\/Rad-Ebike-5787-scaled.webp 2560w, https:\/\/www.therme-laa.at\/wp-content\/uploads\/2023\/12\/Rad-Ebike-5787-300x200.webp 300w, https:\/\/www.therme-laa.at\/wp-content\/uploads\/2023\/12\/Rad-Ebike-5787-1024x683.webp 1024w, https:\/\/www.therme-laa.at\/wp-content\/uploads\/2023\/12\/Rad-Ebike-5787-768x512.webp 768w, https:\/\/www.therme-laa.at\/wp-content\/uploads\/2023\/12\/Rad-Ebike-5787-1536x1024.webp 1536w, https:\/\/www.therme-laa.at\/wp-content\/uploads\/2023\/12\/Rad-Ebike-5787-2048x1366.webp 2048w\" sizes=\"auto, (max-width: 2560px) 100vw, 2560px\" \/><div class=\"wp-block-cover__inner-container is-layout-flow wp-block-cover-is-layout-flow\">\n<h1 class=\"wp-block-heading has-text-align-center has-dch-white-color has-text-color has-link-color has-dch-brandon-grotesque-medium-font-family wp-elements-add6e6f38a79d5fb0895cfc48409986e\" style=\"font-size:4rem;letter-spacing:2px;text-transform:uppercase\">Aktivity<\/h1>\n\n\n\n<h2 class=\"wp-block-heading has-text-align-center has-dch-white-color has-text-color has-link-color has-dch-brandon-grotesque-regular-font-family has-large-font-size wp-elements-eeb7cf4a30925162c8b5714955d54489\" style=\"margin-top:var(--wp--preset--spacing--40);margin-bottom:var(--wp--preset--spacing--20);letter-spacing:1.2px;text-transform:uppercase\">v na\u0161em regionu<\/h2>\n<\/div><\/div>\n\n\n\n<div style=\"height:40px\" aria-hidden=\"true\" class=\"wp-block-spacer\"><\/div>\n\n\n\n<h2 class=\"wp-block-heading has-text-align-center has-dch-blue-color has-text-color has-link-color has-dch-brandon-grotesque-medium-font-family has-x-large-font-size wp-elements-643b779779d20a00493686c339603fab\" style=\"padding-top:0;padding-bottom:var(--wp--preset--spacing--60);letter-spacing:1.2px;line-height:1.2;text-transform:uppercase\">P\u0158\u00cdJEMN\u00c1 dovolen\u00e1 <br>v oblasti Weinviertel<\/h2>\n\n\n\n<div class=\"wp-block-group is-layout-constrained wp-block-group-is-layout-constrained\">\n<div class=\"wp-block-columns is-layout-flex wp-container-core-columns-is-layout-28f84493 wp-block-columns-is-layout-flex\">\n<div class=\"wp-block-column is-layout-flow wp-block-column-is-layout-flow\" style=\"flex-basis:33.33%\">\n<figure class=\"wp-block-image size-full\"><img loading=\"lazy\" decoding=\"async\" width=\"1200\" height=\"800\" src=\"https:\/\/www.therme-laa.at\/wp-content\/uploads\/2023\/12\/Radfahren_Weinviertel_-Daniel-Gammert.webp\" alt=\"\" class=\"wp-image-4127\" srcset=\"https:\/\/www.therme-laa.at\/wp-content\/uploads\/2023\/12\/Radfahren_Weinviertel_-Daniel-Gammert.webp 1200w, https:\/\/www.therme-laa.at\/wp-content\/uploads\/2023\/12\/Radfahren_Weinviertel_-Daniel-Gammert-300x200.webp 300w, https:\/\/www.therme-laa.at\/wp-content\/uploads\/2023\/12\/Radfahren_Weinviertel_-Daniel-Gammert-1024x683.webp 1024w, https:\/\/www.therme-laa.at\/wp-content\/uploads\/2023\/12\/Radfahren_Weinviertel_-Daniel-Gammert-768x512.webp 768w\" sizes=\"auto, (max-width: 1200px) 100vw, 1200px\" \/><\/figure>\n<\/div>\n\n\n\n<div class=\"wp-block-column is-layout-flow wp-block-column-is-layout-flow\" style=\"flex-basis:66.66%\">\n<h3 class=\"wp-block-heading has-dch-blue-color has-text-color has-link-color has-dch-brandon-grotesque-regular-font-family has-large-font-size wp-elements-00716dc6a81a7964daa3329878509c31\" style=\"line-height:1.2\">Objevujte a u\u017e\u00edvejte si region.<\/h3>\n\n\n\n<p style=\"margin-top:var(--wp--preset--spacing--40);margin-bottom:var(--wp--preset--spacing--40)\">Pono\u0159te se do kr\u00e1s regionu Weinviertel a vyzkou\u0161ejte rozmanit\u00e9 aktivity v bl\u00edzkosti term\u00e1ln\u00edch l\u00e1zn\u00ed Laa.<\/p>\n<\/div>\n<\/div>\n<\/div>\n\n\n\n<figure class=\"wp-block-image alignfull size-full\"><img loading=\"lazy\" decoding=\"async\" width=\"2000\" height=\"530\" src=\"https:\/\/www.therme-laa.at\/wp-content\/uploads\/2023\/12\/aktivitaeten-polaroids.webp\" alt=\"\" class=\"wp-image-4122\" srcset=\"https:\/\/www.therme-laa.at\/wp-content\/uploads\/2023\/12\/aktivitaeten-polaroids.webp 2000w, https:\/\/www.therme-laa.at\/wp-content\/uploads\/2023\/12\/aktivitaeten-polaroids-300x80.webp 300w, https:\/\/www.therme-laa.at\/wp-content\/uploads\/2023\/12\/aktivitaeten-polaroids-1024x271.webp 1024w, https:\/\/www.therme-laa.at\/wp-content\/uploads\/2023\/12\/aktivitaeten-polaroids-768x204.webp 768w, https:\/\/www.therme-laa.at\/wp-content\/uploads\/2023\/12\/aktivitaeten-polaroids-1536x407.webp 1536w\" sizes=\"auto, (max-width: 2000px) 100vw, 2000px\" \/><\/figure>\n\n\n\n<div style=\"height:var(--wp--preset--spacing--60)\" aria-hidden=\"true\" class=\"wp-block-spacer\"><\/div>\n\n\n\n\n<section id=\"slider-block_e66d3fba8ac53b5520cf12a9c57dfbff\" class=\"slider alignfull w-full h-full relative mt-7 mb-16\">\n\n    <div class=\"swiper-wrapper\">\n\t\t\t\t\t\t                    <article class=\"swiper-slide 1 relative\">\n                        <div class=\"image-container\">\n\t\t\t\t\t\t\t<img loading=\"lazy\" decoding=\"async\" width=\"1900\" height=\"1200\" src=\"https:\/\/www.therme-laa.at\/wp-content\/uploads\/2023\/12\/falkenstein-1900x1200-is.webp\" class=\"w-full object-cover\" alt=\"Aussicht auf die Burgruine Falkenstein\" srcset=\"https:\/\/www.therme-laa.at\/wp-content\/uploads\/2023\/12\/falkenstein-1900x1200-is.webp 1900w, https:\/\/www.therme-laa.at\/wp-content\/uploads\/2023\/12\/falkenstein-1900x1200-is-300x189.webp 300w, https:\/\/www.therme-laa.at\/wp-content\/uploads\/2023\/12\/falkenstein-1900x1200-is-768x485.webp 768w, https:\/\/www.therme-laa.at\/wp-content\/uploads\/2023\/12\/falkenstein-1900x1200-is-1536x970.webp 1536w\" sizes=\"auto, (max-width: 1900px) 100vw, 1900px\" \/>                        <\/div>\n                        <main class=\"content bg-white\">\n                            <div class=\"inner-content relative\">\n\t\t\t\t\t\t\t\t                                <div class=\"pagination md:mb-8 text-gold text-6xl\">1<span class=\"mx-2\">\/<\/span>2\n                                <\/div>\n                                <h3 class=\"text-xl md:text-3xl text-blue-200\">\n\t\t\t\t\t\t\t\t\tDOVOLEN\u00c1 VE VINA\u0158SK\u00c9 OBLASTI                                <\/h3>\n                                <hr class=\"bg-blue-200 bg-opacity-50 w-1\/3 h-1 border-0\">\n                                <h4 class=\"text-base text-blue-200 font-medium\">\n\t\t\t\t\t\t\t\t\tTURISMUS V OBLASTI WEINVIERTEL                                <\/h4>\n                                <p class=\"text-lg font-thin text-black font-BrandonGrotesque_regular\">\n\t\t\t\t\t\t\t\t\tJak dob\u0159e zn\u00e1te region Weinviertel?? Zjist\u011bte v\u00edce o na\u0161em regionu Weinviertel.                                <\/p>\n\t\t\t\t\t\t\t\t                                        <a class=\"btn btn-white bg-gold transition-colors hover:opacity-90 mt-4\" href=\"https:\/\/www.weinviertel.at\/\" target=\"_blank\" style=\"background-color: #9F8B75;\" rel=\"noopener\">\n\t\t\t\t\t\t\t\t\t\t\tZa\u017eijte Weinviertel                                        <\/a>\n\t\t\t\t\t\t\t\t\t                            <\/div>\n                        <\/main>\n                    <\/article>\n\t\t\t\t\t                    <article class=\"swiper-slide 1 relative\">\n                        <div class=\"image-container\">\n\t\t\t\t\t\t\t<img loading=\"lazy\" decoding=\"async\" width=\"2560\" height=\"1704\" src=\"https:\/\/www.therme-laa.at\/wp-content\/uploads\/2023\/12\/02-\u00a9-Robert-Herbst-scaled.webp\" class=\"w-full object-cover\" alt=\"Bild von zwei Personen auf Fahrr\u00e4dern, die durch die Weinviertler Kellergassen radeln\" srcset=\"https:\/\/www.therme-laa.at\/wp-content\/uploads\/2023\/12\/02-\u00a9-Robert-Herbst-scaled.webp 2560w, https:\/\/www.therme-laa.at\/wp-content\/uploads\/2023\/12\/02-\u00a9-Robert-Herbst-scaled-300x200.webp 300w, https:\/\/www.therme-laa.at\/wp-content\/uploads\/2023\/12\/02-\u00a9-Robert-Herbst-scaled-768x511.webp 768w, https:\/\/www.therme-laa.at\/wp-content\/uploads\/2023\/12\/02-\u00a9-Robert-Herbst-scaled-1536x1022.webp 1536w, https:\/\/www.therme-laa.at\/wp-content\/uploads\/2023\/12\/02-\u00a9-Robert-Herbst-scaled-2048x1363.webp 2048w\" sizes=\"auto, (max-width: 2560px) 100vw, 2560px\" \/>                        <\/div>\n                        <main class=\"content bg-white\">\n                            <div class=\"inner-content relative\">\n\t\t\t\t\t\t\t\t                                <div class=\"pagination md:mb-8 text-gold text-6xl\">2<span class=\"mx-2\">\/<\/span>2\n                                <\/div>\n                                <h3 class=\"text-xl md:text-3xl text-blue-200\">\n\t\t\t\t\t\t\t\t\tCYKLISTIKA VE VINA\u0158SK\u00c9 OBLASTI                                <\/h3>\n                                <hr class=\"bg-blue-200 bg-opacity-50 w-1\/3 h-1 border-0\">\n                                <h4 class=\"text-base text-blue-200 font-medium\">\n\t\t\t\t\t\t\t\t\tZA\u017dIJTE REGION WEINVIERTEL                                <\/h4>\n                                <p class=\"text-lg font-thin text-black font-BrandonGrotesque_regular\">\n\t\t\t\t\t\t\t\t\tM\u00edrn\u011b kopcovit\u00e1 krajina Weinviertelu \u010din\u00ed j\u00edzdu na kole skute\u010dn\u00fdm pot\u011b\u0161en\u00edm. Zde najdete nejkr\u00e1sn\u011bj\u0161\u00ed cyklotrasy v okol\u00ed na\u0161eho st\u0159ediska.                                <\/p>\n\t\t\t\t\t\t\t\t                                        <a class=\"btn btn-white bg-gold transition-colors hover:opacity-90 mt-4\" href=\"https:\/\/www.therme-laa.at\/aktivitaet\/fahrrad-e-bike-verleih\/\" target=\"_self\" style=\"background-color: #9F8B75;\">\n\t\t\t\t\t\t\t\t\t\t\tNejkr\u00e1sn\u011bj\u0161\u00ed trasy                                        <\/a>\n\t\t\t\t\t\t\t\t\t                            <\/div>\n                        <\/main>\n                    <\/article>\n\t\t\t\t\t\t\t\t    <\/div>\n    <section class=\"flex flex-row arrows-sections\">\n        <div class=\"empty md:w-1\/2 lg:w-2\/3\"><\/div>\n        <article class=\"arrows\">\n            <button class=\"button-prev\" aria-label=\"button-prev\">\n                <svg fill=\"none\" class=\"w-8 h-8\" stroke=\"currentColor\" stroke-width=\"1.5\" viewBox=\"0 0 24 24\" xmlns=\"http:\/\/www.w3.org\/2000\/svg\"\n                     aria-hidden=\"true\">\n                    <path stroke-linecap=\"round\" stroke-linejoin=\"round\" d=\"M10.5 19.5L3 12m0 0l7.5-7.5M3 12h18\"><\/path>\n                <\/svg>\n            <\/button>\n            <button class=\"button-next\" aria-label=\"button-next\">\n                <svg fill=\"none\" class=\"w-8 h-8\" stroke=\"currentColor\" stroke-width=\"1.5\" viewBox=\"0 0 24 24\" xmlns=\"http:\/\/www.w3.org\/2000\/svg\"\n                     aria-hidden=\"true\">\n                    <path stroke-linecap=\"round\" stroke-linejoin=\"round\" d=\"M13.5 4.5L21 12m0 0l-7.5 7.5M21 12H3\"><\/path>\n                <\/svg>\n            <\/button>\n        <\/article>\n    <\/section>\n<\/section>\n\n\n<div style=\"height:40px\" aria-hidden=\"true\" class=\"wp-block-spacer\"><\/div>\n\n\n<section class=\"bg-white py-10 \">\n    <form id=\"filter-activity\" class=\"container flex flex-col items-center\">\n        <section class=\"category flex justify-center items-center flex-col md:flex-row max-w-screen-md\">\n            <div class=\"flex justify-center items-center w-full gap-6 flex-wrap\">\n                                        <label class=\"catagory flex-1 text-center min-w-fit\">\n                            <input class=\"hidden\" type=\"checkbox\" value=\"activity[]=125\" id=\"c-125\" name=\"n-125\">\n                            kulinarstvi                        <\/label>\n                                        <label class=\"catagory flex-1 text-center min-w-fit\">\n                            <input class=\"hidden\" type=\"checkbox\" value=\"activity[]=124\" id=\"c-124\" name=\"n-124\">\n                            kultura                        <\/label>\n                                        <label class=\"catagory flex-1 text-center min-w-fit\">\n                            <input class=\"hidden\" type=\"checkbox\" value=\"activity[]=122\" id=\"c-122\" name=\"n-122\">\n                            priroda                        <\/label>\n                                        <label class=\"catagory flex-1 text-center min-w-fit\">\n                            <input class=\"hidden\" type=\"checkbox\" value=\"activity[]=123\" id=\"c-123\" name=\"n-123\">\n                            sportovne                        <\/label>\n                            <\/div>\n        <\/section>\n    <\/form>\n<\/section>\n\n<section id=\"activity-content\" class=\"container grid grid-cols-1 md:grid-cols-2 xl:grid-cols-3 gap-6 mt-12\">\n    <div class=\"col-start-1 col-end-4\">\n        <svg class=\"w-28 h-28 m-auto\" xmlns=\"http:\/\/www.w3.org\/2000\/svg\" display=\"block\" preserveAspectRatio=\"xMidYMid\" viewBox=\"0 0 100 100\">\n            <circle cx=\"30\" cy=\"50\" r=\"20\" fill=\"#053147\">\n                <animate attributeName=\"cx\" begin=\"-0.5s\" dur=\"1s\" keyTimes=\"0;0.5;1\" repeatCount=\"indefinite\" values=\"30;70;30\" \/>\n            <\/circle>\n            <circle cx=\"70\" cy=\"50\" r=\"20\" fill=\"#857360\">\n                <animate attributeName=\"cx\" begin=\"0s\" dur=\"1s\" keyTimes=\"0;0.5;1\" repeatCount=\"indefinite\" values=\"30;70;30\" \/>\n            <\/circle>\n            <circle cx=\"30\" cy=\"50\" r=\"20\" fill=\"#053147\">\n                <animate attributeName=\"cx\" begin=\"-0.5s\" dur=\"1s\" keyTimes=\"0;0.5;1\" repeatCount=\"indefinite\" values=\"30;70;30\" \/>\n                <animate attributeName=\"fill-opacity\" calcMode=\"discrete\" dur=\"1s\" keyTimes=\"0;0.499;0.5;1\" repeatCount=\"indefinite\" values=\"0;0;1;1\" \/>\n            <\/circle>\n        <\/svg>\n    <\/div>\n<\/section>\n<div class=\"container flex justify-center items-center my-20\">\n    <div class=\"svg-loaging hidden\">\n        <svg class=\"w-28 h-28 m-auto\" xmlns=\"http:\/\/www.w3.org\/2000\/svg\" display=\"block\" preserveAspectRatio=\"xMidYMid\" viewBox=\"0 0 100 100\">\n            <circle cx=\"30\" cy=\"50\" r=\"20\" fill=\"#053147\">\n                <animate attributeName=\"cx\" begin=\"-0.5s\" dur=\"1s\" keyTimes=\"0;0.5;1\" repeatCount=\"indefinite\" values=\"30;70;30\" \/>\n            <\/circle>\n            <circle cx=\"70\" cy=\"50\" r=\"20\" fill=\"#857360\">\n                <animate attributeName=\"cx\" begin=\"0s\" dur=\"1s\" keyTimes=\"0;0.5;1\" repeatCount=\"indefinite\" values=\"30;70;30\" \/>\n            <\/circle>\n            <circle cx=\"30\" cy=\"50\" r=\"20\" fill=\"#053147\">\n                <animate attributeName=\"cx\" begin=\"-0.5s\" dur=\"1s\" keyTimes=\"0;0.5;1\" repeatCount=\"indefinite\" values=\"30;70;30\" \/>\n                <animate attributeName=\"fill-opacity\" calcMode=\"discrete\" dur=\"1s\" keyTimes=\"0;0.499;0.5;1\" repeatCount=\"indefinite\" values=\"0;0;1;1\" \/>\n            <\/circle>\n        <\/svg>\n    <\/div>\n    <button id=\"activity-loading\" class=\"bg-gold hidden text-base uppercase text-white hover:bg-opacity-80 transition-colors px-4 py-2 max-w-xs\">Mehr Angebote<\/button>\n<\/div>","protected":false},"excerpt":{"rendered":"<p>P\u0158\u00cdJEMN\u00c1 dovolen\u00e1 v oblasti Weinviertel Objevujte a u\u017e\u00edvejte si region. Pono\u0159te se do kr\u00e1s regionu Weinviertel a vyzkou\u0161ejte rozmanit\u00e9 aktivity v bl\u00edzkosti term\u00e1ln\u00edch l\u00e1zn\u00ed Laa.<\/p>\n","protected":false},"author":2,"featured_media":0,"parent":0,"menu_order":0,"comment_status":"closed","ping_status":"closed","template":"","meta":{"_acf_changed":false,"footnotes":""},"class_list":["post-13308","page","type-page","status-publish","hentry"],"acf":[],"_links":{"self":[{"href":"https:\/\/www.therme-laa.at\/cs\/wp-json\/wp\/v2\/pages\/13308","targetHints":{"allow":["GET"]}}],"collection":[{"href":"https:\/\/www.therme-laa.at\/cs\/wp-json\/wp\/v2\/pages"}],"about":[{"href":"https:\/\/www.therme-laa.at\/cs\/wp-json\/wp\/v2\/types\/page"}],"author":[{"embeddable":true,"href":"https:\/\/www.therme-laa.at\/cs\/wp-json\/wp\/v2\/users\/2"}],"replies":[{"embeddable":true,"href":"https:\/\/www.therme-laa.at\/cs\/wp-json\/wp\/v2\/comments?post=13308"}],"version-history":[{"count":13,"href":"https:\/\/www.therme-laa.at\/cs\/wp-json\/wp\/v2\/pages\/13308\/revisions"}],"predecessor-version":[{"id":17436,"href":"https:\/\/www.therme-laa.at\/cs\/wp-json\/wp\/v2\/pages\/13308\/revisions\/17436"}],"wp:attachment":[{"href":"https:\/\/www.therme-laa.at\/cs\/wp-json\/wp\/v2\/media?parent=13308"}],"curies":[{"name":"wp","href":"https:\/\/api.w.org\/{rel}","templated":true}]}}