{"id":27651,"date":"2025-11-20T13:00:09","date_gmt":"2025-11-20T13:00:09","guid":{"rendered":"https:\/\/www.therme-laa.at\/?post_type=offers&#038;p=27651"},"modified":"2026-01-22T15:00:28","modified_gmt":"2026-01-22T15:00:28","slug":"silent-jogova-nedele-s-bobi-malou-27-9-2026","status":"publish","type":"offers","link":"https:\/\/www.therme-laa.at\/cs\/angebote\/silent-jogova-nedele-s-bobi-malou-27-9-2026\/","title":{"rendered":"Silent j\u00f3gov\u00e1 ned\u011ble s Bobi Malou 27.9.2026"},"content":{"rendered":"\n<div class=\"wp-block-cover alignfull wp-elements-82ca116a2d73f7cadd38f28d9299dbac\" style=\"margin-top:0;padding-top:0px;padding-right:48px;padding-bottom:0px;padding-left:48px;min-height:75vh;aspect-ratio:unset;\"><img loading=\"lazy\" decoding=\"async\" width=\"2560\" height=\"1707\" class=\"wp-block-cover__image-background wp-image-27644 size-full\" alt=\"\" src=\"https:\/\/www.therme-laa.at\/wp-content\/uploads\/2025\/11\/D69A6061-Edit_HR-scaled.jpg\" data-object-fit=\"cover\" srcset=\"https:\/\/www.therme-laa.at\/wp-content\/uploads\/2025\/11\/D69A6061-Edit_HR-scaled.jpg 2560w, https:\/\/www.therme-laa.at\/wp-content\/uploads\/2025\/11\/D69A6061-Edit_HR-300x200.jpg 300w, https:\/\/www.therme-laa.at\/wp-content\/uploads\/2025\/11\/D69A6061-Edit_HR-768x512.jpg 768w, https:\/\/www.therme-laa.at\/wp-content\/uploads\/2025\/11\/D69A6061-Edit_HR-1536x1024.jpg 1536w, https:\/\/www.therme-laa.at\/wp-content\/uploads\/2025\/11\/D69A6061-Edit_HR-2048x1365.jpg 2048w\" sizes=\"auto, (max-width: 2560px) 100vw, 2560px\" \/><span aria-hidden=\"true\" class=\"wp-block-cover__background has-dch-gold-background-color has-background-dim-30 has-background-dim\"><\/span><div class=\"wp-block-cover__inner-container is-layout-flow wp-block-cover-is-layout-flow\">\n<h1 class=\"wp-block-heading has-text-align-center has-dch-white-color has-text-color has-link-color has-dch-brandon-grotesque-medium-font-family wp-elements-a7498ccc91bc0d6d0a93f48bc75b5da5\" style=\"font-size:5rem;letter-spacing:2px;text-transform:uppercase\">SILENT J\u00d3GOV\u00c1 NED\u011aLE S BOBI MALOU<\/h1>\n<\/div><\/div>\n\n\n\n<section class=\"wp-block-group alignfull under-nav-buttons has-dch-blue-background-color has-background is-layout-flow wp-container-core-group-is-layout-4fa898ef wp-block-group-is-layout-flow\" style=\"margin-top:0;margin-bottom:0;padding-top:0;padding-bottom:0\">\n<div class=\"wp-block-columns alignfull is-layout-flex wp-container-core-columns-is-layout-f0342b05 wp-block-columns-is-layout-flex\" style=\"margin-top:0;margin-bottom:0\">\n<div class=\"wp-block-column is-layout-flow wp-block-column-is-layout-flow\">\n<div class=\"wp-block-buttons has-custom-font-size has-medium-font-size is-content-justification-center is-layout-flex wp-container-core-buttons-is-layout-6f60eda8 wp-block-buttons-is-layout-flex\" style=\"margin-top:0\">\n<div class=\"wp-block-button\"><a class=\"wp-block-button__link has-dch-blue-therme-light-background-color has-background has-default-font-size has-custom-font-size wp-element-button\" href=\"#detail\" style=\"border-radius:0px;padding-top:var(--wp--preset--spacing--30);padding-right:var(--wp--preset--spacing--50);padding-bottom:var(--wp--preset--spacing--30);padding-left:var(--wp--preset--spacing--50)\">DETAILY<\/a><\/div>\n\n\n\n<div class=\"wp-block-button\"><a class=\"wp-block-button__link has-dch-blue-therme-light-background-color has-background has-default-font-size has-custom-font-size wp-element-button\" href=\"#contact\" style=\"border-radius:0px;padding-top:var(--wp--preset--spacing--30);padding-right:var(--wp--preset--spacing--50);padding-bottom:var(--wp--preset--spacing--30);padding-left:var(--wp--preset--spacing--50)\">POPT\u00c1VKA <\/a><\/div>\n<\/div>\n<\/div>\n<\/div>\n<\/section>\n\n\n\n<div style=\"height:50px\" aria-hidden=\"true\" class=\"wp-block-spacer\"><\/div>\n\n\n<nav class=\"breadcrumb w-full container mb-6 sm:mb-12 text-blue-200\">\n    <ol class=\"inline-flex items-center space-x-1 md:space-x-2\">\n\t\t                        <li>\n                            <div class=\"flex items-center uppercase\" style=\"color:#05405d\">\n                                <a class=\"ms-1 text-xs md:text-sm\" href=\"https:\/\/www.therme-laa.at\/angebote\/\" target=\"_self\">\n\t\t\t\t\t\t\t\t\tAngebote                                <\/a>\n                                <svg class=\"w-3 h-3 mx-1\" aria-hidden=\"true\" xmlns=\"http:\/\/www.w3.org\/2000\/svg\" fill=\"none\" viewBox=\"0 0 6 10\">\n                                    <path stroke=\"currentColor\" stroke-linecap=\"round\" stroke-linejoin=\"round\" stroke-width=\"2\" d=\"m1 9 4-4-4-4\"\/>\n                                <\/svg>\n                            <\/div>\n                        <\/li>\n\t\t\t\t\t                        <li>\n                            <div class=\"flex items-center uppercase\" style=\"color:#05405d\">\n                                <a class=\"ms-1 text-xs md:text-sm\" href=\"https:\/\/www.therme-laa.at\/hotel\/\" target=\"_self\">\n\t\t\t\t\t\t\t\t\tHotel                                <\/a>\n                                <svg class=\"w-3 h-3 mx-1\" aria-hidden=\"true\" xmlns=\"http:\/\/www.w3.org\/2000\/svg\" fill=\"none\" viewBox=\"0 0 6 10\">\n                                    <path stroke=\"currentColor\" stroke-linecap=\"round\" stroke-linejoin=\"round\" stroke-width=\"2\" d=\"m1 9 4-4-4-4\"\/>\n                                <\/svg>\n                            <\/div>\n                        <\/li>\n\t\t\t\t\t                        <li>\n                            <div class=\"flex items-center uppercase\" style=\"color:#05405d\">\n                                <a class=\"ms-1 text-xs md:text-sm\" href=\"#\" target=\"_self\">\n\t\t\t\t\t\t\t\t\tWelt-Yoga-Tag                                <\/a>\n                                <svg class=\"w-3 h-3 mx-1\" aria-hidden=\"true\" xmlns=\"http:\/\/www.w3.org\/2000\/svg\" fill=\"none\" viewBox=\"0 0 6 10\">\n                                    <path stroke=\"currentColor\" stroke-linecap=\"round\" stroke-linejoin=\"round\" stroke-width=\"2\" d=\"m1 9 4-4-4-4\"\/>\n                                <\/svg>\n                            <\/div>\n                        <\/li>\n\t\t\t\t\t    <\/ol>\n<\/nav>\n\n\n<div class=\"wp-block-group is-layout-constrained wp-block-group-is-layout-constrained\">\n<div class=\"wp-block-columns alignwide is-layout-flex wp-container-core-columns-is-layout-28f84493 wp-block-columns-is-layout-flex\">\n<div class=\"wp-block-column is-vertically-aligned-top is-layout-flow wp-block-column-is-layout-flow\" style=\"flex-basis:33.33%\"><article class=\"offer\">\n  <div class=\"relative\">\n    <div class=\"max-h-96 overflow-hidden flex justify-center items-center\">\n      <img loading=\"lazy\" decoding=\"async\" width=\"768\" height=\"768\" src=\"https:\/\/www.therme-laa.at\/wp-content\/uploads\/2025\/11\/na-svatky-do-tepla-960-x-960-px-2-768x768.png\" class=\"\" alt=\"\" srcset=\"https:\/\/www.therme-laa.at\/wp-content\/uploads\/2025\/11\/na-svatky-do-tepla-960-x-960-px-2-768x768.png 768w, https:\/\/www.therme-laa.at\/wp-content\/uploads\/2025\/11\/na-svatky-do-tepla-960-x-960-px-2-300x300.png 300w, https:\/\/www.therme-laa.at\/wp-content\/uploads\/2025\/11\/na-svatky-do-tepla-960-x-960-px-2-150x150.png 150w, https:\/\/www.therme-laa.at\/wp-content\/uploads\/2025\/11\/na-svatky-do-tepla-960-x-960-px-2-800x800.png 800w, https:\/\/www.therme-laa.at\/wp-content\/uploads\/2025\/11\/na-svatky-do-tepla-960-x-960-px-2.png 960w\" sizes=\"auto, (max-width: 768px) 100vw, 768px\" \/>    <\/div>\n    <div class=\"absolute -bottom-4 right-4\">\n      <p class=\"!text-white text-[14px] !font-bold text-center py-10 px-6 bg-blue-200 uppercase\" style=\"background-color: #05405d\">\n        J\u00d3GA &#038; Wellness den      <\/p>\n    <\/div>\n  <\/div>\n  <main class=\"p-4 bg-white\" style=\"background-color: #FFFFFFF;\">\n    <span class=\"font-BrandonGrotesque_regular text-blue text-base uppercase\">SILENT SPA<\/span>\n    <h3 class=\"font-bold text-blue-200 text-xl uppercase mb-1 min-h-[56px] uppercase overflow-hidden\">SILENT J\u00d3GOV\u00c1 NED\u011aLE S BOBI MALOU &#8211; 27.9.2026<\/h3>\n    <div class=\"excerpt\">\n      Bobi cvi\u010d\u00ed j\u00f3gu bez m\u00e1la dvacet let a \u010d\u00edm d\u00e9le se j\u00ed zab\u00fdv\u00e1, zji\u0161\u0165uje, \u017ee se vytr\u00e1c\u00ed hranice mezi pojmy \u017eivot a j\u00f3ga.    <\/div>\n    <hr class=\"sparator-smail\">\n    <div class=\"mt-2 text-blue-200 text-xl\">\u20ac 141 na osobu<\/div>\n    <footer class=\"mt-4 flex flex-col\">\n                  <a class=\"card-btn mb-4\" href=\"#contact\" target=\"_self\" style=\"background-color: #9f8b75;\">Popt\u00e1vka<\/a>\n                  <a class=\"card-btn mb-4\" href=\"https:\/\/www.therme-laa.at\/cs\/angebote\/jogove-terminy-2025-r\/\" target=\"_self\" style=\"background-color: #9f8b75;\">V\u00edce nab\u00eddek<\/a>\n          <\/footer>\n  <\/main>\n<\/article><\/div>\n\n\n\n<div class=\"wp-block-column is-layout-flow wp-block-column-is-layout-flow\" style=\"flex-basis:66.66%\">\n<h2 class=\"wp-block-heading has-dch-blue-color has-text-color has-link-color has-xx-large-font-size wp-elements-358ea3e2aa27ef18f7628d9c9469ef7a\" id=\"detail\" style=\"margin-top:0;margin-bottom:var(--wp--preset--spacing--50)\">Silent j\u00f3gov\u00e1 ned\u011ble s Bobi Malou <\/h2>\n\n\n\n<p class=\"has-dch-brandon-grotesque-bold-font-family has-medium-font-size\">Darujte si \u010das. Darujte si den jen a pouze pro sebe. <\/p>\n\n\n\n<p><\/p>\n\n\n\n<p class=\"has-medium-font-size\">Setk\u00e1n\u00ed a check-in prob\u00edhaj\u00ed na hotelov\u00e9 recepci v 8:30.<br>Prvn\u00ed lekce j\u00f3gy v \u010desk\u00e9m jazyce se kon\u00e1 od 8:45 do 9:45. Pot\u00e9 si vychutnejte vydatnou sn\u00eddani \u2013 sn\u00edda\u0148ov\u00fd bufet v SILENT SPA je p\u0159ipraven z region\u00e1ln\u00edch produkt\u016f m\u00edstn\u00edch dodavatel\u016f a je v\u00e1m k dispozici a\u017e do 13:00.<br>V SILENT SPA na v\u00e1s \u010dek\u00e1 va\u0161e osobn\u00ed leh\u00e1tko rezervovan\u00e9 na va\u0161e jm\u00e9no.<br>Odpoledn\u00ed lekce j\u00f3gy prob\u011bhne od 15:00 do 16:00.<br>Ve\u010dern\u00ed blok za\u010d\u00edn\u00e1 v 18:00.<br>Lekce j\u00f3gy jsou vhodn\u00e9 jak pro za\u010d\u00e1te\u010dn\u00edky, tak i pro pokro\u010dil\u00e9.<br>Po cel\u00fd den si m\u016f\u017eete u\u017e\u00edvat exkluzivn\u00ed hotelov\u00e9 l\u00e1zn\u011b, cel\u00e9 term\u00e1ln\u00ed l\u00e1zn\u011b, velkolep\u00fd saunov\u00fd sv\u011bt s baz\u00e9ny a samoz\u0159ejm\u011b pr\u00e9miov\u00e9 magick\u00e9 SILENT SPA.<\/p>\n\n\n\n<p class=\"has-medium-font-size\"><\/p>\n\n\n\n<p class=\"has-medium-font-size\"><\/p>\n\n\n\n<p><\/p>\n\n\n\n<p><strong>Dop\u0159ejte si den pln\u00fd harmonie, klidu a uvoln\u011bn\u00ed.<br>\u010cek\u00e1 v\u00e1s hluboce vy\u017eivuj\u00edc\u00ed j\u00f3gov\u00fd program, kter\u00fd propojuje jemn\u00fd pohyb, dech a meditaci. Tento den je navr\u017een tak, aby podpo\u0159il va\u0161e t\u011blo, zklidnil mysl a p\u0159inesl v\u00e1m pocit vnit\u0159n\u00ed lehkosti.<\/strong><\/p>\n\n\n\n<ul class=\"wp-block-list\">\n<li class=\"has-medium-font-size\"><strong>Jemn\u00e1 a v\u011bdom\u00e1 j\u00f3gov\u00e1 praxe vhodn\u00e1 pro v\u0161echny \u00farovn\u011b<\/strong>, zam\u011b\u0159en\u00e1 na uvoln\u011bn\u00ed sval\u016f, zv\u00fd\u0161en\u00ed flexibility a probuzen\u00ed energie v t\u011ble<\/li>\n\n\n\n<li class=\"has-medium-font-size\"><strong>Pr\u00e1ce s dechem<\/strong>, kter\u00e1 pom\u016f\u017ee prohloubit koncentraci a zlep\u0161it propojen\u00ed se sebou sam\u00fdm<\/li>\n\n\n\n<li class=\"has-medium-font-size\"><strong>Veden\u00e1 meditace<\/strong>, kter\u00e1 zklidn\u00ed mysl, pos\u00edl\u00ed v\u0161\u00edmavost a obnov\u00ed vnit\u0159n\u00ed rovnov\u00e1hu<\/li>\n\n\n\n<li class=\"has-medium-font-size\"><strong>Relaxace<\/strong>, d\u00edky n\u00ed\u017e poc\u00edt\u00edte skute\u010dn\u00e9 uvoln\u011bn\u00ed a regeneraci<\/li>\n<\/ul>\n\n\n\n<p>\ud83c\udf38 <strong>Tento den je ide\u00e1ln\u00ed pro ka\u017ed\u00e9ho, kdo chce zpomalit, znovu naj\u00edt sv\u016fj st\u0159ed a dop\u0159\u00e1t si prostor jen pro sebe.<\/strong><\/p>\n\n\n\n<p class=\"has-medium-font-size\"><br><\/p>\n\n\n\n<p><\/p>\n\n\n\n<p class=\"has-medium-font-size\">Rezervace nutn\u00e1 +43 2522\/84 700 733 nebo <a href=\"mailto:hotel@therme-laa.at\" target=\"_blank\" rel=\"noreferrer noopener\">yoga@therme-laa.at<\/a>. Limitovan\u00fd po\u010det m\u00edst<br>Check-in na HOTELOV\u00c9 RECEPCI, kde obdr\u017e\u00edte pl\u00e1\u017eovou ta\u0161ku s \u017eupanem a ru\u010dn\u00edkem. M\u016f\u017eete si p\u0159in\u00e9st i svou j\u00f3gamatku nebo V\u00e1m r\u00e1di zap\u016fj\u010dime na\u0161i. Doporu\u010dujeme j\u00f3gov\u00fd od\u011bv pro lekce. .<br>Lekce je v \u010desk\u00e9m jazyce.<\/p>\n\n\n\n<p class=\"has-medium-font-size\"><\/p>\n\n\n\n<div style=\"height:20px\" aria-hidden=\"true\" class=\"wp-block-spacer\"><\/div>\n\n\n\n<div class=\"wp-block-group is-layout-constrained wp-block-group-is-layout-constrained\"><\/div>\n\n\n\n<div class=\"wp-block-group is-layout-constrained wp-block-group-is-layout-constrained\">\n<h6 class=\"wp-block-heading has-medium-font-size\" style=\"padding-top:var(--wp--preset--spacing--30);padding-bottom:var(--wp--preset--spacing--30)\">SILENT J\u00d3GOV\u00c1 NED\u011aLE BAL\u00cd\u010cEK:<\/h6>\n\n\n\n<ul style=\"line-height:1.5\" class=\"wp-block-list has-link-color has-dch-brandon-grotesque-regular-font-family has-medium-font-size wp-elements-3a34ee0d76521ed7e89ff63eff82fba9\">\n<li><strong>Bohat\u00e1 sn\u00eddan\u011b v Silent Spa<\/strong><\/li>\n\n\n\n<li><strong>V\u0161echny j\u00f3gov\u00e9 lekce<\/strong><\/li>\n\n\n\n<li><strong>Zap\u016fj\u010den\u00ed ta\u0161ky s \u017eupanem a ru\u010dn\u00edkem <\/strong><\/li>\n\n\n\n<li><strong>Vyu\u017eit\u00ed term\u00e1ln\u00edch l\u00e1zn\u00ed<\/strong><\/li>\n\n\n\n<li><strong>Vyu\u017eit\u00ed hotelov\u00e9ho spa<\/strong><\/li>\n\n\n\n<li><strong>Vyu\u017eit\u00ed saunov\u00e9ho sv\u011bta<\/strong><\/li>\n\n\n\n<li><strong>Vyu\u017eit\u00ed cardio fitness centra<\/strong><\/li>\n\n\n\n<li><strong>Vstup do Silent Spa se v\u0161emi jeho bonusy<\/strong><\/li>\n\n\n\n<li>Osobn\u00ed leh\u00e1tko v SILENT SPA<\/li>\n<\/ul>\n\n\n\n<p class=\"has-medium-font-size\"><br><\/p>\n<\/div>\n<\/div>\n<\/div>\n<\/div>\n\n\n\n<details class=\"wp-block-details has-dch-blue-color has-dch-white-background-color has-text-color has-background has-link-color has-dch-brandon-grotesque-medium-font-family wp-elements-127d16bd730781b42ddb4ba79f0236a9 is-layout-flow wp-block-details-is-layout-flow\" style=\"font-size:1.35rem\"><summary>Kdo je Bobi Mal\u00e1<\/summary>\n<div style=\"height:30px\" aria-hidden=\"true\" class=\"wp-block-spacer\"><\/div>\n\n\n\n<p>Bobi za\u010d\u00ednala jako knihovnice \u2013 obklopen\u00e1 sv\u011btem ticha, p\u0159\u00edb\u011bh\u016f a hloubky. Pohyb ji v\u0161ak v\u017edy p\u0159itahoval, a tak se postupn\u011b p\u0159es aerobik a fitness sv\u011bt dostala k hled\u00e1n\u00ed zdrav\u011bj\u0161\u00edho \u017eivotn\u00edho stylu. Bolestiv\u00e1 osobn\u00ed zku\u0161enost ji p\u0159ivedla k hlub\u0161\u00edmu z\u00e1jmu o zdravou v\u00fd\u017eivu a p\u00e9\u010di o t\u011blo. A pr\u00e1v\u011b tehdy objevila j\u00f3gu \u2013 sv\u011bt, kter\u00fd si ji zcela z\u00edskal.<\/p>\n\n\n\n<p><strong>J\u00f3ga se stala jej\u00ed v\u00e1\u0161n\u00ed, cestou a zdrojem rovnov\u00e1hy.<\/strong> Ve sv\u00e9 praxi propojuje jemnost, uv\u011bdom\u011blost a respekt k vlastn\u00edmu t\u011blu. Jej\u00ed lekce jsou veden\u00e9 klidem, p\u0159irozenost\u00ed a hlubokou empati\u00ed, d\u00edky kter\u00fdm ji jej\u00ed \u017e\u00e1ci miluj\u00ed.<\/p>\n\n\n\n<p><strong>Je oce\u0148ovan\u00e1 pro sv\u016fj vnit\u0159n\u00ed klid, soust\u0159ed\u011bnost a vyrovnanost.<\/strong> Dok\u00e1\u017ee vytvo\u0159it bezpe\u010dn\u00fd a p\u0159\u00edjemn\u00fd prostor, kde se ka\u017ed\u00fd m\u016f\u017ee nadechnout, uvolnit a b\u00fdt s\u00e1m sebou. Jej\u00ed p\u0159\u00edtomnost p\u0159in\u00e1\u0161\u00ed nesm\u00edrn\u00fd m\u00edr do du\u0161\u00ed v\u0161ech, kte\u0159\u00ed se s n\u00ed setkaj\u00ed.<\/p>\n\n\n\n<p><strong>J\u00f3ga s n\u00ed nen\u00ed jen fyzick\u00e1 praxe \u2013 je to n\u00e1vrat k sob\u011b, k harmonii a k vnit\u0159n\u00edmu tichu.<\/strong><\/p>\n\n\n\n<p><\/p>\n\n\n\n<p><\/p>\n\n\n\n<p><\/p>\n\n\n\n<p><\/p>\n<\/details>\n","protected":false},"excerpt":{"rendered":"<p>Bobi je oce\u0148ovan\u00e1 pro sv\u016fj vnit\u0159n\u00ed klid, soust\u0159ed\u011bnost a vyrovnanost. Dok\u00e1\u017ee vytvo\u0159it bezpe\u010dn\u00fd a p\u0159\u00edjemn\u00fd prostor, kde se ka\u017ed\u00fd m\u016f\u017ee nadechnout, uvolnit a b\u00fdt s\u00e1m sebou. Jej\u00ed p\u0159\u00edtomnost p\u0159in\u00e1\u0161\u00ed nesm\u00edrn\u00fd m\u00edr do du\u0161\u00ed v\u0161ech, kte\u0159\u00ed se s n\u00ed setkaj\u00ed.<\/p>\n","protected":false},"author":19,"featured_media":28452,"parent":0,"template":"","meta":{"_acf_changed":true},"tags":[114],"offer":[117],"class_list":["post-27651","offers","type-offers","status-publish","has-post-thumbnail","hentry","tag-joga","offer-silent-spa-cs"],"acf":{"popular_offer":false,"price_pro_person":"\u20ac141<\/strong> na osobu","text_in_image":"J\u00f3ga & Wellness den","has_link_to_shop":false,"shop_link":null,"additional_link":"0","subtitle":"Silent Spa","redirect_to":null,"popular_offer_text":false},"featured_image_src":"https:\/\/www.therme-laa.at\/wp-content\/uploads\/2025\/11\/800x800-Angebot-Beitragsbild-6.png","_links":{"self":[{"href":"https:\/\/www.therme-laa.at\/cs\/wp-json\/wp\/v2\/offers\/27651","targetHints":{"allow":["GET"]}}],"collection":[{"href":"https:\/\/www.therme-laa.at\/cs\/wp-json\/wp\/v2\/offers"}],"about":[{"href":"https:\/\/www.therme-laa.at\/cs\/wp-json\/wp\/v2\/types\/offers"}],"author":[{"embeddable":true,"href":"https:\/\/www.therme-laa.at\/cs\/wp-json\/wp\/v2\/users\/19"}],"wp:featuredmedia":[{"embeddable":true,"href":"https:\/\/www.therme-laa.at\/cs\/wp-json\/wp\/v2\/media\/28452"}],"wp:attachment":[{"href":"https:\/\/www.therme-laa.at\/cs\/wp-json\/wp\/v2\/media?parent=27651"}],"wp:term":[{"taxonomy":"post_tag","embeddable":true,"href":"https:\/\/www.therme-laa.at\/cs\/wp-json\/wp\/v2\/tags?post=27651"},{"taxonomy":"offer","embeddable":true,"href":"https:\/\/www.therme-laa.at\/cs\/wp-json\/wp\/v2\/offer?post=27651"}],"curies":[{"name":"wp","href":"https:\/\/api.w.org\/{rel}","templated":true}]}}