{"id":18106,"date":"2024-06-06T11:18:41","date_gmt":"2024-06-06T11:18:41","guid":{"rendered":"https:\/\/www.therme-laa.at\/?post_type=offers&#038;p=18106"},"modified":"2025-04-08T12:07:22","modified_gmt":"2025-04-08T12:07:22","slug":"hotel-day-spa-akce","status":"publish","type":"offers","link":"https:\/\/www.therme-laa.at\/cs\/angebote\/hotel-day-spa-akce\/","title":{"rendered":"DAY SPA"},"content":{"rendered":"\n<div class=\"wp-block-cover alignfull is-light\" style=\"margin-top:0;padding-top:0px;padding-right:50px;padding-bottom:0px;padding-left:50px;min-height:500px;aspect-ratio:unset;\"><span aria-hidden=\"true\" class=\"wp-block-cover__background has-dch-primary-background-color has-background-dim-20 has-background-dim\"><\/span><img loading=\"lazy\" decoding=\"async\" width=\"1900\" height=\"1200\" class=\"wp-block-cover__image-background wp-image-2715\" alt=\"\" src=\"https:\/\/www.therme-laa.at\/wp-content\/uploads\/2023\/12\/HotelSpaPool_header_1900x1200.webp\" data-object-fit=\"cover\" srcset=\"https:\/\/www.therme-laa.at\/wp-content\/uploads\/2023\/12\/HotelSpaPool_header_1900x1200.webp 1900w, https:\/\/www.therme-laa.at\/wp-content\/uploads\/2023\/12\/HotelSpaPool_header_1900x1200-300x189.webp 300w, https:\/\/www.therme-laa.at\/wp-content\/uploads\/2023\/12\/HotelSpaPool_header_1900x1200-1024x647.webp 1024w, https:\/\/www.therme-laa.at\/wp-content\/uploads\/2023\/12\/HotelSpaPool_header_1900x1200-768x485.webp 768w, https:\/\/www.therme-laa.at\/wp-content\/uploads\/2023\/12\/HotelSpaPool_header_1900x1200-1536x970.webp 1536w\" sizes=\"auto, (max-width: 1900px) 100vw, 1900px\" \/><div class=\"wp-block-cover__inner-container is-layout-flow wp-block-cover-is-layout-flow\">\n<h1 class=\"wp-block-heading has-text-align-center has-dch-white-color has-text-color has-link-color has-dch-brandon-grotesque-medium-font-family wp-elements-5f5459499b42aaecc1ac425d848e0935\" style=\"font-size:4rem;letter-spacing:2px;text-transform:uppercase\">jednodenn\u00ed dovolen\u00e1<\/h1>\n\n\n\n<h2 class=\"wp-block-heading has-text-align-center has-dch-white-color has-text-color has-link-color has-dch-brandon-grotesque-regular-font-family has-large-font-size wp-elements-a3ae652c66fc080b6dfd4fb7dc0af86f\" style=\"margin-top:var(--wp--preset--spacing--40);margin-bottom:var(--wp--preset--spacing--20);letter-spacing:1.2px;text-transform:uppercase\"><\/h2>\n<\/div><\/div>\n\n\n\n<div style=\"height:40px\" aria-hidden=\"true\" class=\"wp-block-spacer\"><\/div>\n\n\n\n<h2 class=\"wp-block-heading has-text-align-center has-dch-blue-color has-text-color has-link-color has-dch-brandon-grotesque-medium-font-family has-x-large-font-size wp-elements-483eb3ed281ef76b3c42b482ea2bf66f\" style=\"padding-top:0;padding-bottom:var(--wp--preset--spacing--60);letter-spacing:1.2px;line-height:1.2;text-transform:uppercase\"><\/h2>\n\n\n\n<div class=\"wp-block-group is-layout-constrained wp-block-group-is-layout-constrained\">\n<div class=\"wp-block-columns is-layout-flex wp-container-core-columns-is-layout-28f84493 wp-block-columns-is-layout-flex\">\n<div class=\"wp-block-column is-layout-flow wp-block-column-is-layout-flow\" style=\"flex-basis:33.33%\">\n<figure class=\"wp-block-image size-full\"><img loading=\"lazy\" decoding=\"async\" width=\"500\" height=\"500\" src=\"https:\/\/www.therme-laa.at\/wp-content\/uploads\/2024\/06\/Hotel-Day-Spa-Juni-Aktion-500-x-500-px-7.jpg\" alt=\"\" class=\"wp-image-23592\" srcset=\"https:\/\/www.therme-laa.at\/wp-content\/uploads\/2024\/06\/Hotel-Day-Spa-Juni-Aktion-500-x-500-px-7.jpg 500w, https:\/\/www.therme-laa.at\/wp-content\/uploads\/2024\/06\/Hotel-Day-Spa-Juni-Aktion-500-x-500-px-7-300x300.jpg 300w, https:\/\/www.therme-laa.at\/wp-content\/uploads\/2024\/06\/Hotel-Day-Spa-Juni-Aktion-500-x-500-px-7-150x150.jpg 150w\" sizes=\"auto, (max-width: 500px) 100vw, 500px\" \/><\/figure>\n<\/div>\n\n\n\n<div class=\"wp-block-column is-layout-flow wp-block-column-is-layout-flow\" style=\"flex-basis:66.66%\">\n<h3 class=\"wp-block-heading has-dch-blue-color has-text-color has-link-color has-dch-brandon-grotesque-regular-font-family has-large-font-size wp-elements-ad12748e63c608b3ae783c0d0da9d961\" style=\"line-height:1.2\">Day Spa &#8211; V\u00e1\u0161 z\u00e1\u017eitek v hotelu bez p\u0159esp\u00e1n\u00ed<\/h3>\n\n\n\n<p style=\"margin-top:var(--wp--preset--spacing--40);margin-bottom:var(--wp--preset--spacing--40)\">D\u00edky t\u00e9to nab\u00eddce se m\u016f\u017eete c\u00edtit jako hotelov\u00fd host, ani\u017e byste na hotelu p\u0159esp\u00e1vali. Na hotelov\u00e9 recepci, kde se p\u0159ihl\u00e1site, obdr\u017e\u00edte kl\u00ed\u010dky od hotelov\u00e9 \u0161atny, pl\u00e1\u017eovou ta\u0161ku s \u017eupanem a ru\u010dn\u00edky a na\u0161i recep\u010dn\u00ed V\u00e1m r\u00e1di vysv\u011btl\u00ed, jak to u n\u00e1s chod\u00ed. T\u011b\u0161it se m\u016f\u017eete tak\u00e9 na kulin\u00e1\u0159sk\u00fd z\u00e1\u017eitek v podob\u011b sn\u00eddan\u011b nebo ve\u010de\u0159e (podle toho, kter\u00fd bal\u00ed\u010dek si vyberete) v na\u0161\u00ed hotelov\u00e9 restauraci. Cel\u00fd den a\u017e do ve\u010dera m\u016f\u017eete str\u00e1vit relaxem v hotelov\u00e9m spa, v term\u00e1ln\u00edch l\u00e1zn\u00edch a v saunov\u00e9m sv\u011bt\u011b. Hotelov\u00e9 spa je ur\u010deno exkluzivn\u011b hotelov\u00fdm host\u016fm a tak\u00e9 V\u00e1m, proto\u017ee jste n\u00e1\u0161 DAY SPA host. Naleznete zde term\u00e1ln\u00ed panoramatick\u00fd baz\u00e9n s \u00fachvatn\u00fdmi v\u00fdhledy a odpo\u010dinkovou z\u00f3nou, finskou saunu, parn\u00ed l\u00e1ze\u0148, sanarium a tak\u00e9 venkovn\u00ed v\u00ed\u0159ivku. <\/p>\n\n\n\n<p>Zkombinujte jednodenn\u00ed wellness dovolenou s kulin\u00e1\u0159sk\u00fdm z\u00e1\u017eitkem!<\/p>\n\n\n\n<p><\/p>\n\n\n\n<h6 class=\"wp-block-heading has-medium-font-size\" style=\"padding-top:var(--wp--preset--spacing--30);padding-bottom:var(--wp--preset--spacing--30)\">V CEN\u011a JE ZAHRNUTO:<\/h6>\n\n\n\n<ul style=\"font-style:normal;font-weight:400;line-height:1.5\" class=\"wp-block-list has-link-color has-dch-brandon-grotesque-regular-font-family has-medium-font-size wp-elements-e15459a1fc85bdaaef5f638b856362b9\">\n<li>Welcome-Drink<\/li>\n\n\n\n<li>bohat\u00e1 sn\u00eddan\u011b nebo ve\u010de\u0159e v hotelov\u00e9 restauraci<\/li>\n\n\n\n<li>Zap\u016fj\u010den\u00ed pl\u00e1\u017eov\u00e9 ta\u0161ky s \u017eupanem a ru\u010dn\u00edky po celou dobu Va\u0161eho pobytu<\/li>\n\n\n\n<li>Hotelov\u00e9 spa s baz\u00e9nem, finskou saunou, parn\u00ed l\u00e1zn\u00ed, sanariem a venkovn\u00ed v\u00ed\u0159ivkou<\/li>\n\n\n\n<li>Vstup do p\u0159\u00edmo napojen\u00fdch term\u00e1ln\u00edch l\u00e1zn\u00ed (vstup pro hotelov\u00e9 a day spa hosty mo\u017en\u00fd 30min. d\u0159\u00edve)<\/li>\n\n\n\n<li>Vyu\u017eit\u00ed textiln\u00ed sauny<\/li>\n\n\n\n<li>Saunov\u00fd sv\u011bt (vstup od 14 let)<\/li>\n\n\n\n<li>Vyu\u017eit\u00ed Cardio-Fitness-Z\u00f3ny a \u00fa\u010dast na Aktiv- &amp; Relax programu<\/li>\n\n\n\n<li>Wifi<\/li>\n<\/ul>\n<\/div>\n<\/div>\n<\/div>\n\n\n\n<div style=\"height:var(--wp--preset--spacing--60)\" aria-hidden=\"true\" class=\"wp-block-spacer\"><\/div>\n\n\n\n<div class=\"wp-block-group is-layout-constrained wp-block-group-is-layout-constrained\">\n<p class=\"has-medium-font-size\"><br>Rezervace p\u0159edem nutn\u00e1 na +43 2522\/84 700 733 nebo <a href=\"mailto:hotel@therme-laa.at\" target=\"_blank\" rel=\"noreferrer noopener\">hotel@therme-laa.at<\/a><br><\/p>\n\n\n\n\n<section id=\"slider-block_456a063df085f152e3e6dc62044829de\" class=\"slider alignfull w-full h-full relative mt-7 mb-16\">\n\n    <div class=\"swiper-wrapper\">\n\t\t\t\t\t\t                    <article class=\"swiper-slide 1 relative\">\n                        <div class=\"image-container\">\n\t\t\t\t\t\t\t<img loading=\"lazy\" decoding=\"async\" width=\"1200\" height=\"800\" src=\"https:\/\/www.therme-laa.at\/wp-content\/uploads\/2024\/01\/Sauna_Ruheraum_print.webp\" class=\"w-full object-cover\" alt=\"Ruheraum im Hotel-Spa-Bereich mit mehreren Liegen und wei\u00dfem Vorhang\" srcset=\"https:\/\/www.therme-laa.at\/wp-content\/uploads\/2024\/01\/Sauna_Ruheraum_print.webp 1200w, https:\/\/www.therme-laa.at\/wp-content\/uploads\/2024\/01\/Sauna_Ruheraum_print-300x200.webp 300w, https:\/\/www.therme-laa.at\/wp-content\/uploads\/2024\/01\/Sauna_Ruheraum_print-768x512.webp 768w\" sizes=\"auto, (max-width: 1200px) 100vw, 1200px\" \/>                        <\/div>\n                        <main class=\"content bg-white\">\n                            <div class=\"inner-content relative\">\n\t\t\t\t\t\t\t\t                                <div class=\"pagination md:mb-8 text-gold text-6xl\">1<span class=\"mx-2\">\/<\/span>4\n                                <\/div>\n                                <h3 class=\"text-xl md:text-3xl text-blue-200\">\n\t\t\t\t\t\t\t\t\tHOTELOV\u00c9 SPA                                <\/h3>\n                                <hr class=\"bg-blue-200 bg-opacity-50 w-1\/3 h-1 border-0\">\n                                <h4 class=\"text-base text-blue-200 font-medium\">\n\t\t\t\t\t\t\t\t\tPOUZE PRO HOTELOV\u00c9 &amp; DAY SPA HOSTY                                <\/h4>\n                                <p class=\"text-lg font-thin text-black font-BrandonGrotesque_regular\">\n\t\t\t\t\t\t\t\t\tP\u0159es Most smysl\u016f p\u0159\u00edmo do vodn\u00edho a saunov\u00e9ho kr\u00e1lovstv\u00ed. Dop\u0159ejte si wellness ve velkolep\u00e9m hotelov\u00e9m spa s term\u00e1ln\u00edm baz\u00e9nem, whirlpoolem a saunami.                                <\/p>\n\t\t\t\t\t\t\t\t                            <\/div>\n                        <\/main>\n                    <\/article>\n\t\t\t\t\t                    <article class=\"swiper-slide 1 relative\">\n                        <div class=\"image-container\">\n\t\t\t\t\t\t\t                        <\/div>\n                        <main class=\"content bg-white\">\n                            <div class=\"inner-content relative\">\n\t\t\t\t\t\t\t\t                                <div class=\"pagination md:mb-8 text-gold text-6xl\">2<span class=\"mx-2\">\/<\/span>4\n                                <\/div>\n                                <h3 class=\"text-xl md:text-3xl text-blue-200\">\n\t\t\t\t\t\t\t\t\tSN\u00cdDAN\u011a FORMOU BUFETU                                 <\/h3>\n                                <hr class=\"bg-blue-200 bg-opacity-50 w-1\/3 h-1 border-0\">\n                                <h4 class=\"text-base text-blue-200 font-medium\">\n\t\t\t\t\t\t\t\t\tV HOTELOV\u00c9 RESTAURACI                                <\/h4>\n                                <p class=\"text-lg font-thin text-black font-BrandonGrotesque_regular\">\n\t\t\t\t\t\t\t\t\tZkombinujte V\u00e1\u0161 wellness den s kulin\u00e1\u0159sk\u00fdm z\u00e1\u017eitkem v hotelov\u00e9 restauraci od 07:00 &#8211; 10:30 hod.                                 <\/p>\n\t\t\t\t\t\t\t\t                            <\/div>\n                        <\/main>\n                    <\/article>\n\t\t\t\t\t                    <article class=\"swiper-slide 1 relative\">\n                        <div class=\"image-container\">\n\t\t\t\t\t\t\t<img loading=\"lazy\" decoding=\"async\" width=\"1800\" height=\"1200\" src=\"https:\/\/www.therme-laa.at\/wp-content\/uploads\/2024\/02\/ThermeLaa_Hotel-web-VictorLiska-33.webp\" class=\"w-full object-cover\" alt=\"Hotelrestaurant Gaumenfreuden mit gedeckten Tischen\" srcset=\"https:\/\/www.therme-laa.at\/wp-content\/uploads\/2024\/02\/ThermeLaa_Hotel-web-VictorLiska-33.webp 1800w, https:\/\/www.therme-laa.at\/wp-content\/uploads\/2024\/02\/ThermeLaa_Hotel-web-VictorLiska-33-300x200.webp 300w, https:\/\/www.therme-laa.at\/wp-content\/uploads\/2024\/02\/ThermeLaa_Hotel-web-VictorLiska-33-768x512.webp 768w, https:\/\/www.therme-laa.at\/wp-content\/uploads\/2024\/02\/ThermeLaa_Hotel-web-VictorLiska-33-1536x1024.webp 1536w\" sizes=\"auto, (max-width: 1800px) 100vw, 1800px\" \/>                        <\/div>\n                        <main class=\"content bg-white\">\n                            <div class=\"inner-content relative\">\n\t\t\t\t\t\t\t\t                                <div class=\"pagination md:mb-8 text-gold text-6xl\">3<span class=\"mx-2\">\/<\/span>4\n                                <\/div>\n                                <h3 class=\"text-xl md:text-3xl text-blue-200\">\n\t\t\t\t\t\t\t\t\tP\u011aTICHODOV\u00c1 VE\u010cE\u0158E                                <\/h3>\n                                <hr class=\"bg-blue-200 bg-opacity-50 w-1\/3 h-1 border-0\">\n                                <h4 class=\"text-base text-blue-200 font-medium\">\n\t\t\t\t\t\t\t\t\tV HOTELOV\u00c9 RESTAURACI                                <\/h4>\n                                <p class=\"text-lg font-thin text-black font-BrandonGrotesque_regular\">\n\t\t\t\t\t\t\t\t\tnebo se vydejte na kulin\u00e1\u0159skou cestu nap\u0159\u00ed\u010d chut\u011bmi a vyberte si DAY SPA s ve\u010de\u0159\u00ed                                <\/p>\n\t\t\t\t\t\t\t\t                            <\/div>\n                        <\/main>\n                    <\/article>\n\t\t\t\t\t                    <article class=\"swiper-slide 1 relative\">\n                        <div class=\"image-container\">\n\t\t\t\t\t\t\t<img loading=\"lazy\" decoding=\"async\" width=\"1800\" height=\"1012\" src=\"https:\/\/www.therme-laa.at\/wp-content\/uploads\/2024\/02\/ThermeLaa_Therme-web-VictorLiska-6.webp\" class=\"w-full object-cover\" alt=\"Indoor-Pool im Hotel-Spa-Bereich mit gro\u00dfer Fensterfront\" srcset=\"https:\/\/www.therme-laa.at\/wp-content\/uploads\/2024\/02\/ThermeLaa_Therme-web-VictorLiska-6.webp 1800w, https:\/\/www.therme-laa.at\/wp-content\/uploads\/2024\/02\/ThermeLaa_Therme-web-VictorLiska-6-300x169.webp 300w, https:\/\/www.therme-laa.at\/wp-content\/uploads\/2024\/02\/ThermeLaa_Therme-web-VictorLiska-6-768x432.webp 768w, https:\/\/www.therme-laa.at\/wp-content\/uploads\/2024\/02\/ThermeLaa_Therme-web-VictorLiska-6-1536x864.webp 1536w\" sizes=\"auto, (max-width: 1800px) 100vw, 1800px\" \/>                        <\/div>\n                        <main class=\"content bg-white\">\n                            <div class=\"inner-content relative\">\n\t\t\t\t\t\t\t\t                                <div class=\"pagination md:mb-8 text-gold text-6xl\">4<span class=\"mx-2\">\/<\/span>4\n                                <\/div>\n                                <h3 class=\"text-xl md:text-3xl text-blue-200\">\n\t\t\t\t\t\t\t\t\tHOTELOV\u00dd BAZ\u00c9N                                <\/h3>\n                                <hr class=\"bg-blue-200 bg-opacity-50 w-1\/3 h-1 border-0\">\n                                <h4 class=\"text-base text-blue-200 font-medium\">\n\t\t\t\t\t\t\t\t\tJEN PRO HOTELOV\u00c9 &amp; DAY SPA HOSTY                                <\/h4>\n                                <p class=\"text-lg font-thin text-black font-BrandonGrotesque_regular\">\n\t\t\t\t\t\t\t\t\tPono\u0159te se do p\u0159\u00edjemn\u011b tepl\u00e9 term\u00e1ln\u00ed vody v na\u0161em panoramatick\u00e9m hotelov\u00e9m baz\u00e9nu a relaxujte!                                <\/p>\n\t\t\t\t\t\t\t\t                            <\/div>\n                        <\/main>\n                    <\/article>\n\t\t\t\t\t\t\t\t    <\/div>\n    <section class=\"flex flex-row arrows-sections\">\n        <div class=\"empty md:w-1\/2 lg:w-2\/3\"><\/div>\n        <article class=\"arrows\">\n            <button class=\"button-prev\" aria-label=\"button-prev\">\n                <svg fill=\"none\" class=\"w-8 h-8\" stroke=\"currentColor\" stroke-width=\"1.5\" viewBox=\"0 0 24 24\" xmlns=\"http:\/\/www.w3.org\/2000\/svg\"\n                     aria-hidden=\"true\">\n                    <path stroke-linecap=\"round\" stroke-linejoin=\"round\" d=\"M10.5 19.5L3 12m0 0l7.5-7.5M3 12h18\"><\/path>\n                <\/svg>\n            <\/button>\n            <button class=\"button-next\" aria-label=\"button-next\">\n                <svg fill=\"none\" class=\"w-8 h-8\" stroke=\"currentColor\" stroke-width=\"1.5\" viewBox=\"0 0 24 24\" xmlns=\"http:\/\/www.w3.org\/2000\/svg\"\n                     aria-hidden=\"true\">\n                    <path stroke-linecap=\"round\" stroke-linejoin=\"round\" d=\"M13.5 4.5L21 12m0 0l-7.5 7.5M21 12H3\"><\/path>\n                <\/svg>\n            <\/button>\n        <\/article>\n    <\/section>\n<\/section><\/div>\n\n\n\n<div class=\"wp-block-group is-layout-constrained wp-block-group-is-layout-constrained\">\n<div style=\"height:80px\" aria-hidden=\"true\" class=\"wp-block-spacer\"><\/div>\n\n\n\n<h2 class=\"wp-block-heading has-dch-blue-color has-text-color has-link-color has-xx-large-font-size wp-elements-106b509353c002b025064ea1fb046951\" id=\"gutscheine\" style=\"padding-top:0;padding-bottom:0;padding-left:0\">BAL\u00cd\u010cKY DAY SPA<\/h2>\n\n\n\n<div style=\"height:12px\" aria-hidden=\"true\" class=\"wp-block-spacer\"><\/div>\n\n\n\n<p>10% V\u00e1m ode\u010dteme p\u0159i check outu na hotelov\u00e9 recepci.  Uveden\u00e9 ceny jsou ceny p\u0159ed ak\u010dn\u00ed slevou. Akce plat\u00ed od 3.6. do 28.6.2024 od pond\u011bl\u00ed do p\u00e1tku. Rezervace p\u0159edem nutn\u00e1. <\/p>\n\n\n    <section class=\"px-4 md:px-0 flex md:flex-nowrap place-content-start sm:place-content-evenly flex-wrap gap-6 justify-start posts-block\">\n\t\t                <article class=\"post-card relative  md:flex-auto w-full w-full  mb-6 md:mb-0\">\n\t\t\t\t\t                    <div class=\"overflow-hidden flex justify-start items-center max-h-96 min-h-96\">\n\t\t\t\t\t\t<img loading=\"lazy\" decoding=\"async\" width=\"768\" height=\"768\" src=\"https:\/\/www.therme-laa.at\/wp-content\/uploads\/2023\/11\/Breakfast-und-Wellness_featured_image_800x800-Ideenladen-768x768.webp\" class=\"h-auto w-full wp-post-image\" alt=\"Breakfast &amp; Wellness\nM\u00fcslischale, daneben Besteck\" srcset=\"https:\/\/www.therme-laa.at\/wp-content\/uploads\/2023\/11\/Breakfast-und-Wellness_featured_image_800x800-Ideenladen-768x768.webp 768w, https:\/\/www.therme-laa.at\/wp-content\/uploads\/2023\/11\/Breakfast-und-Wellness_featured_image_800x800-Ideenladen-150x150.webp 150w, https:\/\/www.therme-laa.at\/wp-content\/uploads\/2023\/11\/Breakfast-und-Wellness_featured_image_800x800-Ideenladen-300x300.webp 300w, https:\/\/www.therme-laa.at\/wp-content\/uploads\/2023\/11\/Breakfast-und-Wellness_featured_image_800x800-Ideenladen.webp 800w\" sizes=\"auto, (max-width: 768px) 100vw, 768px\" \/>                    <\/div>\n                    <main class=\"flex flex-col gap-1 text-left text-blue-200 p-4 relative\" style=\"color:#05405D; background-color:#FFFFFF;\">\n\t\t\t\t\t\t                                <div class=\"absolute -top-24 right-4\">\n                                    <p class=\"!text-white text-[14px] !font-bold text-center py-10 px-6 bg-blue-200 uppercase\"\n                                       style=\"background-color:#05405D\">\n\t\t\t\t\t\t\t\t\t\tHotel Day Spa                                    <\/p>\n                                <\/div>\n\t\t\t\t\t\t\t\t\t\t\t\t\t                                <span class=\"font-BrandonGrotesque_regular text-blue text-base uppercase\" style=\"color:#05405D;\">\n\t\t\t\t\t\tHotel a term\u00e1ly\t\t\t\t\t<\/span>\n\t\t\t\t\t\t\t                        <h3 class=\"text-xl font-BrandonGrotesque_bold uppercase\">\n\t\t\t\t\t\t\tBreakfast &amp; wellness                        <\/h3>\n                        <div class=\"text-base font-BrandonGrotesque_regular excerpt text-black\" style=\"color:#05405D;\">\n\t\t\t\t\t\t\tO\u017eivte sv\u00e9 r\u00e1no s na\u0161\u00ed nab\u00eddkou &#8222;Sn\u00eddan\u011b a wellness&#8220; &#8211; lahodn\u00e1 sn\u00eddan\u011b a n\u00e1sledn\u00e9 wellness pot\u011b\u0161en\u00ed, perfektn\u00ed start do nov\u00e9ho dne.                        <\/div>\n\t\t\t\t\t\t                                <hr class=\" sparator-smail\">\n                                <div class=\"mt-4 text-blue-200 text-xl\" style=\"color:#05405D;\">\n\t\t\t\t\t\t\t\t\t<strong>93 \u20ac<\/strong> na osobu                                <\/div>\n\t\t\t\t\t\t\t\t\t\t\t\t\t                                <footer class=\"flex justify-center items-start flex-col mt-4\">\n                                    <a href=\"https:\/\/www.therme-laa.at\/cs\/angebote\/snidane-a-wellness\/\"\n                                       class=\"btn-white permalink bg-gold uppercase text-sm font-bold px-4 py-2 w-full text-center hover:bg-opacity-70 transition-colors\"\n                                       style=\"background-color:#9F8B75\">\n\t\t\t\t\t\t\t\t\t\tDETAILY A REZERVOV\u00c1N\u00cd                                    <\/a>\n                                <\/footer>\n\t\t\t\t\t\t\t                    <\/main>\n                <\/article>\n\t\t\t                <article class=\"post-card relative  md:flex-auto w-full w-full  mb-6 md:mb-0\">\n\t\t\t\t\t                    <div class=\"overflow-hidden flex justify-start items-center max-h-96 min-h-96\">\n\t\t\t\t\t\t<img loading=\"lazy\" decoding=\"async\" width=\"768\" height=\"768\" src=\"https:\/\/www.therme-laa.at\/wp-content\/uploads\/2023\/11\/Dinner-und-Wellness_featured_image_800x800-768x768.webp\" class=\"h-auto w-full wp-post-image\" alt=\"Dinner &amp; Wellness\nGedeckter Tisch mit Speise, Gl\u00e4sern, Kerze im Hotelrestaurant, Speise wird gerade serviert\" srcset=\"https:\/\/www.therme-laa.at\/wp-content\/uploads\/2023\/11\/Dinner-und-Wellness_featured_image_800x800-768x768.webp 768w, https:\/\/www.therme-laa.at\/wp-content\/uploads\/2023\/11\/Dinner-und-Wellness_featured_image_800x800-150x150.webp 150w, https:\/\/www.therme-laa.at\/wp-content\/uploads\/2023\/11\/Dinner-und-Wellness_featured_image_800x800-300x300.webp 300w, https:\/\/www.therme-laa.at\/wp-content\/uploads\/2023\/11\/Dinner-und-Wellness_featured_image_800x800.webp 800w\" sizes=\"auto, (max-width: 768px) 100vw, 768px\" \/>                    <\/div>\n                    <main class=\"flex flex-col gap-1 text-left text-blue-200 p-4 relative\" style=\"color:#05405D; background-color:#FFFFFF;\">\n\t\t\t\t\t\t                                <div class=\"absolute -top-24 right-4\">\n                                    <p class=\"!text-white text-[14px] !font-bold text-center py-10 px-6 bg-blue-200 uppercase\"\n                                       style=\"background-color:#05405D\">\n\t\t\t\t\t\t\t\t\t\tJednodenn\u00ed l\u00e1zn\u011b                                    <\/p>\n                                <\/div>\n\t\t\t\t\t\t\t\t\t\t\t\t\t                                <span class=\"font-BrandonGrotesque_regular text-blue text-base uppercase\" style=\"color:#05405D;\">\n\t\t\t\t\t\tHotel a term\u00e1ly\t\t\t\t\t<\/span>\n\t\t\t\t\t\t\t                        <h3 class=\"text-xl font-BrandonGrotesque_bold uppercase\">\n\t\t\t\t\t\t\tDinner &amp; wellness                        <\/h3>\n                        <div class=\"text-base font-BrandonGrotesque_regular excerpt text-black\" style=\"color:#05405D;\">\n\t\t\t\t\t\t\tDarujte kr\u00e1tkodobou dovolenou s dlouhodob\u00fdm \u00fa\u010dinkem. Poukaz &#8222;Dinner&#038; wellness&#8220; pot\u011b\u0161\u00ed ka\u017ed\u00e9ho, kdo m\u00e1 r\u00e1d jedine\u010dnost a luxus.                         <\/div>\n\t\t\t\t\t\t                                <hr class=\" sparator-smail\">\n                                <div class=\"mt-4 text-blue-200 text-xl\" style=\"color:#05405D;\">\n\t\t\t\t\t\t\t\t\t<strong>93 \u20ac<\/strong> na osobu                                <\/div>\n\t\t\t\t\t\t\t\t\t\t\t\t\t                                <footer class=\"flex justify-center items-start flex-col mt-4\">\n                                    <a href=\"https:\/\/www.therme-laa.at\/cs\/angebote\/vecere-a-wellness\/\"\n                                       class=\"btn-white permalink bg-gold uppercase text-sm font-bold px-4 py-2 w-full text-center hover:bg-opacity-70 transition-colors\"\n                                       style=\"background-color:#9F8B75\">\n\t\t\t\t\t\t\t\t\t\tDETAILY A REZERVOV\u00c1N\u00cd                                    <\/a>\n                                <\/footer>\n\t\t\t\t\t\t\t                    <\/main>\n                <\/article>\n\t\t\t\n    <\/section>\n<\/div>\n\n\n\n<div class=\"wp-block-group is-layout-constrained wp-block-group-is-layout-constrained\">    <section class=\"px-4 md:px-0 flex md:flex-nowrap place-content-start sm:place-content-evenly flex-wrap gap-6 justify-start posts-block\">\n\t\t\n    <\/section>\n<\/div>\n","protected":false},"excerpt":{"rendered":"<p>Vyzkou\u0161ejte benefit\u016f pro hotelov\u00e9 hosty a vyberte si jeden z na\u0161ich DAY SPA bal\u00ed\u010dku, kter\u00e9 jsou dopln\u011bny o kulin\u00e1\u0159sk\u00fd z\u00e1\u017eitek v podob\u011b sn\u00eddan\u011b nebo p\u011btichodov\u00e9 ve\u010de\u0159e. Bu\u010fte in a u\u017eijte si wellness den se v\u0161\u00edm v\u0161udy. <\/p>\n","protected":false},"author":19,"featured_media":23592,"parent":0,"template":"","meta":{"_acf_changed":false},"tags":[106],"offer":[112,102],"class_list":["post-18106","offers","type-offers","status-publish","has-post-thumbnail","hentry","tag-hotel-day-spa","offer-resort-cs","offer-hotel-cs"],"acf":{"popular_offer":false,"price_pro_person":"Od <strong>\u20ac 91<\/strong> na osobu","text_in_image":"HOTEL DAY SPA","has_link_to_shop":true,"shop_link":{"title":"V\u00cdCE INFO","url":"https:\/\/www.therme-laa.at\/wp-admin\/post.php?post=18106&action=edit&lang=cs","target":""},"additional_link":"0","subtitle":"Therme","redirect_to":null,"popular_offer_text":false},"featured_image_src":"https:\/\/www.therme-laa.at\/wp-content\/uploads\/2024\/06\/Hotel-Day-Spa-Juni-Aktion-500-x-500-px-7.jpg","_links":{"self":[{"href":"https:\/\/www.therme-laa.at\/cs\/wp-json\/wp\/v2\/offers\/18106","targetHints":{"allow":["GET"]}}],"collection":[{"href":"https:\/\/www.therme-laa.at\/cs\/wp-json\/wp\/v2\/offers"}],"about":[{"href":"https:\/\/www.therme-laa.at\/cs\/wp-json\/wp\/v2\/types\/offers"}],"author":[{"embeddable":true,"href":"https:\/\/www.therme-laa.at\/cs\/wp-json\/wp\/v2\/users\/19"}],"wp:featuredmedia":[{"embeddable":true,"href":"https:\/\/www.therme-laa.at\/cs\/wp-json\/wp\/v2\/media\/23592"}],"wp:attachment":[{"href":"https:\/\/www.therme-laa.at\/cs\/wp-json\/wp\/v2\/media?parent=18106"}],"wp:term":[{"taxonomy":"post_tag","embeddable":true,"href":"https:\/\/www.therme-laa.at\/cs\/wp-json\/wp\/v2\/tags?post=18106"},{"taxonomy":"offer","embeddable":true,"href":"https:\/\/www.therme-laa.at\/cs\/wp-json\/wp\/v2\/offer?post=18106"}],"curies":[{"name":"wp","href":"https:\/\/api.w.org\/{rel}","templated":true}]}}