{"id":14121,"date":"2023-11-30T15:55:39","date_gmt":"2023-11-30T15:55:39","guid":{"rendered":"https:\/\/www.therme-laa.at\/angebote\/saunovy-svet-v-silent-spa\/"},"modified":"2025-04-08T13:20:59","modified_gmt":"2025-04-08T13:20:59","slug":"saunovy-svet-v-silent-spa","status":"publish","type":"offers","link":"https:\/\/www.therme-laa.at\/cs\/angebote\/saunovy-svet-v-silent-spa\/","title":{"rendered":"Saunov\u00fd sv\u011bt v Silent Spa"},"content":{"rendered":"\n<div class=\"wp-block-cover alignfull wp-elements-ab82e549c76aed79bbd530581d126a9f\" style=\"margin-top:0;padding-top:0px;padding-right:48px;padding-bottom:0px;padding-left:48px;min-height:75vh;aspect-ratio:unset;\"><span aria-hidden=\"true\" class=\"wp-block-cover__background has-dch-gold-background-color has-background-dim-30 has-background-dim\"><\/span><img loading=\"lazy\" decoding=\"async\" width=\"1800\" height=\"1012\" class=\"wp-block-cover__image-background wp-image-9660\" alt=\"\" src=\"https:\/\/www.therme-laa.at\/wp-content\/uploads\/2024\/02\/ThermeLaa_SilentSpa-web-VictorLiska-28.webp\" style=\"object-position:51% 76%\" data-object-fit=\"cover\" data-object-position=\"51% 76%\" srcset=\"https:\/\/www.therme-laa.at\/wp-content\/uploads\/2024\/02\/ThermeLaa_SilentSpa-web-VictorLiska-28.webp 1800w, https:\/\/www.therme-laa.at\/wp-content\/uploads\/2024\/02\/ThermeLaa_SilentSpa-web-VictorLiska-28-300x169.webp 300w, https:\/\/www.therme-laa.at\/wp-content\/uploads\/2024\/02\/ThermeLaa_SilentSpa-web-VictorLiska-28-768x432.webp 768w, https:\/\/www.therme-laa.at\/wp-content\/uploads\/2024\/02\/ThermeLaa_SilentSpa-web-VictorLiska-28-1536x864.webp 1536w\" sizes=\"auto, (max-width: 1800px) 100vw, 1800px\" \/><div class=\"wp-block-cover__inner-container is-layout-flow wp-block-cover-is-layout-flow\">\n<h1 class=\"wp-block-heading has-text-align-center has-dch-white-color has-text-color has-link-color has-dch-brandon-grotesque-medium-font-family wp-elements-32dfd654d953c69d85f8ba2bb3e19de0\" style=\"font-size:5rem;letter-spacing:2px;text-transform:uppercase\">Sauna v Silent Spa<\/h1>\n<\/div><\/div>\n\n\n\n<section class=\"wp-block-group alignfull under-nav-buttons has-dch-blue-background-color has-background is-layout-flow wp-container-core-group-is-layout-4fa898ef wp-block-group-is-layout-flow\" style=\"margin-top:0;margin-bottom:0;padding-top:0;padding-bottom:0\">\n<div class=\"wp-block-columns alignfull is-layout-flex wp-container-core-columns-is-layout-f0342b05 wp-block-columns-is-layout-flex\" style=\"margin-top:0;margin-bottom:0\">\n<div class=\"wp-block-column is-layout-flow wp-block-column-is-layout-flow\">\n<div class=\"wp-block-buttons has-custom-font-size has-medium-font-size is-content-justification-center is-layout-flex wp-container-core-buttons-is-layout-6f60eda8 wp-block-buttons-is-layout-flex\" style=\"margin-top:0\">\n<div class=\"wp-block-button has-custom-font-size has-default-font-size\"><a class=\"wp-block-button__link has-dch-blue-therme-light-background-color has-background wp-element-button\" href=\"#details\" style=\"border-radius:0px;padding-top:var(--wp--preset--spacing--30);padding-right:var(--wp--preset--spacing--50);padding-bottom:var(--wp--preset--spacing--30);padding-left:var(--wp--preset--spacing--50)\">BLI\u017d\u0160\u00cd INFORMACE<\/a><\/div>\n\n\n\n<div class=\"wp-block-button has-custom-font-size has-default-font-size\"><a class=\"wp-block-button__link has-dch-blue-therme-light-background-color has-background wp-element-button\" href=\"#angebote\" style=\"border-radius:0px;padding-top:var(--wp--preset--spacing--30);padding-right:var(--wp--preset--spacing--50);padding-bottom:var(--wp--preset--spacing--30);padding-left:var(--wp--preset--spacing--50)\">NAB\u00cdDKA<\/a><\/div>\n\n\n\n<div class=\"wp-block-button has-custom-font-size has-default-font-size\"><a class=\"wp-block-button__link has-dch-blue-therme-light-background-color has-background wp-element-button\" href=\"#gutscheine\" style=\"border-radius:0px;padding-top:var(--wp--preset--spacing--30);padding-right:var(--wp--preset--spacing--50);padding-bottom:var(--wp--preset--spacing--30);padding-left:var(--wp--preset--spacing--50)\">POUKAZY<\/a><\/div>\n\n\n\n<div class=\"wp-block-button has-custom-font-size has-default-font-size\"><a class=\"wp-block-button__link has-dch-blue-therme-light-background-color has-background wp-element-button\" href=\"#weitere-angebote\" style=\"border-radius:0px;padding-top:var(--wp--preset--spacing--30);padding-right:var(--wp--preset--spacing--50);padding-bottom:var(--wp--preset--spacing--30);padding-left:var(--wp--preset--spacing--50)\">PODOBN\u00c9 NAB\u00cdDKY<\/a><\/div>\n<\/div>\n<\/div>\n<\/div>\n<\/section>\n\n\n\n<div style=\"height:50px\" aria-hidden=\"true\" class=\"wp-block-spacer\"><\/div>\n\n\n<nav class=\"breadcrumb w-full container mb-6 sm:mb-12 text-blue-200\">\n    <ol class=\"inline-flex items-center space-x-1 md:space-x-2\">\n\t\t                        <li>\n                            <div class=\"flex items-center uppercase\" style=\"color:#05405d\">\n                                <a class=\"ms-1 text-xs md:text-sm\" href=\"https:\/\/www.therme-laa.at\/cs\/nabidka\/\" target=\"_self\">\n\t\t\t\t\t\t\t\t\tNab\u00eddka                                <\/a>\n                                <svg class=\"w-3 h-3 mx-1\" aria-hidden=\"true\" xmlns=\"http:\/\/www.w3.org\/2000\/svg\" fill=\"none\" viewBox=\"0 0 6 10\">\n                                    <path stroke=\"currentColor\" stroke-linecap=\"round\" stroke-linejoin=\"round\" stroke-width=\"2\" d=\"m1 9 4-4-4-4\"\/>\n                                <\/svg>\n                            <\/div>\n                        <\/li>\n\t\t\t\t\t                        <li>\n                            <div class=\"flex items-center uppercase\" style=\"color:#05405d\">\n                                <a class=\"ms-1 text-xs md:text-sm\" href=\"https:\/\/www.therme-laa.at\/cs\/silent-spa\/\" target=\"_self\">\n\t\t\t\t\t\t\t\t\tSilent Spa                                <\/a>\n                                <svg class=\"w-3 h-3 mx-1\" aria-hidden=\"true\" xmlns=\"http:\/\/www.w3.org\/2000\/svg\" fill=\"none\" viewBox=\"0 0 6 10\">\n                                    <path stroke=\"currentColor\" stroke-linecap=\"round\" stroke-linejoin=\"round\" stroke-width=\"2\" d=\"m1 9 4-4-4-4\"\/>\n                                <\/svg>\n                            <\/div>\n                        <\/li>\n\t\t\t\t\t                        <li>\n                            <div class=\"flex items-center uppercase\" style=\"color:#05405d\">\n                                <a class=\"ms-1 text-xs md:text-sm\" href=\"#\" target=\"_self\">\n\t\t\t\t\t\t\t\t\tSaunov\u00fd sv\u011bt v Silent Spa                                <\/a>\n                                <svg class=\"w-3 h-3 mx-1\" aria-hidden=\"true\" xmlns=\"http:\/\/www.w3.org\/2000\/svg\" fill=\"none\" viewBox=\"0 0 6 10\">\n                                    <path stroke=\"currentColor\" stroke-linecap=\"round\" stroke-linejoin=\"round\" stroke-width=\"2\" d=\"m1 9 4-4-4-4\"\/>\n                                <\/svg>\n                            <\/div>\n                        <\/li>\n\t\t\t\t\t    <\/ol>\n<\/nav>\n\n\n<div class=\"wp-block-group is-layout-constrained wp-block-group-is-layout-constrained\">\n<div class=\"wp-block-columns alignwide is-layout-flex wp-container-core-columns-is-layout-28f84493 wp-block-columns-is-layout-flex\">\n<div class=\"wp-block-column is-vertically-aligned-top is-layout-flow wp-block-column-is-layout-flow\" style=\"flex-basis:33.33%\"><article class=\"offer\">\n  <div class=\"relative\">\n    <div class=\"max-h-96 overflow-hidden flex justify-center items-center\">\n      <img loading=\"lazy\" decoding=\"async\" width=\"768\" height=\"960\" src=\"https:\/\/www.therme-laa.at\/wp-content\/uploads\/2024\/02\/ThermeLaa_SilentSpa-web-VictorLiska-31-768x960.webp\" class=\"\" alt=\"Nachtaufnahme im Saunagarten vom Silent Spa mit beleuchteten Emblem und Brunnen\" srcset=\"https:\/\/www.therme-laa.at\/wp-content\/uploads\/2024\/02\/ThermeLaa_SilentSpa-web-VictorLiska-31-768x960.webp 768w, https:\/\/www.therme-laa.at\/wp-content\/uploads\/2024\/02\/ThermeLaa_SilentSpa-web-VictorLiska-31-240x300.webp 240w, https:\/\/www.therme-laa.at\/wp-content\/uploads\/2024\/02\/ThermeLaa_SilentSpa-web-VictorLiska-31.webp 960w\" sizes=\"auto, (max-width: 768px) 100vw, 768px\" \/>    <\/div>\n    <div class=\"absolute -bottom-4 right-4\">\n      <p class=\"!text-white text-[14px] !font-bold text-center py-10 px-6 bg-blue-200 uppercase\" style=\"background-color: #05405d\">\n        SILENT SPA      <\/p>\n    <\/div>\n  <\/div>\n  <main class=\"p-4 bg-white\" style=\"background-color: #FFFFFFF;\">\n    <span class=\"font-BrandonGrotesque_regular text-blue text-base uppercase\">Silent Spa<\/span>\n    <h3 class=\"font-bold text-blue-200 text-xl uppercase mb-1 min-h-[56px] uppercase overflow-hidden\">Sauna v Silent Spa<\/h3>\n    <div class=\"excerpt\">\n      V saunov\u00e9m sv\u011bt\u011b SILENT SPA na v\u00e1s \u010dekaj\u00ed chv\u00edle naprost\u00e9 relaxace a v pr\u016fb\u011bhu cel\u00e9ho dne saunov\u00e9 ceremoni\u00e1ly.    <\/div>\n    <hr class=\"sparator-smail\">\n    <div class=\"mt-2 text-blue-200 text-xl\">V cen\u011b je zahrnuto celodenn\u00ed vstupn\u00e9 do SILENT SPA. <\/div>\n    <footer class=\"mt-4 flex flex-col\">\n                  <a class=\"card-btn mb-4\" href=\"#angebote\" target=\"_self\" style=\"background-color: #9f8b75;\">NAB\u00cdDKA<\/a>\n                  <a class=\"card-btn mb-4\" href=\"#gutscheine\" target=\"_self\" style=\"background-color: #9f8b75;\">POUKAZY<\/a>\n                  <a class=\"card-btn mb-4\" href=\"#weitere-angebote\" target=\"_self\" style=\"background-color: #9f8b75;\">Dal\u0161\u00ed nab\u00eddky<\/a>\n          <\/footer>\n  <\/main>\n<\/article><\/div>\n\n\n\n<div class=\"wp-block-column is-layout-flow wp-block-column-is-layout-flow\" style=\"flex-basis:66.66%\">\n<h2 class=\"wp-block-heading has-dch-blue-color has-text-color has-link-color has-xx-large-font-size wp-elements-bab83ce8bc5154e937662d8df6f55790\" id=\"details\" style=\"margin-top:0;margin-bottom:var(--wp--preset--spacing--50)\">Saunov\u00fd po\u017eitek na nejvy\u0161\u0161\u00ed \u00farovni<\/h2>\n\n\n\n<p class=\"has-dch-brandon-grotesque-bold-font-family has-medium-font-size\">P\u0159ije\u010fte a vypn\u011bte, o\u010dist\u011bte t\u011blo a uvoln\u011bte mysl, prost\u011b se nechte h\u00fd\u010dkat.<\/p>\n\n\n\n<p class=\"has-medium-font-size\"><br>Po hektick\u00e9m dni najdete klid a relaxaci v SILENT SPA. V saunov\u00e9m sv\u011bt\u011b SILENT SPA na v\u00e1s od prvn\u00edho okam\u017eiku \u010dekaj\u00ed chv\u00edle naprost\u00e9 relaxace a saunov\u00e9 ceremoni\u00e1ly rozlo\u017een\u00e9 do cel\u00e9ho dne.<\/p>\n\n\n\n<div style=\"height:15px\" aria-hidden=\"true\" class=\"wp-block-spacer\"><\/div>\n\n\n\n<p>V saunov\u00e9 z\u00f3n\u011b SILENT SPA najdete bylinkovou zahradu s ponorn\u00fdm baz\u00e9nem a tak\u00e9 jemnou bio saunu (60 \u00b0C) a klasickou finskou saunu (90 \u00b0C). Ve vnit\u0159n\u00ed oblasti najdete parn\u00ed l\u00e1ze\u0148 a solnou m\u00edstnost se suchou solnou mlhou.<\/p>\n\n\n\n<div style=\"height:15px\" aria-hidden=\"true\" class=\"wp-block-spacer\"><\/div>\n\n\n\n<p>Speci\u00e1ln\u00ed saunov\u00e9 n\u00e1levy a ceremoni\u00e1ly v\u00e1s zvou k v\u011bdom\u00e9mu uvoln\u011bn\u00ed. Nechte se p\u0159ekvapit n\u00e1levem s de\u0161\u0165ovou l\u017e\u00edc\u00ed a p\u0159\u00edrodn\u00edmi v\u016fn\u011bmi nebo se vydejte na vnit\u0159n\u00ed cestu s meditac\u00ed se zp\u00edvaj\u00edc\u00ed m\u00edsou.<\/p>\n\n\n\n<div style=\"height:15px\" aria-hidden=\"true\" class=\"wp-block-spacer\"><\/div>\n\n\n\n<p>V saunov\u00e9m sv\u011bt\u011b SILENT SPA na v\u00e1s od prvn\u00edho okam\u017eiku \u010dekaj\u00ed chv\u00edle naprost\u00e9 relaxace a saunov\u00e9 ceremoni\u00e1ly rozlo\u017een\u00e9 do cel\u00e9ho dne. Objevte na\u0161e dechov\u00e1 a pohybov\u00e1 cvi\u010den\u00ed a dovolte n\u00e1m p\u0159ekvapit v\u00e1s jedine\u010dnou v\u016fn\u00ed SILENT SPA v jemn\u00e9 bio saun\u011b nebo klasick\u00e9 finsk\u00e9 saun\u011b b\u011bhem n\u00e1levu a za doprovodu relaxa\u010dn\u00ed meditace se zp\u00edvaj\u00edc\u00ed m\u00edsou.<\/p>\n\n\n\n<div style=\"height:15px\" aria-hidden=\"true\" class=\"wp-block-spacer\"><\/div>\n\n\n\n<p>Venkovn\u00ed saunov\u00e1 \u010d\u00e1st a parn\u00ed l\u00e1ze\u0148 jsou bezplavkov\u00e9 prostory.<\/p>\n\n\n\n<div style=\"height:30px\" aria-hidden=\"true\" class=\"wp-block-spacer\"><\/div>\n\n\n\n<div class=\"wp-block-buttons alignwide is-content-justification-left is-layout-flex wp-container-core-buttons-is-layout-a15c5ca6 wp-block-buttons-is-layout-flex\" style=\"margin-top:var(--wp--preset--spacing--50)\">\n<div class=\"wp-block-button has-custom-font-size is-style-fill has-small-font-size\"><a class=\"wp-block-button__link has-white-color has-dch-gold-background-color has-text-color has-background wp-element-button\" href=\"https:\/\/www.therme-laa.at\/wp-content\/uploads\/2023\/12\/Saunazeremonien_Winter.pdf\" style=\"border-radius:0px;padding-top:var(--wp--preset--spacing--30);padding-right:var(--wp--preset--spacing--50);padding-bottom:var(--wp--preset--spacing--30);padding-left:var(--wp--preset--spacing--50)\" target=\"_blank\" rel=\"noreferrer noopener\">KE STA\u017dEN\u00cd | CEREMONIE V SILENT SPA<\/a><\/div>\n<\/div>\n\n\n\n<div style=\"height:30px\" aria-hidden=\"true\" class=\"wp-block-spacer\"><\/div>\n\n\n\n<div class=\"wp-block-group is-layout-constrained wp-block-group-is-layout-constrained\">\n<h2 class=\"wp-block-heading has-dch-blue-color has-text-color has-link-color has-xx-large-font-size wp-elements-ee9e6edc2dff7b867ca2918876ca2cb8\" id=\"angebote\" style=\"padding-top:var(--wp--preset--spacing--50);padding-right:0;padding-bottom:0;padding-left:0\">Nab\u00eddka <\/h2>\n\n\n    <section class=\"px-4 md:px-0 flex md:flex-nowrap place-content-start sm:place-content-evenly flex-wrap gap-6 justify-start posts-block\">\n\t\t                <article class=\"post-card relative  md:flex-auto w-full w-full  mb-6 md:mb-0\">\n\t\t\t\t\t                    <div class=\"overflow-hidden flex justify-start items-center max-h-96 min-h-96\">\n\t\t\t\t\t\t<img loading=\"lazy\" decoding=\"async\" width=\"768\" height=\"768\" src=\"https:\/\/www.therme-laa.at\/wp-content\/uploads\/2023\/11\/ThermeLaa_SilentSpa_\u00a9VictorLiska-35-800x800crop-768x768.webp\" class=\"h-auto w-full wp-post-image\" alt=\"Innen Liegebereich mit Blick auf die S\u00e4ulen und wei\u00dfen Vorhang in der Raummitte\" srcset=\"https:\/\/www.therme-laa.at\/wp-content\/uploads\/2023\/11\/ThermeLaa_SilentSpa_\u00a9VictorLiska-35-800x800crop-768x768.webp 768w, https:\/\/www.therme-laa.at\/wp-content\/uploads\/2023\/11\/ThermeLaa_SilentSpa_\u00a9VictorLiska-35-800x800crop-300x300.webp 300w, https:\/\/www.therme-laa.at\/wp-content\/uploads\/2023\/11\/ThermeLaa_SilentSpa_\u00a9VictorLiska-35-800x800crop-150x150.webp 150w, https:\/\/www.therme-laa.at\/wp-content\/uploads\/2023\/11\/ThermeLaa_SilentSpa_\u00a9VictorLiska-35-800x800crop.webp 800w\" sizes=\"auto, (max-width: 768px) 100vw, 768px\" \/>                    <\/div>\n                    <main class=\"flex flex-col gap-1 text-left text-blue-200 p-4 relative\" style=\"color:#05405D; background-color:#FFFFFF;\">\n\t\t\t\t\t\t                                <div class=\"absolute -top-24 right-4\">\n                                    <p class=\"!text-white text-[14px] !font-bold text-center py-10 px-6 bg-blue-200 uppercase\"\n                                       style=\"background-color:#05405D\">\n\t\t\t\t\t\t\t\t\t\tPremium Spa                                    <\/p>\n                                <\/div>\n\t\t\t\t\t\t\t\t\t\t\t\t\t                                <span class=\"font-BrandonGrotesque_regular text-blue text-base uppercase\" style=\"color:#05405D;\">\n\t\t\t\t\t\tSilent Spa\t\t\t\t\t<\/span>\n\t\t\t\t\t\t\t                        <h3 class=\"text-xl font-BrandonGrotesque_bold uppercase\">\n\t\t\t\t\t\t\tSILENT SPA rezervace leh\u00e1tka                        <\/h3>\n                        <div class=\"text-base font-BrandonGrotesque_regular excerpt text-black\" style=\"color:#05405D;\">\n\t\t\t\t\t\t\tVa\u0161e priv\u00e1tn\u00ed odpo\u010dinkov\u00e9 leh\u00e1tko v SILENT SPA &#8211; u\u017eijte si relax, komfort a dostatek osobn\u00edho prostoru na nejvy\u0161\u0161\u00ed \u00farovni.                         <\/div>\n\t\t\t\t\t\t                                <hr class=\" sparator-smail\">\n                                <div class=\"mt-4 text-blue-200 text-xl\" style=\"color:#05405D;\">\n\t\t\t\t\t\t\t\t\tza \u20ac129 pro jednu osobu s jedn\u00edm leh\u00e1tkem                                <\/div>\n\t\t\t\t\t\t\t\t\t\t\t\t\t                                <footer class=\"flex justify-center items-start flex-col mt-4\">\n\t\t\t\t\t\t\t\t\t                                            <a href=\"https:\/\/shop.therme-laa.at\/resources\/template\/12633\/?\"\n                                               class=\"btn-white shop-link bg-gold uppercase text-sm font-bold px-4 py-2 w-full text-center hover:bg-opacity-70 transition-colors\"\n                                               style=\"background-color:#9F8B75\" target=\"_blank\">\n\t\t\t\t\t\t\t\t\t\t\t\tOkam\u017eit\u011b zaplatit                                            <\/a>\n\t\t\t\t\t\t\t\t\t\t\t                                                    <a href=\"https:\/\/tagesurlaube.therme-laa.at\/resources\/template\/11846\/?\"\n                                                       class=\"btn-white additional_link bg-gold uppercase text-sm font-bold px-4 py-2 w-full text-center mt-2 hover:bg-opacity-70 transition-colors\"\n                                                       style=\"background-color:#9F8B75\">\n\t\t\t\t\t\t\t\t\t\t\t\t\t\tplatba na m\u00edst\u011b                                                    <\/a>\n\t\t\t\t\t\t\t\t\t\t\t\t                                <\/footer>\n\t\t\t\t\t\t\t                    <\/main>\n                <\/article>\n\t\t\t                <article class=\"post-card relative  md:flex-auto w-full w-full  mb-6 md:mb-0\">\n\t\t\t\t\t                    <div class=\"overflow-hidden flex justify-start items-center max-h-96 min-h-96\">\n\t\t\t\t\t\t<img loading=\"lazy\" decoding=\"async\" width=\"768\" height=\"768\" src=\"https:\/\/www.therme-laa.at\/wp-content\/uploads\/2023\/11\/Silent-Spa-Doppelliege-featured_image_800x800-768x768.webp\" class=\"h-auto w-full wp-post-image\" alt=\"Junges P\u00e4rchen sitzt auf einer Doppelliege und tr\u00e4gt einen Bademantel und l\u00e4chelt\" srcset=\"https:\/\/www.therme-laa.at\/wp-content\/uploads\/2023\/11\/Silent-Spa-Doppelliege-featured_image_800x800-768x768.webp 768w, https:\/\/www.therme-laa.at\/wp-content\/uploads\/2023\/11\/Silent-Spa-Doppelliege-featured_image_800x800-150x150.webp 150w, https:\/\/www.therme-laa.at\/wp-content\/uploads\/2023\/11\/Silent-Spa-Doppelliege-featured_image_800x800-300x300.webp 300w, https:\/\/www.therme-laa.at\/wp-content\/uploads\/2023\/11\/Silent-Spa-Doppelliege-featured_image_800x800.webp 800w\" sizes=\"auto, (max-width: 768px) 100vw, 768px\" \/>                    <\/div>\n                    <main class=\"flex flex-col gap-1 text-left text-blue-200 p-4 relative\" style=\"color:#05405D; background-color:#FFFFFF;\">\n\t\t\t\t\t\t                                <div class=\"absolute -top-24 right-4\">\n                                    <p class=\"!text-white text-[14px] !font-bold text-center py-10 px-6 bg-blue-200 uppercase\"\n                                       style=\"background-color:#05405D\">\n\t\t\t\t\t\t\t\t\t\tPremium Spa                                    <\/p>\n                                <\/div>\n\t\t\t\t\t\t\t\t\t\t\t\t\t                                <span class=\"font-BrandonGrotesque_regular text-blue text-base uppercase\" style=\"color:#05405D;\">\n\t\t\t\t\t\tSilent Spa\t\t\t\t\t<\/span>\n\t\t\t\t\t\t\t                        <h3 class=\"text-xl font-BrandonGrotesque_bold uppercase\">\n\t\t\t\t\t\t\tSilent Spa rezervace dvojleh\u00e1tka                        <\/h3>\n                        <div class=\"text-base font-BrandonGrotesque_regular excerpt text-black\" style=\"color:#05405D;\">\n\t\t\t\t\t\t\tRezervace dvojleh\u00e1tka v SILENT SPA &#8211; u\u017eijte si relaxaci a pohodl\u00ed ve dvou v exkluzivn\u00ed atmosf\u00e9\u0159e.                        <\/div>\n\t\t\t\t\t\t                                <hr class=\" sparator-smail\">\n                                <div class=\"mt-4 text-blue-200 text-xl\" style=\"color:#05405D;\">\n\t\t\t\t\t\t\t\t\tza \u20ac258 pro 2 osoby a dvojleh\u00e1tko                                <\/div>\n\t\t\t\t\t\t\t\t\t\t\t\t\t                                <footer class=\"flex justify-center items-start flex-col mt-4\">\n\t\t\t\t\t\t\t\t\t                                            <a href=\"https:\/\/shop.therme-laa.at\/resources\/template\/12633\/?\"\n                                               class=\"btn-white shop-link bg-gold uppercase text-sm font-bold px-4 py-2 w-full text-center hover:bg-opacity-70 transition-colors\"\n                                               style=\"background-color:#9F8B75\" target=\"_blank\">\n\t\t\t\t\t\t\t\t\t\t\t\tOkam\u017eit\u011b zaplatit                                            <\/a>\n\t\t\t\t\t\t\t\t\t\t\t                                                    <a href=\"https:\/\/tagesurlaube.therme-laa.at\/resources\/template\/11846\/?\"\n                                                       class=\"btn-white additional_link bg-gold uppercase text-sm font-bold px-4 py-2 w-full text-center mt-2 hover:bg-opacity-70 transition-colors\"\n                                                       style=\"background-color:#9F8B75\">\n\t\t\t\t\t\t\t\t\t\t\t\t\t\tplatba na m\u00edst\u011b                                                    <\/a>\n\t\t\t\t\t\t\t\t\t\t\t\t                                <\/footer>\n\t\t\t\t\t\t\t                    <\/main>\n                <\/article>\n\t\t\t\n    <\/section>\n\n\n    <section class=\"px-4 md:px-0 flex md:flex-nowrap place-content-start sm:place-content-evenly flex-wrap gap-6 justify-start posts-block\">\n\t\t\n    <\/section>\n\n\n\n<div style=\"height:20px\" aria-hidden=\"true\" class=\"wp-block-spacer\"><\/div>\n\n\n\n<h2 class=\"wp-block-heading has-dch-blue-color has-text-color has-link-color has-xx-large-font-size wp-elements-1b7521c293ef2a2a435a00b024baedab\" id=\"gutscheine\" style=\"padding-top:var(--wp--preset--spacing--50);padding-bottom:0;padding-left:0\">Poukazy<\/h2>\n\n\n\n<div class=\"wp-block-group is-content-justification-left is-layout-constrained wp-container-core-group-is-layout-37625355 wp-block-group-is-layout-constrained\">    <section class=\"px-4 md:px-0 flex md:flex-nowrap place-content-start sm:place-content-evenly flex-wrap gap-6 justify-start posts-block\">\n\t\t                <article class=\"post-card relative  md:flex-auto w-full w-full  mb-6 md:mb-0\">\n\t\t\t\t\t                    <div class=\"overflow-hidden flex justify-start items-center max-h-96 min-h-96\">\n\t\t\t\t\t\t<img loading=\"lazy\" decoding=\"async\" width=\"768\" height=\"768\" src=\"https:\/\/www.therme-laa.at\/wp-content\/uploads\/2023\/11\/Silent-Spa-Tageseintritt_featured_image_800x800-pflanzlmedia-768x768.webp\" class=\"h-auto w-full wp-post-image\" alt=\"Silent Spa Innenaufnahme, Gang zwischen S\u00e4ulen in Richtung Kaskadenbrunnen\" srcset=\"https:\/\/www.therme-laa.at\/wp-content\/uploads\/2023\/11\/Silent-Spa-Tageseintritt_featured_image_800x800-pflanzlmedia-768x768.webp 768w, https:\/\/www.therme-laa.at\/wp-content\/uploads\/2023\/11\/Silent-Spa-Tageseintritt_featured_image_800x800-pflanzlmedia-150x150.webp 150w, https:\/\/www.therme-laa.at\/wp-content\/uploads\/2023\/11\/Silent-Spa-Tageseintritt_featured_image_800x800-pflanzlmedia-300x300.webp 300w, https:\/\/www.therme-laa.at\/wp-content\/uploads\/2023\/11\/Silent-Spa-Tageseintritt_featured_image_800x800-pflanzlmedia.webp 800w\" sizes=\"auto, (max-width: 768px) 100vw, 768px\" \/>                    <\/div>\n                    <main class=\"flex flex-col gap-1 text-left text-blue-200 p-4 relative\" style=\"color:#05405D; background-color:#FFFFFF;\">\n\t\t\t\t\t\t                                <div class=\"absolute -top-24 right-4\">\n                                    <p class=\"!text-white text-[14px] !font-bold text-center py-10 px-6 bg-blue-200 uppercase\"\n                                       style=\"background-color:#05405D\">\n\t\t\t\t\t\t\t\t\t\tPOUKAZ                                    <\/p>\n                                <\/div>\n\t\t\t\t\t\t\t\t\t\t\t\t\t                                <span class=\"font-BrandonGrotesque_regular text-blue text-base uppercase\" style=\"color:#05405D;\">\n\t\t\t\t\t\tSilent Spa\t\t\t\t\t<\/span>\n\t\t\t\t\t\t\t                        <h3 class=\"text-xl font-BrandonGrotesque_bold uppercase\">\n\t\t\t\t\t\t\tSilent Spa poukaz pro 1 osobu                        <\/h3>\n                        <div class=\"text-base font-BrandonGrotesque_regular excerpt text-black\" style=\"color:#05405D;\">\n\t\t\t\t\t\t\tDarujte den pln\u00fd klidu a luxusu s poukazem do SILENT SPA.                         <\/div>\n\t\t\t\t\t\t                                <hr class=\" sparator-smail\">\n                                <div class=\"mt-4 text-blue-200 text-xl\" style=\"color:#05405D;\">\n\t\t\t\t\t\t\t\t\t<strong>129 \u20ac <\/strong> pro dosp\u011bl\u00e9 od 16 let                                <\/div>\n\t\t\t\t\t\t\t\t\t\t\t\t\t                                <footer class=\"flex justify-center items-start flex-col mt-4\">\n\t\t\t\t\t\t\t\t\t                                            <a href=\"https:\/\/shop.therme-laa.at\/vouchers\/template\/11822\/?\"\n                                               class=\"btn-white shop-link bg-gold uppercase text-sm font-bold px-4 py-2 w-full text-center hover:bg-opacity-70 transition-colors\"\n                                               style=\"background-color:#9F8B75\" target=\"_blank\">\n\t\t\t\t\t\t\t\t\t\t\t\tDo obchodu                                            <\/a>\n\t\t\t\t\t\t\t\t\t\t\t                                <\/footer>\n\t\t\t\t\t\t\t                    <\/main>\n                <\/article>\n\t\t\t\n    <\/section>\n<\/div>\n<\/div>\n<\/div>\n<\/div>\n<\/div>\n\n\n\n<div style=\"height:100px\" aria-hidden=\"true\" class=\"wp-block-spacer\"><\/div>\n\n\n  <div class=\"swiper image-slider\">\n \t<div class=\"swiper-wrapper\">\n \t\t \t\t\t \t\t\t\t<div class=\"swiper-slide relative pb-[350px] max-h-[350px] overflow-hidden\">\n \t\t\t\t\t<img decoding=\"async\" width=\"800\" height=\"800\" src=\"https:\/\/www.therme-laa.at\/wp-content\/uploads\/2023\/11\/Saunawelt-Therme_featured_image_800x800-ChrisLaistler-800x800.webp\" class=\"absolute inset-0 w-full object-cover\" alt=\"Saunawelt in der Therme\nSaunab\u00e4nke mit Handtuch \" loading=\"lazy\" title=\"Saunawelt-Therme_featured_image_800x800-ChrisLaistler\" srcset=\"https:\/\/www.therme-laa.at\/wp-content\/uploads\/2023\/11\/Saunawelt-Therme_featured_image_800x800-ChrisLaistler.webp 800w, https:\/\/www.therme-laa.at\/wp-content\/uploads\/2023\/11\/Saunawelt-Therme_featured_image_800x800-ChrisLaistler-150x150.webp 150w, https:\/\/www.therme-laa.at\/wp-content\/uploads\/2023\/11\/Saunawelt-Therme_featured_image_800x800-ChrisLaistler-300x300.webp 300w, https:\/\/www.therme-laa.at\/wp-content\/uploads\/2023\/11\/Saunawelt-Therme_featured_image_800x800-ChrisLaistler-768x768.webp 768w\" sizes=\"auto, (max-width: 800px) 100vw, 800px\" \/> \t\t\t\t<\/div>\n \t\t\t \t\t\t\t<div class=\"swiper-slide relative pb-[350px] max-h-[350px] overflow-hidden\">\n \t\t\t\t\t<img decoding=\"async\" width=\"800\" height=\"800\" src=\"https:\/\/www.therme-laa.at\/wp-content\/uploads\/2023\/11\/Silent-Spa-Night_featured_image_800x800-pflanzlmedia-800x800.webp\" class=\"absolute inset-0 w-full object-cover\" alt=\"Silent Spa Night\nSilent Spa Innenaufnahme, Gang zwischen S\u00e4ulen in Richtung Kaskadenbrunnen \" loading=\"lazy\" title=\"Silent-Spa-Night_featured_image_800x800-pflanzlmedia\" srcset=\"https:\/\/www.therme-laa.at\/wp-content\/uploads\/2023\/11\/Silent-Spa-Night_featured_image_800x800-pflanzlmedia.webp 800w, https:\/\/www.therme-laa.at\/wp-content\/uploads\/2023\/11\/Silent-Spa-Night_featured_image_800x800-pflanzlmedia-150x150.webp 150w, https:\/\/www.therme-laa.at\/wp-content\/uploads\/2023\/11\/Silent-Spa-Night_featured_image_800x800-pflanzlmedia-300x300.webp 300w, https:\/\/www.therme-laa.at\/wp-content\/uploads\/2023\/11\/Silent-Spa-Night_featured_image_800x800-pflanzlmedia-768x768.webp 768w\" sizes=\"auto, (max-width: 800px) 100vw, 800px\" \/> \t\t\t\t<\/div>\n \t\t\t \t\t\t\t<div class=\"swiper-slide relative pb-[350px] max-h-[350px] overflow-hidden\">\n \t\t\t\t\t \t\t\t\t<\/div>\n \t\t\t \t\t\t\t<div class=\"swiper-slide relative pb-[350px] max-h-[350px] overflow-hidden\">\n \t\t\t\t\t<img decoding=\"async\" width=\"800\" height=\"800\" src=\"https:\/\/www.therme-laa.at\/wp-content\/uploads\/2023\/12\/Therme-Sauna-Drinks_1200x1200-is-800x800.webp\" class=\"absolute inset-0 w-full object-cover\" alt=\"Detailaufnahme von Flaschen mit S\u00e4ften \" loading=\"lazy\" title=\"Therme Sauna Drinks\" srcset=\"https:\/\/www.therme-laa.at\/wp-content\/uploads\/2023\/12\/Therme-Sauna-Drinks_1200x1200-is-800x800.webp 800w, https:\/\/www.therme-laa.at\/wp-content\/uploads\/2023\/12\/Therme-Sauna-Drinks_1200x1200-is-150x150.webp 150w, https:\/\/www.therme-laa.at\/wp-content\/uploads\/2023\/12\/Therme-Sauna-Drinks_1200x1200-is-300x300.webp 300w, https:\/\/www.therme-laa.at\/wp-content\/uploads\/2023\/12\/Therme-Sauna-Drinks_1200x1200-is-768x768.webp 768w, https:\/\/www.therme-laa.at\/wp-content\/uploads\/2023\/12\/Therme-Sauna-Drinks_1200x1200-is.webp 1200w\" sizes=\"auto, (max-width: 800px) 100vw, 800px\" \/> \t\t\t\t<\/div>\n \t\t\t \t\t\t\t<div class=\"swiper-slide relative pb-[350px] max-h-[350px] overflow-hidden\">\n \t\t\t\t\t<img decoding=\"async\" width=\"800\" height=\"800\" src=\"https:\/\/www.therme-laa.at\/wp-content\/uploads\/2023\/11\/Silent-Spa-und-Dinner-fuer-1-Person_featured_image_800x800-800x800.webp\" class=\"absolute inset-0 w-full object-cover\" alt=\"Angebot Silent Spa und Dinner f\u00fcr 1 Person\" loading=\"lazy\" title=\"Silent-Spa-und-Dinner-fuer-1-Person_featured_image_800x800\" srcset=\"https:\/\/www.therme-laa.at\/wp-content\/uploads\/2023\/11\/Silent-Spa-und-Dinner-fuer-1-Person_featured_image_800x800.webp 800w, https:\/\/www.therme-laa.at\/wp-content\/uploads\/2023\/11\/Silent-Spa-und-Dinner-fuer-1-Person_featured_image_800x800-150x150.webp 150w, https:\/\/www.therme-laa.at\/wp-content\/uploads\/2023\/11\/Silent-Spa-und-Dinner-fuer-1-Person_featured_image_800x800-300x300.webp 300w, https:\/\/www.therme-laa.at\/wp-content\/uploads\/2023\/11\/Silent-Spa-und-Dinner-fuer-1-Person_featured_image_800x800-768x768.webp 768w\" sizes=\"auto, (max-width: 800px) 100vw, 800px\" \/> \t\t\t\t<\/div>\n \t\t\t \t\t\n \t<\/div>\n <\/div>\n\n\n<div class=\"wp-block-group alignwide hidethis is-layout-constrained wp-container-core-group-is-layout-1bc05f53 wp-block-group-is-layout-constrained has-background\" style=\"min-height:650px;margin-top:0;margin-bottom:0;padding-top:var(--wp--preset--spacing--80);padding-bottom:var(--wp--preset--spacing--80);background-image:url(&apos;https:\/\/www.therme-laa.at\/wp-content\/uploads\/2023\/11\/TLA_6487_WEB_2000px-d569b541.webp&apos;);background-size:cover;\">\n<div class=\"wp-block-columns alignwide is-layout-flex wp-container-core-columns-is-layout-28f84493 wp-block-columns-is-layout-flex\">\n<div class=\"wp-block-column is-layout-flow wp-block-column-is-layout-flow\" style=\"flex-basis:9%\"><\/div>\n\n\n\n<div class=\"wp-block-column is-layout-flow wp-block-column-is-layout-flow\">\n<div class=\"wp-block-media-text alignwide is-stacked-on-mobile is-image-fill has-dch-white-background-color has-background\" style=\"grid-template-columns:40% auto\"><figure class=\"wp-block-media-text__media\" style=\"background-image:url(https:\/\/www.therme-laa.at\/wp-content\/uploads\/2023\/11\/Bildschirmfoto-2023-06-29-um-15.08-1.webp);background-position:50% 50%\"><img decoding=\"async\" src=\"https:\/\/www.therme-laa.at\/wp-content\/uploads\/2023\/11\/Bildschirmfoto-2023-06-29-um-15.08-1.webp\" alt=\"\" class=\"wp-image-917 size-full\"\/><\/figure><div class=\"wp-block-media-text__content\">\n<div style=\"height:30px\" aria-hidden=\"true\" class=\"wp-block-spacer\"><\/div>\n\n\n\n<h4 class=\"wp-block-heading has-text-align-center has-dch-blue-color has-text-color has-link-color has-dch-brandon-grotesque-regular-font-family has-medium-font-size wp-elements-86b8105c8291e207659aa0d392cf7935\" style=\"padding-top:var(--wp--preset--spacing--50);padding-bottom:0\">LEONIE-RACHEL<\/h4>\n\n\n\n<p class=\"has-text-align-center has-dch-gold-dark-color has-text-color has-link-color has-dch-brandon-grotesque-medium-font-family wp-elements-d1a3f2b5119dcdea097da59318b47b55\" style=\"padding-top:var(--wp--preset--spacing--30);padding-right:var(--wp--preset--spacing--70);padding-bottom:var(--wp--preset--spacing--30);padding-left:var(--wp--preset--spacing--70);font-size:2.2rem;line-height:1.2\">Dokonal\u00fd den<br\/>pro m\u016fj<br\/>Du\u0161evn\u00ed zdrav\u00ed.<\/p>\n\n\n\n<hr class=\"wp-block-separator has-text-color has-dch-blue-therme-light-color has-alpha-channel-opacity has-dch-blue-therme-light-background-color has-background is-style-wide\"\/>\n\n\n\n<p class=\"has-text-align-center\" style=\"padding-top:var(--wp--preset--spacing--30);padding-right:var(--wp--preset--spacing--50);padding-bottom:var(--wp--preset--spacing--30);padding-left:var(--wp--preset--spacing--50)\"><strong>Lorem Ipsum dolor sit amet.<br\/><\/strong>Consetetur sadipscing elitr, sed diam nonumy eirmod tempor invidunt ut labore et dolore magna aliquyam erat, sed diam voluptua.\nAt vero eos et accusam et justo duo dolores et ea rebum. <\/p>\n\n\n\n<ul class=\"wp-block-social-links has-visible-labels has-icon-color is-style-logos-only is-content-justification-center is-layout-flex wp-container-core-social-links-is-layout-a89b3969 wp-block-social-links-is-layout-flex\"><li style=\"color:#1E1E1E;\" class=\"wp-social-link wp-social-link-instagram has-dch-primary-color wp-block-social-link\"><a rel=\"noopener nofollow\" target=\"_blank\" href=\"#leonie_rachel\" class=\"wp-block-social-link-anchor\"><svg width=\"24\" height=\"24\" viewBox=\"0 0 24 24\" version=\"1.1\" xmlns=\"http:\/\/www.w3.org\/2000\/svg\" aria-hidden=\"true\" focusable=\"false\"><path d=\"M12,4.622c2.403,0,2.688,0.009,3.637,0.052c0.877,0.04,1.354,0.187,1.671,0.31c0.42,0.163,0.72,0.358,1.035,0.673 c0.315,0.315,0.51,0.615,0.673,1.035c0.123,0.317,0.27,0.794,0.31,1.671c0.043,0.949,0.052,1.234,0.052,3.637 s-0.009,2.688-0.052,3.637c-0.04,0.877-0.187,1.354-0.31,1.671c-0.163,0.42-0.358,0.72-0.673,1.035 c-0.315,0.315-0.615,0.51-1.035,0.673c-0.317,0.123-0.794,0.27-1.671,0.31c-0.949,0.043-1.233,0.052-3.637,0.052 s-2.688-0.009-3.637-0.052c-0.877-0.04-1.354-0.187-1.671-0.31c-0.42-0.163-0.72-0.358-1.035-0.673 c-0.315-0.315-0.51-0.615-0.673-1.035c-0.123-0.317-0.27-0.794-0.31-1.671C4.631,14.688,4.622,14.403,4.622,12 s0.009-2.688,0.052-3.637c0.04-0.877,0.187-1.354,0.31-1.671c0.163-0.42,0.358-0.72,0.673-1.035 c0.315-0.315,0.615-0.51,1.035-0.673c0.317-0.123,0.794-0.27,1.671-0.31C9.312,4.631,9.597,4.622,12,4.622 M12,3 C9.556,3,9.249,3.01,8.289,3.054C7.331,3.098,6.677,3.25,6.105,3.472C5.513,3.702,5.011,4.01,4.511,4.511 c-0.5,0.5-0.808,1.002-1.038,1.594C3.25,6.677,3.098,7.331,3.054,8.289C3.01,9.249,3,9.556,3,12c0,2.444,0.01,2.751,0.054,3.711 c0.044,0.958,0.196,1.612,0.418,2.185c0.23,0.592,0.538,1.094,1.038,1.594c0.5,0.5,1.002,0.808,1.594,1.038 c0.572,0.222,1.227,0.375,2.185,0.418C9.249,20.99,9.556,21,12,21s2.751-0.01,3.711-0.054c0.958-0.044,1.612-0.196,2.185-0.418 c0.592-0.23,1.094-0.538,1.594-1.038c0.5-0.5,0.808-1.002,1.038-1.594c0.222-0.572,0.375-1.227,0.418-2.185 C20.99,14.751,21,14.444,21,12s-0.01-2.751-0.054-3.711c-0.044-0.958-0.196-1.612-0.418-2.185c-0.23-0.592-0.538-1.094-1.038-1.594 c-0.5-0.5-1.002-0.808-1.594-1.038c-0.572-0.222-1.227-0.375-2.185-0.418C14.751,3.01,14.444,3,12,3L12,3z M12,7.378 c-2.552,0-4.622,2.069-4.622,4.622S9.448,16.622,12,16.622s4.622-2.069,4.622-4.622S14.552,7.378,12,7.378z M12,15 c-1.657,0-3-1.343-3-3s1.343-3,3-3s3,1.343,3,3S13.657,15,12,15z M16.804,6.116c-0.596,0-1.08,0.484-1.08,1.08 s0.484,1.08,1.08,1.08c0.596,0,1.08-0.484,1.08-1.08S17.401,6.116,16.804,6.116z\"><\/path><\/svg><span class=\"wp-block-social-link-label\">leonie_rachel<\/span><\/a><\/li><\/ul>\n\n\n\n<div class=\"wp-block-buttons is-content-justification-center is-layout-flex wp-container-core-buttons-is-layout-f6c5905b wp-block-buttons-is-layout-flex\" style=\"margin-top:var(--wp--preset--spacing--60);margin-bottom:var(--wp--preset--spacing--60)\">\n<div class=\"wp-block-button has-custom-font-size has-small-font-size\"><a class=\"wp-block-button__link has-dch-white-color has-dch-gold-dark-background-color has-text-color has-background has-link-color wp-element-button\" style=\"border-radius:0px\">D\u00c1RKOV\u00c9 POUKAZY<\/a><\/div>\n<\/div>\n\n\n\n<div style=\"height:30px\" aria-hidden=\"true\" class=\"wp-block-spacer\"><\/div>\n<\/div><\/div>\n<\/div>\n\n\n\n<div class=\"wp-block-column is-layout-flow wp-block-column-is-layout-flow\" style=\"flex-basis:9%\"><\/div>\n<\/div>\n<\/div>\n\n\n\n<section id=\"zimmer\" class=\"wp-block-group overflow-hidden has-background is-layout-constrained wp-block-group-is-layout-constrained\" style=\"background:linear-gradient(180deg,rgb(245,243,239) 0%,rgb(233,231,226) 100%)\">\n<div style=\"height:30px\" aria-hidden=\"true\" class=\"wp-block-spacer\"><\/div>\n\n\n\n<div class=\"wp-block-group is-content-justification-center is-layout-constrained wp-block-group-is-layout-constrained\" style=\"margin-top:var(--wp--preset--spacing--40);margin-bottom:var(--wp--preset--spacing--80)\">\n<div class=\"wp-block-columns is-layout-flex wp-container-core-columns-is-layout-a85f4655 wp-block-columns-is-layout-flex\">\n<div class=\"wp-block-column is-vertically-aligned-top is-layout-flow wp-block-column-is-layout-flow\" style=\"padding-top:0;padding-right:0;padding-bottom:0;padding-left:0;flex-basis:35%\">\n<h5 class=\"wp-block-heading has-dch-blue-therme-dark-color has-text-color has-link-color has-dch-brandon-grotesque-regular-font-family has-medium-font-size wp-elements-5757fcb73754771fbbf778d6617b50bb\" style=\"margin-left:var(--wp--preset--spacing--20);letter-spacing:1.4px;text-transform:uppercase\">VA\u0160E M\u00cdSTO, KDE SE C\u00cdT\u00cdTE DOB\u0158E<\/h5>\n\n\n\n<h3 class=\"wp-block-heading has-dch-blue-color has-text-color has-link-color has-dch-brandon-grotesque-medium-font-family wp-elements-e16ba7dd5e635ced8429511ef3b199ce\" style=\"padding-top:var(--wp--preset--spacing--30);padding-bottom:0;font-size:3rem;letter-spacing:0.8px;line-height:1.05\">Vstupte do sv\u011bta klidu a rovnov\u00e1hy<\/h3>\n<\/div>\n\n\n\n<div class=\"wp-block-column is-vertically-aligned-top is-layout-flow wp-container-core-column-is-layout-be95e8ed wp-block-column-is-layout-flow\" style=\"padding-top:0;flex-basis:600px\">\n<div style=\"height:50px\" aria-hidden=\"true\" class=\"wp-block-spacer\"><\/div>\n\n\n\n<p class=\"has-medium-font-size\" style=\"line-height:1.7\">Va\u0161e p\u0159\u00edjemn\u00e1 dovolen\u00e1 m\u016f\u017ee za\u010d\u00edt v na\u0161ich 122 pokoj\u00edch a apartm\u00e1nech s vlastn\u00edm balkonem. Pro je\u0161t\u011b jednodu\u0161\u0161\u00ed a efektivn\u011bj\u0161\u00ed rezervaci doporu\u010dujeme, abyste si pobyt rezervovali. <a href=\"https:\/\/reservations.therme-laa.at\/102817#\/guestsandrooms\" target=\"_blank\" rel=\"noreferrer noopener\"><strong>p\u0159\u00edmo prost\u0159ednictv\u00edm na\u0161\u00ed online rezerva\u010dn\u00ed platformy.<\/strong><\/a> To v\u00e1m umo\u017en\u00ed nejen rychlou a snadnou rezervaci, ale tak\u00e9 zajist\u00ed, \u017ee v\u017edy z\u00edsk\u00e1te ty nejlep\u0161\u00ed dostupn\u00e9 mo\u017enosti a nab\u00eddky pokoj\u016f. Vyhn\u011bte se zdlouhav\u00fdm popt\u00e1vk\u00e1m a vyu\u017eijte pohodl\u00ed a jistotu p\u0159\u00edm\u00e9 online rezervace. Va\u0161e dovolen\u00e1 sn\u016f je vzd\u00e1len\u00e1 jen p\u00e1r kliknut\u00ed.<\/p>\n<\/div>\n<\/div>\n<\/div>\n\n\n-1    <section class=\"posts-slider my-7 container overflow-hidden \">\n        <div class=\"swiper-wrapper\">\n\n\t\t\t        <\/div>\n        <article class=\"arrows\">\n            <button class=\"prev\" aria-label=\"next\">\n                <svg fill=\"none\" class=\"w-8 h-8\" stroke=\"currentColor\" stroke-width=\"1.5\" viewBox=\"0 0 24 24\" xmlns=\"http:\/\/www.w3.org\/2000\/svg\"\n                     aria-hidden=\"true\">\n                    <path stroke-linecap=\"round\" stroke-linejoin=\"round\" d=\"M10.5 19.5L3 12m0 0l7.5-7.5M3 12h18\"><\/path>\n                <\/svg>\n            <\/button>\n            <button class=\"next\" aria-label=\"next\">\n                <svg fill=\"none\" class=\"w-8 h-8\" stroke=\"currentColor\" stroke-width=\"1.5\" viewBox=\"0 0 24 24\" xmlns=\"http:\/\/www.w3.org\/2000\/svg\"\n                     aria-hidden=\"true\">\n                    <path stroke-linecap=\"round\" stroke-linejoin=\"round\" d=\"M13.5 4.5L21 12m0 0l-7.5 7.5M21 12H3\"><\/path>\n                <\/svg>\n            <\/button>\n        <\/article>\n    <\/section>\n\n\n\n<div style=\"height:20px\" aria-hidden=\"true\" class=\"wp-block-spacer\"><\/div>\n<\/section>\n\n<div style=\"height:40px\" aria-hidden=\"true\" class=\"wp-block-spacer\"><\/div>\n\n\n\n<h2 class=\"wp-block-heading has-text-align-center has-dch-blue-color has-text-color has-link-color has-xx-large-font-size wp-elements-6c492cae9b691a89688d72641eac2bc7\" id=\"weitere-angebote\">Dal\u0161\u00ed obl\u00edben\u00e9 nab\u00eddky<\/h2>\n\n\n\n<div style=\"height:40px\" aria-hidden=\"true\" class=\"wp-block-spacer\"><\/div>\n\n\n\n<section id=\"similar-offers\" class=\"wp-block-group is-layout-constrained wp-block-group-is-layout-constrained\">    <section class=\"px-4 md:px-0 flex md:flex-nowrap place-content-start sm:place-content-evenly flex-wrap gap-6 justify-start posts-block\">\n\t\t                <article class=\"post-card relative  md:flex-auto w-full w-full  mb-6 md:mb-0\">\n\t\t\t\t\t                    <div class=\"overflow-hidden flex justify-start items-center max-h-96 min-h-96\">\n\t\t\t\t\t\t<img loading=\"lazy\" decoding=\"async\" width=\"768\" height=\"768\" src=\"https:\/\/www.therme-laa.at\/wp-content\/uploads\/2023\/11\/Fussreflexzonenmassage25min_featured_image_800x800-is-768x768.webp\" class=\"h-auto w-full wp-post-image\" alt=\"Fussreflexzonenmassage\nMassage der Fureflexzonen\" srcset=\"https:\/\/www.therme-laa.at\/wp-content\/uploads\/2023\/11\/Fussreflexzonenmassage25min_featured_image_800x800-is-768x768.webp 768w, https:\/\/www.therme-laa.at\/wp-content\/uploads\/2023\/11\/Fussreflexzonenmassage25min_featured_image_800x800-is-150x150.webp 150w, https:\/\/www.therme-laa.at\/wp-content\/uploads\/2023\/11\/Fussreflexzonenmassage25min_featured_image_800x800-is-300x300.webp 300w, https:\/\/www.therme-laa.at\/wp-content\/uploads\/2023\/11\/Fussreflexzonenmassage25min_featured_image_800x800-is.webp 800w\" sizes=\"auto, (max-width: 768px) 100vw, 768px\" \/>                    <\/div>\n                    <main class=\"flex flex-col gap-1 text-left text-blue-200 p-4 relative\" style=\"color:#05405D; background-color:#FFFFFF;\">\n\t\t\t\t\t\t                                <div class=\"absolute -top-24 right-4\">\n                                    <p class=\"!text-white text-[14px] !font-bold text-center py-10 px-6 bg-blue-200 uppercase\"\n                                       style=\"background-color:#05405D\">\n\t\t\t\t\t\t\t\t\t\tMas\u00e1\u017e                                    <\/p>\n                                <\/div>\n\t\t\t\t\t\t\t\t\t\t\t\t\t                                <span class=\"font-BrandonGrotesque_regular text-blue text-base uppercase\" style=\"color:#05405D;\">\n\t\t\t\t\t\tResort\t\t\t\t\t<\/span>\n\t\t\t\t\t\t\t                        <h3 class=\"text-xl font-BrandonGrotesque_bold uppercase\">\n\t\t\t\t\t\t\tReflexn\u00ed mas\u00e1\u017e chodidel 25min                        <\/h3>\n                        <div class=\"text-base font-BrandonGrotesque_regular excerpt text-black\" style=\"color:#05405D;\">\n\t\t\t\t\t\t\tVychutnejte si 25minutovou reflexn\u00ed mas\u00e1\u017e chodidel v Therme Laa, kter\u00e1 v\u00e1s uvoln\u00ed a umocn\u00ed va\u0161i pohodu.                        <\/div>\n\t\t\t\t\t\t                                <hr class=\" sparator-smail\">\n                                <div class=\"mt-4 text-blue-200 text-xl\" style=\"color:#05405D;\">\n\t\t\t\t\t\t\t\t\tOd <strong>48 \u20ac<\/strong> na osobu                                <\/div>\n\t\t\t\t\t\t\t\t\t\t\t\t\t                                <footer class=\"flex justify-center items-start flex-col mt-4\">\n                                    <a href=\"https:\/\/www.therme-laa.at\/cs\/angebote\/reflexni-masaz-chodidel-25min\/\"\n                                       class=\"btn-white permalink bg-gold uppercase text-sm font-bold px-4 py-2 w-full text-center hover:bg-opacity-70 transition-colors\"\n                                       style=\"background-color:#9F8B75\">\n\t\t\t\t\t\t\t\t\t\tDETAILY A REZERVOV\u00c1N\u00cd                                    <\/a>\n                                <\/footer>\n\t\t\t\t\t\t\t                    <\/main>\n                <\/article>\n\t\t\t                <article class=\"post-card relative  md:flex-auto w-full w-full  mb-6 md:mb-0\">\n\t\t\t\t\t                    <div class=\"overflow-hidden flex justify-start items-center max-h-96 min-h-96\">\n\t\t\t\t\t\t<img loading=\"lazy\" decoding=\"async\" width=\"768\" height=\"768\" src=\"https:\/\/www.therme-laa.at\/wp-content\/uploads\/2023\/11\/2024-MONDGLAANZ-Instagram-1080x1080-Quad-768x768.jpg\" class=\"h-auto w-full wp-post-image\" alt=\"Bewerbung MondgLAAnz mit Frau unter Wasser in pinker Kleidung im Hintergrund\" srcset=\"https:\/\/www.therme-laa.at\/wp-content\/uploads\/2023\/11\/2024-MONDGLAANZ-Instagram-1080x1080-Quad-768x768.jpg 768w, https:\/\/www.therme-laa.at\/wp-content\/uploads\/2023\/11\/2024-MONDGLAANZ-Instagram-1080x1080-Quad-300x300.jpg 300w, https:\/\/www.therme-laa.at\/wp-content\/uploads\/2023\/11\/2024-MONDGLAANZ-Instagram-1080x1080-Quad-150x150.jpg 150w, https:\/\/www.therme-laa.at\/wp-content\/uploads\/2023\/11\/2024-MONDGLAANZ-Instagram-1080x1080-Quad-800x800.jpg 800w, https:\/\/www.therme-laa.at\/wp-content\/uploads\/2023\/11\/2024-MONDGLAANZ-Instagram-1080x1080-Quad.jpg 1080w\" sizes=\"auto, (max-width: 768px) 100vw, 768px\" \/>                    <\/div>\n                    <main class=\"flex flex-col gap-1 text-left text-blue-200 p-4 relative\" style=\"color:#05405D; background-color:#FFFFFF;\">\n\t\t\t\t\t\t                                <div class=\"absolute -top-24 right-4\">\n                                    <p class=\"!text-white text-[14px] !font-bold text-center py-10 px-6 bg-blue-200 uppercase\"\n                                       style=\"background-color:#05405D\">\n\t\t\t\t\t\t\t\t\t\tSPECI\u00c1LN\u011a                                    <\/p>\n                                <\/div>\n\t\t\t\t\t\t\t\t\t\t\t\t\t                                <span class=\"font-BrandonGrotesque_regular text-blue text-base uppercase\" style=\"color:#05405D;\">\n\t\t\t\t\t\tTERM\u00c1LY\t\t\t\t\t<\/span>\n\t\t\t\t\t\t\t                        <h3 class=\"text-xl font-BrandonGrotesque_bold uppercase\">\n\t\t\t\t\t\t\tMondgLAAnz                        <\/h3>\n                        <div class=\"text-base font-BrandonGrotesque_regular excerpt text-black\" style=\"color:#05405D;\">\n\t\t\t\t\t\t\tZa\u017eijte term\u00e1ln\u00ed l\u00e1zn\u011b Laa pod hv\u011bzdnou oblohou v r\u00e1mci MondgLAAnz Therme Laa za doprovodu \u017eiv\u00e9 hudby a sklenky \u0161umiv\u00e9ho Poy-Secca &#8211; prost\u011b perfektn\u00ed ve\u010der a\u017e do p\u016flnoci.                        <\/div>\n\t\t\t\t\t\t                                <hr class=\" sparator-smail\">\n                                <div class=\"mt-4 text-blue-200 text-xl\" style=\"color:#05405D;\">\n\t\t\t\t\t\t\t\t\tod <strong>35,50 \u20ac<\/strong> za osobu                                <\/div>\n\t\t\t\t\t\t\t\t\t\t\t\t\t                                <footer class=\"flex justify-center items-start flex-col mt-4\">\n                                    <a href=\"https:\/\/www.therme-laa.at\/cs\/angebote\/mondglaanz\/\"\n                                       class=\"btn-white permalink bg-gold uppercase text-sm font-bold px-4 py-2 w-full text-center hover:bg-opacity-70 transition-colors\"\n                                       style=\"background-color:#9F8B75\">\n\t\t\t\t\t\t\t\t\t\tDETAILY A REZERVOV\u00c1N\u00cd                                    <\/a>\n                                <\/footer>\n\t\t\t\t\t\t\t                    <\/main>\n                <\/article>\n\t\t\t                <article class=\"post-card relative  md:flex-auto w-full w-full  mb-6 md:mb-0\">\n\t\t\t\t\t                    <div class=\"overflow-hidden flex justify-start items-center max-h-96 min-h-96\">\n\t\t\t\t\t\t<img loading=\"lazy\" decoding=\"async\" width=\"768\" height=\"768\" src=\"https:\/\/www.therme-laa.at\/wp-content\/uploads\/2024\/06\/16-768x768.png\" class=\"h-auto w-full wp-post-image\" alt=\"\" srcset=\"https:\/\/www.therme-laa.at\/wp-content\/uploads\/2024\/06\/16-768x768.png 768w, https:\/\/www.therme-laa.at\/wp-content\/uploads\/2024\/06\/16-300x300.png 300w, https:\/\/www.therme-laa.at\/wp-content\/uploads\/2024\/06\/16-150x150.png 150w, https:\/\/www.therme-laa.at\/wp-content\/uploads\/2024\/06\/16-800x800.png 800w, https:\/\/www.therme-laa.at\/wp-content\/uploads\/2024\/06\/16.png 960w\" sizes=\"auto, (max-width: 768px) 100vw, 768px\" \/>                    <\/div>\n                    <main class=\"flex flex-col gap-1 text-left text-blue-200 p-4 relative\" style=\"color:#05405D; background-color:#FFFFFF;\">\n\t\t\t\t\t\t                                <div class=\"absolute -top-24 right-4\">\n                                    <p class=\"!text-white text-[14px] !font-bold text-center py-10 px-6 bg-blue-200 uppercase\"\n                                       style=\"background-color:#05405D\">\n\t\t\t\t\t\t\t\t\t\tJ\u00f3ga &#038; Wellness den                                    <\/p>\n                                <\/div>\n\t\t\t\t\t\t\t\t\t\t\t\t\t                                <span class=\"font-BrandonGrotesque_regular text-blue text-base uppercase\" style=\"color:#05405D;\">\n\t\t\t\t\t\tSilent spa\t\t\t\t\t<\/span>\n\t\t\t\t\t\t\t                        <h3 class=\"text-xl font-BrandonGrotesque_bold uppercase\">\n\t\t\t\t\t\t\tSilent j\u00f3gov\u00e1 ned\u011ble s Vendulou Malo 26.7.2026                        <\/h3>\n                        <div class=\"text-base font-BrandonGrotesque_regular excerpt text-black\" style=\"color:#05405D;\">\n\t\t\t\t\t\t\tVendula d\u00edky medic\u00ednsk\u00e9mu vzd\u011bl\u00e1n\u00ed dok\u00e1\u017ee jedine\u010dn\u011b propojit sv\u011bt j\u00f3gy s poznatky o fungov\u00e1n\u00ed lidsk\u00e9ho t\u011bla. V hodin\u00e1ch citliv\u011b vysv\u011btluje, jak spr\u00e1vn\u00e9 nastaven\u00ed t\u011bla m\u016f\u017ee p\u0159edch\u00e1zet bolestem a podpo\u0159it zdrav\u00fd pohyb.                        <\/div>\n\t\t\t\t\t\t                                <hr class=\" sparator-smail\">\n                                <div class=\"mt-4 text-blue-200 text-xl\" style=\"color:#05405D;\">\n\t\t\t\t\t\t\t\t\t\u20ac 141<\/strong> na osobu                                 <\/div>\n\t\t\t\t\t\t\t\t\t\t\t\t\t                                <footer class=\"flex justify-center items-start flex-col mt-4\">\n                                    <a href=\"https:\/\/www.therme-laa.at\/cs\/angebote\/silent-jogova-nedele-s-vendulou-malo\/\"\n                                       class=\"btn-white permalink bg-gold uppercase text-sm font-bold px-4 py-2 w-full text-center hover:bg-opacity-70 transition-colors\"\n                                       style=\"background-color:#9F8B75\">\n\t\t\t\t\t\t\t\t\t\tDETAILY A REZERVOV\u00c1N\u00cd                                    <\/a>\n                                <\/footer>\n\t\t\t\t\t\t\t                    <\/main>\n                <\/article>\n\t\t\t\n    <\/section>\n<\/section>\n","protected":false},"excerpt":{"rendered":"<p>V saunov\u00e9m sv\u011bt\u011b SILENT SPA na v\u00e1s \u010dekaj\u00ed chv\u00edle naprost\u00e9 relaxace a v pr\u016fb\u011bhu cel\u00e9ho dne saunov\u00e9 ceremoni\u00e1ly.<\/p>\n","protected":false},"author":2,"featured_media":12711,"parent":0,"template":"","meta":{"_acf_changed":true},"tags":[],"offer":[117],"class_list":["post-14121","offers","type-offers","status-publish","has-post-thumbnail","hentry","offer-silent-spa-cs"],"acf":{"popular_offer":false,"price_pro_person":"v cen\u011b celodenn\u00edho vstupn\u00e9ho do SILENT SPA","text_in_image":"SILENT SPA","has_link_to_shop":false,"shop_link":[""],"additional_link":"0","subtitle":"Silent Spa","redirect_to":[""],"popular_offer_text":false},"featured_image_src":"https:\/\/www.therme-laa.at\/wp-content\/uploads\/2023\/11\/Sauna_SSPA-Liska.jpg","_links":{"self":[{"href":"https:\/\/www.therme-laa.at\/cs\/wp-json\/wp\/v2\/offers\/14121","targetHints":{"allow":["GET"]}}],"collection":[{"href":"https:\/\/www.therme-laa.at\/cs\/wp-json\/wp\/v2\/offers"}],"about":[{"href":"https:\/\/www.therme-laa.at\/cs\/wp-json\/wp\/v2\/types\/offers"}],"author":[{"embeddable":true,"href":"https:\/\/www.therme-laa.at\/cs\/wp-json\/wp\/v2\/users\/2"}],"wp:featuredmedia":[{"embeddable":true,"href":"https:\/\/www.therme-laa.at\/cs\/wp-json\/wp\/v2\/media\/12711"}],"wp:attachment":[{"href":"https:\/\/www.therme-laa.at\/cs\/wp-json\/wp\/v2\/media?parent=14121"}],"wp:term":[{"taxonomy":"post_tag","embeddable":true,"href":"https:\/\/www.therme-laa.at\/cs\/wp-json\/wp\/v2\/tags?post=14121"},{"taxonomy":"offer","embeddable":true,"href":"https:\/\/www.therme-laa.at\/cs\/wp-json\/wp\/v2\/offer?post=14121"}],"curies":[{"name":"wp","href":"https:\/\/api.w.org\/{rel}","templated":true}]}}