{"id":14058,"date":"2023-11-01T14:38:01","date_gmt":"2023-11-01T14:38:01","guid":{"rendered":"https:\/\/www.therme-laa.at\/angebote\/mesicni-zare\/"},"modified":"2026-04-15T14:45:12","modified_gmt":"2026-04-15T14:45:12","slug":"mondglaanz","status":"publish","type":"offers","link":"https:\/\/www.therme-laa.at\/cs\/angebote\/mondglaanz\/","title":{"rendered":"MondgLAAnz"},"content":{"rendered":"\n<div class=\"wp-block-cover alignfull wp-elements-83c2e9ea00b70e9144dba09bc4f0453d wp-duotone-unset-1\" style=\"margin-top:0;padding-top:0px;padding-right:48px;padding-bottom:0px;padding-left:48px;min-height:75vh;aspect-ratio:unset;\"><img loading=\"lazy\" decoding=\"async\" width=\"2116\" height=\"1382\" class=\"wp-block-cover__image-background wp-image-19856\" alt=\"\" src=\"https:\/\/www.therme-laa.at\/wp-content\/uploads\/2023\/11\/Mondglaanz2024.jpg\" data-object-fit=\"cover\" srcset=\"https:\/\/www.therme-laa.at\/wp-content\/uploads\/2023\/11\/Mondglaanz2024.jpg 2116w, https:\/\/www.therme-laa.at\/wp-content\/uploads\/2023\/11\/Mondglaanz2024-300x196.jpg 300w, https:\/\/www.therme-laa.at\/wp-content\/uploads\/2023\/11\/Mondglaanz2024-768x502.jpg 768w, https:\/\/www.therme-laa.at\/wp-content\/uploads\/2023\/11\/Mondglaanz2024-1536x1003.jpg 1536w, https:\/\/www.therme-laa.at\/wp-content\/uploads\/2023\/11\/Mondglaanz2024-2048x1338.jpg 2048w\" sizes=\"auto, (max-width: 2116px) 100vw, 2116px\" \/><span aria-hidden=\"true\" class=\"wp-block-cover__background has-dch-gold-dark-villas-background-color has-background-dim-0 has-background-dim\"><\/span><div class=\"wp-block-cover__inner-container is-layout-flow wp-block-cover-is-layout-flow\">\n<h1 class=\"wp-block-heading has-text-align-center short has-dch-white-color has-text-color has-link-color has-dch-brandon-grotesque-medium-font-family wp-elements-049c8b4ae22149582c1642c51e317dce\" style=\"font-size:5rem;font-style:normal;font-weight:500;letter-spacing:5px\">MONDGLAANZ<\/h1>\n\n\n\n<div style=\"height:30px\" aria-hidden=\"true\" class=\"wp-block-spacer\"><\/div>\n\n\n\n<h2 class=\"wp-block-heading has-text-align-center has-dch-white-color has-text-color has-link-color has-dch-brandon-grotesque-medium-font-family has-large-font-size wp-elements-c7da58888e1e35f3359efa7b741d470b\" style=\"font-style:normal;font-weight:500\">KOUP\u00c1N\u00cd P\u0158I \u00daPL\u0147KU A\u017d DO P\u016eLNOCI <\/h2>\n<\/div><\/div>\n\n\n\n<div class=\"wp-block-group alignfull has-dch-blue-background-color has-background is-layout-flow wp-block-group-is-layout-flow\">\n<div class=\"wp-block-buttons -mt-8 is-content-justification-center is-layout-flex wp-container-core-buttons-is-layout-a89b3969 wp-block-buttons-is-layout-flex\">\n<div class=\"wp-block-button ticket-btn\"><a class=\"wp-block-button__link has-dch-blue-background-color has-background has-medium-font-size has-custom-font-size wp-element-button\" href=\"https:\/\/shop.therme-laa.at\/tickets\/template\/12916\/?\" style=\"border-style:none;border-width:0px;border-top-left-radius:10px;border-top-right-radius:10px;border-bottom-left-radius:0px;border-bottom-right-radius:0px;padding-top:0px;padding-bottom:0px\" target=\"_blank\" rel=\"noreferrer noopener\">DO OBCHODU<\/a><\/div>\n<\/div>\n<\/div>\n\n\n\n<div class=\"wp-block-group alignfull under-nav-buttons has-dch-blue-background-color has-background is-layout-flow wp-container-core-group-is-layout-4fa898ef wp-block-group-is-layout-flow\" style=\"margin-top:0;margin-bottom:0;padding-top:0;padding-bottom:0\">\n<div class=\"wp-block-columns alignfull is-layout-flex wp-container-core-columns-is-layout-f0342b05 wp-block-columns-is-layout-flex\" style=\"margin-top:0;margin-bottom:0\">\n<div class=\"wp-block-column is-layout-flow wp-block-column-is-layout-flow\">\n<div class=\"wp-block-buttons has-custom-font-size has-medium-font-size is-content-justification-center is-layout-flex wp-container-core-buttons-is-layout-6f60eda8 wp-block-buttons-is-layout-flex\" style=\"margin-top:0\">\n<div class=\"wp-block-button\"><a class=\"wp-block-button__link has-dch-blue-therme-light-background-color has-background has-default-font-size has-custom-font-size wp-element-button\" href=\"#details\" style=\"border-radius:0px;padding-top:var(--wp--preset--spacing--30);padding-right:var(--wp--preset--spacing--50);padding-bottom:var(--wp--preset--spacing--30);padding-left:var(--wp--preset--spacing--50)\">BLI\u017d\u0160\u00cd INFORMACE<\/a><\/div>\n\n\n\n<div class=\"wp-block-button\"><a class=\"wp-block-button__link has-dch-blue-therme-light-background-color has-background has-default-font-size has-custom-font-size wp-element-button\" href=\"#angebote\" style=\"border-radius:0px;padding-top:var(--wp--preset--spacing--30);padding-right:var(--wp--preset--spacing--50);padding-bottom:var(--wp--preset--spacing--30);padding-left:var(--wp--preset--spacing--50)\">NAB\u00cdDKA<\/a><\/div>\n\n\n\n<div class=\"wp-block-button\"><a class=\"wp-block-button__link has-dch-blue-therme-light-background-color has-background has-default-font-size has-custom-font-size wp-element-button\" href=\"#weitere-angebote\" style=\"border-radius:0px;padding-top:var(--wp--preset--spacing--30);padding-right:var(--wp--preset--spacing--50);padding-bottom:var(--wp--preset--spacing--30);padding-left:var(--wp--preset--spacing--50)\">DAL\u0160\u00cd NAB\u00cdDKY<\/a><\/div>\n<\/div>\n<\/div>\n<\/div>\n<\/div>\n\n\n\n<div class=\"wp-block-group is-layout-constrained wp-block-group-is-layout-constrained\" style=\"margin-top:var(--wp--preset--spacing--70);margin-bottom:var(--wp--preset--spacing--70)\"><nav class=\"breadcrumb w-full container mb-6 sm:mb-12 text-blue-200\">\n    <ol class=\"inline-flex items-center space-x-1 md:space-x-2\">\n\t\t                        <li>\n                            <div class=\"flex items-center uppercase\" style=\"color:#05405d\">\n                                <a class=\"ms-1 text-xs md:text-sm\" href=\"https:\/\/www.therme-laa.at\/cs\/nabidka\/\" target=\"_self\">\n\t\t\t\t\t\t\t\t\tNab\u00eddka                                <\/a>\n                                <svg class=\"w-3 h-3 mx-1\" aria-hidden=\"true\" xmlns=\"http:\/\/www.w3.org\/2000\/svg\" fill=\"none\" viewBox=\"0 0 6 10\">\n                                    <path stroke=\"currentColor\" stroke-linecap=\"round\" stroke-linejoin=\"round\" stroke-width=\"2\" d=\"m1 9 4-4-4-4\"\/>\n                                <\/svg>\n                            <\/div>\n                        <\/li>\n\t\t\t\t\t                        <li>\n                            <div class=\"flex items-center uppercase\" style=\"color:#05405d\">\n                                <a class=\"ms-1 text-xs md:text-sm\" href=\"https:\/\/www.therme-laa.at\/cs\/termalni-lazne\/\" target=\"_self\">\n\t\t\t\t\t\t\t\t\tTerm\u00e1ly                                <\/a>\n                                <svg class=\"w-3 h-3 mx-1\" aria-hidden=\"true\" xmlns=\"http:\/\/www.w3.org\/2000\/svg\" fill=\"none\" viewBox=\"0 0 6 10\">\n                                    <path stroke=\"currentColor\" stroke-linecap=\"round\" stroke-linejoin=\"round\" stroke-width=\"2\" d=\"m1 9 4-4-4-4\"\/>\n                                <\/svg>\n                            <\/div>\n                        <\/li>\n\t\t\t\t\t                        <li>\n                            <div class=\"flex items-center uppercase\" style=\"color:#05405d\">\n                                <a class=\"ms-1 text-xs md:text-sm\" href=\"#\" target=\"_self\">\n\t\t\t\t\t\t\t\t\tM\u011bs\u00ed\u010dn\u00ed z\u00e1\u0159e                                <\/a>\n                                <svg class=\"w-3 h-3 mx-1\" aria-hidden=\"true\" xmlns=\"http:\/\/www.w3.org\/2000\/svg\" fill=\"none\" viewBox=\"0 0 6 10\">\n                                    <path stroke=\"currentColor\" stroke-linecap=\"round\" stroke-linejoin=\"round\" stroke-width=\"2\" d=\"m1 9 4-4-4-4\"\/>\n                                <\/svg>\n                            <\/div>\n                        <\/li>\n\t\t\t\t\t    <\/ol>\n<\/nav><\/div>\n\n\n\n<div class=\"wp-block-group is-layout-constrained wp-block-group-is-layout-constrained\">\n<div class=\"wp-block-columns is-layout-flex wp-container-core-columns-is-layout-28f84493 wp-block-columns-is-layout-flex\">\n<div class=\"wp-block-column is-vertically-aligned-top is-layout-flow wp-block-column-is-layout-flow\" style=\"flex-basis:33.33%\"><article class=\"offer\">\n  <div class=\"relative\">\n    <div class=\"max-h-96 overflow-hidden flex justify-center items-center\">\n      <img loading=\"lazy\" decoding=\"async\" width=\"768\" height=\"502\" src=\"https:\/\/www.therme-laa.at\/wp-content\/uploads\/2023\/11\/Mondglaanz2024-768x502.jpg\" class=\"\" alt=\"Frau unter Wasser in pinker Kleidung\" srcset=\"https:\/\/www.therme-laa.at\/wp-content\/uploads\/2023\/11\/Mondglaanz2024-768x502.jpg 768w, https:\/\/www.therme-laa.at\/wp-content\/uploads\/2023\/11\/Mondglaanz2024-300x196.jpg 300w, https:\/\/www.therme-laa.at\/wp-content\/uploads\/2023\/11\/Mondglaanz2024-1536x1003.jpg 1536w, https:\/\/www.therme-laa.at\/wp-content\/uploads\/2023\/11\/Mondglaanz2024-2048x1338.jpg 2048w\" sizes=\"auto, (max-width: 768px) 100vw, 768px\" \/>    <\/div>\n    <div class=\"absolute -bottom-4 right-4\">\n      <p class=\"!text-white text-[14px] !font-bold text-center py-10 px-6 bg-blue-200 uppercase\" style=\"background-color: #05405d\">\n        Speci\u00e1ln\u00ed      <\/p>\n    <\/div>\n  <\/div>\n  <main class=\"p-4 bg-white\" style=\"background-color: #FFFFFFF;\">\n    <span class=\"font-BrandonGrotesque_regular text-blue text-base uppercase\">Term\u00e1ly<\/span>\n    <h3 class=\"font-bold text-blue-200 text-xl uppercase mb-1 min-h-[56px] uppercase overflow-hidden\">Mondglaanz<\/h3>\n    <div class=\"excerpt\">\n      Nechte se un\u00e1\u0161et na vln\u00e1ch p\u0159\u00edjemn\u011b tepl\u00e9 term\u00e1ln\u00ed vody pod hv\u011bzdnou oblohou a\u017e do p\u016flnoci v r\u00e1mci ve\u010d\u00edrku MondgLAAnz &#8211; za doprovodu \u017eiv\u00e9 hudby a sklenky \u0161umiv\u00e9ho Poy-Secca. Dop\u0159ejte si skv\u011bl\u00fd z\u00e1\u017eitek v THERME LAA.     <\/div>\n    <hr class=\"sparator-smail\">\n    <div class=\"mt-2 text-blue-200 text-xl\"><strong>35,50 \u20ac<\/strong> za osobu<\/div>\n    <footer class=\"mt-4 flex flex-col\">\n                  <a class=\"card-btn mb-4\" href=\"#angebote\" target=\"_self\" style=\"background-color: #9f8b75;\">NAB\u00cdDKA<\/a>\n                  <a class=\"card-btn mb-4\" href=\"#weitere-angebote\" target=\"_self\" style=\"background-color: #9f8b75;\">DAL\u0160\u00cd NAB\u00cdDKY<\/a>\n          <\/footer>\n  <\/main>\n<\/article><\/div>\n\n\n\n<div class=\"wp-block-column is-layout-flow wp-block-column-is-layout-flow\" style=\"flex-basis:66.66%\">\n<h2 class=\"wp-block-heading has-dch-blue-color has-text-color has-link-color has-xx-large-font-size wp-elements-df92f703a370bb0957f9f3f64c456a9b\" id=\"details\" style=\"margin-top:0;margin-bottom:var(--wp--preset--spacing--50)\">Koup\u00e1n\u00ed a\u017e do p\u016flnoci<\/h2>\n\n\n\n<p>Vychutnejte si relax v p\u0159\u00edjemn\u011b tepl\u00e9 term\u00e1ln\u00ed vod\u011b nebo v baz\u00e9nu se slanou vodou a\u017e do p\u016flnoci. Magickou atmosf\u00e9ru \u00fapl\u0148kov\u00fdch ve\u010der\u016f dokresluje \u017eiv\u00e1 hudba a skleni\u010dka poysecca, kterou si m\u016f\u017eete vychutnat p\u0159\u00edmo              v baz\u00e9nu. <\/p>\n\n\n\n<p>P\u0159ij\u010fte si u\u017e\u00edt MondgLAAnz ve\u010d\u00edrek se sv\u00fdmi p\u0159\u00e1teli nebo nejbli\u017e\u0161\u00edmi a darujte si dokonal\u00fd relax. <\/p>\n\n\n\n<h6 class=\"wp-block-heading has-medium-font-size\" style=\"margin-top:var(--wp--preset--spacing--70);padding-top:0;padding-bottom:0\">MondgLAAnz bonusy: <\/h6>\n\n\n\n<ul style=\"font-style:normal;font-weight:400;line-height:1.5\" class=\"wp-block-list has-link-color has-dch-brandon-grotesque-regular-font-family has-medium-font-size wp-elements-a448bb8b2df1abb9ed56a4eced86d9b0\">\n<li>Poolbar p\u0159\u00edmo u baz\u00e9nu<\/li>\n\n\n\n<li>Live music &#8211; hraj\u00ed pro V\u00e1s \u0161pi\u010dkov\u00ed hudebn\u00edci <\/li>\n\n\n\n<li>Kulin\u00e1\u0159sk\u00e1 nab\u00eddka<\/li>\n\n\n\n<li>P\u0159\u00edjemn\u00e1 atmosf\u00e9ra<\/li>\n\n\n\n<li>Koup\u00e1n\u00ed a\u017e do 23:40 hod.<\/li>\n<\/ul>\n\n\n\n<h6 class=\"wp-block-heading has-medium-font-size\" style=\"margin-top:var(--wp--preset--spacing--70);padding-top:0;padding-bottom:0\">Zahrnut\u00e9 slu\u017eby<\/h6>\n\n\n\n<ul style=\"font-style:normal;font-weight:400;line-height:1.5\" class=\"wp-block-list has-link-color has-dch-brandon-grotesque-regular-font-family has-medium-font-size wp-elements-bdf748dc88390bdb070f65f181ae677a\">\n<li>Vstup do l\u00e1zn\u00ed od 17:00 do p\u016flnoci<\/li>\n\n\n\n<li>2 n\u00e1poje zdarma v baru u baz\u00e9nu<\/li>\n\n\n\n<li>\u017div\u00e1 hudba<\/li>\n<\/ul>\n\n\n\n<div style=\"height:40px\" aria-hidden=\"true\" class=\"wp-block-spacer\"><\/div>\n\n\n\n<div class=\"wp-block-group is-layout-constrained wp-block-group-is-layout-constrained\">\n<details class=\"wp-block-details has-dch-blue-color has-dch-white-background-color has-text-color has-background has-link-color has-dch-brandon-grotesque-medium-font-family wp-elements-d11341d7faa381776c5e987be33da70f is-layout-flow wp-block-details-is-layout-flow\" style=\"font-size:1.35rem\"><summary>TERM\u00cdNY 2026<\/summary>\n<div style=\"height:30px\" aria-hidden=\"true\" class=\"wp-block-spacer\"><\/div>\n\n\n\n<p><\/p>\n\n\n\n<ul class=\"wp-block-list has-dch-brandon-grotesque-regular-font-family has-medium-font-size\">\n<li><\/li>\n\n\n\n<li>2.5.2026 Baia Trio<\/li>\n<\/ul>\n<\/details>\n<\/div>\n<\/div>\n<\/div>\n<\/div>\n\n\n\n<div class=\"wp-block-buttons alignwide is-content-justification-center is-layout-flex wp-container-core-buttons-is-layout-bb659de6 wp-block-buttons-is-layout-flex\" style=\"margin-top:var(--wp--preset--spacing--50)\">\n<div class=\"wp-block-button is-style-fill\"><a class=\"wp-block-button__link has-white-color has-dch-gold-background-color has-text-color has-background has-medium-font-size has-custom-font-size wp-element-button\" href=\"https:\/\/shop.therme-laa.at\/tickets\/template\/12916\/?\" style=\"border-radius:0px;padding-top:var(--wp--preset--spacing--30);padding-right:var(--wp--preset--spacing--50);padding-bottom:var(--wp--preset--spacing--30);padding-left:var(--wp--preset--spacing--50)\" target=\"_blank\" rel=\"noreferrer noopener\">TICKET<\/a><\/div>\n<\/div>\n\n\n\n<div style=\"height:59px\" aria-hidden=\"true\" class=\"wp-block-spacer\"><\/div>\n\n\n  <div class=\"swiper image-slider\">\n \t<div class=\"swiper-wrapper\">\n \t\t \t\t\t \t\t\t\t<div class=\"swiper-slide relative pb-[350px] max-h-[350px] overflow-hidden\">\n \t\t\t\t\t<img decoding=\"async\" width=\"800\" height=\"800\" src=\"https:\/\/www.therme-laa.at\/wp-content\/uploads\/2023\/11\/image_64_3x-800x800.webp\" class=\"absolute inset-0 w-full object-cover\" alt=\"Au\u00dfenaufnahme Therme bei D\u00e4mmerung, im Fokus: Feuerkorb\" loading=\"lazy\" title=\"image_64_3x\" srcset=\"https:\/\/www.therme-laa.at\/wp-content\/uploads\/2023\/11\/image_64_3x-800x800.webp 800w, https:\/\/www.therme-laa.at\/wp-content\/uploads\/2023\/11\/image_64_3x-150x150.webp 150w\" sizes=\"auto, (max-width: 800px) 100vw, 800px\" \/> \t\t\t\t<\/div>\n \t\t\t \t\t\t\t<div class=\"swiper-slide relative pb-[350px] max-h-[350px] overflow-hidden\">\n \t\t\t\t\t<img decoding=\"async\" width=\"800\" height=\"800\" src=\"https:\/\/www.therme-laa.at\/wp-content\/uploads\/2023\/11\/Mondglaanz-VollmondSpecial-Hotel_featured_image_800x800-manuelunger-800x800.webp\" class=\"absolute inset-0 w-full object-cover\" alt=\"Angebot Vollmond-Special\nAufnahme von Mann und Frau in Bademantel, Mann zeigt in die Ferne, Frau schaut nach \" loading=\"lazy\" title=\"Mondglaanz-VollmondSpecial-Hotel_featured_image_800x800-manuelunger\" srcset=\"https:\/\/www.therme-laa.at\/wp-content\/uploads\/2023\/11\/Mondglaanz-VollmondSpecial-Hotel_featured_image_800x800-manuelunger.webp 800w, https:\/\/www.therme-laa.at\/wp-content\/uploads\/2023\/11\/Mondglaanz-VollmondSpecial-Hotel_featured_image_800x800-manuelunger-150x150.webp 150w, https:\/\/www.therme-laa.at\/wp-content\/uploads\/2023\/11\/Mondglaanz-VollmondSpecial-Hotel_featured_image_800x800-manuelunger-300x300.webp 300w, https:\/\/www.therme-laa.at\/wp-content\/uploads\/2023\/11\/Mondglaanz-VollmondSpecial-Hotel_featured_image_800x800-manuelunger-768x768.webp 768w\" sizes=\"auto, (max-width: 800px) 100vw, 800px\" \/> \t\t\t\t<\/div>\n \t\t\t \t\t\t\t<div class=\"swiper-slide relative pb-[350px] max-h-[350px] overflow-hidden\">\n \t\t\t\t\t<img decoding=\"async\" width=\"800\" height=\"800\" src=\"https:\/\/www.therme-laa.at\/wp-content\/uploads\/2023\/11\/Mondglaanz07_Pflanzl_Media_800x800.jpg\" class=\"absolute inset-0 w-full object-cover\" alt=\"Nachtaufnahme vom Au\u00dfenbereich in die beleuchtete Therme mit Fackel im Vordergrund\" loading=\"lazy\" title=\"Mondglaanz07_Pflanzl_Media_800x800\" srcset=\"https:\/\/www.therme-laa.at\/wp-content\/uploads\/2023\/11\/Mondglaanz07_Pflanzl_Media_800x800.jpg 800w, https:\/\/www.therme-laa.at\/wp-content\/uploads\/2023\/11\/Mondglaanz07_Pflanzl_Media_800x800-300x300.jpg 300w, https:\/\/www.therme-laa.at\/wp-content\/uploads\/2023\/11\/Mondglaanz07_Pflanzl_Media_800x800-150x150.jpg 150w, https:\/\/www.therme-laa.at\/wp-content\/uploads\/2023\/11\/Mondglaanz07_Pflanzl_Media_800x800-768x768.jpg 768w\" sizes=\"auto, (max-width: 800px) 100vw, 800px\" \/> \t\t\t\t<\/div>\n \t\t\t \t\t\t\t<div class=\"swiper-slide relative pb-[350px] max-h-[350px] overflow-hidden\">\n \t\t\t\t\t<img decoding=\"async\" width=\"800\" height=\"800\" src=\"https:\/\/www.therme-laa.at\/wp-content\/uploads\/2023\/11\/Relax-Abendausklang-Deluxe-Info_featured_image_800x800-marekgavlak-800x800.webp\" class=\"absolute inset-0 w-full object-cover\" alt=\"Winterau\u00dfenaufnahme vom Thermen Solebecken, Schnee rundherum, bei D\u00e4mmerung \" loading=\"lazy\" title=\"Relax-Abendausklang-Deluxe-Info_featured_image_800x800-marekgavlak\" srcset=\"https:\/\/www.therme-laa.at\/wp-content\/uploads\/2023\/11\/Relax-Abendausklang-Deluxe-Info_featured_image_800x800-marekgavlak.webp 800w, https:\/\/www.therme-laa.at\/wp-content\/uploads\/2023\/11\/Relax-Abendausklang-Deluxe-Info_featured_image_800x800-marekgavlak-150x150.webp 150w, https:\/\/www.therme-laa.at\/wp-content\/uploads\/2023\/11\/Relax-Abendausklang-Deluxe-Info_featured_image_800x800-marekgavlak-300x300.webp 300w, https:\/\/www.therme-laa.at\/wp-content\/uploads\/2023\/11\/Relax-Abendausklang-Deluxe-Info_featured_image_800x800-marekgavlak-768x768.webp 768w\" sizes=\"auto, (max-width: 800px) 100vw, 800px\" \/> \t\t\t\t<\/div>\n \t\t\t \t\t\t\t<div class=\"swiper-slide relative pb-[350px] max-h-[350px] overflow-hidden\">\n \t\t\t\t\t<img decoding=\"async\" width=\"800\" height=\"800\" src=\"https:\/\/www.therme-laa.at\/wp-content\/uploads\/2024\/09\/Loft-Sauna.png\" class=\"absolute inset-0 w-full object-cover\" alt=\"Nahaufnahme der Sauna mit wei\u00dfem Handtuch\" loading=\"lazy\" title=\"Loft Sauna\" srcset=\"https:\/\/www.therme-laa.at\/wp-content\/uploads\/2024\/09\/Loft-Sauna.png 800w, https:\/\/www.therme-laa.at\/wp-content\/uploads\/2024\/09\/Loft-Sauna-300x300.png 300w, https:\/\/www.therme-laa.at\/wp-content\/uploads\/2024\/09\/Loft-Sauna-150x150.png 150w, https:\/\/www.therme-laa.at\/wp-content\/uploads\/2024\/09\/Loft-Sauna-768x768.png 768w\" sizes=\"auto, (max-width: 800px) 100vw, 800px\" \/> \t\t\t\t<\/div>\n \t\t\t \t\t\n \t<\/div>\n <\/div>\n\n\n<section id=\"zimmer\" class=\"wp-block-group overflow-hidden has-background is-layout-constrained wp-block-group-is-layout-constrained\" style=\"background:linear-gradient(180deg,rgb(245,243,239) 0%,rgb(233,231,226) 100%)\">\n<div style=\"height:30px\" aria-hidden=\"true\" class=\"wp-block-spacer\"><\/div>\n\n\n\n<div class=\"wp-block-group is-content-justification-center is-layout-constrained wp-block-group-is-layout-constrained\" style=\"margin-top:var(--wp--preset--spacing--40);margin-bottom:var(--wp--preset--spacing--80)\">\n<div class=\"wp-block-columns is-layout-flex wp-container-core-columns-is-layout-a85f4655 wp-block-columns-is-layout-flex\">\n<div class=\"wp-block-column is-vertically-aligned-top is-layout-flow wp-block-column-is-layout-flow\" style=\"padding-top:0;padding-right:0;padding-bottom:0;padding-left:0;flex-basis:35%\">\n<h5 class=\"wp-block-heading has-dch-blue-therme-dark-color has-text-color has-link-color has-dch-brandon-grotesque-regular-font-family has-medium-font-size wp-elements-b4af6a5cba17f2eca5a40dacf1c2a68f\" style=\"margin-left:var(--wp--preset--spacing--20);letter-spacing:1.4px;text-transform:uppercase\">IHR WOHLF\u00dcHL-ORT<\/h5>\n\n\n\n<h3 class=\"wp-block-heading has-dch-blue-color has-text-color has-link-color has-dch-brandon-grotesque-medium-font-family wp-elements-3cbba0e38a3a7312d3d444ba4b2236a2\" style=\"padding-top:var(--wp--preset--spacing--30);padding-bottom:0;font-size:3rem;letter-spacing:0.8px;line-height:1.05\">Machen Sie einen Urlaub daraus<\/h3>\n<\/div>\n\n\n\n<div class=\"wp-block-column is-vertically-aligned-top is-layout-flow wp-container-core-column-is-layout-be95e8ed wp-block-column-is-layout-flow\" style=\"padding-top:0;flex-basis:600px\">\n<div style=\"height:50px\" aria-hidden=\"true\" class=\"wp-block-spacer\"><\/div>\n\n\n\n<p class=\"has-medium-font-size\" style=\"line-height:1.7\">In unseren 122 Zimmern und Suiten, alle mit eigenem Balkon, beginnt Ihr Wohlf\u00fchl-Urlaub. F\u00fcr eine noch unkompliziertere und effizientere Buchungserfahrung empfehlen wir Ihnen, Ihren Aufenthalt <a href=\"https:\/\/reservations.therme-laa.at\/102817#\/guestsandrooms\" target=\"_blank\" rel=\"noreferrer noopener\"><strong>direkt \u00fcber unsere Online-Buchungsplattform zu reservieren.<\/strong><\/a> Dies erm\u00f6glicht Ihnen nicht nur eine schnelle und einfache Buchung, sondern stellt auch sicher, dass Sie stets die besten verf\u00fcgbaren Zimmeroptionen und Angebote erhalten. Vermeiden Sie zeitaufwendige Anfragen und genie\u00dfen Sie die Bequemlichkeit und Sicherheit einer direkten Online-Reservierung. Ihr Traumurlaub ist nur wenige Klicks entfernt.<\/p>\n<\/div>\n<\/div>\n<\/div>\n\n\n-1    <section class=\"posts-slider my-7 container overflow-hidden \">\n        <div class=\"swiper-wrapper\">\n\n\t\t\t                    <article class=\"swiper-slide slider-to-animi cursor-auto\" style=\"1\">\n                        <picture class=\"relative pb-72  w-full block overflow-hidden  md:pb-52\">\n\t\t\t\t\t\t\t<img decoding=\"async\" width=\"1200\" height=\"800\" src=\"https:\/\/www.therme-laa.at\/wp-content\/uploads\/2023\/11\/Silent_Club_02_Pflanzlmedia.webp\" class=\"absolute inset-0 h-full w-full object-cover wp-post-image wp-post-image\" alt=\"Doppelzimmer mit Doppelbett mit braunem \u00dcberwurf und braunen Polster mit beigem Wandpolster, Stehlampe, Couchtisch und gr\u00fcnem, kleinen Sofa\" large=\"full\" loading=\"lazy\" srcset=\"https:\/\/www.therme-laa.at\/wp-content\/uploads\/2023\/11\/Silent_Club_02_Pflanzlmedia.webp 1200w, https:\/\/www.therme-laa.at\/wp-content\/uploads\/2023\/11\/Silent_Club_02_Pflanzlmedia-300x200.webp 300w, https:\/\/www.therme-laa.at\/wp-content\/uploads\/2023\/11\/Silent_Club_02_Pflanzlmedia-768x512.webp 768w\" sizes=\"auto, (max-width: 1200px) 100vw, 1200px\" \/>                        <\/picture>\n                        <main class=\"flex flex-col gap-1 text-center text-blue-200 pt-6\">\n                            <h3 class=\"text-[1.2rem] pb-2\">\n\t\t\t\t\t\t\t\tSILENT CLUB POKOJE                            <\/h3>\n\n                            <div class=\"text-sm px-2 min-h-[85px]\">\n\t\t\t\t\t\t\t\t<p>Pokoje SILENT CLUB o rozloze 30 m\u00b2 se py\u0161n\u00ed modern\u00edm designem a \u00fatulnou atmosf\u00e9rou. <\/p>\n                            <\/div>\n                            <footer class=\"flex flex-col mt-6\">\n\t\t\t\t\t\t\t\t                                <a href=\"https:\/\/www.therme-laa.at\/cs\/room\/pokoje-silent-club\/\" target=\"_self\" class=\"btn details-btn\" title=\"SILENT CLUB POKOJE\">\n\t\t\t\t\t\t\t\t\tDetaily                                <\/a>\n\t\t\t\t\t\t\t\t                                        <a class=\"btn btn-white bg-gold !text-white p-2 hover:bg-opacity-70 transition-colors cursor-pointer flex-1\" title=\"Buchen\" href=\"https:\/\/reservations.therme-laa.at\/therme-laaat\/result?room_ids=152844,152845&#038;culture=cs-CZ\" target=\"_blank\">\n\t\t\t\t\t\t\t\t\t\t\trezervovat                                        <\/a>\n\t\t\t\t\t\t\t\t\t                            <\/footer>\n                        <\/main>\n\n                    <\/article>\n\t\t\t\t                    <article class=\"swiper-slide slider-to-animi cursor-auto\" style=\"1\">\n                        <picture class=\"relative pb-72  w-full block overflow-hidden  md:pb-52\">\n\t\t\t\t\t\t\t<img decoding=\"async\" width=\"1200\" height=\"800\" src=\"https:\/\/www.therme-laa.at\/wp-content\/uploads\/2024\/01\/Juniorsuite03_Pflanzlmedia.webp\" class=\"absolute inset-0 h-full w-full object-cover wp-post-image wp-post-image\" alt=\"Suite mit Doppelbett mit braunem \u00dcberwurf und gr\u00fcnem Wandpolster, im Vordergrund wei\u00dfe Sitzgelgenheit mit Sofa und Einzel-Sitzer\" large=\"full\" loading=\"lazy\" srcset=\"https:\/\/www.therme-laa.at\/wp-content\/uploads\/2024\/01\/Juniorsuite03_Pflanzlmedia.webp 1200w, https:\/\/www.therme-laa.at\/wp-content\/uploads\/2024\/01\/Juniorsuite03_Pflanzlmedia-300x200.webp 300w, https:\/\/www.therme-laa.at\/wp-content\/uploads\/2024\/01\/Juniorsuite03_Pflanzlmedia-768x512.webp 768w\" sizes=\"auto, (max-width: 1200px) 100vw, 1200px\" \/>                        <\/picture>\n                        <main class=\"flex flex-col gap-1 text-center text-blue-200 pt-6\">\n                            <h3 class=\"text-[1.2rem] pb-2\">\n\t\t\t\t\t\t\t\tJUNIOR SUITES                            <\/h3>\n\n                            <div class=\"text-sm px-2 min-h-[85px]\">\n\t\t\t\t\t\t\t\t<p>Stylov\u011b za\u0159\u00edzen\u00e9 p\u0159\u00edjemn\u00e9 apartm\u00e1ny o rozloze 45 m\u00b2 jsou \u00fatuln\u00e9 a dostate\u010dn\u011b prostorn\u00e9 pro pohodovou dovolenou s rodinou. <\/p>\n                            <\/div>\n                            <footer class=\"flex flex-col mt-6\">\n\t\t\t\t\t\t\t\t                                <a href=\"https:\/\/www.therme-laa.at\/cs\/room\/apartman-junior\/\" target=\"_self\" class=\"btn details-btn\" title=\"JUNIOR SUITES\">\n\t\t\t\t\t\t\t\t\tDetaily                                <\/a>\n\t\t\t\t\t\t\t\t                                        <a class=\"btn btn-white bg-gold !text-white p-2 hover:bg-opacity-70 transition-colors cursor-pointer flex-1\" title=\"buchen\" href=\"https:\/\/reservations.therme-laa.at\/102817?languageid=7#\/guestsandrooms?culture=de\" target=\"_blank\">\n\t\t\t\t\t\t\t\t\t\t\trezervovat                                        <\/a>\n\t\t\t\t\t\t\t\t\t                            <\/footer>\n                        <\/main>\n\n                    <\/article>\n\t\t\t\t                    <article class=\"swiper-slide slider-to-animi cursor-auto\" style=\"1\">\n                        <picture class=\"relative pb-72  w-full block overflow-hidden  md:pb-52\">\n\t\t\t\t\t\t\t<img decoding=\"async\" width=\"1200\" height=\"800\" src=\"https:\/\/www.therme-laa.at\/wp-content\/uploads\/2024\/01\/Panorama_05_Pflanzlmedia.webp\" class=\"absolute inset-0 h-full w-full object-cover wp-post-image wp-post-image\" alt=\"Doppelzimmer mit Doppelbett und rotem \u00dcberwurf und rotem Wandpolster mit Eckfenster und zwei roten Sitzsofas\" large=\"full\" loading=\"lazy\" srcset=\"https:\/\/www.therme-laa.at\/wp-content\/uploads\/2024\/01\/Panorama_05_Pflanzlmedia.webp 1200w, https:\/\/www.therme-laa.at\/wp-content\/uploads\/2024\/01\/Panorama_05_Pflanzlmedia-300x200.webp 300w, https:\/\/www.therme-laa.at\/wp-content\/uploads\/2024\/01\/Panorama_05_Pflanzlmedia-768x512.webp 768w\" sizes=\"auto, (max-width: 1200px) 100vw, 1200px\" \/>                        <\/picture>\n                        <main class=\"flex flex-col gap-1 text-center text-blue-200 pt-6\">\n                            <h3 class=\"text-[1.2rem] pb-2\">\n\t\t\t\t\t\t\t\tPANORAMA POKOJE                            <\/h3>\n\n                            <div class=\"text-sm px-2 min-h-[85px]\">\n\t\t\t\t\t\t\t\t<p>Panorama pokoje, ka\u017ed\u00fd o rozloze 30 m\u00b2, nab\u00edzej\u00ed d\u00edky panoramatick\u00e9mu prosklen\u00ed dostatek p\u0159irozen\u00e9ho sv\u011btla.<\/p>\n                            <\/div>\n                            <footer class=\"flex flex-col mt-6\">\n\t\t\t\t\t\t\t\t                                <a href=\"https:\/\/www.therme-laa.at\/cs\/room\/panoramaticke-pokoje\/\" target=\"_self\" class=\"btn details-btn\" title=\"PANORAMA POKOJE\">\n\t\t\t\t\t\t\t\t\tDetaily                                <\/a>\n\t\t\t\t\t\t\t\t                                        <a class=\"btn btn-white bg-gold !text-white p-2 hover:bg-opacity-70 transition-colors cursor-pointer flex-1\" title=\"buchen\" href=\"https:\/\/reservations.therme-laa.at\/102817?languageid=7#\/hotelbooking?culture=de\" target=\"_blank\">\n\t\t\t\t\t\t\t\t\t\t\trezervovat                                        <\/a>\n\t\t\t\t\t\t\t\t\t                            <\/footer>\n                        <\/main>\n\n                    <\/article>\n\t\t\t\t                    <article class=\"swiper-slide slider-to-animi cursor-auto\" style=\"1\">\n                        <picture class=\"relative pb-72  w-full block overflow-hidden  md:pb-52\">\n\t\t\t\t\t\t\t<img decoding=\"async\" width=\"1200\" height=\"800\" src=\"https:\/\/www.therme-laa.at\/wp-content\/uploads\/2024\/01\/Superior_01_Pflanzlmedia.webp\" class=\"absolute inset-0 h-full w-full object-cover wp-post-image wp-post-image\" alt=\"Doppelzimmer mit Doppelbett und rotem \u00dcberwurf und rotem Wandpolster, Blick zur Terrasse\" large=\"full\" loading=\"lazy\" srcset=\"https:\/\/www.therme-laa.at\/wp-content\/uploads\/2024\/01\/Superior_01_Pflanzlmedia.webp 1200w, https:\/\/www.therme-laa.at\/wp-content\/uploads\/2024\/01\/Superior_01_Pflanzlmedia-300x200.webp 300w, https:\/\/www.therme-laa.at\/wp-content\/uploads\/2024\/01\/Superior_01_Pflanzlmedia-768x512.webp 768w\" sizes=\"auto, (max-width: 1200px) 100vw, 1200px\" \/>                        <\/picture>\n                        <main class=\"flex flex-col gap-1 text-center text-blue-200 pt-6\">\n                            <h3 class=\"text-[1.2rem] pb-2\">\n\t\t\t\t\t\t\t\tDVOUL\u016e\u017dKOV\u00dd POKOJ SUPERIOR                            <\/h3>\n\n                            <div class=\"text-sm px-2 min-h-[85px]\">\n\t\t\t\t\t\t\t\t<p>Na\u0161e pokoje Superior o rozloze 30 m\u00b2 jsou vybaveny vanou nebo z\u00e1\u017eitkovou sprchou. <\/p>\n                            <\/div>\n                            <footer class=\"flex flex-col mt-6\">\n\t\t\t\t\t\t\t\t                                <a href=\"https:\/\/www.therme-laa.at\/cs\/room\/dvouluzkovy-pokoj-nadstandard\/\" target=\"_self\" class=\"btn details-btn\" title=\"DVOUL\u016e\u017dKOV\u00dd POKOJ SUPERIOR\">\n\t\t\t\t\t\t\t\t\tDetaily                                <\/a>\n\t\t\t\t\t\t\t\t                                        <a class=\"btn btn-white bg-gold !text-white p-2 hover:bg-opacity-70 transition-colors cursor-pointer flex-1\" title=\"buchen\" href=\"https:\/\/reservations.therme-laa.at\/therme-laaat\/result?room_ids=152847,152848,152849&#038;culture=cs-CZ\" target=\"_blank\">\n\t\t\t\t\t\t\t\t\t\t\trezervovat                                        <\/a>\n\t\t\t\t\t\t\t\t\t                            <\/footer>\n                        <\/main>\n\n                    <\/article>\n\t\t\t\t                    <article class=\"swiper-slide slider-to-animi cursor-auto\" style=\"1\">\n                        <picture class=\"relative pb-72  w-full block overflow-hidden  md:pb-52\">\n\t\t\t\t\t\t\t<img decoding=\"async\" width=\"1200\" height=\"800\" src=\"https:\/\/www.therme-laa.at\/wp-content\/uploads\/2024\/01\/Seniorsuite_01_Pflanzlmedia.webp\" class=\"absolute inset-0 h-full w-full object-cover wp-post-image wp-post-image\" alt=\"Suite mit Eckverglasung, Doppelbett mit rotem \u00dcberwurf und rotem Wandpolster, Schreibtisch mit Sitzgelegenheit\" large=\"full\" loading=\"lazy\" srcset=\"https:\/\/www.therme-laa.at\/wp-content\/uploads\/2024\/01\/Seniorsuite_01_Pflanzlmedia.webp 1200w, https:\/\/www.therme-laa.at\/wp-content\/uploads\/2024\/01\/Seniorsuite_01_Pflanzlmedia-300x200.webp 300w, https:\/\/www.therme-laa.at\/wp-content\/uploads\/2024\/01\/Seniorsuite_01_Pflanzlmedia-768x512.webp 768w\" sizes=\"auto, (max-width: 1200px) 100vw, 1200px\" \/>                        <\/picture>\n                        <main class=\"flex flex-col gap-1 text-center text-blue-200 pt-6\">\n                            <h3 class=\"text-[1.2rem] pb-2\">\n\t\t\t\t\t\t\t\tSENIOR SUITE                            <\/h3>\n\n                            <div class=\"text-sm px-2 min-h-[85px]\">\n\t\t\t\t\t\t\t\t<p>Dva apartm\u00e1ny pro seniory o rozloze 60 m\u00b2 jsou z\u00e1rukou pohodl\u00ed, elegance a dostatku osobn\u00edho prostoru.  <\/p>\n                            <\/div>\n                            <footer class=\"flex flex-col mt-6\">\n\t\t\t\t\t\t\t\t                                <a href=\"https:\/\/www.therme-laa.at\/cs\/room\/senior-suite\/\" target=\"_self\" class=\"btn details-btn\" title=\"SENIOR SUITE\">\n\t\t\t\t\t\t\t\t\tDetaily                                <\/a>\n\t\t\t\t\t\t\t\t                                        <a class=\"btn btn-white bg-gold !text-white p-2 hover:bg-opacity-70 transition-colors cursor-pointer flex-1\" title=\"Buchen\" href=\"https:\/\/reservations.therme-laa.at\/102817?languageid=7#\/hotelbooking?culture=de\" target=\"_blank\">\n\t\t\t\t\t\t\t\t\t\t\trezervovat                                        <\/a>\n\t\t\t\t\t\t\t\t\t                            <\/footer>\n                        <\/main>\n\n                    <\/article>\n\t\t\t\t        <\/div>\n        <article class=\"arrows\">\n            <button class=\"prev\" aria-label=\"next\">\n                <svg fill=\"none\" class=\"w-8 h-8\" stroke=\"currentColor\" stroke-width=\"1.5\" viewBox=\"0 0 24 24\" xmlns=\"http:\/\/www.w3.org\/2000\/svg\"\n                     aria-hidden=\"true\">\n                    <path stroke-linecap=\"round\" stroke-linejoin=\"round\" d=\"M10.5 19.5L3 12m0 0l7.5-7.5M3 12h18\"><\/path>\n                <\/svg>\n            <\/button>\n            <button class=\"next\" aria-label=\"next\">\n                <svg fill=\"none\" class=\"w-8 h-8\" stroke=\"currentColor\" stroke-width=\"1.5\" viewBox=\"0 0 24 24\" xmlns=\"http:\/\/www.w3.org\/2000\/svg\"\n                     aria-hidden=\"true\">\n                    <path stroke-linecap=\"round\" stroke-linejoin=\"round\" d=\"M13.5 4.5L21 12m0 0l-7.5 7.5M21 12H3\"><\/path>\n                <\/svg>\n            <\/button>\n        <\/article>\n    <\/section>\n\n\n\n<div style=\"height:20px\" aria-hidden=\"true\" class=\"wp-block-spacer\"><\/div>\n<\/section>\n\n\n\n<div style=\"height:60px\" aria-hidden=\"true\" class=\"wp-block-spacer\"><\/div>\n\n\n\n<h2 class=\"wp-block-heading has-text-align-center has-dch-blue-color has-text-color has-link-color has-xx-large-font-size wp-elements-6c492cae9b691a89688d72641eac2bc7\" id=\"weitere-angebote\">Dal\u0161\u00ed obl\u00edben\u00e9 nab\u00eddky<\/h2>\n\n\n\n<div style=\"height:40px\" aria-hidden=\"true\" class=\"wp-block-spacer\"><\/div>\n\n\n\n<section id=\"similar-offers\" class=\"wp-block-group is-layout-constrained wp-block-group-is-layout-constrained\">    <section class=\"px-4 md:px-0 flex md:flex-nowrap place-content-start sm:place-content-evenly flex-wrap gap-6 justify-start posts-block\">\n\t\t                <article class=\"post-card relative  md:flex-auto w-full w-full  mb-6 md:mb-0\">\n\t\t\t\t\t                    <div class=\"overflow-hidden flex justify-start items-center max-h-96 min-h-96\">\n\t\t\t\t\t\t<img loading=\"lazy\" decoding=\"async\" width=\"768\" height=\"768\" src=\"https:\/\/www.therme-laa.at\/wp-content\/uploads\/2023\/11\/Manikuere-und-Pedikuere_featured_image_800x800-is-768x768.webp\" class=\"h-auto w-full wp-post-image\" alt=\"Pedik\u00fcre &amp; Manik\u00fcre\nBild von F\u00fc\u00dfen\" srcset=\"https:\/\/www.therme-laa.at\/wp-content\/uploads\/2023\/11\/Manikuere-und-Pedikuere_featured_image_800x800-is-768x768.webp 768w, https:\/\/www.therme-laa.at\/wp-content\/uploads\/2023\/11\/Manikuere-und-Pedikuere_featured_image_800x800-is-150x150.webp 150w, https:\/\/www.therme-laa.at\/wp-content\/uploads\/2023\/11\/Manikuere-und-Pedikuere_featured_image_800x800-is-300x300.webp 300w, https:\/\/www.therme-laa.at\/wp-content\/uploads\/2023\/11\/Manikuere-und-Pedikuere_featured_image_800x800-is.webp 800w\" sizes=\"auto, (max-width: 768px) 100vw, 768px\" \/>                    <\/div>\n                    <main class=\"flex flex-col gap-1 text-left text-blue-200 p-4 relative\" style=\"color:#05405D; background-color:#FFFFFF;\">\n\t\t\t\t\t\t                                <div class=\"absolute -top-24 right-4\">\n                                    <p class=\"!text-white text-[14px] !font-bold text-center py-10 px-6 bg-blue-200 uppercase\"\n                                       style=\"background-color:#05405D\">\n\t\t\t\t\t\t\t\t\t\tKosmetika                                    <\/p>\n                                <\/div>\n\t\t\t\t\t\t\t\t\t\t\t\t\t                                <span class=\"font-BrandonGrotesque_regular text-blue text-base uppercase\" style=\"color:#05405D;\">\n\t\t\t\t\t\tResort\t\t\t\t\t<\/span>\n\t\t\t\t\t\t\t                        <h3 class=\"text-xl font-BrandonGrotesque_bold uppercase\">\n\t\t\t\t\t\t\tManik\u00fara a pedik\u00fara                        <\/h3>\n                        <div class=\"text-base font-BrandonGrotesque_regular excerpt text-black\" style=\"color:#05405D;\">\n\t\t\t\t\t\t\tVychutnejte si s n\u00e1mi h\u00fd\u010dkaj\u00edc\u00ed manik\u00faru a pedik\u00faru. Wellness o\u0161et\u0159en\u00ed pro perfektn\u00ed nehty, pru\u017enou poko\u017eku a upraven\u00fd vzhled.                        <\/div>\n\t\t\t\t\t\t                                <hr class=\" sparator-smail\">\n                                <div class=\"mt-4 text-blue-200 text-xl\" style=\"color:#05405D;\">\n\t\t\t\t\t\t\t\t\tOd <strong>58 \u20ac<\/strong> za osobu                                <\/div>\n\t\t\t\t\t\t\t\t\t\t\t\t\t                                <footer class=\"flex justify-center items-start flex-col mt-4\">\n                                    <a href=\"https:\/\/www.therme-laa.at\/cs\/angebote\/manikura-a-pedikura\/\"\n                                       class=\"btn-white permalink bg-gold uppercase text-sm font-bold px-4 py-2 w-full text-center hover:bg-opacity-70 transition-colors\"\n                                       style=\"background-color:#9F8B75\">\n\t\t\t\t\t\t\t\t\t\tDETAILY A REZERVOV\u00c1N\u00cd                                    <\/a>\n                                <\/footer>\n\t\t\t\t\t\t\t                    <\/main>\n                <\/article>\n\t\t\t                <article class=\"post-card relative  md:flex-auto w-full w-full  mb-6 md:mb-0\">\n\t\t\t\t\t                    <div class=\"overflow-hidden flex justify-start items-center max-h-96 min-h-96\">\n\t\t\t\t\t\t<img loading=\"lazy\" decoding=\"async\" width=\"768\" height=\"768\" src=\"https:\/\/www.therme-laa.at\/wp-content\/uploads\/2023\/11\/Fruehstueck-fuer-2-Personen_featured_image_800x800-ideenladen-768x768.webp\" class=\"h-auto w-full wp-post-image\" alt=\"Angebot Fr\u00fchst\u00fcck f\u00fcr 2 Personen\" srcset=\"https:\/\/www.therme-laa.at\/wp-content\/uploads\/2023\/11\/Fruehstueck-fuer-2-Personen_featured_image_800x800-ideenladen-768x768.webp 768w, https:\/\/www.therme-laa.at\/wp-content\/uploads\/2023\/11\/Fruehstueck-fuer-2-Personen_featured_image_800x800-ideenladen-150x150.webp 150w, https:\/\/www.therme-laa.at\/wp-content\/uploads\/2023\/11\/Fruehstueck-fuer-2-Personen_featured_image_800x800-ideenladen-300x300.webp 300w, https:\/\/www.therme-laa.at\/wp-content\/uploads\/2023\/11\/Fruehstueck-fuer-2-Personen_featured_image_800x800-ideenladen.webp 800w\" sizes=\"auto, (max-width: 768px) 100vw, 768px\" \/>                    <\/div>\n                    <main class=\"flex flex-col gap-1 text-left text-blue-200 p-4 relative\" style=\"color:#05405D; background-color:#FFFFFF;\">\n\t\t\t\t\t\t                                <div class=\"absolute -top-24 right-4\">\n                                    <p class=\"!text-white text-[14px] !font-bold text-center py-10 px-6 bg-blue-200 uppercase\"\n                                       style=\"background-color:#05405D\">\n\t\t\t\t\t\t\t\t\t\tPOUKAZ                                    <\/p>\n                                <\/div>\n\t\t\t\t\t\t\t\t\t\t\t\t\t                                <span class=\"font-BrandonGrotesque_regular text-blue text-base uppercase\" style=\"color:#05405D;\">\n\t\t\t\t\t\tHotel\t\t\t\t\t<\/span>\n\t\t\t\t\t\t\t                        <h3 class=\"text-xl font-BrandonGrotesque_bold uppercase\">\n\t\t\t\t\t\t\tSn\u00eddan\u011b pro 2 osoby                        <\/h3>\n                        <div class=\"text-base font-BrandonGrotesque_regular excerpt text-black\" style=\"color:#05405D;\">\n\t\t\t\t\t\t\tRozmazlete sebe i dal\u0161\u00ed v\u00edtanou osobu gurm\u00e1nskou sn\u00eddan\u00ed v hotelov\u00e9 restauraci Feinspitz a spole\u010dn\u011b za\u010dn\u011bte odpo\u010dinkov\u00fd den v l\u00e1zn\u00edch Therme Laa.                        <\/div>\n\t\t\t\t\t\t                                <hr class=\" sparator-smail\">\n                                <div class=\"mt-4 text-blue-200 text-xl\" style=\"color:#05405D;\">\n\t\t\t\t\t\t\t\t\tOd <strong>34 \u20ac<\/strong> na osobu                                <\/div>\n\t\t\t\t\t\t\t\t\t\t\t\t\t                                <footer class=\"flex justify-center items-start flex-col mt-4\">\n\t\t\t\t\t\t\t\t\t                                            <a href=\"https:\/\/shop.therme-laa.at\/vouchers\/template\/11305\/?\"\n                                               class=\"btn-white shop-link bg-gold uppercase text-sm font-bold px-4 py-2 w-full text-center hover:bg-opacity-70 transition-colors\"\n                                               style=\"background-color:#9F8B75\" target=\"_blank\">\n\t\t\t\t\t\t\t\t\t\t\t\tDo obchodu                                            <\/a>\n\t\t\t\t\t\t\t\t\t\t\t                                <\/footer>\n\t\t\t\t\t\t\t                    <\/main>\n                <\/article>\n\t\t\t                <article class=\"post-card relative  md:flex-auto w-full w-full  mb-6 md:mb-0\">\n\t\t\t\t\t                    <div class=\"overflow-hidden flex justify-start items-center max-h-96 min-h-96\">\n\t\t\t\t\t\t<img loading=\"lazy\" decoding=\"async\" width=\"768\" height=\"768\" src=\"https:\/\/www.therme-laa.at\/wp-content\/uploads\/2023\/11\/Silent-Spa-Treatments-800x800px-1-768x768.webp\" class=\"h-auto w-full wp-post-image\" alt=\"Frau mit blonden Haaren liegt am Massagtisch am R\u00fccken und wird von m\u00e4nnlichen H\u00e4nden massiert am R\u00fccken\" srcset=\"https:\/\/www.therme-laa.at\/wp-content\/uploads\/2023\/11\/Silent-Spa-Treatments-800x800px-1-768x768.webp 768w, https:\/\/www.therme-laa.at\/wp-content\/uploads\/2023\/11\/Silent-Spa-Treatments-800x800px-1-150x150.webp 150w, https:\/\/www.therme-laa.at\/wp-content\/uploads\/2023\/11\/Silent-Spa-Treatments-800x800px-1-300x300.webp 300w, https:\/\/www.therme-laa.at\/wp-content\/uploads\/2023\/11\/Silent-Spa-Treatments-800x800px-1.webp 800w\" sizes=\"auto, (max-width: 768px) 100vw, 768px\" \/>                    <\/div>\n                    <main class=\"flex flex-col gap-1 text-left text-blue-200 p-4 relative\" style=\"color:#05405D; background-color:#FFFFFF;\">\n\t\t\t\t\t\t                                <div class=\"absolute -top-24 right-4\">\n                                    <p class=\"!text-white text-[14px] !font-bold text-center py-10 px-6 bg-blue-200 uppercase\"\n                                       style=\"background-color:#05405D\">\n\t\t\t\t\t\t\t\t\t\tKosmetika a mas\u00e1\u017ee                                    <\/p>\n                                <\/div>\n\t\t\t\t\t\t\t\t\t\t\t\t\t                                <span class=\"font-BrandonGrotesque_regular text-blue text-base uppercase\" style=\"color:#05405D;\">\n\t\t\t\t\t\tSilent Spa\t\t\t\t\t<\/span>\n\t\t\t\t\t\t\t                        <h3 class=\"text-xl font-BrandonGrotesque_bold uppercase\">\n\t\t\t\t\t\t\tSilent Spa procedury                        <\/h3>\n                        <div class=\"text-base font-BrandonGrotesque_regular excerpt text-black\" style=\"color:#05405D;\">\n\t\t\t\t\t\t\tV Silent Spa na v\u00e1s \u010dek\u00e1 dokonal\u00e1 l\u00e1ze\u0148sk\u00e1 relaxace: Luxusn\u00ed o\u0161et\u0159en\u00ed obli\u010deje a mas\u00e1\u017ee v klidn\u00fdch l\u00e1ze\u0148sk\u00fdch apartm\u00e1nech s parn\u00ed l\u00e1zn\u00ed a dvojitou vanou.                        <\/div>\n\t\t\t\t\t\t                                <hr class=\" sparator-smail\">\n                                <div class=\"mt-4 text-blue-200 text-xl\" style=\"color:#05405D;\">\n\t\t\t\t\t\t\t\t\tOd <strong>137 \u20ac<\/strong> na osobu                                <\/div>\n\t\t\t\t\t\t\t\t\t\t\t\t\t                                <footer class=\"flex justify-center items-start flex-col mt-4\">\n                                    <a href=\"https:\/\/www.therme-laa.at\/cs\/angebote\/procedury-v-silent-spa\/\"\n                                       class=\"btn-white permalink bg-gold uppercase text-sm font-bold px-4 py-2 w-full text-center hover:bg-opacity-70 transition-colors\"\n                                       style=\"background-color:#9F8B75\">\n\t\t\t\t\t\t\t\t\t\tDETAILY A REZERVOV\u00c1N\u00cd                                    <\/a>\n                                <\/footer>\n\t\t\t\t\t\t\t                    <\/main>\n                <\/article>\n\t\t\t\n    <\/section>\n<\/section>\n","protected":false},"excerpt":{"rendered":"<p>Za\u017eijte term\u00e1ln\u00ed l\u00e1zn\u011b Laa pod hv\u011bzdnou oblohou v r\u00e1mci MondgLAAnz Therme Laa za doprovodu \u017eiv\u00e9 hudby a sklenky \u0161umiv\u00e9ho Poy-Secca &#8211; prost\u011b perfektn\u00ed ve\u010der a\u017e do p\u016flnoci.<\/p>\n","protected":false},"author":2,"featured_media":19796,"parent":0,"template":"","meta":{"_acf_changed":false},"tags":[104,107,194],"offer":[105],"class_list":["post-14058","offers","type-offers","status-publish","has-post-thumbnail","hentry","tag-romantika","tag-specialne","tag-specials-cs","offer-termalni-lazne"],"acf":{"popular_offer":false,"price_pro_person":"od <strong>35,50 \u20ac<\/strong> za osobu","text_in_image":"SPECI\u00c1LN\u011a","has_link_to_shop":false,"shop_link":[""],"additional_link":"0","subtitle":"TERM\u00c1LY","redirect_to":null,"popular_offer_text":false},"featured_image_src":"https:\/\/www.therme-laa.at\/wp-content\/uploads\/2023\/11\/2024-MONDGLAANZ-Instagram-1080x1080-Quad.jpg","_links":{"self":[{"href":"https:\/\/www.therme-laa.at\/cs\/wp-json\/wp\/v2\/offers\/14058","targetHints":{"allow":["GET"]}}],"collection":[{"href":"https:\/\/www.therme-laa.at\/cs\/wp-json\/wp\/v2\/offers"}],"about":[{"href":"https:\/\/www.therme-laa.at\/cs\/wp-json\/wp\/v2\/types\/offers"}],"author":[{"embeddable":true,"href":"https:\/\/www.therme-laa.at\/cs\/wp-json\/wp\/v2\/users\/2"}],"wp:featuredmedia":[{"embeddable":true,"href":"https:\/\/www.therme-laa.at\/cs\/wp-json\/wp\/v2\/media\/19796"}],"wp:attachment":[{"href":"https:\/\/www.therme-laa.at\/cs\/wp-json\/wp\/v2\/media?parent=14058"}],"wp:term":[{"taxonomy":"post_tag","embeddable":true,"href":"https:\/\/www.therme-laa.at\/cs\/wp-json\/wp\/v2\/tags?post=14058"},{"taxonomy":"offer","embeddable":true,"href":"https:\/\/www.therme-laa.at\/cs\/wp-json\/wp\/v2\/offer?post=14058"}],"curies":[{"name":"wp","href":"https:\/\/api.w.org\/{rel}","templated":true}]}}